{"id":4684,"date":"2024-05-05T21:46:14","date_gmt":"2024-05-05T20:46:14","guid":{"rendered":"https:\/\/www.unioviedo.es\/vivireuropa\/?page_id=4684"},"modified":"2024-07-23T11:50:31","modified_gmt":"2024-07-23T10:50:31","slug":"proyectos-europa-ii-jornadas","status":"publish","type":"page","link":"https:\/\/www.unioviedo.es\/vivireuropa\/index.php\/proyectos-europa-ii-jornadas\/","title":{"rendered":"Proyectos: \u00bfEuropa? &#8211; II Jornadas"},"content":{"rendered":"\t\t<div data-elementor-type=\"wp-page\" data-elementor-id=\"4684\" class=\"elementor elementor-4684\">\n\t\t\t\t<div class=\"elementor-element elementor-element-39833b5 e-flex e-con-boxed e-con e-parent\" data-id=\"39833b5\" data-element_type=\"container\" data-e-type=\"container\">\n\t\t\t\t\t<div class=\"e-con-inner\">\n\t\t\t\t<div class=\"elementor-element elementor-element-2e2b315 elementor-widget__width-initial elementor-widget elementor-widget-heading\" data-id=\"2e2b315\" data-element_type=\"widget\" data-e-type=\"widget\" data-widget_type=\"heading.default\">\n\t\t\t\t<div class=\"elementor-widget-container\">\n\t\t\t\t\t<h2 class=\"elementor-heading-title elementor-size-default\">\u00bfEuropa?<\/h2>\t\t\t\t<\/div>\n\t\t\t\t<\/div>\n\t\t\t\t\t<\/div>\n\t\t\t\t<\/div>\n\t\t<div class=\"elementor-element elementor-element-8797845 e-flex e-con-boxed e-con e-parent\" data-id=\"8797845\" data-element_type=\"container\" data-e-type=\"container\">\n\t\t\t\t\t<div class=\"e-con-inner\">\n\t\t<div class=\"elementor-element elementor-element-7e1f692 e-con-full e-flex e-con e-child\" data-id=\"7e1f692\" data-element_type=\"container\" data-e-type=\"container\">\n\t\t<div class=\"elementor-element elementor-element-e1cdefa e-con-full e-flex e-con e-child\" data-id=\"e1cdefa\" data-element_type=\"container\" data-e-type=\"container\">\n\t\t<div class=\"elementor-element elementor-element-1bd702e e-con-full e-flex e-con e-child\" data-id=\"1bd702e\" data-element_type=\"container\" data-e-type=\"container\" data-settings=\"{&quot;background_background&quot;:&quot;classic&quot;}\">\n\t\t\t\t<div class=\"elementor-element elementor-element-5009768 elementor-widget elementor-widget-heading\" data-id=\"5009768\" data-element_type=\"widget\" data-e-type=\"widget\" data-widget_type=\"heading.default\">\n\t\t\t\t<div class=\"elementor-widget-container\">\n\t\t\t\t\t<h5 class=\"elementor-heading-title elementor-size-default\">II Jornadas de Debate \"La integraci\u00f3n europea: luces y sombras\"<\/h5>\t\t\t\t<\/div>\n\t\t\t\t<\/div>\n\t\t\t\t<\/div>\n\t\t\t\t<\/div>\n\t\t\t\t<div class=\"elementor-element elementor-element-d280016 elementor-widget elementor-widget-text-editor\" data-id=\"d280016\" data-element_type=\"widget\" data-e-type=\"widget\" data-widget_type=\"text-editor.default\">\n\t\t\t\t<div class=\"elementor-widget-container\">\n\t\t\t\t\t\t\t\t\t<h5 style=\"text-align: center;\">Jornadas de debate financiadas por el programa Jean Monnet 2010<\/h5><p>Los d\u00edas 31 de marzo y 1 de abril de 2011 se celebrar\u00e1n en la Universidad de Oviedo las II Jornadas de Debate sobre la Uni\u00f3n Europea en el marco del Proyecto \u00ab\u00bfEuropa?\u00bb, financiado por el programa Jean Monnet 2010. Estas segundas Jornadas, bajo el t\u00edtulo \u00abLa integraci\u00f3n europea: luces y sombras\u00bb, se estructuran en torno a varias mesas de debate sobre los siguientes temas:<\/p><ul><li>\u00abLibre prestaci\u00f3n de servicios y libertad de establecimiento\u00bb.<\/li><li>\u00abEl papel del Parlamento europeo como garante de las libertades comunitarias\u00bb.<\/li><li>\u00abLibertades comunitarias y pensamiento social en Europa\u00bb.<\/li><\/ul><p>El objetivo de estas Jornadas es sensibilizar sobre el impacto que el proceso de integraci\u00f3n ha tenido en el desarrollo los Estados miembros en general y de Espa\u00f1a y Asturias en particular.<\/p><p>Esta segunda jornada se propone reflexionar sobre el proceso de integraci\u00f3n europea y la consecuci\u00f3n de las libertades comunitarias en sus distintas acepciones. Se trata de debatir, teniendo en cuenta las aportaciones de distintos agentes sociales, los problemas que hoy plantea para nuestro pa\u00eds el proceso de integraci\u00f3n, as\u00ed como sobre los retos que se afrontan ante la nueva realidad \u00abglobal\u00bb. Para ello contaremos con la participaci\u00f3n de europarlamentarios, miembros de la judicatura, representantes de colegios profesionales, delegados de los sindicatos y profesores universitarios. La siguiente Jornada, que tendr\u00e1 lugar en julio de 2011, se dedicar\u00e1 a los aspectos financieros de la integraci\u00f3n europea, siendo ambas complementarias.<\/p><p>Paralelamente a las mesas de debate, las Jornadas constituir\u00e1n un foro donde los j\u00f3venes investigadores podr\u00e1n presentar y discutir los trabajos que est\u00e1n llevando a cabo sobre estas cuestiones. Por ello, se invita a participar a todos aquellos j\u00f3venes investigadores que est\u00e9n interesados en presentar comunicaciones relacionadas con los distintos temas objeto de discusi\u00f3n. Estas comunicaciones, que ser\u00e1n defendidas en las Jornadas, podr\u00e1n ser incluidas en la publicaci\u00f3n de las mismas, una vez evaluadas por el\u00a0<a href=\"http:\/\/www.unioviedo.es\/vivireuropa\/wp-content\/uploads\/2024\/06\/Comite-Cientifico-Luces-y-sombras.pdf\" target=\"_blank\" rel=\"noopener\">Comit\u00e9 Cient\u00edfico<\/a>.<\/p>\t\t\t\t\t\t\t\t<\/div>\n\t\t\t\t<\/div>\n\t\t\t\t<\/div>\n\t\t\t\t\t<\/div>\n\t\t\t\t<\/div>\n\t\t<div class=\"elementor-element elementor-element-e3b3fb4 e-flex e-con-boxed e-con e-child\" data-id=\"e3b3fb4\" data-element_type=\"container\" data-e-type=\"container\">\n\t\t\t\t\t<div class=\"e-con-inner\">\n\t\t\t\t<div class=\"elementor-element elementor-element-65af9cb elementor-widget elementor-widget-accordion\" data-id=\"65af9cb\" data-element_type=\"widget\" data-e-type=\"widget\" data-widget_type=\"accordion.default\">\n\t\t\t\t<div class=\"elementor-widget-container\">\n\t\t\t\t\t\t\t<div class=\"elementor-accordion\">\n\t\t\t\t\t\t\t<div class=\"elementor-accordion-item\">\n\t\t\t\t\t<div id=\"elementor-tab-title-1061\" class=\"elementor-tab-title\" data-tab=\"1\" role=\"button\" aria-controls=\"elementor-tab-content-1061\" aria-expanded=\"false\">\n\t\t\t\t\t\t\t\t\t\t\t\t\t<span class=\"elementor-accordion-icon elementor-accordion-icon-left\" aria-hidden=\"true\">\n\t\t\t\t\t\t\t\t\t\t\t\t\t\t\t<span class=\"elementor-accordion-icon-closed\"><svg class=\"e-font-icon-svg e-fas-plus\" viewBox=\"0 0 448 512\" xmlns=\"http:\/\/www.w3.org\/2000\/svg\"><path d=\"M416 208H272V64c0-17.67-14.33-32-32-32h-32c-17.67 0-32 14.33-32 32v144H32c-17.67 0-32 14.33-32 32v32c0 17.67 14.33 32 32 32h144v144c0 17.67 14.33 32 32 32h32c17.67 0 32-14.33 32-32V304h144c17.67 0 32-14.33 32-32v-32c0-17.67-14.33-32-32-32z\"><\/path><\/svg><\/span>\n\t\t\t\t\t\t\t\t<span class=\"elementor-accordion-icon-opened\"><svg class=\"e-font-icon-svg e-fas-minus\" viewBox=\"0 0 448 512\" xmlns=\"http:\/\/www.w3.org\/2000\/svg\"><path d=\"M416 208H32c-17.67 0-32 14.33-32 32v32c0 17.67 14.33 32 32 32h384c17.67 0 32-14.33 32-32v-32c0-17.67-14.33-32-32-32z\"><\/path><\/svg><\/span>\n\t\t\t\t\t\t\t\t\t\t\t\t\t\t<\/span>\n\t\t\t\t\t\t\t\t\t\t\t\t<a class=\"elementor-accordion-title\" tabindex=\"0\">TEMPORALIZACI\u00d3N DEL PROGRAMA<\/a>\n\t\t\t\t\t<\/div>\n\t\t\t\t\t<div id=\"elementor-tab-content-1061\" class=\"elementor-tab-content elementor-clearfix\" data-tab=\"1\" role=\"region\" aria-labelledby=\"elementor-tab-title-1061\"><p style=\"box-sizing: inherit; border-width: 0px; border-style: initial; margin-bottom: 1.5em; font-size: 16px; text-align: start; color: #5e5e69; font-family: Muli, sans-serif;\"><b>Jueves 31 de marzo de 2011<\/b><\/p><p><span style=\"box-sizing: inherit; color: #5e5e69; font-family: Muli, sans-serif; font-weight: bold;\">9.00: <i>Inauguraci\u00f3n de las Jornadas<\/i><\/span><\/p><p style=\"box-sizing: inherit; border-width: 0px; border-style: initial; margin-bottom: 1.5em; font-size: 16px; text-align: start; color: #5e5e69; font-family: Muli, sans-serif;\"><span style=\"box-sizing: inherit; font-weight: bold;\">9.30: Primera mesa redonda: \u00abLevantando barreras fiscales y sociales\u00bb<br \/><\/span>D. Santiago \u00c1lvarez Garc\u00eda, <i>Profesor Titular de Hacienda P\u00fablica y Vicerrector de Planificaci\u00f3n de la Universidad de Oviedo.<br \/><\/i>D. Joaqu\u00edn Garc\u00eda Murcia, <i>Catedr\u00e1tico de Derecho del Trabajo de la Universidad Complutense de Madrid.<br \/><\/i>Francisco Javier Jim\u00e9nez Mart\u00edn, <i>Secretario Confederal de Pol\u00edtica Sectorial de CC.OO. Consejero del CES.<br \/><\/i>D\u00f1a. Carmen Vieites Conde, <i>Secretaria de Relaciones Internacionales de FETE-UGT<\/i><\/p><p>Modera: Ricardo Pedreira P\u00e9rez<\/p><p style=\"box-sizing: inherit; border-width: 0px; border-style: initial; margin-bottom: 1.5em; font-size: 16px; text-align: start; color: #5e5e69; font-family: Muli, sans-serif;\"><span style=\"box-sizing: inherit; font-weight: bold;\">12.30: Segunda mesa redonda: \u00abLibertades comunitarias y pensamiento social en Europa\u00bb<br \/><\/span>D. Antonio Aparicio P\u00e9rez, <i>Profesor Titular de Derecho Financiero y Tributario de la Universidad de Oviedo.<br \/><\/i>D. Joan Francesc Pont Clemente, <i>Catedr\u00e1tico de Derecho Financiero y Tributario de la Universidad de Barcelona.<br \/><\/i>D. Gonzalo Riesgo Fern\u00e1ndez, <i>Asesor jur\u00eddico de la Oficina de Asuntos Europeos del Principado de Asturias.<\/i><\/p><p>Modera: Patricia Herrero de la Escosura, Proyecto \u00bfEuropa?<\/p><p style=\"box-sizing: inherit; border-width: 0px; border-style: initial; margin-bottom: 1.5em; font-size: 16px; text-align: start; color: #5e5e69; font-family: Muli, sans-serif;\"><span style=\"box-sizing: inherit; font-weight: bold;\">17.00: Tercera mesa redonda: \u00abLibertad de establecimiento y libre prestaci\u00f3n de servicios\u00bb.<br \/><\/span>D. Miguel de la Fuente Rodr\u00edguez, <i>Decano del Colegio de Economistas de Asturias.<br \/><\/i>D. Alonso Toribio Guti\u00e9rrez, <i>Decano-presidente del Colegio de Arquitectos de Asturias.<br \/><\/i>D. Enrique Vald\u00e9s Joglar, <i>Decano del Ilustre Colegio de Abogados de Oviedo.<br \/><\/i>D. David Ord\u00f3\u00f1ez, <i>Magistrado de lo Contencioso del Tribunal Superior de Justicia de Asturias.<br \/><\/i>D. Miguel \u00c1ngel Garzo Salvador, <i>Interventor-contador de Colegio de Titulados Mercantiles de Asturias.<br \/><\/i>D. Miguel Uceda Rozas, <i>Asesor jur\u00eddico del Consejo Superior de Ingenieros de Minas<\/i><\/p><p>Modera: Ana Isabel Gonz\u00e1lez Gonz\u00e1lez, Proyecto \u00bfEuropa?<\/p><p style=\"box-sizing: inherit; border-width: 0px; border-style: initial; margin-bottom: 1.5em; font-size: 16px; text-align: start; color: #5e5e69; font-family: Muli, sans-serif;\"><b>Viernes 1 de abril de 2011<\/b><\/p><p><span style=\"box-sizing: inherit; color: #5e5e69; font-family: Muli, sans-serif; font-weight: bold;\">9.30: Exposici\u00f3n de comunicaciones<\/span><\/p><p>Modera: Ignacio On\u00eds Peral, Proyecto \u00bfEuropa?<\/p><p style=\"box-sizing: inherit; border-width: 0px; border-style: initial; margin-bottom: 1.5em; font-size: 16px; text-align: start; color: #5e5e69; font-family: Muli, sans-serif;\"><span style=\"box-sizing: inherit; font-weight: bold;\">10.30: Recientes experiencias en la ampliaci\u00f3n de la Uni\u00f3n Europea<br \/><\/span>Jaroslaw Kunderay, <i>Universidad de Wroclaw.<br \/><\/i>Margarita Shivergeva, <i>Universidad de Sof\u00eda.<\/i><\/p><p style=\"box-sizing: inherit; border-width: 0px; border-style: initial; margin-bottom: 1.5em; font-size: 16px; text-align: start; color: #5e5e69; font-family: Muli, sans-serif;\">Modera: Ana Isabel Gonz\u00e1lez Gonz\u00e1lez, Proyecto \u00bfEuropa?<\/p><p style=\"box-sizing: inherit; border-width: 0px; border-style: initial; margin-bottom: 1.5em; font-size: 16px; text-align: start; color: #5e5e69; font-family: Muli, sans-serif;\"><span style=\"box-sizing: inherit; font-weight: bold;\">12.30: El Parlamento Europeo como garante de las libertades comunitarias<br \/><\/span>D. Salvador Garriga, <i>Partido Popular (PP)<br \/><\/i>D. Antonio Masip Hidalgo, <i>Partido Socialista Obrero Espa\u00f1ol (PSOE)<\/i><\/p><p style=\"box-sizing: inherit; border-width: 0px; border-style: initial; margin-bottom: 1.5em; font-size: 16px; text-align: start; color: #5e5e69; font-family: Muli, sans-serif;\">Modera: Mariano Abad Fern\u00e1ndez, Proyecto \u00bfEuropa?<\/p><p><span style=\"box-sizing: inherit; color: #5e5e69; font-family: Muli, sans-serif; font-weight: bold;\">14.30: Conclusiones y clausura de las Jornadas<\/span><\/p><\/div>\n\t\t\t\t<\/div>\n\t\t\t\t\t\t\t\t<\/div>\n\t\t\t\t\t\t<\/div>\n\t\t\t\t<\/div>\n\t\t\t\t<div class=\"elementor-element elementor-element-32c0a47 elementor-widget elementor-widget-html\" data-id=\"32c0a47\" data-element_type=\"widget\" data-e-type=\"widget\" data-widget_type=\"html.default\">\n\t\t\t\t<div class=\"elementor-widget-container\">\n\t\t\t\t\t<script>\njQuery(document).ready(function($) {\nvar delay = 100; setTimeout(function() {\n$('.elementor-tab-title').removeClass('elementor-active');\n $('.elementor-tab-content').css('display', 'none'); }, delay);\n});\n<\/script>\t\t\t\t<\/div>\n\t\t\t\t<\/div>\n\t\t\t\t\t<\/div>\n\t\t\t\t<\/div>\n\t\t<div class=\"elementor-element elementor-element-fc9bc21 e-flex e-con-boxed e-con e-parent\" data-id=\"fc9bc21\" data-element_type=\"container\" data-e-type=\"container\">\n\t\t\t\t\t<div class=\"e-con-inner\">\n\t\t<div class=\"elementor-element elementor-element-de20466 e-con-full e-flex e-con e-child\" data-id=\"de20466\" data-element_type=\"container\" data-e-type=\"container\">\n\t\t\t\t<div class=\"elementor-element elementor-element-48be739 elementor-align-center elementor-widget elementor-widget-button\" data-id=\"48be739\" data-element_type=\"widget\" data-e-type=\"widget\" data-widget_type=\"button.default\">\n\t\t\t\t<div class=\"elementor-widget-container\">\n\t\t\t\t\t\t\t\t\t<div class=\"elementor-button-wrapper\">\n\t\t\t\t\t<a class=\"elementor-button elementor-button-link elementor-size-sm elementor-animation-grow\" href=\"https:\/\/www.unioviedo.es\/vivireuropa\/index.php\/proyectos-europa\/\">\n\t\t\t\t\t\t<span class=\"elementor-button-content-wrapper\">\n\t\t\t\t\t\t<span class=\"elementor-button-icon\">\n\t\t\t\t<svg aria-hidden=\"true\" class=\"e-font-icon-svg e-fas-arrow-alt-circle-left\" viewBox=\"0 0 512 512\" xmlns=\"http:\/\/www.w3.org\/2000\/svg\"><path d=\"M256 504C119 504 8 393 8 256S119 8 256 8s248 111 248 248-111 248-248 248zm116-292H256v-70.9c0-10.7-13-16.1-20.5-8.5L121.2 247.5c-4.7 4.7-4.7 12.2 0 16.9l114.3 114.9c7.6 7.6 20.5 2.2 20.5-8.5V300h116c6.6 0 12-5.4 12-12v-64c0-6.6-5.4-12-12-12z\"><\/path><\/svg>\t\t\t<\/span>\n\t\t\t\t\t\t\t\t\t<span class=\"elementor-button-text\">Volver<\/span>\n\t\t\t\t\t<\/span>\n\t\t\t\t\t<\/a>\n\t\t\t\t<\/div>\n\t\t\t\t\t\t\t\t<\/div>\n\t\t\t\t<\/div>\n\t\t\t\t<\/div>\n\t\t<div class=\"elementor-element elementor-element-ace08f9 e-con-full e-flex e-con e-child\" data-id=\"ace08f9\" data-element_type=\"container\" data-e-type=\"container\">\n\t\t\t\t<div class=\"elementor-element elementor-element-5eecad0 elementor-align-center elementor-widget elementor-widget-button\" data-id=\"5eecad0\" data-element_type=\"widget\" data-e-type=\"widget\" data-widget_type=\"button.default\">\n\t\t\t\t<div class=\"elementor-widget-container\">\n\t\t\t\t\t\t\t\t\t<div class=\"elementor-button-wrapper\">\n\t\t\t\t\t<a class=\"elementor-button elementor-button-link elementor-size-sm elementor-animation-grow\" href=\"https:\/\/www.unioviedo.es\/vivireuropa\/index.php\/proyectos-europa-iii-jornadas\/\">\n\t\t\t\t\t\t<span class=\"elementor-button-content-wrapper\">\n\t\t\t\t\t\t<span class=\"elementor-button-icon\">\n\t\t\t\t<svg aria-hidden=\"true\" class=\"e-font-icon-svg e-fas-arrow-alt-circle-right\" viewBox=\"0 0 512 512\" xmlns=\"http:\/\/www.w3.org\/2000\/svg\"><path d=\"M256 8c137 0 248 111 248 248S393 504 256 504 8 393 8 256 119 8 256 8zM140 300h116v70.9c0 10.7 13 16.1 20.5 8.5l114.3-114.9c4.7-4.7 4.7-12.2 0-16.9l-114.3-115c-7.6-7.6-20.5-2.2-20.5 8.5V212H140c-6.6 0-12 5.4-12 12v64c0 6.6 5.4 12 12 12z\"><\/path><\/svg>\t\t\t<\/span>\n\t\t\t\t\t\t\t\t\t<span class=\"elementor-button-text\">III Jornadas de Debate<\/span>\n\t\t\t\t\t<\/span>\n\t\t\t\t\t<\/a>\n\t\t\t\t<\/div>\n\t\t\t\t\t\t\t\t<\/div>\n\t\t\t\t<\/div>\n\t\t\t\t<\/div>\n\t\t\t\t\t<\/div>\n\t\t\t\t<\/div>\n\t\t\t\t<\/div>\n\t\t","protected":false},"excerpt":{"rendered":"<p>\u00bfEuropa? II Jornadas de Debate \u00abLa integraci\u00f3n europea: luces y sombras\u00bb Jornadas de debate financiadas por el programa Jean Monnet 2010 Los d\u00edas 31 de marzo y 1 de abril de 2011 se celebrar\u00e1n en la Universidad de Oviedo las II Jornadas de Debate sobre la Uni\u00f3n Europea en el marco del Proyecto \u00ab\u00bfEuropa?\u00bb, financiado [&hellip;]<\/p>\n","protected":false},"author":667,"featured_media":0,"parent":0,"menu_order":0,"comment_status":"closed","ping_status":"closed","template":"","meta":{"footnotes":""},"class_list":["post-4684","page","type-page","status-publish","hentry"],"blocksy_meta":{"page_title_panel":"","has_hero_section":"disabled","97ee15f25a4197e406aa66b5a6e1cc4a":"","hero_section":"type-1","hero_elements":[{"id":"custom_title","enabled":true,"heading_tag":"h1","title":"Home"},{"id":"custom_description","enabled":true,"description_visibility":{"desktop":true,"tablet":true,"mobile":false}},{"id":"custom_meta","enabled":false,"meta_elements":[{"id":"author","enabled":true,"label":"By","has_author_avatar":"yes","avatar_size":25},{"id":"post_date","enabled":true,"label":"On","date_format_source":"default","date_format":"M j, Y"},{"id":"updated_date","enabled":false,"label":"On","date_format_source":"default","date_format":"M j, Y"},{"id":"categories","enabled":false,"label":"In","style":"simple"},{"id":"comments","enabled":true}],"page_meta_elements":{"joined":true,"articles_count":true,"comments":true}},{"id":"breadcrumbs","enabled":false}],"e383a482344f65eacb9516af82d8ed80":"","hero_alignment1":"CT_CSS_SKIP_RULE","hero_margin":40,"hero_alignment2":"center","hero_vertical_alignment":"center","aa7b568f8a77bfd0b9648c22ccb00685":"","hero_structure":"narrow","b4ba0b41affd6111d96beeceb6f9817f":"","page_title_bg_type":"featured_image","custom_hero_background":{"attachment_id":null},"page_title_image_size":"full","parallax":{"desktop":false,"tablet":false,"mobile":false},"14d5fc5fd9b9278b692d6150f1075e8a":"","hero_height":"250px","pageTitleFont":{"family":"Default","variation":"Default","size":"30px","line-height":"CT_CSS_SKIP_RULE","letter-spacing":"CT_CSS_SKIP_RULE","text-transform":"CT_CSS_SKIP_RULE","text-decoration":"CT_CSS_SKIP_RULE"},"pageTitleFontColor":{"default":{"color":"CT_CSS_SKIP_RULEDEFAULT"}},"pageMetaFont":{"family":"Default","variation":"n6","size":"12px","line-height":"1.3","letter-spacing":"CT_CSS_SKIP_RULE","text-transform":"uppercase","text-decoration":"CT_CSS_SKIP_RULE"},"pageMetaFontColor":{"default":{"color":"CT_CSS_SKIP_RULEDEFAULT"},"hover":{"color":"CT_CSS_SKIP_RULEDEFAULT"}},"page_meta_button_type_font_colors":{"default":{"color":"CT_CSS_SKIP_RULEDEFAULT"},"hover":{"color":"CT_CSS_SKIP_RULEDEFAULT"}},"page_meta_button_type_background_colors":{"default":{"color":"CT_CSS_SKIP_RULEDEFAULT"},"hover":{"color":"CT_CSS_SKIP_RULEDEFAULT"}},"pageExcerptFont":{"family":"Default","variation":"Default","size":"CT_CSS_SKIP_RULE","line-height":"CT_CSS_SKIP_RULE","letter-spacing":"CT_CSS_SKIP_RULE","text-transform":"CT_CSS_SKIP_RULE","text-decoration":"CT_CSS_SKIP_RULE"},"pageExcerptColor":{"default":{"color":"CT_CSS_SKIP_RULEDEFAULT"}},"breadcrumbsFont":{"family":"Default","variation":"Default","size":"CT_CSS_SKIP_RULE","line-height":"CT_CSS_SKIP_RULE","letter-spacing":"CT_CSS_SKIP_RULE","text-transform":"CT_CSS_SKIP_RULE","text-decoration":"CT_CSS_SKIP_RULE"},"breadcrumbsFontColor":{"default":{"color":"CT_CSS_SKIP_RULEDEFAULT"},"initial":{"color":"CT_CSS_SKIP_RULEDEFAULT"},"hover":{"color":"CT_CSS_SKIP_RULEDEFAULT"}},"pageTitleOverlay":{"background_type":"color","background_pattern":"type-1","background_image":{"attachment_id":null,"x":0,"y":0},"gradient":"linear-gradient(135deg,rgba(6,147,227,1) 0%,rgb(155,81,224) 100%)","background_repeat":"repeat","background_size":"auto","background_attachment":"scroll","patternColor":{"default":{"color":"#e5e7ea"}},"overlayColor":{"default":{"color":"CT_CSS_SKIP_RULE"}},"backgroundColor":{"default":{"color":"CT_CSS_SKIP_RULE"}}},"pageTitleBackground":{"background_type":"color","background_pattern":"type-1","background_image":{"attachment_id":null,"x":0,"y":0},"gradient":"linear-gradient(135deg,rgba(6,147,227,1) 0%,rgb(155,81,224) 100%)","background_repeat":"repeat","background_size":"auto","background_attachment":"scroll","patternColor":{"default":{"color":"#e5e7ea"}},"overlayColor":{"default":{"color":"CT_CSS_SKIP_RULE"}},"backgroundColor":{"default":{"color":"var(--theme-palette-color-6)"}}},"pageTitlePadding":{"top":"50px","bottom":"50px","left":"auto","right":"auto","linked":true},"202f0cbc398d714e048b39197ae71e6d":"","page_structure_type":"default","854bd40f7f8b4d7a95aa3e0f49708ea4":"","content_style_source":"inherit","content_style":"wide","vertical_spacing_source":"custom","content_area_spacing":"none","background":{"background_type":"color","background_pattern":"type-1","background_image":{"attachment_id":null,"x":0,"y":0},"gradient":"linear-gradient(135deg,rgba(6,147,227,1) 0%,rgb(155,81,224) 100%)","background_repeat":"repeat","background_size":"auto","background_attachment":"scroll","patternColor":{"default":{"color":"#e5e7ea"}},"overlayColor":{"default":{"color":"CT_CSS_SKIP_RULE"}},"backgroundColor":{"default":{"color":"CT_CSS_SKIP_RULE"}}},"content_background":{"background_type":"color","background_pattern":"type-1","background_image":{"attachment_id":null,"x":0,"y":0},"gradient":"linear-gradient(135deg,rgba(6,147,227,1) 0%,rgb(155,81,224) 100%)","background_repeat":"repeat","background_size":"auto","background_attachment":"scroll","patternColor":{"default":{"color":"#e5e7ea"}},"overlayColor":{"default":{"color":"CT_CSS_SKIP_RULE"}},"backgroundColor":{"default":{"color":"var(--theme-palette-color-8)"}}},"content_boxed_shadow":{"inherit":false,"blur":18,"spread":-6,"v_offset":12,"h_offset":0,"inset":false,"enable":true,"color":{"color":"rgba(34, 56, 101, 0.04)"}},"content_boxed_border":{"width":1,"style":"none","color":{"color":"rgba(44,62,80,0.2)"}},"content_boxed_radius":{"top":"3px","bottom":"3px","left":"3px","right":"3px","linked":true},"boxed_content_spacing":{"desktop":{"top":"40px","bottom":"40px","left":"40px","right":"40px","linked":true},"tablet":{"top":"35px","bottom":"35px","left":"35px","right":"35px","linked":true},"mobile":{"top":"20px","bottom":"20px","left":"20px","right":"20px","linked":true}},"b0da049bbc9a67cf3a03559f10c8de95":"","disable_featured_image":"no","disable_share_box":"no","disable_header":"no","disable_footer":"no","styles_descriptor":{"styles":{"desktop":"","tablet":"","mobile":""},"google_fonts":[],"version":6}},"_links":{"self":[{"href":"https:\/\/www.unioviedo.es\/vivireuropa\/index.php\/wp-json\/wp\/v2\/pages\/4684","targetHints":{"allow":["GET"]}}],"collection":[{"href":"https:\/\/www.unioviedo.es\/vivireuropa\/index.php\/wp-json\/wp\/v2\/pages"}],"about":[{"href":"https:\/\/www.unioviedo.es\/vivireuropa\/index.php\/wp-json\/wp\/v2\/types\/page"}],"author":[{"embeddable":true,"href":"https:\/\/www.unioviedo.es\/vivireuropa\/index.php\/wp-json\/wp\/v2\/users\/667"}],"replies":[{"embeddable":true,"href":"https:\/\/www.unioviedo.es\/vivireuropa\/index.php\/wp-json\/wp\/v2\/comments?post=4684"}],"version-history":[{"count":19,"href":"https:\/\/www.unioviedo.es\/vivireuropa\/index.php\/wp-json\/wp\/v2\/pages\/4684\/revisions"}],"predecessor-version":[{"id":5980,"href":"https:\/\/www.unioviedo.es\/vivireuropa\/index.php\/wp-json\/wp\/v2\/pages\/4684\/revisions\/5980"}],"wp:attachment":[{"href":"https:\/\/www.unioviedo.es\/vivireuropa\/index.php\/wp-json\/wp\/v2\/media?parent=4684"}],"curies":[{"name":"wp","href":"https:\/\/api.w.org\/{rel}","templated":true}]}}