{"id":4699,"date":"2024-05-05T23:15:21","date_gmt":"2024-05-05T22:15:21","guid":{"rendered":"https:\/\/www.unioviedo.es\/vivireuropa\/?page_id=4699"},"modified":"2024-07-23T11:50:16","modified_gmt":"2024-07-23T10:50:16","slug":"proyectos-europa-iii-jornadas","status":"publish","type":"page","link":"https:\/\/www.unioviedo.es\/vivireuropa\/index.php\/proyectos-europa-iii-jornadas\/","title":{"rendered":"Proyectos: \u00bfEuropa? &#8211; III Jornadas"},"content":{"rendered":"\t\t<div data-elementor-type=\"wp-page\" data-elementor-id=\"4699\" class=\"elementor elementor-4699\">\n\t\t\t\t<div class=\"elementor-element elementor-element-39833b5 e-flex e-con-boxed e-con e-parent\" data-id=\"39833b5\" data-element_type=\"container\" data-e-type=\"container\">\n\t\t\t\t\t<div class=\"e-con-inner\">\n\t\t\t\t<div class=\"elementor-element elementor-element-2e2b315 elementor-widget__width-initial elementor-widget elementor-widget-heading\" data-id=\"2e2b315\" data-element_type=\"widget\" data-e-type=\"widget\" data-widget_type=\"heading.default\">\n\t\t\t\t<div class=\"elementor-widget-container\">\n\t\t\t\t\t<h2 class=\"elementor-heading-title elementor-size-default\">\u00bfEuropa?<\/h2>\t\t\t\t<\/div>\n\t\t\t\t<\/div>\n\t\t\t\t\t<\/div>\n\t\t\t\t<\/div>\n\t\t<div class=\"elementor-element elementor-element-8797845 e-flex e-con-boxed e-con e-parent\" data-id=\"8797845\" data-element_type=\"container\" data-e-type=\"container\">\n\t\t\t\t\t<div class=\"e-con-inner\">\n\t\t<div class=\"elementor-element elementor-element-7e1f692 e-con-full e-flex e-con e-child\" data-id=\"7e1f692\" data-element_type=\"container\" data-e-type=\"container\">\n\t\t<div class=\"elementor-element elementor-element-e1cdefa e-con-full e-flex e-con e-child\" data-id=\"e1cdefa\" data-element_type=\"container\" data-e-type=\"container\">\n\t\t<div class=\"elementor-element elementor-element-1bd702e e-con-full e-flex e-con e-child\" data-id=\"1bd702e\" data-element_type=\"container\" data-e-type=\"container\" data-settings=\"{&quot;background_background&quot;:&quot;classic&quot;}\">\n\t\t\t\t<div class=\"elementor-element elementor-element-5009768 elementor-widget elementor-widget-heading\" data-id=\"5009768\" data-element_type=\"widget\" data-e-type=\"widget\" data-widget_type=\"heading.default\">\n\t\t\t\t<div class=\"elementor-widget-container\">\n\t\t\t\t\t<h5 class=\"elementor-heading-title elementor-size-default\">III Jornadas de Debate \"Aspectos financieros de la Uni\u00f3n Europea\"<\/h5>\t\t\t\t<\/div>\n\t\t\t\t<\/div>\n\t\t\t\t<\/div>\n\t\t\t\t<\/div>\n\t\t\t\t<div class=\"elementor-element elementor-element-d280016 elementor-widget elementor-widget-text-editor\" data-id=\"d280016\" data-element_type=\"widget\" data-e-type=\"widget\" data-widget_type=\"text-editor.default\">\n\t\t\t\t<div class=\"elementor-widget-container\">\n\t\t\t\t\t\t\t\t\t<h5 style=\"text-align: center;\">Jornadas de debate financiadas por el programa Jean Monnet 2010<\/h5><p>Los d\u00edas 21 y 22 de julio de 2011 se celebrar\u00e1n en la Universidad de Oviedo las III Jornadas de Debate sobre la Uni\u00f3n Europea en el marco del Proyecto \u00ab\u00bfEuropa?\u00bb, financiado por el programa Jean Monnet 2010, cuyo objetivo es sensibilizar sobre el impacto que el proceso de integraci\u00f3n ha tenido en el desarrollo los Estados miembros en general y de Espa\u00f1a y Asturias en particular.<\/p><p>La tercera y \u00faltima Jornada del proyecto \u00bfEuropa?, con el t\u00edtulo \u00abAspectos financieros de la integraci\u00f3n europea\u00bb, se estructura en torno a varias mesas de debate sobre los siguientes temas:<\/p><ul><li>\u00abLos principios de la Hacienda europea y la armonizaci\u00f3n fiscal de los Estados miembros\u00bb.<\/li><li>\u00abCohesi\u00f3n y pol\u00edticas de la Uni\u00f3n Europea\u00bb.<\/li><li>\u00abPol\u00edtica monetaria y pol\u00edtica fiscal en la Uni\u00f3n Europea\u00bb.<\/li><\/ul><p>En ella se pretende en general complementar y profundizar en algunas de las cuestiones ya abiertas en las anteriores sesiones, todas ellas interrelacionadas. Y su prop\u00f3sito en particular es el reflexionar sobre el proceso de integraci\u00f3n europea en sus aspectos financieros y sus consecuencias, as\u00ed como los retos a\u00fan pendientes.<\/p><p>Como en las dos Jornadas anteriores, para conseguir estos objetivos se invitar\u00e1 a todos los participantes a debatir y analizar estas cuestiones, teniendo en cuenta las aportaciones de diferentes profesionales y expertos (europarlamentarios, representantes de la Administraci\u00f3n y profesores universitarios) sobre los problemas que hoy plantea para nuestro pa\u00eds el proceso de integraci\u00f3n, efectu\u00e1ndose igualmente una discusi\u00f3n abierta sobre los retos que se afrontan ante la nueva realidad \u00abglobal\u00bb.<\/p><p>Paralelamente a las mesas de debate, las Jornadas constituir\u00e1n un foro donde los j\u00f3venes investigadores podr\u00e1n presentar y discutir los trabajos que est\u00e1n llevando a cabo sobre estas cuestiones. Por ello, se invita a participar a todos aquellos j\u00f3venes investigadores que est\u00e9n interesados en presentar comunicaciones relacionadas con los distintos temas objeto de discusi\u00f3n. Estas comunicaciones, que ser\u00e1n defendidas en las Jornadas, podr\u00e1n ser incluidas en la publicaci\u00f3n de las mismas, una vez evaluadas por el\u00a0<a href=\"http:\/\/www.unioviedo.es\/vivireuropa\/wp-content\/uploads\/2024\/06\/Comite-Cientifico-Aspectos-Financieros.pdf\" target=\"_blank\" rel=\"noopener\">Comit\u00e9 Cient\u00edfico<\/a>.<\/p>\t\t\t\t\t\t\t\t<\/div>\n\t\t\t\t<\/div>\n\t\t\t\t<\/div>\n\t\t\t\t\t<\/div>\n\t\t\t\t<\/div>\n\t\t<div class=\"elementor-element elementor-element-e3b3fb4 e-flex e-con-boxed e-con e-child\" data-id=\"e3b3fb4\" data-element_type=\"container\" data-e-type=\"container\">\n\t\t\t\t\t<div class=\"e-con-inner\">\n\t\t\t\t<div class=\"elementor-element elementor-element-65af9cb elementor-widget elementor-widget-accordion\" data-id=\"65af9cb\" data-element_type=\"widget\" data-e-type=\"widget\" data-widget_type=\"accordion.default\">\n\t\t\t\t<div class=\"elementor-widget-container\">\n\t\t\t\t\t\t\t<div class=\"elementor-accordion\">\n\t\t\t\t\t\t\t<div class=\"elementor-accordion-item\">\n\t\t\t\t\t<div id=\"elementor-tab-title-1061\" class=\"elementor-tab-title\" data-tab=\"1\" role=\"button\" aria-controls=\"elementor-tab-content-1061\" aria-expanded=\"false\">\n\t\t\t\t\t\t\t\t\t\t\t\t\t<span class=\"elementor-accordion-icon elementor-accordion-icon-left\" aria-hidden=\"true\">\n\t\t\t\t\t\t\t\t\t\t\t\t\t\t\t<span class=\"elementor-accordion-icon-closed\"><svg class=\"e-font-icon-svg e-fas-plus\" viewBox=\"0 0 448 512\" xmlns=\"http:\/\/www.w3.org\/2000\/svg\"><path d=\"M416 208H272V64c0-17.67-14.33-32-32-32h-32c-17.67 0-32 14.33-32 32v144H32c-17.67 0-32 14.33-32 32v32c0 17.67 14.33 32 32 32h144v144c0 17.67 14.33 32 32 32h32c17.67 0 32-14.33 32-32V304h144c17.67 0 32-14.33 32-32v-32c0-17.67-14.33-32-32-32z\"><\/path><\/svg><\/span>\n\t\t\t\t\t\t\t\t<span class=\"elementor-accordion-icon-opened\"><svg class=\"e-font-icon-svg e-fas-minus\" viewBox=\"0 0 448 512\" xmlns=\"http:\/\/www.w3.org\/2000\/svg\"><path d=\"M416 208H32c-17.67 0-32 14.33-32 32v32c0 17.67 14.33 32 32 32h384c17.67 0 32-14.33 32-32v-32c0-17.67-14.33-32-32-32z\"><\/path><\/svg><\/span>\n\t\t\t\t\t\t\t\t\t\t\t\t\t\t<\/span>\n\t\t\t\t\t\t\t\t\t\t\t\t<a class=\"elementor-accordion-title\" tabindex=\"0\">TEMPORALIZACI\u00d3N DEL PROGRAMA<\/a>\n\t\t\t\t\t<\/div>\n\t\t\t\t\t<div id=\"elementor-tab-content-1061\" class=\"elementor-tab-content elementor-clearfix\" data-tab=\"1\" role=\"region\" aria-labelledby=\"elementor-tab-title-1061\"><p style=\"box-sizing: inherit; border-width: 0px; border-style: initial; margin-bottom: 1.5em; font-size: 16px; text-align: start; color: #5e5e69; font-family: Muli, sans-serif;\"><b>Jueves 21 de julio de 2011<\/b><\/p><p style=\"box-sizing: inherit; border-width: 0px; border-style: initial; margin-bottom: 1.5em; font-size: 16px; text-align: start; color: #5e5e69; font-family: Muli, sans-serif;\"><span style=\"box-sizing: inherit; font-weight: bold;\">16.30: Espa\u00f1a en el edificio europeo<br \/><\/span>D. Francisco Sosa Wagner, <em>Eurodiputado<\/em><\/p><p style=\"box-sizing: inherit; border-width: 0px; border-style: initial; margin-bottom: 1.5em; font-size: 16px; text-align: start; color: #5e5e69; font-family: Muli, sans-serif;\"><span style=\"box-sizing: inherit; font-weight: bold;\">18.00: Los principios de la hacienda europea y la aproximaci\u00f3n fiscal de los Estados miembros<br \/><\/span><\/p><ul><li><span class=\"tema_ponente\">\u00abEl sistema financiero europeo\u00bb<\/span><br \/>D. Pablo Junceda Moreno, <span class=\"cargo_ponente\">Subdirector General Banco Sabadell. Director Territorial Banco Herrero. Universidad de Oviedo.<\/span><\/li><li><span class=\"tema_ponente\">\u00abEl libro verde del IVA y la dif\u00edcil reforma del r\u00e9gimen de las operaciones intracomunitarias. Propuestas\u00bb<\/span><br \/>D. Javier Lasarte \u00c1lvarez, <span class=\"cargo_ponente\">Universidad Pablo de Ol\u00e1vide de Sevilla.<\/span><\/li><li><span class=\"tema_ponente\">\u00abLa fiscalidad francesa ante la Uni\u00f3n Europea\u00bb<\/span><br \/>D. Philip Marchessou, <span class=\"cargo_ponente\">Universidad de Estrasburgo.<\/span><\/li><li><span class=\"tema_ponente\">\u00abLa Hacienda estatal ante la Uni\u00f3n Europea\u00bb<\/span><br \/>D. German Or\u00f3n Moratal, <span class=\"cargo_ponente\">Universidad Jaume I de Castell\u00f3n.<\/span><\/li><\/ul><p>Presenta: Mariano Abad Fern\u00e1ndez, Proyecto \u00bfEuropa?<\/p><p style=\"box-sizing: inherit; border-width: 0px; border-style: initial; margin-bottom: 1.5em; font-size: 16px; text-align: start; color: #5e5e69; font-family: Muli, sans-serif;\"><b>Viernes 22 de julio de 2011<\/b><\/p><p><span style=\"box-sizing: inherit; color: #5e5e69; font-family: Muli, sans-serif; font-weight: bold;\">9.30: Constituci\u00f3n Espa\u00f1ola y Uni\u00f3n Europea<br \/><\/span>D. Miguel Mart\u00ednez Cuadrado, <span class=\"cargo_ponente\">Universidad Complutense de Madrid.<\/span><\/p><p style=\"box-sizing: inherit; border-width: 0px; border-style: initial; margin-bottom: 1.5em; font-size: 16px; text-align: start; color: #5e5e69; font-family: Muli, sans-serif;\"><span style=\"box-sizing: inherit; font-weight: bold;\">10.30: Cohesi\u00f3n y Pol\u00edticas de la Uni\u00f3n Europea<br \/><\/span><\/p><ul><li><span class=\"tema_ponente\">\u00abRegula\u00e7\u00e1o e crisis econ\u00f3mica e financeira na Uni\u00e1o Europeia\u00bb<\/span><br \/>D\u00f1a. Margarida Proen\u00e7a, <span class=\"cargo_ponente\">Universidad do Minho.<\/span><\/li><li><span class=\"tema_ponente\">\u00abNacionalidades y regiones en Europa\u00bb<\/span><br \/>D. Francesc Pont Clemente, <span class=\"cargo_ponente\">Universidad de Barcelona.<\/span><\/li><li><span class=\"tema_ponente\">\u00abLa experiencia de Asturias en Europa\u00bb<\/span><br \/>D\u00f1a. Mar\u00eda Jos\u00e9 Rodr\u00edguez Carbajal, <span class=\"cargo_ponente\">Oficina de Asuntos Europeos del Principado de Asturias.<\/span><\/li><\/ul><p style=\"box-sizing: inherit; border-width: 0px; border-style: initial; margin-bottom: 1.5em; font-size: 16px; text-align: start; color: #5e5e69; font-family: Muli, sans-serif;\">Modera: Patricia Herrero de la Escosura, Proyecto \u00bfEuropa?<\/p><p style=\"box-sizing: inherit; border-width: 0px; border-style: initial; margin-bottom: 1.5em; font-size: 16px; text-align: start; color: #5e5e69; font-family: Muli, sans-serif;\"><span style=\"box-sizing: inherit; font-weight: bold;\">13.00: Experiencias y perspectivas de futuro en Europa<br \/><\/span>D. Jos\u00e9 Mar\u00eda Gil-Robles y Gil-Delgado, <span class=\"cargo_ponente\">Ex-presidente del Parlamento Europeo.<\/span><\/p><p><span style=\"box-sizing: inherit; color: #5e5e69; font-family: Muli, sans-serif; font-weight: bold;\">14.30: Comida<\/span><\/p><p style=\"box-sizing: inherit; border-width: 0px; border-style: initial; margin-bottom: 1.5em; font-size: 16px; text-align: start; color: #5e5e69; font-family: Muli, sans-serif;\"><span style=\"box-sizing: inherit; font-weight: bold;\">10.30: Pol\u00edtica fiscal y financiera en la Uni\u00f3n Europea<br \/><\/span>D. Manel Cam\u00f3s Grau, <span class=\"cargo_ponente\">Representaci\u00f3n de la Comisi\u00f3n Europea en Barcelona.<\/span><\/p><ul><li><span class=\"tema_ponente\">\u00abLa lucha contra el fraude fiscal en la Uni\u00f3n Europea\u00bb.<\/span><br \/>D. Arturo Tuero Fern\u00e1ndez, <span class=\"cargo_ponente\">Agencia Estatal de Administraci\u00f3n Tributaria.<\/span><\/li><\/ul><p>Presenta: Ana Isabel Gonz\u00e1lez Gonz\u00e1lez, Proyecto \u00bfEuropa?<\/p><p><span style=\"box-sizing: inherit; font-weight: bold;\">18.30: Mujeres en la construcci\u00f3n europea<br \/><\/span>D\u00f1a. Maria Grazia Melchionni, <span class=\"cargo_ponente\">Universidad de Roma<\/span><\/p><p><span style=\"box-sizing: inherit; font-weight: bold;\">19.30: Comunicaciones y clausura de las Jornadas<br \/><\/span><\/p><\/div>\n\t\t\t\t<\/div>\n\t\t\t\t\t\t\t\t<\/div>\n\t\t\t\t\t\t<\/div>\n\t\t\t\t<\/div>\n\t\t\t\t<div class=\"elementor-element elementor-element-32c0a47 elementor-widget elementor-widget-html\" data-id=\"32c0a47\" data-element_type=\"widget\" data-e-type=\"widget\" data-widget_type=\"html.default\">\n\t\t\t\t<div class=\"elementor-widget-container\">\n\t\t\t\t\t<script>\njQuery(document).ready(function($) {\nvar delay = 100; setTimeout(function() {\n$('.elementor-tab-title').removeClass('elementor-active');\n $('.elementor-tab-content').css('display', 'none'); }, delay);\n});\n<\/script>\t\t\t\t<\/div>\n\t\t\t\t<\/div>\n\t\t\t\t\t<\/div>\n\t\t\t\t<\/div>\n\t\t<div class=\"elementor-element elementor-element-52c4432 e-flex e-con-boxed e-con e-parent\" data-id=\"52c4432\" data-element_type=\"container\" data-e-type=\"container\">\n\t\t\t\t\t<div class=\"e-con-inner\">\n\t\t<div class=\"elementor-element elementor-element-c46150e e-con-full e-flex e-con e-child\" data-id=\"c46150e\" data-element_type=\"container\" data-e-type=\"container\">\n\t\t\t\t<div class=\"elementor-element elementor-element-e52f578 elementor-align-center elementor-widget elementor-widget-button\" data-id=\"e52f578\" data-element_type=\"widget\" data-e-type=\"widget\" data-widget_type=\"button.default\">\n\t\t\t\t<div class=\"elementor-widget-container\">\n\t\t\t\t\t\t\t\t\t<div class=\"elementor-button-wrapper\">\n\t\t\t\t\t<a class=\"elementor-button elementor-button-link elementor-size-sm elementor-animation-grow\" href=\"https:\/\/www.unioviedo.es\/vivireuropa\/index.php\/proyectos-europa\/\">\n\t\t\t\t\t\t<span class=\"elementor-button-content-wrapper\">\n\t\t\t\t\t\t<span class=\"elementor-button-icon\">\n\t\t\t\t<svg aria-hidden=\"true\" class=\"e-font-icon-svg e-fas-arrow-alt-circle-left\" viewBox=\"0 0 512 512\" xmlns=\"http:\/\/www.w3.org\/2000\/svg\"><path d=\"M256 504C119 504 8 393 8 256S119 8 256 8s248 111 248 248-111 248-248 248zm116-292H256v-70.9c0-10.7-13-16.1-20.5-8.5L121.2 247.5c-4.7 4.7-4.7 12.2 0 16.9l114.3 114.9c7.6 7.6 20.5 2.2 20.5-8.5V300h116c6.6 0 12-5.4 12-12v-64c0-6.6-5.4-12-12-12z\"><\/path><\/svg>\t\t\t<\/span>\n\t\t\t\t\t\t\t\t\t<span class=\"elementor-button-text\">Volver<\/span>\n\t\t\t\t\t<\/span>\n\t\t\t\t\t<\/a>\n\t\t\t\t<\/div>\n\t\t\t\t\t\t\t\t<\/div>\n\t\t\t\t<\/div>\n\t\t\t\t<\/div>\n\t\t\t\t\t<\/div>\n\t\t\t\t<\/div>\n\t\t\t\t<\/div>\n\t\t","protected":false},"excerpt":{"rendered":"<p>\u00bfEuropa? III Jornadas de Debate \u00abAspectos financieros de la Uni\u00f3n Europea\u00bb Jornadas de debate financiadas por el programa Jean Monnet 2010 Los d\u00edas 21 y 22 de julio de 2011 se celebrar\u00e1n en la Universidad de Oviedo las III Jornadas de Debate sobre la Uni\u00f3n Europea en el marco del Proyecto \u00ab\u00bfEuropa?\u00bb, financiado por el [&hellip;]<\/p>\n","protected":false},"author":667,"featured_media":0,"parent":0,"menu_order":0,"comment_status":"closed","ping_status":"closed","template":"","meta":{"footnotes":""},"class_list":["post-4699","page","type-page","status-publish","hentry"],"blocksy_meta":{"page_title_panel":"","has_hero_section":"disabled","97ee15f25a4197e406aa66b5a6e1cc4a":"","hero_section":"type-1","hero_elements":[{"id":"custom_title","enabled":true,"heading_tag":"h1","title":"Home"},{"id":"custom_description","enabled":true,"description_visibility":{"desktop":true,"tablet":true,"mobile":false}},{"id":"custom_meta","enabled":false,"meta_elements":[{"id":"author","enabled":true,"label":"By","has_author_avatar":"yes","avatar_size":25},{"id":"post_date","enabled":true,"label":"On","date_format_source":"default","date_format":"M j, Y"},{"id":"updated_date","enabled":false,"label":"On","date_format_source":"default","date_format":"M j, Y"},{"id":"categories","enabled":false,"label":"In","style":"simple"},{"id":"comments","enabled":true}],"page_meta_elements":{"joined":true,"articles_count":true,"comments":true}},{"id":"breadcrumbs","enabled":false}],"e383a482344f65eacb9516af82d8ed80":"","hero_alignment1":"CT_CSS_SKIP_RULE","hero_margin":40,"hero_alignment2":"center","hero_vertical_alignment":"center","aa7b568f8a77bfd0b9648c22ccb00685":"","hero_structure":"narrow","b4ba0b41affd6111d96beeceb6f9817f":"","page_title_bg_type":"featured_image","custom_hero_background":{"attachment_id":null},"page_title_image_size":"full","parallax":{"desktop":false,"tablet":false,"mobile":false},"14d5fc5fd9b9278b692d6150f1075e8a":"","hero_height":"250px","pageTitleFont":{"family":"Default","variation":"Default","size":"30px","line-height":"CT_CSS_SKIP_RULE","letter-spacing":"CT_CSS_SKIP_RULE","text-transform":"CT_CSS_SKIP_RULE","text-decoration":"CT_CSS_SKIP_RULE"},"pageTitleFontColor":{"default":{"color":"CT_CSS_SKIP_RULEDEFAULT"}},"pageMetaFont":{"family":"Default","variation":"n6","size":"12px","line-height":"1.3","letter-spacing":"CT_CSS_SKIP_RULE","text-transform":"uppercase","text-decoration":"CT_CSS_SKIP_RULE"},"pageMetaFontColor":{"default":{"color":"CT_CSS_SKIP_RULEDEFAULT"},"hover":{"color":"CT_CSS_SKIP_RULEDEFAULT"}},"page_meta_button_type_font_colors":{"default":{"color":"CT_CSS_SKIP_RULEDEFAULT"},"hover":{"color":"CT_CSS_SKIP_RULEDEFAULT"}},"page_meta_button_type_background_colors":{"default":{"color":"CT_CSS_SKIP_RULEDEFAULT"},"hover":{"color":"CT_CSS_SKIP_RULEDEFAULT"}},"pageExcerptFont":{"family":"Default","variation":"Default","size":"CT_CSS_SKIP_RULE","line-height":"CT_CSS_SKIP_RULE","letter-spacing":"CT_CSS_SKIP_RULE","text-transform":"CT_CSS_SKIP_RULE","text-decoration":"CT_CSS_SKIP_RULE"},"pageExcerptColor":{"default":{"color":"CT_CSS_SKIP_RULEDEFAULT"}},"breadcrumbsFont":{"family":"Default","variation":"Default","size":"CT_CSS_SKIP_RULE","line-height":"CT_CSS_SKIP_RULE","letter-spacing":"CT_CSS_SKIP_RULE","text-transform":"CT_CSS_SKIP_RULE","text-decoration":"CT_CSS_SKIP_RULE"},"breadcrumbsFontColor":{"default":{"color":"CT_CSS_SKIP_RULEDEFAULT"},"initial":{"color":"CT_CSS_SKIP_RULEDEFAULT"},"hover":{"color":"CT_CSS_SKIP_RULEDEFAULT"}},"pageTitleOverlay":{"background_type":"color","background_pattern":"type-1","background_image":{"attachment_id":null,"x":0,"y":0},"gradient":"linear-gradient(135deg,rgba(6,147,227,1) 0%,rgb(155,81,224) 100%)","background_repeat":"repeat","background_size":"auto","background_attachment":"scroll","patternColor":{"default":{"color":"#e5e7ea"}},"overlayColor":{"default":{"color":"CT_CSS_SKIP_RULE"}},"backgroundColor":{"default":{"color":"CT_CSS_SKIP_RULE"}}},"pageTitleBackground":{"background_type":"color","background_pattern":"type-1","background_image":{"attachment_id":null,"x":0,"y":0},"gradient":"linear-gradient(135deg,rgba(6,147,227,1) 0%,rgb(155,81,224) 100%)","background_repeat":"repeat","background_size":"auto","background_attachment":"scroll","patternColor":{"default":{"color":"#e5e7ea"}},"overlayColor":{"default":{"color":"CT_CSS_SKIP_RULE"}},"backgroundColor":{"default":{"color":"var(--theme-palette-color-6)"}}},"pageTitlePadding":{"top":"50px","bottom":"50px","left":"auto","right":"auto","linked":true},"202f0cbc398d714e048b39197ae71e6d":"","page_structure_type":"default","854bd40f7f8b4d7a95aa3e0f49708ea4":"","content_style_source":"inherit","content_style":"wide","vertical_spacing_source":"custom","content_area_spacing":"none","background":{"background_type":"color","background_pattern":"type-1","background_image":{"attachment_id":null,"x":0,"y":0},"gradient":"linear-gradient(135deg,rgba(6,147,227,1) 0%,rgb(155,81,224) 100%)","background_repeat":"repeat","background_size":"auto","background_attachment":"scroll","patternColor":{"default":{"color":"#e5e7ea"}},"overlayColor":{"default":{"color":"CT_CSS_SKIP_RULE"}},"backgroundColor":{"default":{"color":"CT_CSS_SKIP_RULE"}}},"content_background":{"background_type":"color","background_pattern":"type-1","background_image":{"attachment_id":null,"x":0,"y":0},"gradient":"linear-gradient(135deg,rgba(6,147,227,1) 0%,rgb(155,81,224) 100%)","background_repeat":"repeat","background_size":"auto","background_attachment":"scroll","patternColor":{"default":{"color":"#e5e7ea"}},"overlayColor":{"default":{"color":"CT_CSS_SKIP_RULE"}},"backgroundColor":{"default":{"color":"var(--theme-palette-color-8)"}}},"content_boxed_shadow":{"inherit":false,"blur":18,"spread":-6,"v_offset":12,"h_offset":0,"inset":false,"enable":true,"color":{"color":"rgba(34, 56, 101, 0.04)"}},"content_boxed_border":{"width":1,"style":"none","color":{"color":"rgba(44,62,80,0.2)"}},"content_boxed_radius":{"top":"3px","bottom":"3px","left":"3px","right":"3px","linked":true},"boxed_content_spacing":{"desktop":{"top":"40px","bottom":"40px","left":"40px","right":"40px","linked":true},"tablet":{"top":"35px","bottom":"35px","left":"35px","right":"35px","linked":true},"mobile":{"top":"20px","bottom":"20px","left":"20px","right":"20px","linked":true}},"b0da049bbc9a67cf3a03559f10c8de95":"","disable_featured_image":"no","disable_share_box":"no","disable_header":"no","disable_footer":"no","styles_descriptor":{"styles":{"desktop":"","tablet":"","mobile":""},"google_fonts":[],"version":6}},"_links":{"self":[{"href":"https:\/\/www.unioviedo.es\/vivireuropa\/index.php\/wp-json\/wp\/v2\/pages\/4699","targetHints":{"allow":["GET"]}}],"collection":[{"href":"https:\/\/www.unioviedo.es\/vivireuropa\/index.php\/wp-json\/wp\/v2\/pages"}],"about":[{"href":"https:\/\/www.unioviedo.es\/vivireuropa\/index.php\/wp-json\/wp\/v2\/types\/page"}],"author":[{"embeddable":true,"href":"https:\/\/www.unioviedo.es\/vivireuropa\/index.php\/wp-json\/wp\/v2\/users\/667"}],"replies":[{"embeddable":true,"href":"https:\/\/www.unioviedo.es\/vivireuropa\/index.php\/wp-json\/wp\/v2\/comments?post=4699"}],"version-history":[{"count":13,"href":"https:\/\/www.unioviedo.es\/vivireuropa\/index.php\/wp-json\/wp\/v2\/pages\/4699\/revisions"}],"predecessor-version":[{"id":5977,"href":"https:\/\/www.unioviedo.es\/vivireuropa\/index.php\/wp-json\/wp\/v2\/pages\/4699\/revisions\/5977"}],"wp:attachment":[{"href":"https:\/\/www.unioviedo.es\/vivireuropa\/index.php\/wp-json\/wp\/v2\/media?parent=4699"}],"curies":[{"name":"wp","href":"https:\/\/api.w.org\/{rel}","templated":true}]}}