{"id":5163,"date":"2024-05-27T11:46:44","date_gmt":"2024-05-27T10:46:44","guid":{"rendered":"https:\/\/www.unioviedo.es\/vivireuropa\/?page_id=5163"},"modified":"2024-07-23T11:52:53","modified_gmt":"2024-07-23T10:52:53","slug":"proyectos-denteu-objetivos","status":"publish","type":"page","link":"https:\/\/www.unioviedo.es\/vivireuropa\/index.php\/proyectos-denteu-objetivos\/","title":{"rendered":"Proyectos: DENTEU &#8211; Objetivos"},"content":{"rendered":"\t\t<div data-elementor-type=\"wp-page\" data-elementor-id=\"5163\" class=\"elementor elementor-5163\">\n\t\t\t\t<div class=\"elementor-element elementor-element-b52623c e-flex e-con-boxed e-con e-parent\" data-id=\"b52623c\" data-element_type=\"container\" data-e-type=\"container\">\n\t\t\t\t\t<div class=\"e-con-inner\">\n\t\t\t\t<div class=\"elementor-element elementor-element-65971a2 elementor-widget elementor-widget-heading\" data-id=\"65971a2\" data-element_type=\"widget\" data-e-type=\"widget\" data-widget_type=\"heading.default\">\n\t\t\t\t<div class=\"elementor-widget-container\">\n\t\t\t\t\t<h2 class=\"elementor-heading-title elementor-size-default\">Proyecto DENTEU<\/h2>\t\t\t\t<\/div>\n\t\t\t\t<\/div>\n\t\t\t\t\t<\/div>\n\t\t\t\t<\/div>\n\t\t<div class=\"elementor-element elementor-element-8797845 e-flex e-con-boxed e-con e-parent\" data-id=\"8797845\" data-element_type=\"container\" data-e-type=\"container\">\n\t\t\t\t\t<div class=\"e-con-inner\">\n\t\t<div class=\"elementor-element elementor-element-7e1f692 e-con-full e-flex e-con e-child\" data-id=\"7e1f692\" data-element_type=\"container\" data-e-type=\"container\">\n\t\t<div class=\"elementor-element elementor-element-8a7926d e-con-full e-flex e-con e-child\" data-id=\"8a7926d\" data-element_type=\"container\" data-e-type=\"container\" data-settings=\"{&quot;background_background&quot;:&quot;classic&quot;}\">\n\t\t\t\t<div class=\"elementor-element elementor-element-85255cc elementor-widget elementor-widget-heading\" data-id=\"85255cc\" data-element_type=\"widget\" data-e-type=\"widget\" data-widget_type=\"heading.default\">\n\t\t\t\t<div class=\"elementor-widget-container\">\n\t\t\t\t\t<h5 class=\"elementor-heading-title elementor-size-default\">Objetivos<\/h5>\t\t\t\t<\/div>\n\t\t\t\t<\/div>\n\t\t\t\t<\/div>\n\t\t\t\t<div class=\"elementor-element elementor-element-d280016 elementor-widget elementor-widget-text-editor\" data-id=\"d280016\" data-element_type=\"widget\" data-e-type=\"widget\" data-widget_type=\"text-editor.default\">\n\t\t\t\t<div class=\"elementor-widget-container\">\n\t\t\t\t\t\t\t\t\t<p>Queremos presentaros un nuevo proyecto Jean Monnet, \u201cDeveloping Educational Networks to Teach the EU\u201d \u2013 DENTEU (Desarrollando Redes Educativas para Ense\u00f1ar la UE), financiado por la Comisi\u00f3n Europea, que estamos iniciando este curso en la Universidad de Oviedo, en cooperaci\u00f3n con la Consejer\u00eda de Educaci\u00f3n y que se extender\u00e1 tambi\u00e9n a los dos pr\u00f3ximos cursos acad\u00e9micos.<\/p>\n<p>Las diferentes acciones Jean Monnet (c\u00e1tedras, m\u00f3dulos, proyectos\u2026) buscan potenciar la ense\u00f1anza y la investigaci\u00f3n sobre la Uni\u00f3n Europea. Este programa, iniciado en 1989, se encuentra integrado desde 2014 en ERASMUS+.<\/p>\n<p>Las acciones Jean Monnet, aunque inicialmente se dirig\u00edan al \u00e1mbito universitario, han ido abriendo progresivamente sus objetivos. Para el per\u00edodo 2021\/27 han incorporado una l\u00ednea espec\u00edfica de acci\u00f3n destinada exclusivamente a la formaci\u00f3n del profesorado (o futuro profesorado) no universitario.<\/p>\n<p>Los objetivos de esta l\u00ednea de acci\u00f3n son promover una mejor comprensi\u00f3n de la UE y su funcionamiento; reforzar el conocimiento sobre la ense\u00f1anza de la UE del profesorado; ofrecer propuestas de formaci\u00f3n estructurada sobre temas de la UE a los centros educativos no universitarios; proporcionar contenidos y metodolog\u00edas para abordar los asuntos de la UE; impartir cursos de formaci\u00f3n espec\u00edficos para profesores interesados en la UE; promover la ciudadan\u00eda activa y los valores europeos y, fomentar la cooperaci\u00f3n universidad-administraci\u00f3n auton\u00f3mica y el trabajo cooperativo entre docentes de diferentes centros y niveles educativos.<\/p>\n<p>Tras 10 a\u00f1os en los que hemos desarrollado varios proyectos bajo el t\u00edtulo \u00abVivir Europa\u00bb, presentamos una propuesta a esta nueva l\u00ednea de acci\u00f3n considerando la importancia que para la Comisi\u00f3n Europea tiene promover la ense\u00f1anza de la Uni\u00f3n Europea en la escuela y con el convencimiento que este objetivo solamente se puede lograr dando apoyo al profesorado de la misma.<\/p>\n<p><b>\u00bfQui\u00e9nes somos?<\/b><\/p>\n<p>La composici\u00f3n del grupo que desarrolla estos proyectos es pluridisciplinar y abarca tambi\u00e9n a distintos niveles educativos. En este \u00faltimo proyecto, somos 14 integrantes de diversos centros educativos y de la administraci\u00f3n regional y local.<\/p>\n<p><b>\u00bfEn qu\u00e9 consiste el proyecto?<\/b><\/p>\n<p>Con este proyecto queremos colaborar en el objetivo de la Comisi\u00f3n europea de promover la ciudadan\u00eda activa y los valores europeos a trav\u00e9s de la Educaci\u00f3n, favoreciendo creaci\u00f3n de una red de centros y profesores que tengan una orientaci\u00f3n especializada en la ense\u00f1anza de la Uni\u00f3n Europea.<\/p>\n<p>El desarrollo del proyecto se realiza en colaboraci\u00f3n y coordinaci\u00f3n con la Consejer\u00eda de Educaci\u00f3n, a trav\u00e9s de varias actividades que se van a ir sucediendo a lo largo de estos tres cursos acad\u00e9micos.<\/p>\n<p>Las actividades que llevaremos a cabo y que estar\u00e1n abiertas a todo el profesorado interesado en la ense\u00f1anza de la UE, ser\u00e1n:<\/p>\n<p><b>1. Formaci\u00f3n del profesorado, combinando en un formato h\u00edbrido.<\/b><\/p>\n<p>Se abordar\u00e1n diferentes aspectos sobre la UE, as\u00ed como cuestiones metodol\u00f3gicas que faciliten la integraci\u00f3n de la tem\u00e1tica europea en la docencia directa. Los docentes tendr\u00e1n la opci\u00f3n de elegir entre diferentes cursos propuestos en l\u00ednea, y deber\u00e1n matricularse en un n\u00famero m\u00ednimo de horas\/cr\u00e9ditos para obtener la certificaci\u00f3n de reconocimiento formal. Se pretende lograr una formaci\u00f3n \u201ca la carta\u201d, en funci\u00f3n de los temas en los que quieran trabajar. Posteriormente se realizar\u00e1 una jornada presencial, que complementar\u00e1 la formaci\u00f3n online.<\/p>\n<p>Las sesiones online ser\u00e1n semanales, de tres horas de duraci\u00f3n. 9 horas suponen un cr\u00e9dito de formaci\u00f3n.<\/p>\n<p>La Jornada Presencial tendr\u00e1 8 horas lectivas, y supondr\u00e1 tambi\u00e9n 1 cr\u00e9dito formativo.<\/p>\n<p>Esta actividad se llevar\u00e1 a cabo durante el curso 2022\/23 y 2023\/24<\/p>\n<p><b>2.- Cursos de verano.<\/b><\/p>\n<p>Ser\u00e1n cursos intensivos de 20\/25 horas de duraci\u00f3n (5 o 6 horas diarias) en los que, paralelamente, se abordar\u00e1n diversos temas y t\u00f3picos sobre la UE y las metodolog\u00edas adecuadas para la pr\u00e1ctica en la docencia directa.<\/p>\n<p>Se organizar\u00e1n dos cursos de verano, en la primera semana de septiembre de 2023 y 2024<\/p>\n<p><b>3.- Las tertulias dial\u00f3gicas.<\/b><\/p>\n<p>El objetivo principal ser\u00e1 construir cooperativamente conocimiento a partir de los temas de discusi\u00f3n propuestos. Se prestar\u00e1 atenci\u00f3n, dentro de estas actividades, a analizar la presencia de los asuntos y temas de la UE dentro de los curr\u00edculos escolares y profesionales estatales\/regionales.<\/p>\n<p>Estas actividades se desarrollar\u00e1n durante los cursos 2023\/24 y 2024\/25.<\/p>\n<p><\/p>\n<p><b>4. Curso MOOC.<\/b><\/p>\n<p>Se desarrollar\u00e1 en el curso 2024\/25.&nbsp;<\/p>\n<p><b>5. Gu\u00eda de buenas pr\u00e1cticas.<\/b><\/p>\n<p><b>\u00bfQu\u00e9 haremos este curso 2023\/24?<\/b><\/p>\n<p>La primera actividad que hemos desarrollado y que conecta con las actividades del curso pasado ha sido la propuesta de un curso de verano, celebrado finalmente entre septiembre y octubre, con el t\u00edtulo POL\u00cdTICAS EUROPEAS: HACIA UN ESPACIO EUROPEO DE EDUCACI\u00d3N.<\/p>\n<p>Al igual que el curso anterior, se propondr\u00e1 un curso de formaci\u00f3n online con el t\u00edtulo: CONECTANDO LA UNI\u00d3N EUROPEA A LA ESCUELA II.<\/p>\n<p>La programaci\u00f3n online contiene 8 unidades, cuatro de las cuales se repetir\u00e1n para facilitar su realizaci\u00f3n con diferentes fechas. Se organiza en sesiones semanales, de tres horas, divididas en dos partes. Una primera en la que se abordar\u00e1 un tema sobre la UE y otra en la que se tratar\u00e1 la forma de llevarlo al aula utilizando alg\u00fan ejemplo de metodolog\u00edas activas y c\u00f3mo se relaciona ese contenido con el curr\u00edculo. Algunas de las sesiones se destinar\u00e1n espec\u00edficamente a explicar las novedades e implicaciones de la LOMLOE.<\/p>\n<p>Estas sesiones online se complementar\u00e1n con unas jornadas presenciales que se celebrar\u00e1n en La Laboral, previsiblemente en el mes de abril, con el t\u00edtulo \u201cENSE\u00d1ANDO LA UE A LOS J\u00d3VENES: RETOS Y OPORTUNIDADES II\u201d que permitir\u00e1 profundizar en alguno de los temas tratados y tambi\u00e9n abordar nuevos contenidos, a trav\u00e9s de conferencias y mesas redondas. Tambi\u00e9n se incluir\u00e1n sesiones pr\u00e1cticas sobre la ense\u00f1anza de la UE en la escuela (casos de \u00e9xito) o de presentaci\u00f3n de materiales para ense\u00f1ar la UE en el aula.<\/p>\n<p>Por \u00faltimo, una nueva actividad que se propone para este curso es la celebraci\u00f3n de tertulias dial\u00f3gicas. El objetivo principal ser\u00e1 construir cooperativamente conocimiento a partir de los temas de discusi\u00f3n propuestos, que se centrar\u00e1n especialmente en la Pol\u00edtica de la UE en materia de Educaci\u00f3n, Investigaci\u00f3n e Innovaci\u00f3n. Se planificar\u00e1n sesiones mensuales combinando actividades presenciales y online.<\/p>\t\t\t\t\t\t\t\t<\/div>\n\t\t\t\t<\/div>\n\t\t\t\t<\/div>\n\t\t\t\t\t<\/div>\n\t\t\t\t<\/div>\n\t\t<div class=\"elementor-element elementor-element-fc9bc21 e-flex e-con-boxed e-con e-parent\" data-id=\"fc9bc21\" data-element_type=\"container\" data-e-type=\"container\">\n\t\t\t\t\t<div class=\"e-con-inner\">\n\t\t<div class=\"elementor-element elementor-element-de20466 e-con-full e-flex e-con e-child\" data-id=\"de20466\" data-element_type=\"container\" data-e-type=\"container\">\n\t\t\t\t<div class=\"elementor-element elementor-element-48be739 elementor-align-center elementor-widget elementor-widget-button\" data-id=\"48be739\" data-element_type=\"widget\" data-e-type=\"widget\" data-widget_type=\"button.default\">\n\t\t\t\t<div class=\"elementor-widget-container\">\n\t\t\t\t\t\t\t\t\t<div class=\"elementor-button-wrapper\">\n\t\t\t\t\t<a class=\"elementor-button elementor-button-link elementor-size-sm elementor-animation-grow\" href=\"https:\/\/www.unioviedo.es\/vivireuropa\/index.php\/proyectos-denteu\/\">\n\t\t\t\t\t\t<span class=\"elementor-button-content-wrapper\">\n\t\t\t\t\t\t<span class=\"elementor-button-icon\">\n\t\t\t\t<svg aria-hidden=\"true\" class=\"e-font-icon-svg e-fas-arrow-alt-circle-left\" viewBox=\"0 0 512 512\" xmlns=\"http:\/\/www.w3.org\/2000\/svg\"><path d=\"M256 504C119 504 8 393 8 256S119 8 256 8s248 111 248 248-111 248-248 248zm116-292H256v-70.9c0-10.7-13-16.1-20.5-8.5L121.2 247.5c-4.7 4.7-4.7 12.2 0 16.9l114.3 114.9c7.6 7.6 20.5 2.2 20.5-8.5V300h116c6.6 0 12-5.4 12-12v-64c0-6.6-5.4-12-12-12z\"><\/path><\/svg>\t\t\t<\/span>\n\t\t\t\t\t\t\t\t\t<span class=\"elementor-button-text\">Volver<\/span>\n\t\t\t\t\t<\/span>\n\t\t\t\t\t<\/a>\n\t\t\t\t<\/div>\n\t\t\t\t\t\t\t\t<\/div>\n\t\t\t\t<\/div>\n\t\t\t\t<\/div>\n\t\t<div class=\"elementor-element elementor-element-ace08f9 e-con-full e-flex e-con e-child\" data-id=\"ace08f9\" data-element_type=\"container\" data-e-type=\"container\">\n\t\t\t\t<div class=\"elementor-element elementor-element-5eecad0 elementor-align-center elementor-widget elementor-widget-button\" data-id=\"5eecad0\" data-element_type=\"widget\" data-e-type=\"widget\" data-widget_type=\"button.default\">\n\t\t\t\t<div class=\"elementor-widget-container\">\n\t\t\t\t\t\t\t\t\t<div class=\"elementor-button-wrapper\">\n\t\t\t\t\t<a class=\"elementor-button elementor-button-link elementor-size-sm elementor-animation-grow\" href=\"https:\/\/www.unioviedo.es\/vivireuropa\/index.php\/proyectos-denteu-itinerario-formativo\/\">\n\t\t\t\t\t\t<span class=\"elementor-button-content-wrapper\">\n\t\t\t\t\t\t<span class=\"elementor-button-icon\">\n\t\t\t\t<svg aria-hidden=\"true\" class=\"e-font-icon-svg e-fas-arrow-alt-circle-right\" viewBox=\"0 0 512 512\" xmlns=\"http:\/\/www.w3.org\/2000\/svg\"><path d=\"M256 8c137 0 248 111 248 248S393 504 256 504 8 393 8 256 119 8 256 8zM140 300h116v70.9c0 10.7 13 16.1 20.5 8.5l114.3-114.9c4.7-4.7 4.7-12.2 0-16.9l-114.3-115c-7.6-7.6-20.5-2.2-20.5 8.5V212H140c-6.6 0-12 5.4-12 12v64c0 6.6 5.4 12 12 12z\"><\/path><\/svg>\t\t\t<\/span>\n\t\t\t\t\t\t\t\t\t<span class=\"elementor-button-text\">Itinerarios formativos<\/span>\n\t\t\t\t\t<\/span>\n\t\t\t\t\t<\/a>\n\t\t\t\t<\/div>\n\t\t\t\t\t\t\t\t<\/div>\n\t\t\t\t<\/div>\n\t\t\t\t<\/div>\n\t\t\t\t\t<\/div>\n\t\t\t\t<\/div>\n\t\t\t\t<\/div>\n\t\t","protected":false},"excerpt":{"rendered":"<p>Proyecto DENTEU Objetivos Queremos presentaros un nuevo proyecto Jean Monnet, \u201cDeveloping Educational Networks to Teach the EU\u201d \u2013 DENTEU (Desarrollando Redes Educativas para Ense\u00f1ar la UE), financiado por la Comisi\u00f3n Europea, que estamos iniciando este curso en la Universidad de Oviedo, en cooperaci\u00f3n con la Consejer\u00eda de Educaci\u00f3n y que se extender\u00e1 tambi\u00e9n a los [&hellip;]<\/p>\n","protected":false},"author":667,"featured_media":0,"parent":0,"menu_order":0,"comment_status":"closed","ping_status":"closed","template":"","meta":{"footnotes":""},"class_list":["post-5163","page","type-page","status-publish","hentry"],"blocksy_meta":{"page_title_panel":"","has_hero_section":"disabled","97ee15f25a4197e406aa66b5a6e1cc4a":"","hero_section":"type-1","hero_elements":[{"id":"custom_title","enabled":true,"heading_tag":"h1","title":"Home"},{"id":"custom_description","enabled":true,"description_visibility":{"desktop":true,"tablet":true,"mobile":false}},{"id":"custom_meta","enabled":false,"meta_elements":[{"id":"author","enabled":true,"label":"By","has_author_avatar":"yes","avatar_size":25},{"id":"post_date","enabled":true,"label":"On","date_format_source":"default","date_format":"M j, Y"},{"id":"updated_date","enabled":false,"label":"On","date_format_source":"default","date_format":"M j, Y"},{"id":"categories","enabled":false,"label":"In","style":"simple"},{"id":"comments","enabled":true}],"page_meta_elements":{"joined":true,"articles_count":true,"comments":true}},{"id":"breadcrumbs","enabled":false}],"e383a482344f65eacb9516af82d8ed80":"","hero_alignment1":"CT_CSS_SKIP_RULE","hero_margin":40,"hero_alignment2":"center","hero_vertical_alignment":"center","aa7b568f8a77bfd0b9648c22ccb00685":"","hero_structure":"narrow","b4ba0b41affd6111d96beeceb6f9817f":"","page_title_bg_type":"featured_image","custom_hero_background":{"attachment_id":null},"page_title_image_size":"full","parallax":{"desktop":false,"tablet":false,"mobile":false},"14d5fc5fd9b9278b692d6150f1075e8a":"","hero_height":"250px","pageTitleFont":{"family":"Default","variation":"Default","size":"30px","line-height":"CT_CSS_SKIP_RULE","letter-spacing":"CT_CSS_SKIP_RULE","text-transform":"CT_CSS_SKIP_RULE","text-decoration":"CT_CSS_SKIP_RULE"},"pageTitleFontColor":{"default":{"color":"CT_CSS_SKIP_RULEDEFAULT"}},"pageMetaFont":{"family":"Default","variation":"n6","size":"12px","line-height":"1.3","letter-spacing":"CT_CSS_SKIP_RULE","text-transform":"uppercase","text-decoration":"CT_CSS_SKIP_RULE"},"pageMetaFontColor":{"default":{"color":"CT_CSS_SKIP_RULEDEFAULT"},"hover":{"color":"CT_CSS_SKIP_RULEDEFAULT"}},"page_meta_button_type_font_colors":{"default":{"color":"CT_CSS_SKIP_RULEDEFAULT"},"hover":{"color":"CT_CSS_SKIP_RULEDEFAULT"}},"page_meta_button_type_background_colors":{"default":{"color":"CT_CSS_SKIP_RULEDEFAULT"},"hover":{"color":"CT_CSS_SKIP_RULEDEFAULT"}},"pageExcerptFont":{"family":"Default","variation":"Default","size":"CT_CSS_SKIP_RULE","line-height":"CT_CSS_SKIP_RULE","letter-spacing":"CT_CSS_SKIP_RULE","text-transform":"CT_CSS_SKIP_RULE","text-decoration":"CT_CSS_SKIP_RULE"},"pageExcerptColor":{"default":{"color":"CT_CSS_SKIP_RULEDEFAULT"}},"breadcrumbsFont":{"family":"Default","variation":"Default","size":"CT_CSS_SKIP_RULE","line-height":"CT_CSS_SKIP_RULE","letter-spacing":"CT_CSS_SKIP_RULE","text-transform":"CT_CSS_SKIP_RULE","text-decoration":"CT_CSS_SKIP_RULE"},"breadcrumbsFontColor":{"default":{"color":"CT_CSS_SKIP_RULEDEFAULT"},"initial":{"color":"CT_CSS_SKIP_RULEDEFAULT"},"hover":{"color":"CT_CSS_SKIP_RULEDEFAULT"}},"pageTitleOverlay":{"background_type":"color","background_pattern":"type-1","background_image":{"attachment_id":null,"x":0,"y":0},"gradient":"linear-gradient(135deg,rgba(6,147,227,1) 0%,rgb(155,81,224) 100%)","background_repeat":"repeat","background_size":"auto","background_attachment":"scroll","patternColor":{"default":{"color":"#e5e7ea"}},"overlayColor":{"default":{"color":"CT_CSS_SKIP_RULE"}},"backgroundColor":{"default":{"color":"CT_CSS_SKIP_RULE"}}},"pageTitleBackground":{"background_type":"color","background_pattern":"type-1","background_image":{"attachment_id":null,"x":0,"y":0},"gradient":"linear-gradient(135deg,rgba(6,147,227,1) 0%,rgb(155,81,224) 100%)","background_repeat":"repeat","background_size":"auto","background_attachment":"scroll","patternColor":{"default":{"color":"#e5e7ea"}},"overlayColor":{"default":{"color":"CT_CSS_SKIP_RULE"}},"backgroundColor":{"default":{"color":"var(--theme-palette-color-6)"}}},"pageTitlePadding":{"top":"50px","bottom":"50px","left":"auto","right":"auto","linked":true},"202f0cbc398d714e048b39197ae71e6d":"","page_structure_type":"default","854bd40f7f8b4d7a95aa3e0f49708ea4":"","content_style_source":"inherit","content_style":"wide","vertical_spacing_source":"custom","content_area_spacing":"none","background":{"background_type":"color","background_pattern":"type-1","background_image":{"attachment_id":null,"x":0,"y":0},"gradient":"linear-gradient(135deg,rgba(6,147,227,1) 0%,rgb(155,81,224) 100%)","background_repeat":"repeat","background_size":"auto","background_attachment":"scroll","patternColor":{"default":{"color":"#e5e7ea"}},"overlayColor":{"default":{"color":"CT_CSS_SKIP_RULE"}},"backgroundColor":{"default":{"color":"CT_CSS_SKIP_RULE"}}},"content_background":{"background_type":"color","background_pattern":"type-1","background_image":{"attachment_id":null,"x":0,"y":0},"gradient":"linear-gradient(135deg,rgba(6,147,227,1) 0%,rgb(155,81,224) 100%)","background_repeat":"repeat","background_size":"auto","background_attachment":"scroll","patternColor":{"default":{"color":"#e5e7ea"}},"overlayColor":{"default":{"color":"CT_CSS_SKIP_RULE"}},"backgroundColor":{"default":{"color":"var(--theme-palette-color-8)"}}},"content_boxed_shadow":{"inherit":false,"blur":18,"spread":-6,"v_offset":12,"h_offset":0,"inset":false,"enable":true,"color":{"color":"rgba(34, 56, 101, 0.04)"}},"content_boxed_border":{"width":1,"style":"none","color":{"color":"rgba(44,62,80,0.2)"}},"content_boxed_radius":{"top":"3px","bottom":"3px","left":"3px","right":"3px","linked":true},"boxed_content_spacing":{"desktop":{"top":"40px","bottom":"40px","left":"40px","right":"40px","linked":true},"tablet":{"top":"35px","bottom":"35px","left":"35px","right":"35px","linked":true},"mobile":{"top":"20px","bottom":"20px","left":"20px","right":"20px","linked":true}},"b0da049bbc9a67cf3a03559f10c8de95":"","disable_featured_image":"no","disable_share_box":"no","disable_header":"no","disable_footer":"no","styles_descriptor":{"styles":{"desktop":"","tablet":"","mobile":""},"google_fonts":[],"version":6}},"_links":{"self":[{"href":"https:\/\/www.unioviedo.es\/vivireuropa\/index.php\/wp-json\/wp\/v2\/pages\/5163","targetHints":{"allow":["GET"]}}],"collection":[{"href":"https:\/\/www.unioviedo.es\/vivireuropa\/index.php\/wp-json\/wp\/v2\/pages"}],"about":[{"href":"https:\/\/www.unioviedo.es\/vivireuropa\/index.php\/wp-json\/wp\/v2\/types\/page"}],"author":[{"embeddable":true,"href":"https:\/\/www.unioviedo.es\/vivireuropa\/index.php\/wp-json\/wp\/v2\/users\/667"}],"replies":[{"embeddable":true,"href":"https:\/\/www.unioviedo.es\/vivireuropa\/index.php\/wp-json\/wp\/v2\/comments?post=5163"}],"version-history":[{"count":22,"href":"https:\/\/www.unioviedo.es\/vivireuropa\/index.php\/wp-json\/wp\/v2\/pages\/5163\/revisions"}],"predecessor-version":[{"id":5989,"href":"https:\/\/www.unioviedo.es\/vivireuropa\/index.php\/wp-json\/wp\/v2\/pages\/5163\/revisions\/5989"}],"wp:attachment":[{"href":"https:\/\/www.unioviedo.es\/vivireuropa\/index.php\/wp-json\/wp\/v2\/media?parent=5163"}],"curies":[{"name":"wp","href":"https:\/\/api.w.org\/{rel}","templated":true}]}}