{"id":5333,"date":"2024-06-27T12:02:19","date_gmt":"2024-06-27T11:02:19","guid":{"rendered":"https:\/\/www.unioviedo.es\/vivireuropa\/?page_id=5333"},"modified":"2026-04-23T13:54:53","modified_gmt":"2026-04-23T12:54:53","slug":"proyectos-denteu-itinerario-formativo","status":"publish","type":"page","link":"https:\/\/www.unioviedo.es\/vivireuropa\/index.php\/proyectos-denteu-itinerario-formativo\/","title":{"rendered":"Proyectos: DENTEU &#8211; Itinerario Formativo"},"content":{"rendered":"\t\t<div data-elementor-type=\"wp-page\" data-elementor-id=\"5333\" class=\"elementor elementor-5333\">\n\t\t\t\t<div class=\"elementor-element elementor-element-b52623c e-flex e-con-boxed e-con e-parent\" data-id=\"b52623c\" data-element_type=\"container\" data-e-type=\"container\">\n\t\t\t\t\t<div class=\"e-con-inner\">\n\t\t\t\t<div class=\"elementor-element elementor-element-65971a2 elementor-widget elementor-widget-heading\" data-id=\"65971a2\" data-element_type=\"widget\" data-e-type=\"widget\" data-widget_type=\"heading.default\">\n\t\t\t\t<div class=\"elementor-widget-container\">\n\t\t\t\t\t<h2 class=\"elementor-heading-title elementor-size-default\">Proyecto DENTEU<\/h2>\t\t\t\t<\/div>\n\t\t\t\t<\/div>\n\t\t\t\t\t<\/div>\n\t\t\t\t<\/div>\n\t\t<div class=\"elementor-element elementor-element-8797845 e-flex e-con-boxed e-con e-parent\" data-id=\"8797845\" data-element_type=\"container\" data-e-type=\"container\">\n\t\t\t\t\t<div class=\"e-con-inner\">\n\t\t<div class=\"elementor-element elementor-element-7e1f692 e-con-full e-flex e-con e-child\" data-id=\"7e1f692\" data-element_type=\"container\" data-e-type=\"container\">\n\t\t<div class=\"elementor-element elementor-element-e1cdefa e-con-full e-flex e-con e-child\" data-id=\"e1cdefa\" data-element_type=\"container\" data-e-type=\"container\">\n\t\t<div class=\"elementor-element elementor-element-1bd702e e-con-full e-flex e-con e-child\" data-id=\"1bd702e\" data-element_type=\"container\" data-e-type=\"container\" data-settings=\"{&quot;background_background&quot;:&quot;classic&quot;}\">\n\t\t\t\t<div class=\"elementor-element elementor-element-5009768 elementor-widget elementor-widget-heading\" data-id=\"5009768\" data-element_type=\"widget\" data-e-type=\"widget\" data-widget_type=\"heading.default\">\n\t\t\t\t<div class=\"elementor-widget-container\">\n\t\t\t\t\t<h5 class=\"elementor-heading-title elementor-size-default\">Itinerarios Formativos<\/h5>\t\t\t\t<\/div>\n\t\t\t\t<\/div>\n\t\t\t\t<\/div>\n\t\t\t\t<\/div>\n\t\t\t\t<\/div>\n\t\t\t\t\t<\/div>\n\t\t\t\t<\/div>\n\t\t<div class=\"elementor-element elementor-element-5c9270e e-flex e-con-boxed e-con e-parent\" data-id=\"5c9270e\" data-element_type=\"container\" data-e-type=\"container\">\n\t\t\t\t\t<div class=\"e-con-inner\">\n\t\t\t\t<div class=\"elementor-element elementor-element-1c6be3c elementor-widget elementor-widget-text-editor\" data-id=\"1c6be3c\" data-element_type=\"widget\" data-e-type=\"widget\" data-widget_type=\"text-editor.default\">\n\t\t\t\t<div class=\"elementor-widget-container\">\n\t\t\t\t\t\t\t\t\t<p><span style=\"color: #ff0404;\">JORNADAS (2025)<\/span><\/p>\t\t\t\t\t\t\t\t<\/div>\n\t\t\t\t<\/div>\n\t\t\t\t<div class=\"elementor-element elementor-element-0387188 elementor-widget elementor-widget-heading\" data-id=\"0387188\" data-element_type=\"widget\" data-e-type=\"widget\" data-widget_type=\"heading.default\">\n\t\t\t\t<div class=\"elementor-widget-container\">\n\t\t\t\t\t<h2 class=\"elementor-heading-title elementor-size-default\">\"C\u00f3mo abordar la ense\u00f1anza de la UE en el aula\"<\/h2>\t\t\t\t<\/div>\n\t\t\t\t<\/div>\n\t\t\t\t<div class=\"elementor-element elementor-element-18c7440 elementor-widget elementor-widget-text-editor\" data-id=\"18c7440\" data-element_type=\"widget\" data-e-type=\"widget\" data-widget_type=\"text-editor.default\">\n\t\t\t\t<div class=\"elementor-widget-container\">\n\t\t\t\t\t\t\t\t\t<p>Con motivo de los 40 a\u00f1os de la adhesi\u00f3n de Espa\u00f1a a la Uni\u00f3n Europea y los 25 a\u00f1os de la Carta de Derechos Fundamentales, los d\u00edas 7 y 8 de noviembre de 2025 se celebrar\u00e1n en Gij\u00f3n unas Jornadas dirigidas al profesorado de Secundaria y Bachillerato interesado en acercar Europa a sus aulas.<\/p><p>El evento, organizado desde el proyecto Jean Monnet DENTEU y con el apoyo de la Consejer\u00eda de Educaci\u00f3n del Principado de Asturias, contar\u00e1 con mesas redondas, conferencias y talleres sobre ciudadan\u00eda europea, pol\u00edticas de la UE y nuevas optativas educativas.<\/p><p>Las actividades de las Jornadas son independientes y de acceso libre y gratuito hasta completar aforo.<br \/><br \/><\/p>\t\t\t\t\t\t\t\t<\/div>\n\t\t\t\t<\/div>\n\t\t\t\t<div class=\"elementor-element elementor-element-c553187 elementor-align-center elementor-widget elementor-widget-button\" data-id=\"c553187\" data-element_type=\"widget\" data-e-type=\"widget\" data-widget_type=\"button.default\">\n\t\t\t\t<div class=\"elementor-widget-container\">\n\t\t\t\t\t\t\t\t\t<div class=\"elementor-button-wrapper\">\n\t\t\t\t\t<a class=\"elementor-button elementor-button-link elementor-size-sm elementor-animation-grow\" href=\"https:\/\/www.unioviedo.es\/vivireuropa\/wp-content\/uploads\/2025\/11\/TRIPTICO-Jornadas-Noviembre-2025_rev.pdf\" target=\"_blank\">\n\t\t\t\t\t\t<span class=\"elementor-button-content-wrapper\">\n\t\t\t\t\t\t<span class=\"elementor-button-icon\">\n\t\t\t\t<svg aria-hidden=\"true\" class=\"e-font-icon-svg e-fas-file-pdf\" viewBox=\"0 0 384 512\" xmlns=\"http:\/\/www.w3.org\/2000\/svg\"><path d=\"M181.9 256.1c-5-16-4.9-46.9-2-46.9 8.4 0 7.6 36.9 2 46.9zm-1.7 47.2c-7.7 20.2-17.3 43.3-28.4 62.7 18.3-7 39-17.2 62.9-21.9-12.7-9.6-24.9-23.4-34.5-40.8zM86.1 428.1c0 .8 13.2-5.4 34.9-40.2-6.7 6.3-29.1 24.5-34.9 40.2zM248 160h136v328c0 13.3-10.7 24-24 24H24c-13.3 0-24-10.7-24-24V24C0 10.7 10.7 0 24 0h200v136c0 13.2 10.8 24 24 24zm-8 171.8c-20-12.2-33.3-29-42.7-53.8 4.5-18.5 11.6-46.6 6.2-64.2-4.7-29.4-42.4-26.5-47.8-6.8-5 18.3-.4 44.1 8.1 77-11.6 27.6-28.7 64.6-40.8 85.8-.1 0-.1.1-.2.1-27.1 13.9-73.6 44.5-54.5 68 5.6 6.9 16 10 21.5 10 17.9 0 35.7-18 61.1-61.8 25.8-8.5 54.1-19.1 79-23.2 21.7 11.8 47.1 19.5 64 19.5 29.2 0 31.2-32 19.7-43.4-13.9-13.6-54.3-9.7-73.6-7.2zM377 105L279 7c-4.5-4.5-10.6-7-17-7h-6v128h128v-6.1c0-6.3-2.5-12.4-7-16.9zm-74.1 255.3c4.1-2.7-2.5-11.9-42.8-9 37.1 15.8 42.8 9 42.8 9z\"><\/path><\/svg>\t\t\t<\/span>\n\t\t\t\t\t\t\t\t\t<span class=\"elementor-button-text\">PDF del Programa<\/span>\n\t\t\t\t\t<\/span>\n\t\t\t\t\t<\/a>\n\t\t\t\t<\/div>\n\t\t\t\t\t\t\t\t<\/div>\n\t\t\t\t<\/div>\n\t\t\t\t<div class=\"elementor-element elementor-element-23623f6 elementor-widget elementor-widget-n-accordion\" data-id=\"23623f6\" data-element_type=\"widget\" data-e-type=\"widget\" data-settings=\"{&quot;default_state&quot;:&quot;expanded&quot;,&quot;max_items_expended&quot;:&quot;one&quot;,&quot;n_accordion_animation_duration&quot;:{&quot;unit&quot;:&quot;ms&quot;,&quot;size&quot;:400,&quot;sizes&quot;:[]}}\" data-widget_type=\"nested-accordion.default\">\n\t\t\t\t<div class=\"elementor-widget-container\">\n\t\t\t\t\t\t\t<div class=\"e-n-accordion\" aria-label=\"Accordion. Open links with Enter or Space, close with Escape, and navigate with Arrow Keys\">\n\t\t\t\t\t\t<details id=\"e-n-accordion-item-3710\" class=\"e-n-accordion-item\" open>\n\t\t\t\t<summary class=\"e-n-accordion-item-title\" data-accordion-index=\"1\" tabindex=\"0\" aria-expanded=\"true\" aria-controls=\"e-n-accordion-item-3710\" >\n\t\t\t\t\t<span class='e-n-accordion-item-title-header'><div class=\"e-n-accordion-item-title-text\"> TEMPORALIZACI\u00d3N <\/div><\/span>\n\t\t\t\t\t\t\t<span class='e-n-accordion-item-title-icon'>\n\t\t\t<span class='e-opened' ><svg aria-hidden=\"true\" class=\"e-font-icon-svg e-fas-minus\" viewBox=\"0 0 448 512\" xmlns=\"http:\/\/www.w3.org\/2000\/svg\"><path d=\"M416 208H32c-17.67 0-32 14.33-32 32v32c0 17.67 14.33 32 32 32h384c17.67 0 32-14.33 32-32v-32c0-17.67-14.33-32-32-32z\"><\/path><\/svg><\/span>\n\t\t\t<span class='e-closed'><svg aria-hidden=\"true\" class=\"e-font-icon-svg e-fas-plus\" viewBox=\"0 0 448 512\" xmlns=\"http:\/\/www.w3.org\/2000\/svg\"><path d=\"M416 208H272V64c0-17.67-14.33-32-32-32h-32c-17.67 0-32 14.33-32 32v144H32c-17.67 0-32 14.33-32 32v32c0 17.67 14.33 32 32 32h144v144c0 17.67 14.33 32 32 32h32c17.67 0 32-14.33 32-32V304h144c17.67 0 32-14.33 32-32v-32c0-17.67-14.33-32-32-32z\"><\/path><\/svg><\/span>\n\t\t<\/span>\n\n\t\t\t\t\t\t<\/summary>\n\t\t\t\t<div role=\"region\" aria-labelledby=\"e-n-accordion-item-3710\" class=\"elementor-element elementor-element-d500e76 e-con-full e-flex e-con e-child\" data-id=\"d500e76\" data-element_type=\"container\" data-e-type=\"container\">\n\t\t<div role=\"region\" aria-labelledby=\"e-n-accordion-item-3710\" class=\"elementor-element elementor-element-9d53ec8 e-flex e-con-boxed e-con e-child\" data-id=\"9d53ec8\" data-element_type=\"container\" data-e-type=\"container\">\n\t\t\t\t\t<div class=\"e-con-inner\">\n\t\t\t\t<div class=\"elementor-element elementor-element-8f7ba62 elementor-widget elementor-widget-text-editor\" data-id=\"8f7ba62\" data-element_type=\"widget\" data-e-type=\"widget\" data-widget_type=\"text-editor.default\">\n\t\t\t\t<div class=\"elementor-widget-container\">\n\t\t\t\t\t\t\t\t\t<p><strong>Viernes 7 de noviembre <\/strong>(Sala 3 Edificio de La Laboral, Gij\u00f3n)<\/p><p><strong>16.00: Inauguraci\u00f3n<\/strong><br \/><br \/>Cristina L\u00f3pez Duarte, Decana de la Facultad de Comercio, Turismo y Ciencias Sociales Jovellanos<br \/>Melissa Vald\u00e9s V\u00e1zquez, Directora del CPR de Gij\u00f3n-Oriente<br \/>Carlos Llaca, Director de Proyectos de juventud y educativos del Ayuntamiento de Gij\u00f3n<br \/><br \/><strong>16.30 a 18.00: 25 a\u00f1os de la Carta de Derechos Fundamentales de la UE<\/strong><br \/><br \/>\u00cd\u00f1igo M\u00e9ndez de Vigo, Eurodiputado (1992-2011)<br \/>Presentaci\u00f3n: Mariano Abad Fern\u00e1ndez, catedr\u00e1tico Jean Monnet ad personam<br \/>Ana Isabel Gonz\u00e1lez Glez, proyecto DENTEU<br \/><br \/><strong>18.00 a 18.30: Descanso<\/strong><br \/><br \/><strong>18.30 a 20.00: Elaboraci\u00f3n de materiales did\u00e1cticos<\/strong><br \/><br \/>Carmen Uriol, Universidad de Valencia<br \/>Alberto Arrufat, Universidad Jaume I de Castell\u00f3n<br \/>Yv\u00e1n Pozuelo, CIFP Hosteler\u00eda y Turismo de Gij\u00f3n<br \/>Luc\u00eda Guti\u00e9rrez Garc\u00eda. Proyecto DENTEU<br \/>Modera: Ramiro Martis Fl\u00f3rez. Proyecto DENTEU<br \/><br \/><strong>20.00 Vino espa\u00f1ol \u2013 networking ponentes y asistentes<\/strong><br \/><br \/><strong>S\u00e1bado 8 de noviembre<\/strong> (Sala 3 Edificio de La Laboral, Gij\u00f3n)<br \/><br \/><strong>9,00 a 10.30: Buenas pr\u00e1cticas en la elaboraci\u00f3n de situaciones de aprendizaje sobre la UE<\/strong><br \/><br \/>Ana Covadonga Avello, IES Valle de Tur\u00f3n<br \/>Paula Garc\u00eda Fonseca, Colegio La Asunci\u00f3n, Gij\u00f3n<br \/>Xandra Rato Paz, CPEB El Salvador, Grandas de Salime<br \/>Bel\u00e9n Noval Vega, IES Escultor Juan de Villanueva, Pola de Siero<br \/>Modera: M\u00aa Bel\u00e9n San Pedro Veledo. Proyecto DENTEU.<br \/><br \/><strong>10.30 a 11.00: Descanso<\/strong><br \/><br \/><strong>11.00 a 12.30: Las nuevas optativas sobre la Uni\u00f3n Europea en el Principado de Asturias.<\/strong><br \/><br \/>Carmen Arias, IES Pando, Oviedo<br \/>Margarita Gandullo, IES Valle de Aller<br \/>M\u00aa Jos\u00e9 Rodr\u00edguez Carbajal, Direcci\u00f3n General Asuntos Europeos, Principado de Asturias.<br \/>Francisco Laviana, Consejer\u00eda de Educaci\u00f3n, Principado de Asturias<br \/>Modera: Bel\u00e9n Noval Vega. Proyecto DENTEU<br \/><br \/><strong>12.30 a 14.00: Conferencia de Clausura: 40 a\u00f1os de Espa\u00f1a en la Uni\u00f3n Europea.<\/strong><br \/><br \/>Diego L\u00f3pez Garrido, Exsecretario de Estado para la Uni\u00f3n Europea, Universidad Castilla-La Mancha.<br \/>Presenta: Marisa Mor\u00e1n. Proyecto DENTEU<br \/><br \/><strong>14.00 Vino espa\u00f1ol \u2013 networking ponentes y asistentes<\/strong><\/p>\t\t\t\t\t\t\t\t<\/div>\n\t\t\t\t<\/div>\n\t\t\t\t\t<\/div>\n\t\t\t\t<\/div>\n\t\t\t\t<\/div>\n\t\t\t\t\t<\/details>\n\t\t\t\t\t<\/div>\n\t\t\t\t\t\t<\/div>\n\t\t\t\t<\/div>\n\t\t<div class=\"elementor-element elementor-element-a910e96 e-flex e-con-boxed e-con e-child\" data-id=\"a910e96\" data-element_type=\"container\" data-e-type=\"container\">\n\t\t\t\t\t<div class=\"e-con-inner\">\n\t\t\t\t<div class=\"elementor-element elementor-element-5d67da2 elementor-widget elementor-widget-html\" data-id=\"5d67da2\" data-element_type=\"widget\" data-e-type=\"widget\" data-widget_type=\"html.default\">\n\t\t\t\t<div class=\"elementor-widget-container\">\n\t\t\t\t\t<script>\njQuery(document).ready(function($) {\nvar delay = 100; setTimeout(function() {\n$('.elementor-tab-title').removeClass('elementor-active');\n $('.elementor-tab-content').css('display', 'none'); }, delay);\n});\n<\/script>\t\t\t\t<\/div>\n\t\t\t\t<\/div>\n\t\t\t\t\t<\/div>\n\t\t\t\t<\/div>\n\t\t\t\t\t<\/div>\n\t\t\t\t<\/div>\n\t\t<div class=\"elementor-element elementor-element-bbd15a6 e-flex e-con-boxed e-con e-parent\" data-id=\"bbd15a6\" data-element_type=\"container\" data-e-type=\"container\">\n\t\t\t\t\t<div class=\"e-con-inner\">\n\t\t\t\t<div class=\"elementor-element elementor-element-5eb5cab elementor-widget elementor-widget-text-editor\" data-id=\"5eb5cab\" data-element_type=\"widget\" data-e-type=\"widget\" data-widget_type=\"text-editor.default\">\n\t\t\t\t<div class=\"elementor-widget-container\">\n\t\t\t\t\t\t\t\t\t<p><span style=\"color: #ff0404;\">JORNADAS (2024)<\/span><\/p>\t\t\t\t\t\t\t\t<\/div>\n\t\t\t\t<\/div>\n\t\t\t\t<div class=\"elementor-element elementor-element-5791b34 elementor-widget elementor-widget-heading\" data-id=\"5791b34\" data-element_type=\"widget\" data-e-type=\"widget\" data-widget_type=\"heading.default\">\n\t\t\t\t<div class=\"elementor-widget-container\">\n\t\t\t\t\t<h2 class=\"elementor-heading-title elementor-size-default\">\"Formando ciudadanos europeos: retos y oportunidades en el aula\"<\/h2>\t\t\t\t<\/div>\n\t\t\t\t<\/div>\n\t\t\t\t<div class=\"elementor-element elementor-element-52c2942 elementor-widget elementor-widget-text-editor\" data-id=\"52c2942\" data-element_type=\"widget\" data-e-type=\"widget\" data-widget_type=\"text-editor.default\">\n\t\t\t\t<div class=\"elementor-widget-container\">\n\t\t\t\t\t\t\t\t\t<p style=\"margin-bottom: var(--theme-content-spacing); font-size: 16px; text-align: center;\"><span style=\"text-align: start; color: var(--theme-text-color); font-family: var(--theme-font-family); font-style: var(--theme-font-style, inherit); font-weight: var(--theme-font-weight); letter-spacing: var(--theme-letter-spacing); text-transform: var(--theme-text-transform);\">Los d\u00edas 10 y 11 de mayo se celebrar\u00e1n en Gij\u00f3n unas Jornadas en el marco de este proyecto Jean Monnet financiado por la Direcci\u00f3n General de Educaci\u00f3n y Cultura de la Comisi\u00f3n Europea, que pretende ser un foro de debate y reflexi\u00f3n sobre alguno de los principales problemas que afectan hoy al proyecto europeo y, al mismo tiempo, sensibilizar al profesorado sobre la importancia de los conocimientos sobre la integraci\u00f3n europea como una manera de formar una verdadera ciudadan\u00eda europea.<\/span><\/p><p style=\"margin-bottom: var(--theme-content-spacing); font-size: 16px; text-align: center;\">El encuentro se desarrollar\u00e1 en varias sesiones, con mesas redondas, talleres y debates en los que participar\u00e1n ponentes de reconocido prestigio.<\/p><p style=\"margin-bottom: var(--theme-content-spacing); font-size: 16px; text-align: center;\">Con car\u00e1cter multidisciplinar, la tarde del viernes y la ma\u00f1ana del s\u00e1bado se dedicar\u00e1 a abordar cuestiones europeas de inter\u00e9s general, que sirven tanto para la formaci\u00f3n personal del profesorado como para proporcionarles l\u00edneas de conocimiento que pueden transmitir al alumnado, adem\u00e1s de una mesa redonda y dos talleres sobre materias espec\u00edficamente educativas.<\/p><p style=\"margin-bottom: var(--theme-content-spacing); font-size: 16px; text-align: center;\"><span style=\"text-align: start; color: var(--theme-text-color); font-family: var(--theme-font-family); font-style: var(--theme-font-style, inherit); font-weight: var(--theme-font-weight); letter-spacing: var(--theme-letter-spacing); text-transform: var(--theme-text-transform);\">Las actividades de las Jornadas son independientes y de acceso libre y gratuito hasta completar aforo, excepto los talleres y las comidas, que solo lo ser\u00e1n para quienes est\u00e9n inscritos en las mismas<\/span><span style=\"color: var(--theme-text-color); font-family: var(--theme-font-family); font-style: var(--theme-font-style, inherit); font-weight: var(--theme-font-weight); letter-spacing: var(--theme-letter-spacing); text-transform: var(--theme-text-transform);\">.<\/span><\/p>\t\t\t\t\t\t\t\t<\/div>\n\t\t\t\t<\/div>\n\t\t\t\t<div class=\"elementor-element elementor-element-1d0d5d1 elementor-align-center elementor-widget elementor-widget-button\" data-id=\"1d0d5d1\" data-element_type=\"widget\" data-e-type=\"widget\" data-widget_type=\"button.default\">\n\t\t\t\t<div class=\"elementor-widget-container\">\n\t\t\t\t\t\t\t\t\t<div class=\"elementor-button-wrapper\">\n\t\t\t\t\t<a class=\"elementor-button elementor-button-link elementor-size-sm elementor-animation-grow\" href=\"http:\/\/www.unioviedo.es\/vivireuropa\/wp-content\/uploads\/2024\/07\/Triptico-Jornadas-Mayo-2024-final.pdf\" target=\"_blank\">\n\t\t\t\t\t\t<span class=\"elementor-button-content-wrapper\">\n\t\t\t\t\t\t<span class=\"elementor-button-icon\">\n\t\t\t\t<svg aria-hidden=\"true\" class=\"e-font-icon-svg e-fas-file-pdf\" viewBox=\"0 0 384 512\" xmlns=\"http:\/\/www.w3.org\/2000\/svg\"><path d=\"M181.9 256.1c-5-16-4.9-46.9-2-46.9 8.4 0 7.6 36.9 2 46.9zm-1.7 47.2c-7.7 20.2-17.3 43.3-28.4 62.7 18.3-7 39-17.2 62.9-21.9-12.7-9.6-24.9-23.4-34.5-40.8zM86.1 428.1c0 .8 13.2-5.4 34.9-40.2-6.7 6.3-29.1 24.5-34.9 40.2zM248 160h136v328c0 13.3-10.7 24-24 24H24c-13.3 0-24-10.7-24-24V24C0 10.7 10.7 0 24 0h200v136c0 13.2 10.8 24 24 24zm-8 171.8c-20-12.2-33.3-29-42.7-53.8 4.5-18.5 11.6-46.6 6.2-64.2-4.7-29.4-42.4-26.5-47.8-6.8-5 18.3-.4 44.1 8.1 77-11.6 27.6-28.7 64.6-40.8 85.8-.1 0-.1.1-.2.1-27.1 13.9-73.6 44.5-54.5 68 5.6 6.9 16 10 21.5 10 17.9 0 35.7-18 61.1-61.8 25.8-8.5 54.1-19.1 79-23.2 21.7 11.8 47.1 19.5 64 19.5 29.2 0 31.2-32 19.7-43.4-13.9-13.6-54.3-9.7-73.6-7.2zM377 105L279 7c-4.5-4.5-10.6-7-17-7h-6v128h128v-6.1c0-6.3-2.5-12.4-7-16.9zm-74.1 255.3c4.1-2.7-2.5-11.9-42.8-9 37.1 15.8 42.8 9 42.8 9z\"><\/path><\/svg>\t\t\t<\/span>\n\t\t\t\t\t\t\t\t\t<span class=\"elementor-button-text\">PDF del Programa<\/span>\n\t\t\t\t\t<\/span>\n\t\t\t\t\t<\/a>\n\t\t\t\t<\/div>\n\t\t\t\t\t\t\t\t<\/div>\n\t\t\t\t<\/div>\n\t\t<div class=\"elementor-element elementor-element-abc15d8 e-flex e-con-boxed e-con e-child\" data-id=\"abc15d8\" data-element_type=\"container\" data-e-type=\"container\">\n\t\t\t\t\t<div class=\"e-con-inner\">\n\t\t\t\t<div class=\"elementor-element elementor-element-1cf5909 elementor-widget elementor-widget-accordion\" data-id=\"1cf5909\" data-element_type=\"widget\" data-e-type=\"widget\" data-widget_type=\"accordion.default\">\n\t\t\t\t<div class=\"elementor-widget-container\">\n\t\t\t\t\t\t\t<div class=\"elementor-accordion\">\n\t\t\t\t\t\t\t<div class=\"elementor-accordion-item\">\n\t\t\t\t\t<div id=\"elementor-tab-title-3031\" class=\"elementor-tab-title\" data-tab=\"1\" role=\"button\" aria-controls=\"elementor-tab-content-3031\" aria-expanded=\"false\">\n\t\t\t\t\t\t\t\t\t\t\t\t\t<span class=\"elementor-accordion-icon elementor-accordion-icon-left\" aria-hidden=\"true\">\n\t\t\t\t\t\t\t\t\t\t\t\t\t\t\t<span class=\"elementor-accordion-icon-closed\"><svg class=\"e-font-icon-svg e-fas-plus\" viewBox=\"0 0 448 512\" xmlns=\"http:\/\/www.w3.org\/2000\/svg\"><path d=\"M416 208H272V64c0-17.67-14.33-32-32-32h-32c-17.67 0-32 14.33-32 32v144H32c-17.67 0-32 14.33-32 32v32c0 17.67 14.33 32 32 32h144v144c0 17.67 14.33 32 32 32h32c17.67 0 32-14.33 32-32V304h144c17.67 0 32-14.33 32-32v-32c0-17.67-14.33-32-32-32z\"><\/path><\/svg><\/span>\n\t\t\t\t\t\t\t\t<span class=\"elementor-accordion-icon-opened\"><svg class=\"e-font-icon-svg e-fas-minus\" viewBox=\"0 0 448 512\" xmlns=\"http:\/\/www.w3.org\/2000\/svg\"><path d=\"M416 208H32c-17.67 0-32 14.33-32 32v32c0 17.67 14.33 32 32 32h384c17.67 0 32-14.33 32-32v-32c0-17.67-14.33-32-32-32z\"><\/path><\/svg><\/span>\n\t\t\t\t\t\t\t\t\t\t\t\t\t\t<\/span>\n\t\t\t\t\t\t\t\t\t\t\t\t<a class=\"elementor-accordion-title\" tabindex=\"0\">TEMPORALIZACI\u00d3N<\/a>\n\t\t\t\t\t<\/div>\n\t\t\t\t\t<div id=\"elementor-tab-content-3031\" class=\"elementor-tab-content elementor-clearfix\" data-tab=\"1\" role=\"region\" aria-labelledby=\"elementor-tab-title-3031\"><p style=\"box-sizing: inherit; border-width: 0px; border-style: initial; margin-bottom: 1.5em; font-size: 16px; text-align: start; color: #5e5e69; font-family: Muli, sans-serif;\"><b>Viernes<\/b> <b>10<\/b> <b>de<\/b> <b>mayo<\/b> (Sala 3 Edificio de La Laboral, Gij\u00f3n)<\/p><p><span style=\"box-sizing: inherit; color: #5e5e69; font-family: Muli, sans-serif; font-weight: bold;\">16.00: <i>Inauguraci\u00f3n<\/i><\/span><br style=\"box-sizing: inherit; color: #5e5e69; font-family: Muli, sans-serif;\" \/><span style=\"box-sizing: inherit; color: #5e5e69; font-family: Muli, sans-serif;\">Levi P\u00e9rez Carcedo, Decano de la Facultad de Turismo y Ciencias Sociales Jovellanos<\/span><\/p><p style=\"box-sizing: inherit; border-width: 0px; border-style: initial; margin-bottom: 1.5em; font-size: 16px; text-align: start; color: #5e5e69; font-family: Muli, sans-serif;\"><span style=\"font-size: var(--theme-font-size); font-style: var(--theme-font-style, inherit); font-weight: var(--theme-font-weight); letter-spacing: var(--theme-letter-spacing); text-transform: var(--theme-text-transform);\">Rob<\/span><span style=\"font-style: var(--theme-font-style, inherit); font-weight: var(--theme-font-weight); letter-spacing: var(--theme-letter-spacing); text-transform: var(--theme-text-transform);\">erto Garc\u00eda Gonz\u00e1lez, Director del CPR de Gij\u00f3n-Oriente<\/span><\/p><p style=\"box-sizing: inherit; border-width: 0px; border-style: initial; margin-bottom: 1.5em; font-size: 16px; text-align: start; color: #5e5e69; font-family: Muli, sans-serif;\"><span style=\"box-sizing: inherit; font-weight: bold;\">16.30 a 18.00: La UE ante el desarrollo sostenible.<\/span><br style=\"box-sizing: inherit;\" \/>M\u00f3nica Frassoni, Exeurodiputada<br style=\"box-sizing: inherit;\" \/>Presenta: Ana Isabel Gonz\u00e1lez Gonz\u00e1lez, Proyecto DENTEU<\/p><p style=\"box-sizing: inherit; border-width: 0px; border-style: initial; margin-bottom: 1.5em; font-size: 16px; text-align: start; color: #5e5e69; font-family: Muli, sans-serif;\"><span style=\"box-sizing: inherit; font-weight: bold;\">18.00 a 18.30: Descanso<\/span><\/p><p style=\"box-sizing: inherit; border-width: 0px; border-style: initial; margin-bottom: 1.5em; font-size: 16px; text-align: start; color: #5e5e69; font-family: Muli, sans-serif;\"><span style=\"box-sizing: inherit; font-weight: bold;\">18.30 a 17.40: Medidas de la UE ante la crisis econ\u00f3mica<\/span><br style=\"box-sizing: inherit;\" \/>Jon\u00e1s Fern\u00e1ndez, Eurodiputado<br style=\"box-sizing: inherit;\" \/>Jos\u00e9 Luis Bosch Cholbi, Universidad de Valencia<br style=\"box-sizing: inherit;\" \/>Jesus Ramos Prieto, Universidad Pablo de Olavide<br style=\"box-sizing: inherit;\" \/>Modera: Patricia Herrero de la Escosura, Proyecto DENTEU<\/p><p style=\"box-sizing: inherit; border-width: 0px; border-style: initial; margin-bottom: 1.5em; font-size: 16px; text-align: start; color: #5e5e69; font-family: Muli, sans-serif;\"><span style=\"font-weight: bold; font-style: var(--theme-font-style, inherit); letter-spacing: var(--theme-letter-spacing); text-transform: var(--theme-text-transform);\">20.00: Vino espa\u00f1ol &#8211; networking ponentes y asistentes.<\/span><\/p><p style=\"box-sizing: inherit; border-width: 0px; border-style: initial; margin-bottom: 1.5em; font-size: 16px; text-align: start; color: #5e5e69; font-family: Muli, sans-serif;\"><b>S\u00e1bado<\/b> <b>11<\/b> <b>de<\/b> <b>mayo<\/b> (Salas 3 y 4 Edificio de La Laboral, Gij\u00f3n)<\/p><p><span style=\"box-sizing: inherit; color: #5e5e69; font-family: Muli, sans-serif; font-weight: bold;\">9.30 a 10.30: Estrategias para la atenci\u00f3n a la diversidad en el aula<\/span><br style=\"box-sizing: inherit; color: #5e5e69; font-family: Muli, sans-serif;\" \/><span style=\"color: #5e5e69; font-family: Muli, sans-serif;\">Alejandro Rodr\u00edguez Mart\u00edn, director del Departamento de Ciencias de la Educaci\u00f3n de la Universidad de Oviedo<\/span><br style=\"box-sizing: inherit; color: #5e5e69; font-family: Muli, sans-serif;\" \/><span style=\"color: #5e5e69; font-family: Muli, sans-serif;\">Eduardo Colino Cuetos, Inspecci\u00f3n Educativa. Conserjer\u00eda de Educac\u00edon<\/span><br style=\"box-sizing: inherit; color: #5e5e69; font-family: Muli, sans-serif;\" \/><span style=\"color: #5e5e69; font-family: Muli, sans-serif;\">Daniel Pedro Rodr\u00edguez, CERMI<br \/><\/span><span style=\"color: #5e5e69; font-family: Muli, sans-serif; font-style: var(--theme-font-style, inherit); font-weight: var(--theme-font-weight); letter-spacing: var(--theme-letter-spacing); text-transform: var(--theme-text-transform); font-size: inherit; text-align: inherit;\">Presenta: Melissa Vald\u00e9s V\u00e1zquez, Proyecto DENTEU<\/span><\/p><p style=\"box-sizing: inherit; border-width: 0px; border-style: initial; margin-bottom: 1.5em; font-size: 16px; text-align: start; color: #5e5e69; font-family: Muli, sans-serif;\"><span style=\"font-weight: bold; font-style: var(--theme-font-style, inherit); letter-spacing: var(--theme-letter-spacing); text-transform: var(--theme-text-transform);\">10.30 a 11.00: Descanso &#8211; Caf\u00e9.<\/span><\/p><p style=\"box-sizing: inherit; border-width: 0px; border-style: initial; margin-bottom: 1.5em; font-size: 16px; text-align: start; color: #5e5e69; font-family: Muli, sans-serif;\"><span style=\"font-weight: bold; font-style: var(--theme-font-style, inherit); letter-spacing: var(--theme-letter-spacing); text-transform: var(--theme-text-transform);\">11.00 a 12.30: Taller sobre metodolog\u00edas activas<\/span><\/p><p style=\"box-sizing: inherit; border-width: 0px; border-style: initial; margin-bottom: 1.5em; font-size: 16px; text-align: start; color: #5e5e69; font-family: Muli, sans-serif;\"><span style=\"font-size: inherit; text-align: inherit; font-style: var(--theme-font-style, inherit); letter-spacing: var(--theme-letter-spacing); text-transform: var(--theme-text-transform);\"><b>A- Aprendizaje colaborativo. <\/b><\/span><span style=\"font-size: inherit; text-align: inherit; font-style: var(--theme-font-style, inherit); font-weight: var(--theme-font-weight); letter-spacing: var(--theme-letter-spacing); text-transform: var(--theme-text-transform);\">Carlos Llaca Vallina, maestro de educaci\u00f3n primaria y director de proyectos educativos del Ayuntamiento de Gij\u00f3n<br \/>Presenta: Ramiro Martis Fl\u00f3rez, Proyecto DENTEU<\/span><\/p><p style=\"box-sizing: inherit; border-width: 0px; border-style: initial; margin-bottom: 1.5em; font-size: 16px; text-align: start; color: #5e5e69; font-family: Muli, sans-serif;\"><span style=\"font-size: inherit; text-align: inherit; font-style: var(--theme-font-style, inherit); letter-spacing: var(--theme-letter-spacing); text-transform: var(--theme-text-transform);\"><b>B- Inteligencia Artificial. <\/b>Cristina Cabal, EOI Avil\u00e9s<br \/><\/span>Presenta: Melissa Vald\u00e9s V\u00e1zquez, Proyecto DENTEU<\/p><p style=\"box-sizing: inherit; border-width: 0px; border-style: initial; margin-bottom: 1.5em; font-size: 16px; text-align: start; color: #5e5e69; font-family: Muli, sans-serif;\"><span style=\"font-weight: bold; font-style: var(--theme-font-style, inherit); letter-spacing: var(--theme-letter-spacing); text-transform: var(--theme-text-transform);\">12.30 a 14.00: Conferencia de Clausura: Asturias en la Uni\u00f3n Europea.<br \/><\/span>Raquel Garc\u00eda Gonz\u00e1lez, Directora General de Fondos Europeos. Principado de Asturias<br \/>Presenta: Ana Isabel Gonz\u00e1lez Gonz\u00e1lez, Proyecto DENTEU<\/p><p style=\"box-sizing: inherit; border-width: 0px; border-style: initial; margin-bottom: 1.5em; font-size: 16px; text-align: start; color: #5e5e69; font-family: Muli, sans-serif;\"><span style=\"font-weight: bold; font-style: var(--theme-font-style, inherit); letter-spacing: var(--theme-letter-spacing); text-transform: var(--theme-text-transform);\">14.00: Vino espa\u00f1ol &#8211; networking ponentes y asistentes.<\/span><\/p><\/div>\n\t\t\t\t<\/div>\n\t\t\t\t\t\t\t\t<\/div>\n\t\t\t\t\t\t<\/div>\n\t\t\t\t<\/div>\n\t\t\t\t<div class=\"elementor-element elementor-element-a4dc14d elementor-widget elementor-widget-html\" data-id=\"a4dc14d\" data-element_type=\"widget\" data-e-type=\"widget\" data-widget_type=\"html.default\">\n\t\t\t\t<div class=\"elementor-widget-container\">\n\t\t\t\t\t<script>\njQuery(document).ready(function($) {\nvar delay = 100; setTimeout(function() {\n$('.elementor-tab-title').removeClass('elementor-active');\n $('.elementor-tab-content').css('display', 'none'); }, delay);\n});\n<\/script>\t\t\t\t<\/div>\n\t\t\t\t<\/div>\n\t\t\t\t\t<\/div>\n\t\t\t\t<\/div>\n\t\t\t\t\t<\/div>\n\t\t\t\t<\/div>\n\t\t<div class=\"elementor-element elementor-element-4bafe54 e-flex e-con-boxed e-con e-parent\" data-id=\"4bafe54\" data-element_type=\"container\" data-e-type=\"container\">\n\t\t\t\t\t<div class=\"e-con-inner\">\n\t\t\t\t<div class=\"elementor-element elementor-element-556a791 elementor-widget elementor-widget-text-editor\" data-id=\"556a791\" data-element_type=\"widget\" data-e-type=\"widget\" data-widget_type=\"text-editor.default\">\n\t\t\t\t<div class=\"elementor-widget-container\">\n\t\t\t\t\t\t\t\t\t<p><span style=\"color: #ff0000;\">CURSO (2024)<\/span><\/p>\t\t\t\t\t\t\t\t<\/div>\n\t\t\t\t<\/div>\n\t\t\t\t<div class=\"elementor-element elementor-element-2d7a4a6 elementor-widget elementor-widget-heading\" data-id=\"2d7a4a6\" data-element_type=\"widget\" data-e-type=\"widget\" data-widget_type=\"heading.default\">\n\t\t\t\t<div class=\"elementor-widget-container\">\n\t\t\t\t\t<h2 class=\"elementor-heading-title elementor-size-default\">Conectando la Uni\u00f3n Europea y la Escuela II<\/h2>\t\t\t\t<\/div>\n\t\t\t\t<\/div>\n\t\t\t\t<div class=\"elementor-element elementor-element-6fe5c42 elementor-widget elementor-widget-text-editor\" data-id=\"6fe5c42\" data-element_type=\"widget\" data-e-type=\"widget\" data-widget_type=\"text-editor.default\">\n\t\t\t\t<div class=\"elementor-widget-container\">\n\t\t\t\t\t\t\t\t\t<p style=\"margin-bottom: var(--theme-content-spacing); font-size: 16px; text-align: center;\">El curso aborda diferentes aspectos sobre la UE as\u00ed como cuestiones metodol\u00f3gicas a aplicar en la docencia directa. El alumnado interesado en su realizaci\u00f3n deber\u00e1 matricularse de un m\u00ednimo de 9 sesiones de las 12 programadas para obtener la certificaci\u00f3n de reconocimiento. La asistencia a esta formaci\u00f3n ser\u00e1 certificada por la Facultad de Formaci\u00f3n del Profesorado de la Universidad de Oviedo.<\/p><p style=\"margin-bottom: var(--theme-content-spacing); font-size: 16px; text-align: center;\">El curso se estructura en 4 bloques y 12 sesiones online cada una de las cuales estar\u00e1, a su vez, dividida en dos partes, una relacionada con la actividad diaria de la UE y la otra con contenidos metodol\u00f3gicos que permitan trasladar esa realidad a las aulas. Los contenidos concretos de las diferentes sesiones son los siguientes.<\/p>\t\t\t\t\t\t\t\t<\/div>\n\t\t\t\t<\/div>\n\t\t\t\t<div class=\"elementor-element elementor-element-d427317 elementor-align-center elementor-widget elementor-widget-button\" data-id=\"d427317\" data-element_type=\"widget\" data-e-type=\"widget\" data-widget_type=\"button.default\">\n\t\t\t\t<div class=\"elementor-widget-container\">\n\t\t\t\t\t\t\t\t\t<div class=\"elementor-button-wrapper\">\n\t\t\t\t\t<a class=\"elementor-button elementor-button-link elementor-size-sm elementor-animation-grow\" href=\"http:\/\/www.unioviedo.es\/vivireuropa\/wp-content\/uploads\/2024\/04\/Triptico-Itinerario-Formativo.pdf\" target=\"_blank\">\n\t\t\t\t\t\t<span class=\"elementor-button-content-wrapper\">\n\t\t\t\t\t\t<span class=\"elementor-button-icon\">\n\t\t\t\t<svg aria-hidden=\"true\" class=\"e-font-icon-svg e-fas-file-pdf\" viewBox=\"0 0 384 512\" xmlns=\"http:\/\/www.w3.org\/2000\/svg\"><path d=\"M181.9 256.1c-5-16-4.9-46.9-2-46.9 8.4 0 7.6 36.9 2 46.9zm-1.7 47.2c-7.7 20.2-17.3 43.3-28.4 62.7 18.3-7 39-17.2 62.9-21.9-12.7-9.6-24.9-23.4-34.5-40.8zM86.1 428.1c0 .8 13.2-5.4 34.9-40.2-6.7 6.3-29.1 24.5-34.9 40.2zM248 160h136v328c0 13.3-10.7 24-24 24H24c-13.3 0-24-10.7-24-24V24C0 10.7 10.7 0 24 0h200v136c0 13.2 10.8 24 24 24zm-8 171.8c-20-12.2-33.3-29-42.7-53.8 4.5-18.5 11.6-46.6 6.2-64.2-4.7-29.4-42.4-26.5-47.8-6.8-5 18.3-.4 44.1 8.1 77-11.6 27.6-28.7 64.6-40.8 85.8-.1 0-.1.1-.2.1-27.1 13.9-73.6 44.5-54.5 68 5.6 6.9 16 10 21.5 10 17.9 0 35.7-18 61.1-61.8 25.8-8.5 54.1-19.1 79-23.2 21.7 11.8 47.1 19.5 64 19.5 29.2 0 31.2-32 19.7-43.4-13.9-13.6-54.3-9.7-73.6-7.2zM377 105L279 7c-4.5-4.5-10.6-7-17-7h-6v128h128v-6.1c0-6.3-2.5-12.4-7-16.9zm-74.1 255.3c4.1-2.7-2.5-11.9-42.8-9 37.1 15.8 42.8 9 42.8 9z\"><\/path><\/svg>\t\t\t<\/span>\n\t\t\t\t\t\t\t\t\t<span class=\"elementor-button-text\">PDF del Programa de Formaci\u00f3n<\/span>\n\t\t\t\t\t<\/span>\n\t\t\t\t\t<\/a>\n\t\t\t\t<\/div>\n\t\t\t\t\t\t\t\t<\/div>\n\t\t\t\t<\/div>\n\t\t<div class=\"elementor-element elementor-element-16d3c2a e-flex e-con-boxed e-con e-child\" data-id=\"16d3c2a\" data-element_type=\"container\" data-e-type=\"container\">\n\t\t\t\t\t<div class=\"e-con-inner\">\n\t\t\t\t<div class=\"elementor-element elementor-element-1307a2d elementor-widget elementor-widget-accordion\" data-id=\"1307a2d\" data-element_type=\"widget\" data-e-type=\"widget\" data-widget_type=\"accordion.default\">\n\t\t\t\t<div class=\"elementor-widget-container\">\n\t\t\t\t\t\t\t<div class=\"elementor-accordion\">\n\t\t\t\t\t\t\t<div class=\"elementor-accordion-item\">\n\t\t\t\t\t<div id=\"elementor-tab-title-1991\" class=\"elementor-tab-title\" data-tab=\"1\" role=\"button\" aria-controls=\"elementor-tab-content-1991\" aria-expanded=\"false\">\n\t\t\t\t\t\t\t\t\t\t\t\t\t<span class=\"elementor-accordion-icon elementor-accordion-icon-left\" aria-hidden=\"true\">\n\t\t\t\t\t\t\t\t\t\t\t\t\t\t\t<span class=\"elementor-accordion-icon-closed\"><svg class=\"e-font-icon-svg e-fas-plus\" viewBox=\"0 0 448 512\" xmlns=\"http:\/\/www.w3.org\/2000\/svg\"><path d=\"M416 208H272V64c0-17.67-14.33-32-32-32h-32c-17.67 0-32 14.33-32 32v144H32c-17.67 0-32 14.33-32 32v32c0 17.67 14.33 32 32 32h144v144c0 17.67 14.33 32 32 32h32c17.67 0 32-14.33 32-32V304h144c17.67 0 32-14.33 32-32v-32c0-17.67-14.33-32-32-32z\"><\/path><\/svg><\/span>\n\t\t\t\t\t\t\t\t<span class=\"elementor-accordion-icon-opened\"><svg class=\"e-font-icon-svg e-fas-minus\" viewBox=\"0 0 448 512\" xmlns=\"http:\/\/www.w3.org\/2000\/svg\"><path d=\"M416 208H32c-17.67 0-32 14.33-32 32v32c0 17.67 14.33 32 32 32h384c17.67 0 32-14.33 32-32v-32c0-17.67-14.33-32-32-32z\"><\/path><\/svg><\/span>\n\t\t\t\t\t\t\t\t\t\t\t\t\t\t<\/span>\n\t\t\t\t\t\t\t\t\t\t\t\t<a class=\"elementor-accordion-title\" tabindex=\"0\">TEMPORALIZACI\u00d3N<\/a>\n\t\t\t\t\t<\/div>\n\t\t\t\t\t<div id=\"elementor-tab-content-1991\" class=\"elementor-tab-content elementor-clearfix\" data-tab=\"1\" role=\"region\" aria-labelledby=\"elementor-tab-title-1991\"><p style=\"box-sizing: inherit; border-width: 0px; border-style: initial; margin-bottom: 1.5em; font-size: 16px; text-align: start; color: #5e5e69; font-family: Muli, sans-serif;\">Las sesiones presenciales se realizar\u00e1n en la Facultad de Comercio, Turismo y Ciencias Sociales Jovellanos de Gij\u00f3n (Universidad Laboral) en horario de 17:00 a 19:30hrs.<\/p><p style=\"box-sizing: inherit; border-width: 0px; border-style: initial; margin-bottom: 1.5em; font-size: 16px; text-align: start; color: #5e5e69; font-family: Muli, sans-serif;\"><span style=\"box-sizing: inherit; font-weight: bold;\">I. BLOQUE TRANSVERSAL<\/span><\/p><p style=\"box-sizing: inherit; border-width: 0px; border-style: initial; margin-bottom: 1.5em; font-size: 16px; text-align: start; color: #5e5e69; font-family: Muli, sans-serif;\"><span style=\"box-sizing: inherit; font-weight: bold;\">Mi\u00e9rcoles, 31 de enero<\/span>.<br style=\"box-sizing: inherit;\" \/><span style=\"box-sizing: inherit; font-weight: bold;\">16,30 a 17,40: Entender la UE de hoy. Principales etapas de la integraci\u00f3n europea.<\/span><br style=\"box-sizing: inherit;\" \/>Mariano Abad Fern\u00e1ndez. Catedr\u00e1tico Jean Monnet. Presidente de honor del Consejo Asturiano del Movimiento Europeo.\u00a0<em style=\"box-sizing: inherit;\">Proyecto DENTEU.<\/em><\/p><p style=\"box-sizing: inherit; border-width: 0px; border-style: initial; margin-bottom: 1.5em; font-size: 16px; text-align: start; color: #5e5e69; font-family: Muli, sans-serif;\"><span style=\"box-sizing: inherit; font-weight: bold;\">17,50 a 19,00: Aprendizaje activo en el Aula del Futuro.<\/span><br style=\"box-sizing: inherit;\" \/>Luc\u00eda \u00c1lvarez Garc\u00eda, profesora IES Aramo<\/p><p style=\"box-sizing: inherit; border-width: 0px; border-style: initial; margin-bottom: 1.5em; font-size: 16px; text-align: start; color: #5e5e69; font-family: Muli, sans-serif;\"><span style=\"box-sizing: inherit; font-weight: bold;\">Mi\u00e9rcoles 7 de febrero<\/span>.<br style=\"box-sizing: inherit;\" \/><span style=\"box-sizing: inherit; font-weight: bold;\">16,30 a 17,40: Ciudadan\u00eda y democracia en la UE.<\/span><br style=\"box-sizing: inherit;\" \/>Rebeca Sancho Tuero. T\u00e9cnico Administraci\u00f3n Local. Doctoranda. Universidad de Oviedo.\u00a0<em style=\"box-sizing: inherit;\">Proyecto DENTEU.<\/em><\/p><p style=\"box-sizing: inherit; border-width: 0px; border-style: initial; margin-bottom: 1.5em; font-size: 16px; text-align: start; color: #5e5e69; font-family: Muli, sans-serif;\"><span style=\"box-sizing: inherit; font-weight: bold;\">17,50 a 19,00:<\/span>\u00a0<span style=\"box-sizing: inherit; font-weight: bold;\">Relaci\u00f3n con el curr\u00edculo y uso de metodolog\u00edas activas para su ense\u00f1anza. Ejemplos pr\u00e1cticos.\u00a0\u00a0<\/span><br style=\"box-sizing: inherit;\" \/>Ramiro Mart\u00eds Fl\u00f3rez \/ Bel\u00e9n San Pedro Veledo\/ Marta Garc\u00eda Sampedro. Departamento de Ciencias de la Educaci\u00f3n. Universidad de Oviedo.\u00a0<em style=\"box-sizing: inherit;\">Proyecto DENTEU<\/em><\/p><p style=\"box-sizing: inherit; border-width: 0px; border-style: initial; margin-bottom: 1.5em; font-size: 16px; text-align: start; color: #5e5e69; font-family: Muli, sans-serif;\"><span style=\"box-sizing: inherit; font-weight: bold;\">Mi\u00e9rcoles, 14 de febrero.\u00a0<\/span><br style=\"box-sizing: inherit;\" \/><span style=\"box-sizing: inherit; font-weight: bold;\">16,30 a 17,40: Funcionamiento y toma de decisiones en la UE.<\/span><br style=\"box-sizing: inherit;\" \/>Ana I. Gonz\u00e1lez Glez. Departamento de Derecho P\u00fablico. Universidad de Oviedo.\u00a0<em style=\"box-sizing: inherit;\">Proyecto DENTEU.<\/em><\/p><p style=\"box-sizing: inherit; border-width: 0px; border-style: initial; margin-bottom: 1.5em; font-size: 16px; text-align: start; color: #5e5e69; font-family: Muli, sans-serif;\"><span style=\"box-sizing: inherit; font-weight: bold;\">17,50 a 19,00:<\/span>\u00a0<span style=\"box-sizing: inherit; font-weight: bold;\">Relaci\u00f3n con el curr\u00edculo y uso de metodolog\u00edas activas para su ense\u00f1anza. Ejemplos pr\u00e1cticos.\u00a0\u00a0<\/span><br style=\"box-sizing: inherit;\" \/>Ramiro Mart\u00eds Fl\u00f3rez \/ Bel\u00e9n San Pedro Veledo\/ Marta Garc\u00eda Sampedro. Departamento de Ciencias de la Educaci\u00f3n. Universidad de Oviedo.\u00a0<em style=\"box-sizing: inherit;\">Proyecto DENTEU.<\/em><\/p><p style=\"box-sizing: inherit; border-width: 0px; border-style: initial; margin-bottom: 1.5em; font-size: 16px; text-align: start; color: #5e5e69; font-family: Muli, sans-serif;\"><span style=\"box-sizing: inherit; font-weight: bold;\"><span style=\"box-sizing: inherit;\">II. \u00bfHacia d\u00f3nde va la UE?<\/span><\/span><\/p><p style=\"box-sizing: inherit; border-width: 0px; border-style: initial; margin-bottom: 1.5em; font-size: 16px; text-align: start; color: #5e5e69; font-family: Muli, sans-serif;\"><span style=\"box-sizing: inherit; font-weight: bold;\">Mi\u00e9rcoles, 21 de febrero<\/span>.<br style=\"box-sizing: inherit;\" \/><span style=\"box-sizing: inherit; font-weight: bold;\">16,30 a 17,40: Conferencia sobre el futuro de Europa y participaci\u00f3n p\u00fablica<\/span>.<br style=\"box-sizing: inherit;\" \/>Jos\u00e9 Alba. Departamento de Econom\u00eda Aplicada. Universidad de Oviedo. Vicepresidente del Consejo Asturiano del Movimiento Europeo<\/p><p style=\"box-sizing: inherit; border-width: 0px; border-style: initial; margin-bottom: 1.5em; font-size: 16px; text-align: start; color: #5e5e69; font-family: Muli, sans-serif;\"><span style=\"box-sizing: inherit; font-weight: bold;\">17,50 a 19,00: Experiencias de \u00e9xito. Grupos interactivos.<\/span><br style=\"box-sizing: inherit;\" \/>Pilar Fern\u00e1ndez Gonz\u00e1lez. IES Alfonso II de Oviedo. Departamento de Ciencias de la Educaci\u00f3n. Universidad de Oviedo.<\/p><p style=\"box-sizing: inherit; border-width: 0px; border-style: initial; margin-bottom: 1.5em; font-size: 16px; text-align: start; color: #5e5e69; font-family: Muli, sans-serif;\"><span style=\"box-sizing: inherit; font-weight: bold;\">Mi\u00e9rcoles, 28 de febrero<\/span>.<br style=\"box-sizing: inherit;\" \/><span style=\"box-sizing: inherit; font-weight: bold;\">16,30 a 17:40 \u00bfC\u00f3mo funcionan las elecciones al Parlamento Europeo?<\/span><br style=\"box-sizing: inherit;\" \/>Ignacio On\u00eds Peral. T\u00e9cnico de Administraci\u00f3n Local. Departamento de Derecho P\u00fablico. Universidad de Oviedo.\u00a0<em style=\"box-sizing: inherit;\">Proyecto DENTEU.<\/em><\/p><p style=\"box-sizing: inherit; border-width: 0px; border-style: initial; margin-bottom: 1.5em; font-size: 16px; text-align: start; color: #5e5e69; font-family: Muli, sans-serif;\"><span style=\"box-sizing: inherit; font-weight: bold;\">17,50 a 19,00: Relaci\u00f3n con el curr\u00edculo y uso de metodolog\u00edas activas para su ense\u00f1anza. Ejemplos pr\u00e1cticos.<\/span><br style=\"box-sizing: inherit;\" \/>Ramiro Mart\u00eds Fl\u00f3rez \/ Bel\u00e9n San Pedro Veledo\/ Marta Garc\u00eda Sampedro. Departamento de Ciencias de la Educaci\u00f3n. Universidad de Oviedo.\u00a0<em style=\"box-sizing: inherit;\">Proyecto DENTEU.<\/em><\/p><p style=\"box-sizing: inherit; border-width: 0px; border-style: initial; margin-bottom: 1.5em; font-size: 16px; text-align: start; color: #5e5e69; font-family: Muli, sans-serif;\"><span style=\"box-sizing: inherit; font-weight: bold;\">Mi\u00e9rcoles, 6 de marzo<\/span>.<br style=\"box-sizing: inherit;\" \/><span style=\"box-sizing: inherit; font-weight: bold;\">16,30 a 17,40:<\/span>\u00a0<span style=\"box-sizing: inherit; font-weight: bold;\">La presidencia espa\u00f1ola de la UE: principales acuerdos.<\/span><br style=\"box-sizing: inherit;\" \/>Ana I. Gonz\u00e1lez Glez. Departamento de Derecho P\u00fablico. Universidad de Oviedo.\u00a0<em style=\"box-sizing: inherit;\">Proyecto DENTEU.<\/em><\/p><p style=\"box-sizing: inherit; border-width: 0px; border-style: initial; margin-bottom: 1.5em; font-size: 16px; text-align: start; color: #5e5e69; font-family: Muli, sans-serif;\"><span style=\"box-sizing: inherit; font-weight: bold;\">17,50 a 19,00:<\/span>\u00a0<span style=\"box-sizing: inherit; font-weight: bold;\">Relaci\u00f3n con el curr\u00edculo y uso de metodolog\u00edas activas para su ense\u00f1anza. Ejemplos pr\u00e1cticos.\u00a0<\/span><br style=\"box-sizing: inherit;\" \/>Ramiro Mart\u00eds Fl\u00f3rez \/ Bel\u00e9n San Pedro Veledo\/ Marta Garc\u00eda Sampedro. Departamento de Ciencias de la Educaci\u00f3n. Universidad de Oviedo.\u00a0<em style=\"box-sizing: inherit;\">Proyecto DENTEU.<\/em><\/p><p style=\"box-sizing: inherit; border-width: 0px; border-style: initial; margin-bottom: 1.5em; font-size: 16px; text-align: start; color: #5e5e69; font-family: Muli, sans-serif;\"><span style=\"box-sizing: inherit; font-weight: bold;\">III. \u00bfQu\u00e9 est\u00e1 haciendo la UE?<\/span><\/p><p style=\"box-sizing: inherit; border-width: 0px; border-style: initial; margin-bottom: 1.5em; font-size: 16px; text-align: start; color: #5e5e69; font-family: Muli, sans-serif;\"><span style=\"box-sizing: inherit; font-weight: bold;\">Mi\u00e9rcoles, 13 de marzo<\/span>.<br style=\"box-sizing: inherit;\" \/><span style=\"box-sizing: inherit; font-weight: bold;\">16,30 a 17,40: \u00bfHay un modelo europeo del mercado laboral?<\/span>.<br style=\"box-sizing: inherit;\" \/>Bel\u00e9n Noval Vega. IES Escultor Juan de Villanueva. Siero.\u00a0<em style=\"box-sizing: inherit;\">Proyecto DENTEU.<\/em><\/p><p style=\"box-sizing: inherit; border-width: 0px; border-style: initial; margin-bottom: 1.5em; font-size: 16px; text-align: start; color: #5e5e69; font-family: Muli, sans-serif;\"><span style=\"box-sizing: inherit; font-weight: bold;\">17,50 a 19,00: Relaci\u00f3n con el curr\u00edculo y uso de metodolog\u00edas activas para su ense\u00f1anza. Ejemplos pr\u00e1cticos.<\/span><br style=\"box-sizing: inherit;\" \/>Ramiro Mart\u00eds Fl\u00f3rez \/ Bel\u00e9n San Pedro Veledo\/ Marta Garc\u00eda Sampedro. Departamento de Ciencias de la Educaci\u00f3n. Universidad de Oviedo.\u00a0<em style=\"box-sizing: inherit;\">Proyecto DENTEU.<\/em><\/p><p style=\"box-sizing: inherit; border-width: 0px; border-style: initial; margin-bottom: 1.5em; font-size: 16px; text-align: start; color: #5e5e69; font-family: Muli, sans-serif;\"><span style=\"box-sizing: inherit; font-weight: bold;\">Mi\u00e9rcoles, 20 de marzo<\/span>.<br style=\"box-sizing: inherit;\" \/><span style=\"box-sizing: inherit; font-weight: bold;\">16,30 a 17,40: \u00bfC\u00f3mo financia la UE sus pol\u00edticas?<\/span><br style=\"box-sizing: inherit;\" \/>Beatriz Grossi Sampedro. Departamento de Econom\u00eda. Universidad de Oviedo.\u00a0<em style=\"box-sizing: inherit;\">Proyecto DENTEU.<\/em><\/p><p style=\"box-sizing: inherit; border-width: 0px; border-style: initial; margin-bottom: 1.5em; font-size: 16px; text-align: start; color: #5e5e69; font-family: Muli, sans-serif;\"><span style=\"box-sizing: inherit; font-weight: bold;\">17,50 a 19,00: Relaci\u00f3n con el curr\u00edculo y uso de metodolog\u00edas activas para su ense\u00f1anza. Ejemplos pr\u00e1cticos.<\/span><br style=\"box-sizing: inherit;\" \/>Ramiro Mart\u00eds Fl\u00f3rez \/ Bel\u00e9n San Pedro Veledo\/Marta Garc\u00eda Sampedro. Departamento de Ciencias de la Educaci\u00f3n. Universidad de Oviedo.\u00a0<em style=\"box-sizing: inherit;\">Proyecto DENTEU.<\/em><\/p><p style=\"box-sizing: inherit; border-width: 0px; border-style: initial; margin-bottom: 1.5em; font-size: 16px; text-align: start; color: #5e5e69; font-family: Muli, sans-serif;\"><span style=\"box-sizing: inherit; font-weight: bold;\">Mi\u00e9rcoles, 3 de abril<\/span>.<br style=\"box-sizing: inherit;\" \/><span style=\"box-sizing: inherit; font-weight: bold;\">16,30 a 17,40:<\/span>\u00a0<span style=\"box-sizing: inherit; font-weight: bold;\">Pol\u00edticas de igualdad<\/span>.<br style=\"box-sizing: inherit;\" \/>Carolina Mart\u00ednez Moreno. Departamento de Derecho Privado. Universidad de Oviedo.<\/p><p style=\"box-sizing: inherit; border-width: 0px; border-style: initial; margin-bottom: 1.5em; font-size: 16px; text-align: start; color: #5e5e69; font-family: Muli, sans-serif;\"><span style=\"box-sizing: inherit; font-weight: bold;\">17,50 a 19,00: Dise\u00f1o universal de aprendizaje<\/span>.<br style=\"box-sizing: inherit;\" \/>Covadonga Men\u00e9ndez Su\u00e1rez. Especialista en Administraci\u00f3n educativa. Servicio de Equidad. Consejer\u00eda de Educaci\u00f3n.<\/p><p style=\"box-sizing: inherit; border-width: 0px; border-style: initial; margin-bottom: 1.5em; font-size: 16px; text-align: start; color: #5e5e69; font-family: Muli, sans-serif;\"><span style=\"box-sizing: inherit; font-weight: bold;\">IV. Pol\u00edticas educativas<\/span><\/p><p style=\"box-sizing: inherit; border-width: 0px; border-style: initial; margin-bottom: 1.5em; font-size: 16px; text-align: start; color: #5e5e69; font-family: Muli, sans-serif;\"><span style=\"box-sizing: inherit; font-weight: bold;\">Mi\u00e9rcoles, 10 de abril<\/span>.<br style=\"box-sizing: inherit;\" \/><span style=\"box-sizing: inherit; font-weight: bold;\">16,30 a 17,40: Movilidad: estudiar y trabajar en la UE<\/span>.<br style=\"box-sizing: inherit;\" \/>Patricia Herrero de la Escosura. Profesora de Derecho Financiero y Tributario.\u00a0<em style=\"box-sizing: inherit;\">Proyecto DENTEU.<\/em><\/p><p style=\"box-sizing: inherit; border-width: 0px; border-style: initial; margin-bottom: 1.5em; font-size: 16px; text-align: start; color: #5e5e69; font-family: Muli, sans-serif;\"><span style=\"box-sizing: inherit; font-weight: bold;\">17,50 a 19,00: Relaci\u00f3n con el curr\u00edculo y uso de metodolog\u00edas activas para su ense\u00f1anza. Ejemplos pr\u00e1cticos.<br \/><\/span>Rafael Montero Braga, CODEMA.<br style=\"box-sizing: inherit;\" \/>Ramiro Mart\u00eds Fl\u00f3rez \/ Bel\u00e9n San Pedro Veledo \/ Marta Garc\u00eda Sampedro. Departamento de Ciencias de la Educaci\u00f3n. Universidad de Oviedo.\u00a0<em style=\"box-sizing: inherit;\">Proyecto DENTEU.<\/em><\/p><p style=\"box-sizing: inherit; border-width: 0px; border-style: initial; margin-bottom: 1.5em; font-size: 16px; text-align: start; color: #5e5e69; font-family: Muli, sans-serif;\"><span style=\"box-sizing: inherit; font-weight: bold;\">Mi\u00e9rcoles, 17 de abril<\/span>.<br style=\"box-sizing: inherit;\" \/><span style=\"box-sizing: inherit; font-weight: bold;\">16,30 a 17,40: Educaci\u00f3n y competencias digitales<\/span>.<br style=\"box-sizing: inherit;\" \/>Eva Mediavilla y Landy Saavedra Garc\u00eda. Consejer\u00eda &#8211; CPR Oviedo<em style=\"box-sizing: inherit;\">.<\/em><\/p><p style=\"box-sizing: inherit; border-width: 0px; border-style: initial; margin-bottom: 1.5em; font-size: 16px; text-align: start; color: #5e5e69; font-family: Muli, sans-serif;\"><span style=\"box-sizing: inherit; font-weight: bold;\">17,50 a 19,00: Buenas pr\u00e1cticas sobre plataformas europeas en el CODEMA: eTwinning y Europeana<\/span>.<br style=\"box-sizing: inherit;\" \/><span style=\"font-style: var(--theme-font-style, inherit); font-weight: var(--theme-font-weight); letter-spacing: var(--theme-letter-spacing); text-transform: var(--theme-text-transform);\">Ramiro Mart\u00eds Fl\u00f3rez \/ Bel\u00e9n San Pedro Veledo \/ Marta Garc\u00eda Sampedro. Departamento de Ciencias de la Educaci\u00f3n. Universidad de Oviedo.\u00a0<\/span><em style=\"font-size: 16px; text-align: start; font-weight: var(--theme-font-weight); letter-spacing: var(--theme-letter-spacing); text-transform: var(--theme-text-transform); box-sizing: inherit;\">Proyecto DENTEU.<\/em><\/p><p style=\"box-sizing: inherit; border-width: 0px; border-style: initial; margin-bottom: 1.5em; font-size: 16px; text-align: start; color: #5e5e69; font-family: Muli, sans-serif;\"><span style=\"box-sizing: inherit; font-weight: bold;\">Mi\u00e9rcoles, 24 de abril.<\/span><br style=\"box-sizing: inherit;\" \/><span style=\"box-sizing: inherit; font-weight: bold;\">16, 30 a 17,40: Asturias en las evaluaciones internacionales a gran escala: lecciones aprendidas<\/span>.<br style=\"box-sizing: inherit;\" \/>Rub\u00e9n Fern\u00e1ndez Alonso, Departamento de Ciencias de la Educaci\u00f3n, Universidad de Oviedo<\/p><p style=\"box-sizing: inherit; border-width: 0px; border-style: initial; margin-bottom: 1.5em; font-size: 16px; text-align: start; color: #5e5e69; font-family: Muli, sans-serif;\"><span style=\"box-sizing: inherit; font-weight: bold;\">17,50 a 19,00: Relaci\u00f3n con el curr\u00edculo y uso de metodolog\u00edas activas para su ense\u00f1anza. Ejemplos pr\u00e1cticos.<\/span><br style=\"box-sizing: inherit;\" \/>Ramiro Mart\u00eds Fl\u00f3rez \/ Bel\u00e9n San Pedro Veledo\/ Marta Garc\u00eda Sampedro. Departamento de Ciencias de la Educaci\u00f3n. Universidad de Oviedo.\u00a0<em style=\"box-sizing: inherit;\">Proyecto DENTEU.<\/em><\/p><\/div>\n\t\t\t\t<\/div>\n\t\t\t\t\t\t\t\t<\/div>\n\t\t\t\t\t\t<\/div>\n\t\t\t\t<\/div>\n\t\t\t\t<div class=\"elementor-element elementor-element-9c33473 elementor-widget elementor-widget-html\" data-id=\"9c33473\" data-element_type=\"widget\" data-e-type=\"widget\" data-widget_type=\"html.default\">\n\t\t\t\t<div class=\"elementor-widget-container\">\n\t\t\t\t\t<script>\njQuery(document).ready(function($) {\nvar delay = 100; setTimeout(function() {\n$('.elementor-tab-title').removeClass('elementor-active');\n $('.elementor-tab-content').css('display', 'none'); }, delay);\n});\n<\/script>\t\t\t\t<\/div>\n\t\t\t\t<\/div>\n\t\t\t\t\t<\/div>\n\t\t\t\t<\/div>\n\t\t\t\t\t<\/div>\n\t\t\t\t<\/div>\n\t\t<div class=\"elementor-element elementor-element-a4af4c6 e-flex e-con-boxed e-con e-parent\" data-id=\"a4af4c6\" data-element_type=\"container\" data-e-type=\"container\">\n\t\t\t\t\t<div class=\"e-con-inner\">\n\t\t\t\t<div class=\"elementor-element elementor-element-da83d24 elementor-widget elementor-widget-text-editor\" data-id=\"da83d24\" data-element_type=\"widget\" data-e-type=\"widget\" data-widget_type=\"text-editor.default\">\n\t\t\t\t<div class=\"elementor-widget-container\">\n\t\t\t\t\t\t\t\t\t<p><span style=\"color: #ff0404;\">JORNADAS (2023)<\/span><\/p>\t\t\t\t\t\t\t\t<\/div>\n\t\t\t\t<\/div>\n\t\t\t\t<div class=\"elementor-element elementor-element-f544551 elementor-widget elementor-widget-heading\" data-id=\"f544551\" data-element_type=\"widget\" data-e-type=\"widget\" data-widget_type=\"heading.default\">\n\t\t\t\t<div class=\"elementor-widget-container\">\n\t\t\t\t\t<h2 class=\"elementor-heading-title elementor-size-default\">\"Ense\u00f1ando la UE a los j\u00f3venes: retos y oportunidades\"<\/h2>\t\t\t\t<\/div>\n\t\t\t\t<\/div>\n\t\t\t\t<div class=\"elementor-element elementor-element-862b9d5 elementor-widget elementor-widget-text-editor\" data-id=\"862b9d5\" data-element_type=\"widget\" data-e-type=\"widget\" data-widget_type=\"text-editor.default\">\n\t\t\t\t<div class=\"elementor-widget-container\">\n\t\t\t\t\t\t\t\t\t<p style=\"margin-bottom: var(--theme-content-spacing); font-size: 16px; text-align: center;\">Los d\u00edas 21 y 22 de abril se celebrar\u00e1n en Gij\u00f3n unas Jornadas en el marco de este proyecto Jean Monnet financiado por la Direcci\u00f3n General de Educaci\u00f3n y Cultura de la Comisi\u00f3n Europea, que pretende ser un foro de debate y reflexi\u00f3n sobre alguno de los principales problemas que afectan hoy al proyecto europeo y, al mismo tiempo, sensibilizar al profesorado sobre la importancia de los conocimientos sobre la integraci\u00f3n europea como una manera de formar una verdadera ciudadan\u00eda europea.<\/p><p style=\"margin-bottom: var(--theme-content-spacing); font-size: 16px; text-align: center;\">El encuentro se desarrollar\u00e1 en varias sesiones, con mesas redondas, talleres y debates en los que participar\u00e1n ponentes de reconocido prestigio de distintas especialidades. Con car\u00e1cter multidisciplinar, la tarde del viernes y la ma\u00f1ana del s\u00e1bado se dedicar\u00e1 a abordar cuestiones europeas de inter\u00e9s general, que sirven tanto para la formaci\u00f3n personal del profesorado como para proporcionarles l\u00edneas de conocimiento que pueden transmitir al alumnado, adem\u00e1s de una mesa redonda sobre materias espec\u00edficamente educativas.<\/p><p style=\"text-align: center;\">Las actividades de las Jornadas son independientes y de acceso libre y gratuito hasta completar aforo, excepto los talleres y las comidas, que solo lo ser\u00e1n para quienes est\u00e9n inscritos en las mismas.<\/p>\t\t\t\t\t\t\t\t<\/div>\n\t\t\t\t<\/div>\n\t\t\t\t<div class=\"elementor-element elementor-element-9912bd8 elementor-align-center elementor-widget elementor-widget-button\" data-id=\"9912bd8\" data-element_type=\"widget\" data-e-type=\"widget\" data-widget_type=\"button.default\">\n\t\t\t\t<div class=\"elementor-widget-container\">\n\t\t\t\t\t\t\t\t\t<div class=\"elementor-button-wrapper\">\n\t\t\t\t\t<a class=\"elementor-button elementor-button-link elementor-size-sm elementor-animation-grow\" href=\"http:\/\/www.unioviedo.es\/vivireuropa\/wp-content\/uploads\/2024\/06\/Triptico_JeanMonnet_2023-1.pdf\" target=\"_blank\">\n\t\t\t\t\t\t<span class=\"elementor-button-content-wrapper\">\n\t\t\t\t\t\t<span class=\"elementor-button-icon\">\n\t\t\t\t<svg aria-hidden=\"true\" class=\"e-font-icon-svg e-fas-file-pdf\" viewBox=\"0 0 384 512\" xmlns=\"http:\/\/www.w3.org\/2000\/svg\"><path d=\"M181.9 256.1c-5-16-4.9-46.9-2-46.9 8.4 0 7.6 36.9 2 46.9zm-1.7 47.2c-7.7 20.2-17.3 43.3-28.4 62.7 18.3-7 39-17.2 62.9-21.9-12.7-9.6-24.9-23.4-34.5-40.8zM86.1 428.1c0 .8 13.2-5.4 34.9-40.2-6.7 6.3-29.1 24.5-34.9 40.2zM248 160h136v328c0 13.3-10.7 24-24 24H24c-13.3 0-24-10.7-24-24V24C0 10.7 10.7 0 24 0h200v136c0 13.2 10.8 24 24 24zm-8 171.8c-20-12.2-33.3-29-42.7-53.8 4.5-18.5 11.6-46.6 6.2-64.2-4.7-29.4-42.4-26.5-47.8-6.8-5 18.3-.4 44.1 8.1 77-11.6 27.6-28.7 64.6-40.8 85.8-.1 0-.1.1-.2.1-27.1 13.9-73.6 44.5-54.5 68 5.6 6.9 16 10 21.5 10 17.9 0 35.7-18 61.1-61.8 25.8-8.5 54.1-19.1 79-23.2 21.7 11.8 47.1 19.5 64 19.5 29.2 0 31.2-32 19.7-43.4-13.9-13.6-54.3-9.7-73.6-7.2zM377 105L279 7c-4.5-4.5-10.6-7-17-7h-6v128h128v-6.1c0-6.3-2.5-12.4-7-16.9zm-74.1 255.3c4.1-2.7-2.5-11.9-42.8-9 37.1 15.8 42.8 9 42.8 9z\"><\/path><\/svg>\t\t\t<\/span>\n\t\t\t\t\t\t\t\t\t<span class=\"elementor-button-text\">PDF del Programa<\/span>\n\t\t\t\t\t<\/span>\n\t\t\t\t\t<\/a>\n\t\t\t\t<\/div>\n\t\t\t\t\t\t\t\t<\/div>\n\t\t\t\t<\/div>\n\t\t<div class=\"elementor-element elementor-element-c6a74f6 e-flex e-con-boxed e-con e-child\" data-id=\"c6a74f6\" data-element_type=\"container\" data-e-type=\"container\">\n\t\t\t\t\t<div class=\"e-con-inner\">\n\t\t<div class=\"elementor-element elementor-element-d27e3b2 e-con-full e-flex e-con e-child\" data-id=\"d27e3b2\" data-element_type=\"container\" data-e-type=\"container\">\n\t\t\t\t<div class=\"elementor-element elementor-element-8e6b0b3 elementor-widget elementor-widget-accordion\" data-id=\"8e6b0b3\" data-element_type=\"widget\" data-e-type=\"widget\" data-widget_type=\"accordion.default\">\n\t\t\t\t<div class=\"elementor-widget-container\">\n\t\t\t\t\t\t\t<div class=\"elementor-accordion\">\n\t\t\t\t\t\t\t<div class=\"elementor-accordion-item\">\n\t\t\t\t\t<div id=\"elementor-tab-title-1491\" class=\"elementor-tab-title\" data-tab=\"1\" role=\"button\" aria-controls=\"elementor-tab-content-1491\" aria-expanded=\"false\">\n\t\t\t\t\t\t\t\t\t\t\t\t\t<span class=\"elementor-accordion-icon elementor-accordion-icon-left\" aria-hidden=\"true\">\n\t\t\t\t\t\t\t\t\t\t\t\t\t\t\t<span class=\"elementor-accordion-icon-closed\"><svg class=\"e-font-icon-svg e-fas-plus\" viewBox=\"0 0 448 512\" xmlns=\"http:\/\/www.w3.org\/2000\/svg\"><path d=\"M416 208H272V64c0-17.67-14.33-32-32-32h-32c-17.67 0-32 14.33-32 32v144H32c-17.67 0-32 14.33-32 32v32c0 17.67 14.33 32 32 32h144v144c0 17.67 14.33 32 32 32h32c17.67 0 32-14.33 32-32V304h144c17.67 0 32-14.33 32-32v-32c0-17.67-14.33-32-32-32z\"><\/path><\/svg><\/span>\n\t\t\t\t\t\t\t\t<span class=\"elementor-accordion-icon-opened\"><svg class=\"e-font-icon-svg e-fas-minus\" viewBox=\"0 0 448 512\" xmlns=\"http:\/\/www.w3.org\/2000\/svg\"><path d=\"M416 208H32c-17.67 0-32 14.33-32 32v32c0 17.67 14.33 32 32 32h384c17.67 0 32-14.33 32-32v-32c0-17.67-14.33-32-32-32z\"><\/path><\/svg><\/span>\n\t\t\t\t\t\t\t\t\t\t\t\t\t\t<\/span>\n\t\t\t\t\t\t\t\t\t\t\t\t<a class=\"elementor-accordion-title\" tabindex=\"0\">TEMPORALIZACI\u00d3N<\/a>\n\t\t\t\t\t<\/div>\n\t\t\t\t\t<div id=\"elementor-tab-content-1491\" class=\"elementor-tab-content elementor-clearfix\" data-tab=\"1\" role=\"region\" aria-labelledby=\"elementor-tab-title-1491\"><p style=\"box-sizing: inherit; border-width: 0px; border-style: initial; margin-bottom: 1.5em; font-size: 16px; text-align: start; color: #5e5e69; font-family: Muli, sans-serif;\"><span style=\"letter-spacing: var(--theme-letter-spacing); text-transform: var(--theme-text-transform); font-weight: 700;\">Viernes<\/span><span style=\"letter-spacing: var(--theme-letter-spacing); text-transform: var(--theme-text-transform);\">&nbsp;<b>21<\/b><\/span><span style=\"letter-spacing: var(--theme-letter-spacing); text-transform: var(--theme-text-transform);\">&nbsp;<\/span><span style=\"letter-spacing: var(--theme-letter-spacing); text-transform: var(--theme-text-transform); font-weight: 700;\">de<\/span><span style=\"letter-spacing: var(--theme-letter-spacing); text-transform: var(--theme-text-transform);\">&nbsp;<\/span><span style=\"letter-spacing: var(--theme-letter-spacing); text-transform: var(--theme-text-transform); font-weight: 700;\">abril<\/span><span style=\"letter-spacing: var(--theme-letter-spacing); text-transform: var(--theme-text-transform);\">&nbsp;<\/span><span style=\"letter-spacing: var(--theme-letter-spacing); text-transform: var(--theme-text-transform);\">(Paraninfo y aula 107 de la Facultad de Comercio, Turismo y Ciencias Sociales Jovellanos)<\/span><br><\/p>\n<p style=\"margin-bottom: var(--theme-content-spacing); font-style: normal; font-variant-ligatures: normal; font-variant-caps: normal; font-weight: 400; font-size: 16px; font-family: -apple-system, &quot;system-ui&quot;, &quot;Segoe UI&quot;, Roboto, Helvetica, Arial, sans-serif, &quot;Apple Color Emoji&quot;, &quot;Segoe UI Emoji&quot;, &quot;Segoe UI Symbol&quot;;\"><span style=\"box-sizing: inherit; color: rgb(94, 94, 105); font-family: Muli, sans-serif; font-weight: bold;\">16.00:&nbsp;<i>Inauguraci\u00f3n<br><\/i><\/span><span style=\"font-size: var(--theme-font-size); font-style: var(--theme-font-style, inherit); font-variant-ligatures: inherit; font-variant-caps: inherit; font-weight: var(--theme-font-weight); letter-spacing: var(--theme-letter-spacing); text-transform: var(--theme-text-transform); color: var(--theme-text-color); font-family: var(--theme-font-family);\">Cristina L\u00f3pez Duarte, Vicedecana de Movilidad y Relaciones<br>Internacionales de la Facultad de Comercio, Turismo y Ciencias<br>Sociales Jovellanos.<\/span><span style=\"color: rgb(94, 94, 105); font-family: Muli, sans-serif; font-size: var(--theme-font-size); font-style: var(--theme-font-style, inherit); font-weight: var(--theme-font-weight); letter-spacing: var(--theme-letter-spacing); text-transform: var(--theme-text-transform);\">Rob<\/span><span style=\"color: rgb(94, 94, 105); font-family: Muli, sans-serif; font-style: var(--theme-font-style, inherit); font-weight: var(--theme-font-weight); letter-spacing: var(--theme-letter-spacing); text-transform: var(--theme-text-transform);\">erto Garc\u00eda Gonz\u00e1lez, Director del CPR de Gij\u00f3n-Oriente.<br>Roberto Garc\u00eda Gonz\u00e1lez, director del CPR de Gij\u00f3n-Oriente<\/span><\/p>\n<p style=\"box-sizing: inherit; margin-bottom: 1.5em; border-width: 0px; border-style: initial; font-style: normal; font-variant-ligatures: normal; font-variant-caps: normal; font-weight: 400; font-size: 16px; font-family: Muli, sans-serif; color: rgb(94, 94, 105);\"><span style=\"box-sizing: inherit; font-weight: bold;\">16.30 a 18.00: EU Education Policy. The European dimension of teaching: Jean Monnet Actions<\/span><br style=\"box-sizing: inherit;\">Brenda Maher, Direcci\u00f3n General de Educaci\u00f3n y Cultura de la\nComisi\u00f3n Europea.<br>Presenta: Melissa Vald\u00e9s V\u00e1zquez, Proyecto DENTEU<\/p>\n<p style=\"box-sizing: inherit; margin-bottom: 1.5em; border-width: 0px; border-style: initial; font-style: normal; font-variant-ligatures: normal; font-variant-caps: normal; font-weight: 400; font-size: 16px; font-family: Muli, sans-serif; color: rgb(94, 94, 105);\"><span style=\"box-sizing: inherit; font-weight: bold;\">18.00 a 18.30: Descanso<\/span><\/p>\n<p style=\"box-sizing: inherit; margin-bottom: 1.5em; border-width: 0px; border-style: initial; font-style: normal; font-variant-ligatures: normal; font-variant-caps: normal; font-size: 16px; font-family: Muli, sans-serif; color: rgb(94, 94, 105);\"><span style=\"font-weight: bold; box-sizing: inherit;\">18.30 a 20:00 Taller sobre metodolog\u00ed<\/span><br style=\"box-sizing: inherit;\">A- Tertulias dial\u00f3gicas. Pilar Fern\u00e1ndez Gonz\u00e1lez IES Alfonso II.<br style=\"box-sizing: inherit;\">B- Podcast y radio escolar como herramienta educativa. Alberto Garc\u00eda P\u00e9rez, IES La Fresneda.<br><span style=\"letter-spacing: var(--theme-letter-spacing); text-transform: var(--theme-text-transform); font-weight: 700;\"><br>S\u00e1bado<\/span><span style=\"letter-spacing: var(--theme-letter-spacing); text-transform: var(--theme-text-transform);\">&nbsp;<\/span><span style=\"letter-spacing: var(--theme-letter-spacing); text-transform: var(--theme-text-transform); font-weight: 700;\">22<\/span><span style=\"letter-spacing: var(--theme-letter-spacing); text-transform: var(--theme-text-transform);\">&nbsp;<\/span><span style=\"letter-spacing: var(--theme-letter-spacing); text-transform: var(--theme-text-transform); font-weight: 700;\">de<\/span><span style=\"letter-spacing: var(--theme-letter-spacing); text-transform: var(--theme-text-transform);\">&nbsp;<b>abril<\/b><\/span><span style=\"letter-spacing: var(--theme-letter-spacing); text-transform: var(--theme-text-transform);\">&nbsp;(Pa<\/span><span style=\"font-size: var(--theme-font-size); font-style: var(--theme-font-style, inherit); font-variant-ligatures: inherit; font-variant-caps: inherit; font-weight: var(--theme-font-weight); letter-spacing: var(--theme-letter-spacing); text-transform: var(--theme-text-transform);\">raninfo y aula 107 de la Facultad de Comercio, Turismo y Ciencias Sociales Jovellanos<\/span><span style=\"letter-spacing: var(--theme-letter-spacing); text-transform: var(--theme-text-transform); font-weight: inherit;\">)<\/span><\/p>\n<p style=\"margin-bottom: var(--theme-content-spacing); font-style: normal; font-variant-ligatures: normal; font-variant-caps: normal; font-weight: 400; font-size: 16px; font-family: -apple-system, &quot;system-ui&quot;, &quot;Segoe UI&quot;, Roboto, Helvetica, Arial, sans-serif, &quot;Apple Color Emoji&quot;, &quot;Segoe UI Emoji&quot;, &quot;Segoe UI Symbol&quot;;\"><span style=\"box-sizing: inherit; color: rgb(94, 94, 105); font-family: Muli, sans-serif; font-weight: bold;\">9.30 a 10.30: Equidad e inclusi\u00f3n en la ense\u00f1anza<\/span><br style=\"box-sizing: inherit; color: rgb(94, 94, 105); font-family: Muli, sans-serif;\"><span style=\"color: rgb(94, 94, 105); font-family: Muli, sans-serif;\">Alejandro Rodr\u00edguez Mart\u00edn, director del Departamento de Ciencias de la Educaci\u00f3n de la Universidad de Oviedo<\/span><br style=\"box-sizing: inherit; color: rgb(94, 94, 105); font-family: Muli, sans-serif;\"><span style=\"color: rgb(94, 94, 105); font-family: Muli, sans-serif;\">Jos\u00e9 Luis P\u00e9rez D\u00edaz, CODEMA &#8211; Fundaci\u00f3n Talentum &#8211; Centro Ayalga<br><\/span><span style=\"color: rgb(94, 94, 105); font-family: Muli, sans-serif; font-style: var(--theme-font-style, inherit); font-weight: var(--theme-font-weight); letter-spacing: var(--theme-letter-spacing); text-transform: var(--theme-text-transform); font-size: inherit; text-align: inherit;\">Modera: Ramiro Mart\u00eds L\u00f3pez, Proyecto DENTEU<\/span><\/p>\n<p style=\"box-sizing: inherit; margin-bottom: 1.5em; border-width: 0px; border-style: initial; font-style: normal; font-variant-ligatures: normal; font-variant-caps: normal; font-weight: 400; font-size: 16px; font-family: Muli, sans-serif; color: rgb(94, 94, 105);\"><span style=\"font-weight: bold; font-style: var(--theme-font-style, inherit); letter-spacing: var(--theme-letter-spacing); text-transform: var(--theme-text-transform);\">10.30 a 11.00: Pausa &#8211; Caf\u00e9.<\/span><\/p>\n<p style=\"box-sizing: inherit; margin-bottom: 1.5em; border-width: 0px; border-style: initial; font-style: normal; font-variant-ligatures: normal; font-variant-caps: normal; font-weight: 400; font-size: 16px; font-family: Muli, sans-serif; color: rgb(94, 94, 105);\"><span style=\"font-weight: bold; font-style: var(--theme-font-style, inherit); letter-spacing: var(--theme-letter-spacing); text-transform: var(--theme-text-transform);\">11.00 a 12.30: Materiales did\u00e1cticos y otros recursos<\/span><\/p>\n<p style=\"box-sizing: inherit; margin-bottom: 1.5em; border-width: 0px; border-style: initial; font-style: normal; font-variant-ligatures: normal; font-variant-caps: normal; font-weight: 400; font-size: 16px; font-family: Muli, sans-serif; color: rgb(94, 94, 105);\"><span style=\"font-size: inherit; text-align: inherit; font-style: var(--theme-font-style, inherit); font-weight: var(--theme-font-weight); letter-spacing: var(--theme-letter-spacing); text-transform: var(--theme-text-transform);\">Patricia Herrero de lo Escosura,&nbsp;Proyecto DENTEU<br>Luc\u00eda Guti\u00e9rrez Garc\u00eda, Proyecto DENTEU<\/span><\/p>\n<p style=\"box-sizing: inherit; margin-bottom: 1.5em; border-width: 0px; border-style: initial; font-style: normal; font-variant-ligatures: normal; font-variant-caps: normal; font-weight: 400; font-size: 16px; font-family: Muli, sans-serif; color: rgb(94, 94, 105);\"><span style=\"font-style: var(--theme-font-style, inherit); font-weight: bold; letter-spacing: var(--theme-letter-spacing); text-transform: var(--theme-text-transform);\">12.30 a 14.00: Conferencia de Clausura: Educaci\u00f3n y medios de comunicaci\u00f3n: Como los medios de comunicaci\u00f3n transforman la educaci\u00f3n.<\/span><br><\/p><p style=\"box-sizing: inherit; margin-bottom: 1.5em; border-width: 0px; border-style: initial; font-style: normal; font-variant-ligatures: normal; font-variant-caps: normal; font-weight: 400; font-size: 16px; font-family: Muli, sans-serif; color: rgb(94, 94, 105);\">Lluis Pastor, Director general de Magma Somos, Profesor Titular de la UOC<br>Presenta: Ana Isabel Gonz\u00e1lez Gonz\u00e1lez, Proyecto DENTEU<\/p><\/div>\n\t\t\t\t<\/div>\n\t\t\t\t\t\t\t\t<\/div>\n\t\t\t\t\t\t<\/div>\n\t\t\t\t<\/div>\n\t\t\t\t<div class=\"elementor-element elementor-element-e5bb8d7 elementor-widget elementor-widget-html\" data-id=\"e5bb8d7\" data-element_type=\"widget\" data-e-type=\"widget\" data-widget_type=\"html.default\">\n\t\t\t\t<div class=\"elementor-widget-container\">\n\t\t\t\t\t<script>\njQuery(document).ready(function($) {\nvar delay = 100; setTimeout(function() {\n$('.elementor-tab-title').removeClass('elementor-active');\n $('.elementor-tab-content').css('display', 'none'); }, delay);\n});\n<\/script>\t\t\t\t<\/div>\n\t\t\t\t<\/div>\n\t\t\t\t<\/div>\n\t\t\t\t\t<\/div>\n\t\t\t\t<\/div>\n\t\t\t\t\t<\/div>\n\t\t\t\t<\/div>\n\t\t<div class=\"elementor-element elementor-element-0be3b18 e-flex e-con-boxed e-con e-parent\" data-id=\"0be3b18\" data-element_type=\"container\" data-e-type=\"container\">\n\t\t\t\t\t<div class=\"e-con-inner\">\n\t\t\t\t<div class=\"elementor-element elementor-element-a87f5d3 elementor-widget elementor-widget-text-editor\" data-id=\"a87f5d3\" data-element_type=\"widget\" data-e-type=\"widget\" data-widget_type=\"text-editor.default\">\n\t\t\t\t<div class=\"elementor-widget-container\">\n\t\t\t\t\t\t\t\t\t<p><span style=\"color: #ff0404;\">CURSO (2023)<\/span><\/p>\t\t\t\t\t\t\t\t<\/div>\n\t\t\t\t<\/div>\n\t\t\t\t<div class=\"elementor-element elementor-element-a79da80 elementor-widget elementor-widget-heading\" data-id=\"a79da80\" data-element_type=\"widget\" data-e-type=\"widget\" data-widget_type=\"heading.default\">\n\t\t\t\t<div class=\"elementor-widget-container\">\n\t\t\t\t\t<h2 class=\"elementor-heading-title elementor-size-default\">\"Conectando la UE y la escuela\"<\/h2>\t\t\t\t<\/div>\n\t\t\t\t<\/div>\n\t\t\t\t<div class=\"elementor-element elementor-element-57c6aab elementor-widget elementor-widget-text-editor\" data-id=\"57c6aab\" data-element_type=\"widget\" data-e-type=\"widget\" data-widget_type=\"text-editor.default\">\n\t\t\t\t<div class=\"elementor-widget-container\">\n\t\t\t\t\t\t\t\t\t<p style=\"margin-bottom: var(--theme-content-spacing); font-size: 16px; text-align: center;\">El itinerario formativo aborda diferentes aspectos sobre la UE as\u00ed como cuestiones metodol\u00f3gicas a aplicar en la docencia directa. Los docentes tendr\u00e1n la opci\u00f3n de elegir entre las diferentes unidades formativas propuestas en l\u00ednea, y deber\u00e1n matricularse en un n\u00famero m\u00ednimo de horas\/cr\u00e9ditos para obtener la certificaci\u00f3n de reconocimiento formal.<\/p><p style=\"margin-bottom: var(--theme-content-spacing); font-size: 16px; text-align: center;\">El itinerario formativo se estructura en 12 sesiones online cada una de las cuales estar\u00e1, a su vez, dividida en dos partes, una relacionada con la actividad diaria de la UE y la otra con contenidos metodol\u00f3gicos que permitan trasladar esa realidad a las aulas. Los contenidos concretos de las diferentes sesiones son los siguientes:\u00a0<\/p>\t\t\t\t\t\t\t\t<\/div>\n\t\t\t\t<\/div>\n\t\t\t\t<div class=\"elementor-element elementor-element-ca1eec0 elementor-align-center elementor-widget elementor-widget-button\" data-id=\"ca1eec0\" data-element_type=\"widget\" data-e-type=\"widget\" data-widget_type=\"button.default\">\n\t\t\t\t<div class=\"elementor-widget-container\">\n\t\t\t\t\t\t\t\t\t<div class=\"elementor-button-wrapper\">\n\t\t\t\t\t<a class=\"elementor-button elementor-button-link elementor-size-sm elementor-animation-grow\" href=\"http:\/\/www.unioviedo.es\/vivireuropa\/wp-content\/uploads\/2024\/06\/Triptico_ConectandoUE_Escuela_organized.pdf\" target=\"_blank\">\n\t\t\t\t\t\t<span class=\"elementor-button-content-wrapper\">\n\t\t\t\t\t\t<span class=\"elementor-button-icon\">\n\t\t\t\t<svg aria-hidden=\"true\" class=\"e-font-icon-svg e-fas-file-pdf\" viewBox=\"0 0 384 512\" xmlns=\"http:\/\/www.w3.org\/2000\/svg\"><path d=\"M181.9 256.1c-5-16-4.9-46.9-2-46.9 8.4 0 7.6 36.9 2 46.9zm-1.7 47.2c-7.7 20.2-17.3 43.3-28.4 62.7 18.3-7 39-17.2 62.9-21.9-12.7-9.6-24.9-23.4-34.5-40.8zM86.1 428.1c0 .8 13.2-5.4 34.9-40.2-6.7 6.3-29.1 24.5-34.9 40.2zM248 160h136v328c0 13.3-10.7 24-24 24H24c-13.3 0-24-10.7-24-24V24C0 10.7 10.7 0 24 0h200v136c0 13.2 10.8 24 24 24zm-8 171.8c-20-12.2-33.3-29-42.7-53.8 4.5-18.5 11.6-46.6 6.2-64.2-4.7-29.4-42.4-26.5-47.8-6.8-5 18.3-.4 44.1 8.1 77-11.6 27.6-28.7 64.6-40.8 85.8-.1 0-.1.1-.2.1-27.1 13.9-73.6 44.5-54.5 68 5.6 6.9 16 10 21.5 10 17.9 0 35.7-18 61.1-61.8 25.8-8.5 54.1-19.1 79-23.2 21.7 11.8 47.1 19.5 64 19.5 29.2 0 31.2-32 19.7-43.4-13.9-13.6-54.3-9.7-73.6-7.2zM377 105L279 7c-4.5-4.5-10.6-7-17-7h-6v128h128v-6.1c0-6.3-2.5-12.4-7-16.9zm-74.1 255.3c4.1-2.7-2.5-11.9-42.8-9 37.1 15.8 42.8 9 42.8 9z\"><\/path><\/svg>\t\t\t<\/span>\n\t\t\t\t\t\t\t\t\t<span class=\"elementor-button-text\">PDF del Programa de Formaci\u00f3n<\/span>\n\t\t\t\t\t<\/span>\n\t\t\t\t\t<\/a>\n\t\t\t\t<\/div>\n\t\t\t\t\t\t\t\t<\/div>\n\t\t\t\t<\/div>\n\t\t<div class=\"elementor-element elementor-element-9802c2d e-flex e-con-boxed e-con e-child\" data-id=\"9802c2d\" data-element_type=\"container\" data-e-type=\"container\">\n\t\t\t\t\t<div class=\"e-con-inner\">\n\t\t<div class=\"elementor-element elementor-element-6326281 e-con-full e-flex e-con e-child\" data-id=\"6326281\" data-element_type=\"container\" data-e-type=\"container\">\n\t\t\t\t<div class=\"elementor-element elementor-element-3083014 elementor-widget elementor-widget-accordion\" data-id=\"3083014\" data-element_type=\"widget\" data-e-type=\"widget\" data-widget_type=\"accordion.default\">\n\t\t\t\t<div class=\"elementor-widget-container\">\n\t\t\t\t\t\t\t<div class=\"elementor-accordion\">\n\t\t\t\t\t\t\t<div class=\"elementor-accordion-item\">\n\t\t\t\t\t<div id=\"elementor-tab-title-5081\" class=\"elementor-tab-title\" data-tab=\"1\" role=\"button\" aria-controls=\"elementor-tab-content-5081\" aria-expanded=\"false\">\n\t\t\t\t\t\t\t\t\t\t\t\t\t<span class=\"elementor-accordion-icon elementor-accordion-icon-left\" aria-hidden=\"true\">\n\t\t\t\t\t\t\t\t\t\t\t\t\t\t\t<span class=\"elementor-accordion-icon-closed\"><svg class=\"e-font-icon-svg e-fas-plus\" viewBox=\"0 0 448 512\" xmlns=\"http:\/\/www.w3.org\/2000\/svg\"><path d=\"M416 208H272V64c0-17.67-14.33-32-32-32h-32c-17.67 0-32 14.33-32 32v144H32c-17.67 0-32 14.33-32 32v32c0 17.67 14.33 32 32 32h144v144c0 17.67 14.33 32 32 32h32c17.67 0 32-14.33 32-32V304h144c17.67 0 32-14.33 32-32v-32c0-17.67-14.33-32-32-32z\"><\/path><\/svg><\/span>\n\t\t\t\t\t\t\t\t<span class=\"elementor-accordion-icon-opened\"><svg class=\"e-font-icon-svg e-fas-minus\" viewBox=\"0 0 448 512\" xmlns=\"http:\/\/www.w3.org\/2000\/svg\"><path d=\"M416 208H32c-17.67 0-32 14.33-32 32v32c0 17.67 14.33 32 32 32h384c17.67 0 32-14.33 32-32v-32c0-17.67-14.33-32-32-32z\"><\/path><\/svg><\/span>\n\t\t\t\t\t\t\t\t\t\t\t\t\t\t<\/span>\n\t\t\t\t\t\t\t\t\t\t\t\t<a class=\"elementor-accordion-title\" tabindex=\"0\">TEMPORALIZACI\u00d3N<\/a>\n\t\t\t\t\t<\/div>\n\t\t\t\t\t<div id=\"elementor-tab-content-5081\" class=\"elementor-tab-content elementor-clearfix\" data-tab=\"1\" role=\"region\" aria-labelledby=\"elementor-tab-title-5081\"><p style=\"box-sizing: inherit; border-width: 0px; border-style: initial; margin-bottom: 1.5em; font-size: 16px; text-align: start; color: #5e5e69; font-family: Muli, sans-serif;\"><span style=\"font-weight: bold; font-style: inherit; font-variant-ligatures: inherit; font-variant-caps: inherit; letter-spacing: var(--theme-letter-spacing); text-transform: var(--theme-text-transform);\">PROGRAMA<\/span><\/p><p style=\"box-sizing: inherit; border-width: 0px; border-style: initial; margin-bottom: 1.5em; font-size: 16px; text-align: start; color: #5e5e69; font-family: Muli, sans-serif;\"><span style=\"box-sizing: inherit; font-weight: bold;\">Martes, 31 de enero<\/span>.<br style=\"box-sizing: inherit;\" \/><span style=\"box-sizing: inherit; font-weight: bold;\">16,30 a 17,40: \u00bfHacia d\u00f3nde va la UE? La UE de hoy: origen y evoluci\u00f3n de la integraci\u00f3n europea<\/span><br style=\"box-sizing: inherit;\" \/>Mariano Abad Fern\u00e1ndez. Catedr\u00e1tico Jean Monnet. Presidente de honor del Consejo Asturiano del Movimiento Europeo.\u00a0<em style=\"box-sizing: inherit;\">Proyecto DENTEU.<\/em><\/p><p style=\"box-sizing: inherit; border-width: 0px; border-style: initial; margin-bottom: 1.5em; font-size: 16px; text-align: start; color: #5e5e69; font-family: Muli, sans-serif;\"><span style=\"box-sizing: inherit; font-weight: bold;\">17,50 a 19,00: El aprendizaje dial\u00f3gico.<\/span><br style=\"box-sizing: inherit;\" \/>Pilar Fern\u00e1ndez Gonz\u00e1lez, IES Alfonso II de Oviedo<\/p><p style=\"box-sizing: inherit; border-width: 0px; border-style: initial; margin-bottom: 1.5em; font-size: 16px; text-align: start; color: #5e5e69; font-family: Muli, sans-serif;\"><span style=\"box-sizing: inherit; font-weight: bold;\">Mi\u00e9rcoles 8 de febrero<\/span>.<br style=\"box-sizing: inherit;\" \/><span style=\"box-sizing: inherit; font-weight: bold;\">16,30 a 17,40: \u00bfCu\u00e1les son los valores de la UE? Los principios fundamentales. La carta de Derechos Fundamentales.<\/span><br style=\"box-sizing: inherit;\" \/>Rebeca Sancho Tuero. T\u00e9cnico Administraci\u00f3n Local. Doctoranda. Universidad de Oviedo.\u00a0<em style=\"box-sizing: inherit;\">Proyecto DENTEU.<\/em><\/p><p style=\"box-sizing: inherit; border-width: 0px; border-style: initial; margin-bottom: 1.5em; font-size: 16px; text-align: start; color: #5e5e69; font-family: Muli, sans-serif;\"><span style=\"box-sizing: inherit; font-weight: bold;\">17,50 a 19,00:<\/span>\u00a0<span style=\"box-sizing: inherit; font-weight: bold;\">\u00bfQu\u00e9 son las metodolog\u00edas activas? Beneficios de su aplicaci\u00f3n ante la reforma de la ley educativa.\u00a0\u00a0<\/span><br style=\"box-sizing: inherit;\" \/>Alberto Garc\u00eda P\u00e9rez.<em style=\"box-sizing: inherit;\">\u00a0<\/em><span style=\"box-sizing: inherit;\">IES La Fresneda<\/span><\/p><p style=\"box-sizing: inherit; border-width: 0px; border-style: initial; margin-bottom: 1.5em; font-size: 16px; text-align: start; color: #5e5e69; font-family: Muli, sans-serif;\"><span style=\"box-sizing: inherit; font-weight: bold;\">Martes, 14 de febrero.\u00a0<\/span><br style=\"box-sizing: inherit;\" \/><span style=\"box-sizing: inherit; font-weight: bold;\">16,30 a 17,40: \u00bfQui\u00e9n decide en la UE? Instituciones rectoras: Parlamento europeo, Consejo de la UE, Consejo Europeo, Comisi\u00f3n Europea<\/span><br style=\"box-sizing: inherit;\" \/>Ana I. Gonz\u00e1lez Glez. Departamento de Derecho P\u00fablico. Universidad de Oviedo.\u00a0<em style=\"box-sizing: inherit;\">Proyecto DENTEU.<\/em><\/p><p style=\"box-sizing: inherit; border-width: 0px; border-style: initial; margin-bottom: 1.5em; font-size: 16px; text-align: start; color: #5e5e69; font-family: Muli, sans-serif;\"><span style=\"box-sizing: inherit; font-weight: bold;\">17,50 a 19,00:<\/span>\u00a0<span style=\"box-sizing: inherit; font-weight: bold;\">Relaci\u00f3n con el curr\u00edculo y uso de metodolog\u00edas activas para su ense\u00f1anza. Ejemplos pr\u00e1cticos.\u00a0\u00a0<\/span><br style=\"box-sizing: inherit;\" \/>Ramiro Mart\u00eds Fl\u00f3rez \/ Bel\u00e9n San Pedro Veledo\/ Marta Garc\u00eda Sampedro. Departamento de Ciencias de la Educaci\u00f3n. Universidad de Oviedo.\u00a0<em style=\"box-sizing: inherit;\">Proyecto DENTEU.<\/em><\/p><p style=\"box-sizing: inherit; border-width: 0px; border-style: initial; margin-bottom: 1.5em; font-size: 16px; text-align: start; color: #5e5e69; font-family: Muli, sans-serif;\"><span style=\"font-style: inherit; font-variant-ligatures: inherit; font-variant-caps: inherit; letter-spacing: var(--theme-letter-spacing); text-transform: var(--theme-text-transform); box-sizing: inherit; font-weight: bold;\">Mi\u00e9rcoles, 22 de febrero<\/span><span style=\"font-style: inherit; font-variant-ligatures: inherit; font-variant-caps: inherit; font-weight: inherit; letter-spacing: var(--theme-letter-spacing); text-transform: var(--theme-text-transform);\">.<br \/><\/span><span style=\"font-style: inherit; font-variant-ligatures: inherit; font-variant-caps: inherit; letter-spacing: var(--theme-letter-spacing); text-transform: var(--theme-text-transform); box-sizing: inherit; font-weight: bold;\">16,30 a 17,40: \u00bfC\u00f3mo se organiza la UE? Otras instituciones y \u00f3rganos de la UE: Tribunal de Justicia, Banco Central Europeo, Tribunal de Cuentas, Comit\u00e9 de las Regiones, Comit\u00e9 Econ\u00f3mico y Social<\/span><span style=\"font-style: inherit; font-variant-ligatures: inherit; font-variant-caps: inherit; font-weight: inherit; letter-spacing: var(--theme-letter-spacing); text-transform: var(--theme-text-transform);\"><br \/><\/span>Ignacio On\u00eds Peral. T\u00e9cnico de Administraci\u00f3n Local. Departamento de Derecho P\u00fablico. Universidad de Oviedo.\u00a0<em style=\"box-sizing: inherit; font-variant-ligatures: normal; font-variant-caps: normal; font-weight: 400; font-size: 16px; font-family: Muli, sans-serif;\">Proyecto DENTEU.<\/em><\/p><p style=\"box-sizing: inherit; border-width: 0px; border-style: initial; margin-bottom: 1.5em; font-size: 16px; text-align: start; color: #5e5e69; font-family: Muli, sans-serif;\"><span style=\"box-sizing: inherit; font-weight: bold;\">17,50 a 19,00: La LOMLOE y la UE en la programaci\u00f3n did\u00e1ctica. Programaci\u00f3n y situaciones de aprendizaje.<\/span><br style=\"box-sizing: inherit;\" \/>Rosa Rodr\u00edguez Mac\u00edas. IES Padre Feijoo de Gij\u00f3n.<\/p><p style=\"box-sizing: inherit; border-width: 0px; border-style: initial; margin-bottom: 1.5em; font-size: 16px; text-align: start; color: #5e5e69; font-family: Muli, sans-serif;\"><span style=\"box-sizing: inherit; font-weight: bold;\">Martes, 28 de febrero<\/span>.<br style=\"box-sizing: inherit;\" \/><span style=\"box-sizing: inherit; font-weight: bold;\">16,30 a 17:40 \u00bfQu\u00e9 hace la UE respecto a la movilidad? Proyectos europeos de movilidad<br \/><\/span><span style=\"letter-spacing: var(--theme-letter-spacing); text-transform: var(--theme-text-transform);\">Patricia Herrero de la Escosura. Profesora de Derecho Financiero y Tributario.\u00a0<\/span><em style=\"font-family: Muli, sans-serif; font-size: 16px; font-variant-ligatures: normal; font-variant-caps: normal; font-weight: 400; letter-spacing: var(--theme-letter-spacing); text-transform: var(--theme-text-transform); box-sizing: inherit;\">Proyecto DENTEU.<\/em><\/p><p style=\"box-sizing: inherit; border-width: 0px; border-style: initial; margin-bottom: 1.5em; font-size: 16px; text-align: start; color: #5e5e69; font-family: Muli, sans-serif;\"><span style=\"box-sizing: inherit; font-weight: bold;\">17,50 a 19,00: Dise\u00f1o universal de aprendizaje.<br \/><\/span><span style=\"letter-spacing: var(--theme-letter-spacing); text-transform: var(--theme-text-transform);\">Covadonga Men\u00e9ndez Su\u00e1rez. Especialista en Administraci\u00f3n educativa. Servicio de Equidad. Consejer\u00eda de Educaci\u00f3n.<\/span><\/p><p style=\"box-sizing: inherit; border-width: 0px; border-style: initial; margin-bottom: 1.5em; font-size: 16px; text-align: start; color: #5e5e69; font-family: Muli, sans-serif;\"><span style=\"box-sizing: inherit; font-weight: bold;\">Mi\u00e9rcoles, 1 de marzo<\/span>.<br style=\"box-sizing: inherit;\" \/><span style=\"box-sizing: inherit; font-weight: bold;\">16,30 a 17,40:<\/span>\u00a0<span style=\"box-sizing: inherit; font-weight: bold;\">\u00bfQu\u00e9 quiere la UE? Pol\u00edtica medioambiental y Agenda 2030<\/span><br style=\"box-sizing: inherit;\" \/>Jos\u00e9 Alba. Departamento de Econom\u00eda Aplicada. Universidad de Oviedo. Vicepresidente del Consejo Asturiano del Movimiento Europeo.<\/p><p style=\"box-sizing: inherit; border-width: 0px; border-style: initial; margin-bottom: 1.5em; font-size: 16px; text-align: start; color: #5e5e69; font-family: Muli, sans-serif;\"><span style=\"box-sizing: inherit; font-weight: bold;\">17,50 a 19,00:<\/span>\u00a0<b>La LOMLOE y la UE en la programaci\u00f3n did\u00e1ctica. Evaluaci\u00f3n.<\/b><br style=\"box-sizing: inherit;\" \/><em style=\"box-sizing: inherit;\"><span style=\"font-style: normal;\">Rosa Rodr\u00edguez Mac\u00edas. IES Padre Feijoo de Gij\u00f3n<\/span>.<\/em><\/p><p style=\"box-sizing: inherit; border-width: 0px; border-style: initial; margin-bottom: 1.5em; font-size: 16px; text-align: start; color: #5e5e69; font-family: Muli, sans-serif;\"><span style=\"font-style: inherit; font-variant-ligatures: inherit; font-variant-caps: inherit; letter-spacing: var(--theme-letter-spacing); text-transform: var(--theme-text-transform); box-sizing: inherit; font-weight: bold;\">Martes, 7 de marzo<\/span><span style=\"font-style: inherit; font-variant-ligatures: inherit; font-variant-caps: inherit; font-weight: inherit; letter-spacing: var(--theme-letter-spacing); text-transform: var(--theme-text-transform);\">.<br \/><\/span><span style=\"font-style: inherit; font-variant-ligatures: inherit; font-variant-caps: inherit; letter-spacing: var(--theme-letter-spacing); text-transform: var(--theme-text-transform); box-sizing: inherit; font-weight: bold;\">16,30 a 17,40: Las libertades fundamentales de la UE, \u00bfpor qu\u00e9? \u00bfpara qu\u00e9? Libre circulaci\u00f3n de mercanc\u00edas, trabajadores, servicios y capitales.<\/span><span style=\"font-style: inherit; font-variant-ligatures: inherit; font-variant-caps: inherit; font-weight: inherit; letter-spacing: var(--theme-letter-spacing); text-transform: var(--theme-text-transform);\"><br \/><\/span><span style=\"font-style: inherit; font-variant-ligatures: inherit; font-variant-caps: inherit; font-weight: inherit; letter-spacing: var(--theme-letter-spacing); text-transform: var(--theme-text-transform);\">Bel\u00e9n Noval Vega. IES Escultor Juan de Villanueva. Siero.\u00a0<\/span><em style=\"font-family: Muli, sans-serif; font-size: 16px; letter-spacing: var(--theme-letter-spacing); text-transform: var(--theme-text-transform); box-sizing: inherit;\">Proyecto DENTEU.<\/em><\/p><p style=\"box-sizing: inherit; border-width: 0px; border-style: initial; margin-bottom: 1.5em; font-size: 16px; text-align: start; color: #5e5e69; font-family: Muli, sans-serif;\"><span style=\"box-sizing: inherit; font-weight: bold;\">17,50 a 19,00: El aprendizaje dial\u00f3gico.<\/span><br style=\"box-sizing: inherit;\" \/>Pilar Fern\u00e1ndez Gonz\u00e1lez. IES Alfonso II de Gij\u00f3n<\/p><p style=\"box-sizing: inherit; border-width: 0px; border-style: initial; margin-bottom: 1.5em; font-size: 16px; text-align: start; color: #5e5e69; font-family: Muli, sans-serif;\"><span style=\"box-sizing: inherit; font-weight: bold;\">Mi\u00e9rcoles, 8 de marzo<\/span>.<br style=\"box-sizing: inherit;\" \/><span style=\"box-sizing: inherit; font-weight: bold;\">16,30 a 17,40: \u00bfQu\u00e9 hace la UE respecto a la movilidad? Proyectos europeos de movilidad<br \/><\/span><span style=\"letter-spacing: var(--theme-letter-spacing); text-transform: var(--theme-text-transform);\">Patricia Herrero de la Escosura. Profesora de Derecho Financiero y Tributario.\u00a0<\/span><em style=\"font-family: Muli, sans-serif; font-size: 16px; font-variant-ligatures: normal; font-variant-caps: normal; font-weight: 400; letter-spacing: var(--theme-letter-spacing); text-transform: var(--theme-text-transform); box-sizing: inherit;\">Proyecto DENTEU.<\/em><\/p><p style=\"box-sizing: inherit; border-width: 0px; border-style: initial; margin-bottom: 1.5em; font-size: 16px; text-align: start; color: #5e5e69; font-family: Muli, sans-serif;\"><span style=\"box-sizing: inherit; font-weight: bold;\">17,50 a 19,00: Relaci\u00f3n con el curr\u00edculo y uso de metodolog\u00edas activas para su ense\u00f1anza. Ejemplos pr\u00e1cticos.<\/span><br style=\"box-sizing: inherit;\" \/>Ramiro Mart\u00eds Fl\u00f3rez \/ Bel\u00e9n San Pedro Veledo\/Marta Garc\u00eda Sampedro. Departamento de Ciencias de la Educaci\u00f3n. Universidad de Oviedo.\u00a0<em style=\"box-sizing: inherit;\">Proyecto DENTEU.<\/em><\/p><p style=\"box-sizing: inherit; border-width: 0px; border-style: initial; margin-bottom: 1.5em; font-size: 16px; text-align: start; color: #5e5e69; font-family: Muli, sans-serif;\"><span style=\"box-sizing: inherit; font-weight: bold;\">Martes, 14 de marzo<\/span>.<br style=\"box-sizing: inherit;\" \/><span style=\"box-sizing: inherit; font-weight: bold;\">16,30 a 17,40:<\/span>\u00a0<b>\u00bfQu\u00e9 quiere la UE?<br \/><\/b><span style=\"letter-spacing: var(--theme-letter-spacing); text-transform: var(--theme-text-transform);\">Jos\u00e9 Alba. Departamento de Econom\u00eda Aplicada. Universidad de Oviedo. Vicepresidente del Consejo Asturiano del Movimiento Europeo.<\/span><\/p><p style=\"box-sizing: inherit; border-width: 0px; border-style: initial; margin-bottom: 1.5em; font-size: 16px; text-align: start; color: #5e5e69; font-family: Muli, sans-serif;\"><span style=\"box-sizing: inherit; font-weight: bold;\">17,50 a 19,00: Dise\u00f1o universal de aprendizaje<\/span>.<br style=\"box-sizing: inherit;\" \/>Covadonga Men\u00e9ndez Su\u00e1rez. Especialista en Administraci\u00f3n educativa. Servicio de Equidad. Consejer\u00eda de Educaci\u00f3n.<\/p><p style=\"box-sizing: inherit; border-width: 0px; border-style: initial; margin-bottom: 1.5em; font-size: 16px; text-align: start; color: #5e5e69; font-family: Muli, sans-serif;\"><span style=\"font-style: inherit; font-variant-ligatures: inherit; font-variant-caps: inherit; letter-spacing: var(--theme-letter-spacing); text-transform: var(--theme-text-transform); box-sizing: inherit; font-weight: bold;\">Mi\u00e9rcoles, 15 de marzo<\/span><span style=\"font-style: inherit; font-variant-ligatures: inherit; font-variant-caps: inherit; font-weight: inherit; letter-spacing: var(--theme-letter-spacing); text-transform: var(--theme-text-transform);\">.<\/span><\/p><p style=\"box-sizing: inherit; border-width: 0px; border-style: initial; margin-bottom: 1.5em; font-size: 16px; text-align: start; color: #5e5e69; font-family: Muli, sans-serif;\"><span style=\"box-sizing: inherit; font-weight: bold;\">16,30 a 17,40: Espa\u00f1a y la UE: \u00bfqu\u00e9 aporta? \u00bfqu\u00e9 recibe? Fondos Europeos, Next Generation UE, Recursos propios, Relaciones Espa\u00f1a y la UE<\/span><br style=\"box-sizing: inherit;\" \/>Beatriz Grossi Sampedro. Departamento de Econom\u00eda. Universidad de Oviedo.\u00a0<em style=\"box-sizing: inherit;\">Proyecto DENTEU.<\/em><\/p><p style=\"box-sizing: inherit; border-width: 0px; border-style: initial; margin-bottom: 1.5em; font-size: 16px; text-align: start; color: #5e5e69; font-family: Muli, sans-serif;\"><span style=\"box-sizing: inherit; font-weight: bold;\">17,50 a 19,00: Relaci\u00f3n con el curr\u00edculo y uso de metodolog\u00edas activas para su ense\u00f1anza. Ejemplos pr\u00e1cticos.<br \/><\/span>Ramiro Mart\u00eds Fl\u00f3rez. Departamento de Ciencias de la Educaci\u00f3n. Universidad de Oviedo.\u00a0<em style=\"box-sizing: inherit;\">Proyecto DENTEU.<\/em><\/p><p style=\"box-sizing: inherit; border-width: 0px; border-style: initial; margin-bottom: 1.5em; font-size: 16px; text-align: start; color: #5e5e69; font-family: Muli, sans-serif;\"><span style=\"box-sizing: inherit; font-weight: bold;\">Martes, 21 de marzo<\/span>.<br style=\"box-sizing: inherit;\" \/><span style=\"box-sizing: inherit; font-weight: bold;\">16,30 a 17,40: \u00bfCuales son los valores de la UE? Los principios fundamentales. La carta de Derechos Fundamentales<\/span>.<br \/><span style=\"letter-spacing: var(--theme-letter-spacing); text-transform: var(--theme-text-transform);\">Rebeca Sancho Tuero. T\u00e9cnico Administraci\u00f3n Local. Doctoranda. Universidad de Oviedo.\u00a0<\/span><em style=\"font-family: Muli, sans-serif; font-size: 16px; font-variant-ligatures: normal; font-variant-caps: normal; font-weight: 400; letter-spacing: var(--theme-letter-spacing); text-transform: var(--theme-text-transform); box-sizing: inherit;\">Proyecto DENTEU.<\/em><\/p><p style=\"box-sizing: inherit; border-width: 0px; border-style: initial; margin-bottom: 1.5em; font-size: 16px; text-align: start; color: #5e5e69; font-family: Muli, sans-serif;\"><span style=\"box-sizing: inherit; font-weight: bold;\">17,50 a 19,00:\u00a0<\/span><span style=\"font-weight: bold;\">Relaci\u00f3n con el curr\u00edculo y uso de metodolog\u00edas activas para su ense\u00f1anza. Ejemplos pr\u00e1cticos<\/span>.<br style=\"box-sizing: inherit;\" \/><span style=\"font-style: var(--theme-font-style, inherit); font-weight: var(--theme-font-weight); letter-spacing: var(--theme-letter-spacing); text-transform: var(--theme-text-transform);\">Ramiro Mart\u00eds Fl\u00f3rez \/ Bel\u00e9n San Pedro Veledo \/ Marta Garc\u00eda Sampedro. Departamento de Ciencias de la Educaci\u00f3n. Universidad de Oviedo.\u00a0<\/span><em style=\"font-size: 16px; text-align: start; font-weight: var(--theme-font-weight); letter-spacing: var(--theme-letter-spacing); text-transform: var(--theme-text-transform); box-sizing: inherit;\">Proyecto DENTEU.<\/em><\/p><p style=\"box-sizing: inherit; border-width: 0px; border-style: initial; margin-bottom: 1.5em; font-size: 16px; text-align: start; color: #5e5e69; font-family: Muli, sans-serif;\"><span style=\"box-sizing: inherit; font-weight: bold;\">Mi\u00e9rcoles, 29 de marzo.<\/span><br style=\"box-sizing: inherit;\" \/><span style=\"box-sizing: inherit; font-weight: bold;\">16, 30 a 17,40: \u00bfHacia d\u00f3nde va la UE? La UE de hoy: origen y evoluci\u00f3n de la integraci\u00f3n europea<\/span>.<br \/><span style=\"letter-spacing: var(--theme-letter-spacing); text-transform: var(--theme-text-transform);\">Mariano Abad Fern\u00e1ndez. Catedr\u00e1tico Jean Monnet. Presidente de honor del Consejo Asturiano del Movimiento Europeo.\u00a0<\/span><em style=\"font-family: Muli, sans-serif; font-size: 16px; font-variant-ligatures: normal; font-variant-caps: normal; font-weight: 400; letter-spacing: var(--theme-letter-spacing); text-transform: var(--theme-text-transform); box-sizing: inherit;\">Proyecto DENTEU.<\/em><\/p><p style=\"box-sizing: inherit; border-width: 0px; border-style: initial; margin-bottom: 1.5em; font-size: 16px; text-align: start; color: #5e5e69; font-family: Muli, sans-serif;\"><span style=\"box-sizing: inherit; font-weight: bold;\">17,50 a 19,00: \u00bfQu\u00e9 son las metodolog\u00edas activas? Beneficios de su aplicaci\u00f3n ante la reforma de la ley educativa.<\/span><br style=\"box-sizing: inherit;\" \/>Alberto Garc\u00eda P\u00e9rez. IES La Fresneda<\/p><\/div>\n\t\t\t\t<\/div>\n\t\t\t\t\t\t\t\t<\/div>\n\t\t\t\t\t\t<\/div>\n\t\t\t\t<\/div>\n\t\t\t\t<div class=\"elementor-element elementor-element-d2178d0 elementor-widget elementor-widget-html\" data-id=\"d2178d0\" data-element_type=\"widget\" data-e-type=\"widget\" data-widget_type=\"html.default\">\n\t\t\t\t<div class=\"elementor-widget-container\">\n\t\t\t\t\t<script>\njQuery(document).ready(function($) {\nvar delay = 100; setTimeout(function() {\n$('.elementor-tab-title').removeClass('elementor-active');\n $('.elementor-tab-content').css('display', 'none'); }, delay);\n});\n<\/script>\t\t\t\t<\/div>\n\t\t\t\t<\/div>\n\t\t\t\t<\/div>\n\t\t\t\t\t<\/div>\n\t\t\t\t<\/div>\n\t\t\t\t\t<\/div>\n\t\t\t\t<\/div>\n\t\t<div class=\"elementor-element elementor-element-fc9bc21 e-flex e-con-boxed e-con e-parent\" data-id=\"fc9bc21\" data-element_type=\"container\" data-e-type=\"container\">\n\t\t\t\t\t<div class=\"e-con-inner\">\n\t\t<div class=\"elementor-element elementor-element-de20466 e-con-full e-flex e-con e-child\" data-id=\"de20466\" data-element_type=\"container\" data-e-type=\"container\">\n\t\t\t\t<div class=\"elementor-element elementor-element-48be739 elementor-align-center elementor-widget elementor-widget-button\" data-id=\"48be739\" data-element_type=\"widget\" data-e-type=\"widget\" data-widget_type=\"button.default\">\n\t\t\t\t<div class=\"elementor-widget-container\">\n\t\t\t\t\t\t\t\t\t<div class=\"elementor-button-wrapper\">\n\t\t\t\t\t<a class=\"elementor-button elementor-button-link elementor-size-sm elementor-animation-grow\" href=\"https:\/\/www.unioviedo.es\/vivireuropa\/index.php\/proyectos-denteu\/\">\n\t\t\t\t\t\t<span class=\"elementor-button-content-wrapper\">\n\t\t\t\t\t\t<span class=\"elementor-button-icon\">\n\t\t\t\t<svg aria-hidden=\"true\" class=\"e-font-icon-svg e-fas-arrow-alt-circle-left\" viewBox=\"0 0 512 512\" xmlns=\"http:\/\/www.w3.org\/2000\/svg\"><path d=\"M256 504C119 504 8 393 8 256S119 8 256 8s248 111 248 248-111 248-248 248zm116-292H256v-70.9c0-10.7-13-16.1-20.5-8.5L121.2 247.5c-4.7 4.7-4.7 12.2 0 16.9l114.3 114.9c7.6 7.6 20.5 2.2 20.5-8.5V300h116c6.6 0 12-5.4 12-12v-64c0-6.6-5.4-12-12-12z\"><\/path><\/svg>\t\t\t<\/span>\n\t\t\t\t\t\t\t\t\t<span class=\"elementor-button-text\">Volver<\/span>\n\t\t\t\t\t<\/span>\n\t\t\t\t\t<\/a>\n\t\t\t\t<\/div>\n\t\t\t\t\t\t\t\t<\/div>\n\t\t\t\t<\/div>\n\t\t\t\t<\/div>\n\t\t<div class=\"elementor-element elementor-element-ace08f9 e-con-full e-flex e-con e-child\" data-id=\"ace08f9\" data-element_type=\"container\" data-e-type=\"container\">\n\t\t\t\t<div class=\"elementor-element elementor-element-5eecad0 elementor-align-center elementor-widget elementor-widget-button\" data-id=\"5eecad0\" data-element_type=\"widget\" data-e-type=\"widget\" data-widget_type=\"button.default\">\n\t\t\t\t<div class=\"elementor-widget-container\">\n\t\t\t\t\t\t\t\t\t<div class=\"elementor-button-wrapper\">\n\t\t\t\t\t<a class=\"elementor-button elementor-button-link elementor-size-sm elementor-animation-grow\" href=\"https:\/\/www.unioviedo.es\/vivireuropa\/index.php\/proyectos-denteu-cursos-de-verano\/\">\n\t\t\t\t\t\t<span class=\"elementor-button-content-wrapper\">\n\t\t\t\t\t\t<span class=\"elementor-button-icon\">\n\t\t\t\t<svg aria-hidden=\"true\" class=\"e-font-icon-svg e-fas-arrow-alt-circle-right\" viewBox=\"0 0 512 512\" xmlns=\"http:\/\/www.w3.org\/2000\/svg\"><path d=\"M256 8c137 0 248 111 248 248S393 504 256 504 8 393 8 256 119 8 256 8zM140 300h116v70.9c0 10.7 13 16.1 20.5 8.5l114.3-114.9c4.7-4.7 4.7-12.2 0-16.9l-114.3-115c-7.6-7.6-20.5-2.2-20.5 8.5V212H140c-6.6 0-12 5.4-12 12v64c0 6.6 5.4 12 12 12z\"><\/path><\/svg>\t\t\t<\/span>\n\t\t\t\t\t\t\t\t\t<span class=\"elementor-button-text\">Cursos de Verano<\/span>\n\t\t\t\t\t<\/span>\n\t\t\t\t\t<\/a>\n\t\t\t\t<\/div>\n\t\t\t\t\t\t\t\t<\/div>\n\t\t\t\t<\/div>\n\t\t\t\t<\/div>\n\t\t\t\t\t<\/div>\n\t\t\t\t<\/div>\n\t\t\t\t<\/div>\n\t\t","protected":false},"excerpt":{"rendered":"<p>Proyecto DENTEU Itinerarios Formativos JORNADAS (2025) \u00abC\u00f3mo abordar la ense\u00f1anza de la UE en el aula\u00bb Con motivo de los 40 a\u00f1os de la adhesi\u00f3n de Espa\u00f1a a la Uni\u00f3n Europea y los 25 a\u00f1os de la Carta de Derechos Fundamentales, los d\u00edas 7 y 8 de noviembre de 2025 se celebrar\u00e1n en Gij\u00f3n unas [&hellip;]<\/p>\n","protected":false},"author":667,"featured_media":0,"parent":0,"menu_order":0,"comment_status":"closed","ping_status":"closed","template":"","meta":{"footnotes":""},"class_list":["post-5333","page","type-page","status-publish","hentry"],"blocksy_meta":{"page_title_panel":"","has_hero_section":"disabled","97ee15f25a4197e406aa66b5a6e1cc4a":"","hero_section":"type-1","hero_elements":[{"id":"custom_title","enabled":true,"heading_tag":"h1","title":"Home"},{"id":"custom_description","enabled":true,"description_visibility":{"desktop":true,"tablet":true,"mobile":false}},{"id":"custom_meta","enabled":false,"meta_elements":[{"id":"author","enabled":true,"label":"By","has_author_avatar":"yes","avatar_size":25},{"id":"post_date","enabled":true,"label":"On","date_format_source":"default","date_format":"M j, Y"},{"id":"updated_date","enabled":false,"label":"On","date_format_source":"default","date_format":"M j, Y"},{"id":"categories","enabled":false,"label":"In","style":"simple"},{"id":"comments","enabled":true}],"page_meta_elements":{"joined":true,"articles_count":true,"comments":true}},{"id":"breadcrumbs","enabled":false}],"e383a482344f65eacb9516af82d8ed80":"","hero_alignment1":"CT_CSS_SKIP_RULE","hero_margin":40,"hero_alignment2":"center","hero_vertical_alignment":"center","aa7b568f8a77bfd0b9648c22ccb00685":"","hero_structure":"narrow","b4ba0b41affd6111d96beeceb6f9817f":"","page_title_bg_type":"featured_image","custom_hero_background":{"attachment_id":null},"page_title_image_size":"full","parallax":{"desktop":false,"tablet":false,"mobile":false},"14d5fc5fd9b9278b692d6150f1075e8a":"","hero_height":"250px","pageTitleFont":{"family":"Default","variation":"Default","size":"30px","line-height":"CT_CSS_SKIP_RULE","letter-spacing":"CT_CSS_SKIP_RULE","text-transform":"CT_CSS_SKIP_RULE","text-decoration":"CT_CSS_SKIP_RULE"},"pageTitleFontColor":{"default":{"color":"CT_CSS_SKIP_RULEDEFAULT"}},"pageMetaFont":{"family":"Default","variation":"n6","size":"12px","line-height":"1.3","letter-spacing":"CT_CSS_SKIP_RULE","text-transform":"uppercase","text-decoration":"CT_CSS_SKIP_RULE"},"pageMetaFontColor":{"default":{"color":"CT_CSS_SKIP_RULEDEFAULT"},"hover":{"color":"CT_CSS_SKIP_RULEDEFAULT"}},"page_meta_button_type_font_colors":{"default":{"color":"CT_CSS_SKIP_RULEDEFAULT"},"hover":{"color":"CT_CSS_SKIP_RULEDEFAULT"}},"page_meta_button_type_background_colors":{"default":{"color":"CT_CSS_SKIP_RULEDEFAULT"},"hover":{"color":"CT_CSS_SKIP_RULEDEFAULT"}},"pageExcerptFont":{"family":"Default","variation":"Default","size":"CT_CSS_SKIP_RULE","line-height":"CT_CSS_SKIP_RULE","letter-spacing":"CT_CSS_SKIP_RULE","text-transform":"CT_CSS_SKIP_RULE","text-decoration":"CT_CSS_SKIP_RULE"},"pageExcerptColor":{"default":{"color":"CT_CSS_SKIP_RULEDEFAULT"}},"breadcrumbsFont":{"family":"Default","variation":"Default","size":"CT_CSS_SKIP_RULE","line-height":"CT_CSS_SKIP_RULE","letter-spacing":"CT_CSS_SKIP_RULE","text-transform":"CT_CSS_SKIP_RULE","text-decoration":"CT_CSS_SKIP_RULE"},"breadcrumbsFontColor":{"default":{"color":"CT_CSS_SKIP_RULEDEFAULT"},"initial":{"color":"CT_CSS_SKIP_RULEDEFAULT"},"hover":{"color":"CT_CSS_SKIP_RULEDEFAULT"}},"pageTitleOverlay":{"background_type":"color","background_pattern":"type-1","background_image":{"attachment_id":null,"x":0,"y":0},"gradient":"linear-gradient(135deg,rgba(6,147,227,1) 0%,rgb(155,81,224) 100%)","background_repeat":"repeat","background_size":"auto","background_attachment":"scroll","patternColor":{"default":{"color":"#e5e7ea"}},"overlayColor":{"default":{"color":"CT_CSS_SKIP_RULE"}},"backgroundColor":{"default":{"color":"CT_CSS_SKIP_RULE"}}},"pageTitleBackground":{"background_type":"color","background_pattern":"type-1","background_image":{"attachment_id":null,"x":0,"y":0},"gradient":"linear-gradient(135deg,rgba(6,147,227,1) 0%,rgb(155,81,224) 100%)","background_repeat":"repeat","background_size":"auto","background_attachment":"scroll","patternColor":{"default":{"color":"#e5e7ea"}},"overlayColor":{"default":{"color":"CT_CSS_SKIP_RULE"}},"backgroundColor":{"default":{"color":"var(--theme-palette-color-6)"}}},"pageTitlePadding":{"top":"50px","bottom":"50px","left":"auto","right":"auto","linked":true},"202f0cbc398d714e048b39197ae71e6d":"","page_structure_type":"default","854bd40f7f8b4d7a95aa3e0f49708ea4":"","content_style_source":"inherit","content_style":"wide","vertical_spacing_source":"custom","content_area_spacing":"none","background":{"background_type":"color","background_pattern":"type-1","background_image":{"attachment_id":null,"x":0,"y":0},"gradient":"linear-gradient(135deg,rgba(6,147,227,1) 0%,rgb(155,81,224) 100%)","background_repeat":"repeat","background_size":"auto","background_attachment":"scroll","patternColor":{"default":{"color":"#e5e7ea"}},"overlayColor":{"default":{"color":"CT_CSS_SKIP_RULE"}},"backgroundColor":{"default":{"color":"CT_CSS_SKIP_RULE"}}},"content_background":{"background_type":"color","background_pattern":"type-1","background_image":{"attachment_id":null,"x":0,"y":0},"gradient":"linear-gradient(135deg,rgba(6,147,227,1) 0%,rgb(155,81,224) 100%)","background_repeat":"repeat","background_size":"auto","background_attachment":"scroll","patternColor":{"default":{"color":"#e5e7ea"}},"overlayColor":{"default":{"color":"CT_CSS_SKIP_RULE"}},"backgroundColor":{"default":{"color":"var(--theme-palette-color-8)"}}},"content_boxed_shadow":{"inherit":false,"blur":18,"spread":-6,"v_offset":12,"h_offset":0,"inset":false,"enable":true,"color":{"color":"rgba(34, 56, 101, 0.04)"}},"content_boxed_border":{"width":1,"style":"none","color":{"color":"rgba(44,62,80,0.2)"}},"content_boxed_radius":{"top":"3px","bottom":"3px","left":"3px","right":"3px","linked":true},"boxed_content_spacing":{"desktop":{"top":"40px","bottom":"40px","left":"40px","right":"40px","linked":true},"tablet":{"top":"35px","bottom":"35px","left":"35px","right":"35px","linked":true},"mobile":{"top":"20px","bottom":"20px","left":"20px","right":"20px","linked":true}},"b0da049bbc9a67cf3a03559f10c8de95":"","disable_featured_image":"no","disable_share_box":"no","disable_header":"no","disable_footer":"no","styles_descriptor":{"styles":{"desktop":"","tablet":"","mobile":""},"google_fonts":[],"version":6}},"_links":{"self":[{"href":"https:\/\/www.unioviedo.es\/vivireuropa\/index.php\/wp-json\/wp\/v2\/pages\/5333","targetHints":{"allow":["GET"]}}],"collection":[{"href":"https:\/\/www.unioviedo.es\/vivireuropa\/index.php\/wp-json\/wp\/v2\/pages"}],"about":[{"href":"https:\/\/www.unioviedo.es\/vivireuropa\/index.php\/wp-json\/wp\/v2\/types\/page"}],"author":[{"embeddable":true,"href":"https:\/\/www.unioviedo.es\/vivireuropa\/index.php\/wp-json\/wp\/v2\/users\/667"}],"replies":[{"embeddable":true,"href":"https:\/\/www.unioviedo.es\/vivireuropa\/index.php\/wp-json\/wp\/v2\/comments?post=5333"}],"version-history":[{"count":79,"href":"https:\/\/www.unioviedo.es\/vivireuropa\/index.php\/wp-json\/wp\/v2\/pages\/5333\/revisions"}],"predecessor-version":[{"id":7092,"href":"https:\/\/www.unioviedo.es\/vivireuropa\/index.php\/wp-json\/wp\/v2\/pages\/5333\/revisions\/7092"}],"wp:attachment":[{"href":"https:\/\/www.unioviedo.es\/vivireuropa\/index.php\/wp-json\/wp\/v2\/media?parent=5333"}],"curies":[{"name":"wp","href":"https:\/\/api.w.org\/{rel}","templated":true}]}}