{"id":5727,"date":"2024-07-17T12:15:29","date_gmt":"2024-07-17T11:15:29","guid":{"rendered":"https:\/\/www.unioviedo.es\/vivireuropa\/?page_id=5727"},"modified":"2024-07-23T12:07:40","modified_gmt":"2024-07-23T11:07:40","slug":"proyectos-vivir-europa-ii-formacion","status":"publish","type":"page","link":"https:\/\/www.unioviedo.es\/vivireuropa\/index.php\/proyectos-vivir-europa-ii-formacion\/","title":{"rendered":"Proyectos: Vivir Europa II &#8211; Formaci\u00f3n"},"content":{"rendered":"\t\t<div data-elementor-type=\"wp-page\" data-elementor-id=\"5727\" class=\"elementor elementor-5727\">\n\t\t\t\t<div class=\"elementor-element elementor-element-39833b5 e-flex e-con-boxed e-con e-parent\" data-id=\"39833b5\" data-element_type=\"container\" data-e-type=\"container\">\n\t\t\t\t\t<div class=\"e-con-inner\">\n\t\t\t\t<div class=\"elementor-element elementor-element-2e2b315 elementor-widget__width-initial elementor-widget elementor-widget-heading\" data-id=\"2e2b315\" data-element_type=\"widget\" data-e-type=\"widget\" data-widget_type=\"heading.default\">\n\t\t\t\t<div class=\"elementor-widget-container\">\n\t\t\t\t\t<h2 class=\"elementor-heading-title elementor-size-default\">Vivir Europa II<\/h2>\t\t\t\t<\/div>\n\t\t\t\t<\/div>\n\t\t\t\t\t<\/div>\n\t\t\t\t<\/div>\n\t\t<div class=\"elementor-element elementor-element-8797845 e-flex e-con-boxed e-con e-parent\" data-id=\"8797845\" data-element_type=\"container\" data-e-type=\"container\">\n\t\t\t\t\t<div class=\"e-con-inner\">\n\t\t<div class=\"elementor-element elementor-element-7e1f692 e-con-full e-flex e-con e-child\" data-id=\"7e1f692\" data-element_type=\"container\" data-e-type=\"container\">\n\t\t<div class=\"elementor-element elementor-element-9a3d654 e-con-full e-flex e-con e-child\" data-id=\"9a3d654\" data-element_type=\"container\" data-e-type=\"container\" data-settings=\"{&quot;background_background&quot;:&quot;classic&quot;}\">\n\t\t\t\t<div class=\"elementor-element elementor-element-bd461dd elementor-widget elementor-widget-heading\" data-id=\"bd461dd\" data-element_type=\"widget\" data-e-type=\"widget\" data-widget_type=\"heading.default\">\n\t\t\t\t<div class=\"elementor-widget-container\">\n\t\t\t\t\t<h5 class=\"elementor-heading-title elementor-size-default\">Formaci\u00f3n<\/h5>\t\t\t\t<\/div>\n\t\t\t\t<\/div>\n\t\t\t\t<\/div>\n\t\t\t\t<div class=\"elementor-element elementor-element-d280016 elementor-widget elementor-widget-text-editor\" data-id=\"d280016\" data-element_type=\"widget\" data-e-type=\"widget\" data-widget_type=\"text-editor.default\">\n\t\t\t\t<div class=\"elementor-widget-container\">\n\t\t\t\t\t\t\t\t\t<h6 style=\"text-align: center;\">JORNADAS DE FORMACI\u00d3N DEL PROFESORADO<\/h6><p align=\"justify\">Las Jornadas de Formaci\u00f3n del Profesorado, englobadas dentro del Proyecto Vivir Europa est\u00e1n reconocidas por la Consejer\u00eda de Educaci\u00f3n, Cultura y Deporte del Principado de Asturias con un cr\u00e9dito de formaci\u00f3n permanente de profesorado a trav\u00e9s del F\u00f3rum Europeo de Administradores de la Educaci\u00f3n del Principado de Asturias (F.E.A.E.A.).<\/p><p>Las Jornadas se realizaron los pasados\u00a0<u><b>22 y 23 de noviembre en el Paraninfo de La Laboral (Gij\u00f3n)<\/b><\/u>.Por ello y para facilitar la asistencia a las mismas, todo el profesorado inscrito que debi\u00f3 desplazarse m\u00e1s de 40 Km pudo alojarse en la ciudad de Gij\u00f3n (lugar de celebraci\u00f3n de las Jornadas).<\/p>\t\t\t\t\t\t\t\t<\/div>\n\t\t\t\t<\/div>\n\t\t<div class=\"elementor-element elementor-element-e756b2c e-con-full e-flex e-con e-child\" data-id=\"e756b2c\" data-element_type=\"container\" data-e-type=\"container\">\n\t\t<div class=\"elementor-element elementor-element-8e4ebec e-con-full e-flex e-con e-child\" data-id=\"8e4ebec\" data-element_type=\"container\" data-e-type=\"container\">\n\t\t\t\t<div class=\"elementor-element elementor-element-13d266f elementor-widget elementor-widget-accordion\" data-id=\"13d266f\" data-element_type=\"widget\" data-e-type=\"widget\" data-widget_type=\"accordion.default\">\n\t\t\t\t<div class=\"elementor-widget-container\">\n\t\t\t\t\t\t\t<div class=\"elementor-accordion\">\n\t\t\t\t\t\t\t<div class=\"elementor-accordion-item\">\n\t\t\t\t\t<div id=\"elementor-tab-title-2071\" class=\"elementor-tab-title\" data-tab=\"1\" role=\"button\" aria-controls=\"elementor-tab-content-2071\" aria-expanded=\"false\">\n\t\t\t\t\t\t\t\t\t\t\t\t\t<span class=\"elementor-accordion-icon elementor-accordion-icon-left\" aria-hidden=\"true\">\n\t\t\t\t\t\t\t\t\t\t\t\t\t\t\t<span class=\"elementor-accordion-icon-closed\"><svg class=\"e-font-icon-svg e-fas-plus\" viewBox=\"0 0 448 512\" xmlns=\"http:\/\/www.w3.org\/2000\/svg\"><path d=\"M416 208H272V64c0-17.67-14.33-32-32-32h-32c-17.67 0-32 14.33-32 32v144H32c-17.67 0-32 14.33-32 32v32c0 17.67 14.33 32 32 32h144v144c0 17.67 14.33 32 32 32h32c17.67 0 32-14.33 32-32V304h144c17.67 0 32-14.33 32-32v-32c0-17.67-14.33-32-32-32z\"><\/path><\/svg><\/span>\n\t\t\t\t\t\t\t\t<span class=\"elementor-accordion-icon-opened\"><svg class=\"e-font-icon-svg e-fas-minus\" viewBox=\"0 0 448 512\" xmlns=\"http:\/\/www.w3.org\/2000\/svg\"><path d=\"M416 208H32c-17.67 0-32 14.33-32 32v32c0 17.67 14.33 32 32 32h384c17.67 0 32-14.33 32-32v-32c0-17.67-14.33-32-32-32z\"><\/path><\/svg><\/span>\n\t\t\t\t\t\t\t\t\t\t\t\t\t\t<\/span>\n\t\t\t\t\t\t\t\t\t\t\t\t<a class=\"elementor-accordion-title\" tabindex=\"0\">TEMPORALIZACI\u00d3N<\/a>\n\t\t\t\t\t<\/div>\n\t\t\t\t\t<div id=\"elementor-tab-content-2071\" class=\"elementor-tab-content elementor-clearfix\" data-tab=\"1\" role=\"region\" aria-labelledby=\"elementor-tab-title-2071\"><p style=\"box-sizing: inherit; border-width: 0px; border-style: initial; margin-bottom: 1.5em; font-size: 16px; text-align: start; color: #5e5e69; font-family: Muli, sans-serif;\"><span style=\"font-weight: bold; font-style: inherit; font-variant-ligatures: inherit; font-variant-caps: inherit; letter-spacing: var(--theme-letter-spacing); text-transform: var(--theme-text-transform);\">PROGRAMA<\/span><\/p><p style=\"box-sizing: inherit; border-width: 0px; border-style: initial; margin-bottom: 1.5em; font-size: 16px; text-align: start; color: #5e5e69; font-family: Muli, sans-serif;\"><span style=\"box-sizing: inherit; font-weight: bold;\">Viernes, 22 de noviembre<\/span>.<br style=\"box-sizing: inherit;\" \/><span style=\"box-sizing: inherit; font-weight: bold;\">16,00 a 17,00: Recepci\u00f3n de participantes, acreditaci\u00f3n y entrega de materiales<\/span><span style=\"font-style: inherit; font-variant-ligatures: inherit; font-variant-caps: inherit; font-weight: bold; letter-spacing: var(--theme-letter-spacing); text-transform: var(--theme-text-transform);\">\u00a0<\/span><\/p><p style=\"box-sizing: inherit; border-width: 0px; border-style: initial; margin-bottom: 1.5em; font-size: 16px; text-align: start; color: #5e5e69; font-family: Muli, sans-serif;\"><span style=\"font-style: inherit; font-variant-ligatures: inherit; font-variant-caps: inherit; letter-spacing: var(--theme-letter-spacing); text-transform: var(--theme-text-transform);\"><b>16,30 a 17,00: Inauguraci\u00f3n oficial y presentaci\u00f3n del Proyecto:<br \/><\/b><\/span><span style=\"font-style: inherit; font-variant-ligatures: inherit; font-variant-caps: inherit; letter-spacing: var(--theme-letter-spacing); text-transform: var(--theme-text-transform);\">Sra. D.\u00aa Sara \u00c1lvarez Mor\u00e1n, Directora General de Formaci\u00f3n Profesional, desarrollo curricular e innovaci\u00f3n educativa del Principado de Asturias)<br \/><\/span><span style=\"font-family: Muli, sans-serif; font-size: 16px; font-variant-ligatures: normal; font-variant-caps: normal; font-weight: 400; letter-spacing: var(--theme-letter-spacing); text-transform: var(--theme-text-transform); box-sizing: inherit;\">Sr. D. Santiago \u00c1lvarez Garc\u00eda, Vicerrector de Planificaci\u00f3n Econ\u00f3mica, convenios y contratos de la Universidad de Oviedo.<br \/>Sr. D. Mariano Abad Fern\u00e1ndez, Catedr\u00e1tico Jean Monnet y colaborador del <i>Proyecto Vivir Europa.<\/i><br \/><\/span><span style=\"font-style: inherit; font-variant-ligatures: inherit; font-variant-caps: inherit; font-weight: inherit; letter-spacing: var(--theme-letter-spacing); text-transform: var(--theme-text-transform);\"><span style=\"font-weight: inherit;\">Sra. D.\u00aa Ana Isabel Gonz\u00e1lez Glez, Coordinadora del\u00a0<\/span><\/span><span style=\"font-family: Muli, sans-serif; font-size: 16px; letter-spacing: var(--theme-letter-spacing); text-transform: var(--theme-text-transform); box-sizing: inherit;\"><i>Proyecto DENTEU.<\/i><br \/>Sra. D.\u00aa Patricia Herrero de la Escosura, Comit\u00e9 Organizador de las Jornadas.<br \/>Sr. D. Emilio \u00c1lvarez Arregui, Presidente del For\u00fam Europeo-FEAEA.<\/span><\/p><p style=\"box-sizing: inherit; border-width: 0px; border-style: initial; margin-bottom: 1.5em; font-size: 16px; text-align: start; color: #5e5e69; font-family: Muli, sans-serif;\"><span style=\"box-sizing: inherit; font-weight: bold;\">17,00 a 18,00:<\/span>\u00a0<span style=\"box-sizing: inherit; font-weight: bold;\">Conferencia inaugural: \u00abFormaci\u00f3n y ciudadan\u00eda: conocer y vivir en la Uni\u00f3n Europea\u00bb\u00a0 <br \/><\/span><span style=\"box-sizing: inherit;\">Sr. D. Francisco Fonseca Morillo, Director de la Oficina de Representaci\u00f3n de la C.E. en Espa\u00f1a.<br \/><\/span><span style=\"font-style: inherit; font-variant-ligatures: inherit; font-variant-caps: inherit; letter-spacing: var(--theme-letter-spacing); text-transform: var(--theme-text-transform); box-sizing: inherit; font-weight: bold;\"><br \/>18,00: Pausa\u00a0<\/span><\/p><p style=\"box-sizing: inherit; border-width: 0px; border-style: initial; margin-bottom: 1.5em; font-size: 16px; text-align: start; color: #5e5e69; font-family: Muli, sans-serif;\"><span style=\"font-style: inherit; font-variant-ligatures: inherit; font-variant-caps: inherit; letter-spacing: var(--theme-letter-spacing); text-transform: var(--theme-text-transform); box-sizing: inherit; font-weight: bold;\">18,30 a 20,00: Mesa redonda \u00abLas regiones europeas y las opciones laborales\u00bb<br \/><\/span><span style=\"font-style: inherit; font-variant-ligatures: inherit; font-variant-caps: inherit; font-weight: inherit; letter-spacing: var(--theme-letter-spacing); text-transform: var(--theme-text-transform);\">Sra. D.\u00aa Mar\u00eda Teresa Alonso Vega, Consejera de la red EURES en Asturias.<br \/>Sr. D. Fernando M\u00e9ndez-Navia, Vicepresidente de Compromiso Asturias XXI y Director del Grupo DEX.<br \/>Sra. D.\u00aa Isabel Moya, Consejera de Asuntos de Pol\u00edtica Territorial de la REPER.<br \/><\/span>Sra. D.\u00aa Mar\u00eda Jos\u00e9 Rodr\u00edguez Carbajal, Coordinadora de Asuntos Europeos del Principado de Asturias.<\/p><p style=\"box-sizing: inherit; border-width: 0px; border-style: initial; margin-bottom: 1.5em; font-size: 16px; text-align: start; color: #5e5e69; font-family: Muli, sans-serif;\"><span style=\"box-sizing: inherit; font-weight: bold;\">20,00: Conclusiones de la sesi\u00f3n<\/span><\/p><p style=\"box-sizing: inherit; border-width: 0px; border-style: initial; margin-bottom: 1.5em; font-size: 16px; text-align: start; color: #5e5e69; font-family: Muli, sans-serif;\"><b>21,00: Cena de bienvenida<\/b><\/p><p style=\"box-sizing: inherit; border-width: 0px; border-style: initial; margin-bottom: 1.5em; font-size: 16px; text-align: start; color: #5e5e69; font-family: Muli, sans-serif;\"><b>\u00a0<\/b><\/p><p style=\"box-sizing: inherit; border-width: 0px; border-style: initial; margin-bottom: 1.5em; font-size: 16px; text-align: start; color: #5e5e69; font-family: Muli, sans-serif;\"><span style=\"font-style: inherit; font-variant-ligatures: inherit; font-variant-caps: inherit; letter-spacing: var(--theme-letter-spacing); text-transform: var(--theme-text-transform); box-sizing: inherit; font-weight: bold;\">S\u00e1bado, 23 de noviembre<\/span><span style=\"font-style: inherit; font-variant-ligatures: inherit; font-variant-caps: inherit; font-weight: inherit; letter-spacing: var(--theme-letter-spacing); text-transform: var(--theme-text-transform);\">.<br \/><\/span><span style=\"font-style: inherit; font-variant-ligatures: inherit; font-variant-caps: inherit; letter-spacing: var(--theme-letter-spacing); text-transform: var(--theme-text-transform);\"><b>9,30 a 10,30: Mesa redonda \u00abConstruyendo ciudadan\u00eda europea: igualdad y no discriminaci\u00f3n\u00bb<\/b><br \/>S<\/span><span style=\"font-style: inherit; font-variant-ligatures: inherit; font-variant-caps: inherit; letter-spacing: var(--theme-letter-spacing); text-transform: var(--theme-text-transform);\">ra. D.\u00aa Ana Rosa Arg\u00fcelles Blanco, Profesora de la Universidad de Oviedo.<br \/>Sra. D.\u00aa Mar\u00eda Dolores Palacio Ornia, Jefa de Negociado del CRIDJ y Responsable del programa de Juventud en Acci\u00f3n.<br \/>Sr. D. Lino Sacc\u00e0, Catedr\u00e1tico Jean Monnet y presidente del Comit\u00e9 Cient\u00edfico \u00abI Mediterranei\u00bb<\/span><\/p><p style=\"box-sizing: inherit; border-width: 0px; border-style: initial; margin-bottom: 1.5em; font-size: 16px; text-align: start; color: #5e5e69; font-family: Muli, sans-serif;\"><span style=\"font-weight: bold; font-style: inherit; font-variant-ligatures: inherit; font-variant-caps: inherit; letter-spacing: var(--theme-letter-spacing); text-transform: var(--theme-text-transform);\">10,30: Pausa<\/span><\/p><p style=\"box-sizing: inherit; border-width: 0px; border-style: initial; margin-bottom: 1.5em; font-size: 16px; text-align: start; color: #5e5e69; font-family: Muli, sans-serif;\"><span style=\"font-weight: bold; font-style: inherit; font-variant-ligatures: inherit; font-variant-caps: inherit; letter-spacing: var(--theme-letter-spacing); text-transform: var(--theme-text-transform);\">11,00 a 13,30: Mesa redonda \u00abEl nuevo Erasmus Plus\u00bb<br \/><\/span>Sra. D.\u00aa Ana Carmen del Canto Nieto, Directora de la Unidad de Educaci\u00f3n Infantil, Primaria, Secundaria y otros programas de la OAPEE.<br \/>Sra. D.\u00aa Ana Mar\u00eda Cuello Alonso, Tutora MAC del programa Comenius del IES de Llanera.<br \/>Sr. D. Roberto Garc\u00eda Gonz\u00e1lez, Consejer\u00eda de Educaci\u00f3n, Cultura y Deporte del Principado de Asturias.<br \/>Sra. D.\u00aa Cristina Li\u00f1ero, Coordinadora de Movilidades de alumnado Leonardo da Vinci en el CIFP La Laboral.<br \/>Sra. D.\u00aa Mar\u00eda del Carmen S\u00e1nchez Arias, Coordinadora de Movilidad Erasmus en el CIFP Cerde\u00f1o.<\/p><p style=\"box-sizing: inherit; border-width: 0px; border-style: initial; margin-bottom: 1.5em; font-size: 16px; text-align: start; color: #5e5e69; font-family: Muli, sans-serif;\"><span style=\"box-sizing: inherit; font-weight: bold;\">13,30: Clausura de las Jornadas<\/span><\/p><p style=\"box-sizing: inherit; border-width: 0px; border-style: initial; margin-bottom: 1.5em; font-size: 16px; text-align: start; color: #5e5e69; font-family: Muli, sans-serif;\"><span style=\"box-sizing: inherit; font-weight: bold;\">14,00: Espicha asturiana<\/span><\/p><\/div>\n\t\t\t\t<\/div>\n\t\t\t\t\t\t\t\t<\/div>\n\t\t\t\t\t\t<\/div>\n\t\t\t\t<\/div>\n\t\t\t\t<div class=\"elementor-element elementor-element-943aee1 elementor-widget elementor-widget-html\" data-id=\"943aee1\" data-element_type=\"widget\" data-e-type=\"widget\" data-widget_type=\"html.default\">\n\t\t\t\t<div class=\"elementor-widget-container\">\n\t\t\t\t\t<script>\njQuery(document).ready(function($) {\nvar delay = 100; setTimeout(function() {\n$('.elementor-tab-title').removeClass('elementor-active');\n $('.elementor-tab-content').css('display', 'none'); }, delay);\n});\n<\/script>\t\t\t\t<\/div>\n\t\t\t\t<\/div>\n\t\t\t\t<\/div>\n\t\t\t\t<\/div>\n\t\t\t\t<\/div>\n\t\t\t\t\t<\/div>\n\t\t\t\t<\/div>\n\t\t<div class=\"elementor-element elementor-element-fc9bc21 e-flex e-con-boxed e-con e-parent\" data-id=\"fc9bc21\" data-element_type=\"container\" data-e-type=\"container\">\n\t\t\t\t\t<div class=\"e-con-inner\">\n\t\t<div class=\"elementor-element elementor-element-de20466 e-con-full e-flex e-con e-child\" data-id=\"de20466\" data-element_type=\"container\" data-e-type=\"container\">\n\t\t\t\t<div class=\"elementor-element elementor-element-48be739 elementor-align-center elementor-widget elementor-widget-button\" data-id=\"48be739\" data-element_type=\"widget\" data-e-type=\"widget\" data-widget_type=\"button.default\">\n\t\t\t\t<div class=\"elementor-widget-container\">\n\t\t\t\t\t\t\t\t\t<div class=\"elementor-button-wrapper\">\n\t\t\t\t\t<a class=\"elementor-button elementor-button-link elementor-size-sm elementor-animation-grow\" href=\"https:\/\/www.unioviedo.es\/vivireuropa\/index.php\/proyectos-vivir-europa-ii\/\">\n\t\t\t\t\t\t<span class=\"elementor-button-content-wrapper\">\n\t\t\t\t\t\t<span class=\"elementor-button-icon\">\n\t\t\t\t<svg aria-hidden=\"true\" class=\"e-font-icon-svg e-fas-arrow-alt-circle-left\" viewBox=\"0 0 512 512\" xmlns=\"http:\/\/www.w3.org\/2000\/svg\"><path d=\"M256 504C119 504 8 393 8 256S119 8 256 8s248 111 248 248-111 248-248 248zm116-292H256v-70.9c0-10.7-13-16.1-20.5-8.5L121.2 247.5c-4.7 4.7-4.7 12.2 0 16.9l114.3 114.9c7.6 7.6 20.5 2.2 20.5-8.5V300h116c6.6 0 12-5.4 12-12v-64c0-6.6-5.4-12-12-12z\"><\/path><\/svg>\t\t\t<\/span>\n\t\t\t\t\t\t\t\t\t<span class=\"elementor-button-text\">Volver<\/span>\n\t\t\t\t\t<\/span>\n\t\t\t\t\t<\/a>\n\t\t\t\t<\/div>\n\t\t\t\t\t\t\t\t<\/div>\n\t\t\t\t<\/div>\n\t\t\t\t<\/div>\n\t\t<div class=\"elementor-element elementor-element-ace08f9 e-con-full e-flex e-con e-child\" data-id=\"ace08f9\" data-element_type=\"container\" data-e-type=\"container\">\n\t\t\t\t<div class=\"elementor-element elementor-element-5eecad0 elementor-align-center elementor-widget elementor-widget-button\" data-id=\"5eecad0\" data-element_type=\"widget\" data-e-type=\"widget\" data-widget_type=\"button.default\">\n\t\t\t\t<div class=\"elementor-widget-container\">\n\t\t\t\t\t\t\t\t\t<div class=\"elementor-button-wrapper\">\n\t\t\t\t\t<a class=\"elementor-button elementor-button-link elementor-size-sm elementor-animation-grow\" href=\"https:\/\/www.unioviedo.es\/vivireuropa\/index.php\/proyectos-vivir-europa-ii-talleres\/\">\n\t\t\t\t\t\t<span class=\"elementor-button-content-wrapper\">\n\t\t\t\t\t\t<span class=\"elementor-button-icon\">\n\t\t\t\t<svg aria-hidden=\"true\" class=\"e-font-icon-svg e-fas-arrow-alt-circle-right\" viewBox=\"0 0 512 512\" xmlns=\"http:\/\/www.w3.org\/2000\/svg\"><path d=\"M256 8c137 0 248 111 248 248S393 504 256 504 8 393 8 256 119 8 256 8zM140 300h116v70.9c0 10.7 13 16.1 20.5 8.5l114.3-114.9c4.7-4.7 4.7-12.2 0-16.9l-114.3-115c-7.6-7.6-20.5-2.2-20.5 8.5V212H140c-6.6 0-12 5.4-12 12v64c0 6.6 5.4 12 12 12z\"><\/path><\/svg>\t\t\t<\/span>\n\t\t\t\t\t\t\t\t\t<span class=\"elementor-button-text\">Talleres<\/span>\n\t\t\t\t\t<\/span>\n\t\t\t\t\t<\/a>\n\t\t\t\t<\/div>\n\t\t\t\t\t\t\t\t<\/div>\n\t\t\t\t<\/div>\n\t\t\t\t<\/div>\n\t\t\t\t\t<\/div>\n\t\t\t\t<\/div>\n\t\t\t\t<\/div>\n\t\t","protected":false},"excerpt":{"rendered":"<p>Vivir Europa II Formaci\u00f3n JORNADAS DE FORMACI\u00d3N DEL PROFESORADO Las Jornadas de Formaci\u00f3n del Profesorado, englobadas dentro del Proyecto Vivir Europa est\u00e1n reconocidas por la Consejer\u00eda de Educaci\u00f3n, Cultura y Deporte del Principado de Asturias con un cr\u00e9dito de formaci\u00f3n permanente de profesorado a trav\u00e9s del F\u00f3rum Europeo de Administradores de la Educaci\u00f3n del Principado [&hellip;]<\/p>\n","protected":false},"author":667,"featured_media":0,"parent":0,"menu_order":0,"comment_status":"closed","ping_status":"closed","template":"","meta":{"footnotes":""},"class_list":["post-5727","page","type-page","status-publish","hentry"],"blocksy_meta":{"page_title_panel":"","has_hero_section":"disabled","97ee15f25a4197e406aa66b5a6e1cc4a":"","hero_section":"type-1","hero_elements":[{"id":"custom_title","enabled":true,"heading_tag":"h1","title":"Home"},{"id":"custom_description","enabled":true,"description_visibility":{"desktop":true,"tablet":true,"mobile":false}},{"id":"custom_meta","enabled":false,"meta_elements":[{"id":"author","enabled":true,"label":"By","has_author_avatar":"yes","avatar_size":25},{"id":"post_date","enabled":true,"label":"On","date_format_source":"default","date_format":"M j, Y"},{"id":"updated_date","enabled":false,"label":"On","date_format_source":"default","date_format":"M j, Y"},{"id":"categories","enabled":false,"label":"In","style":"simple"},{"id":"comments","enabled":true}],"page_meta_elements":{"joined":true,"articles_count":true,"comments":true}},{"id":"breadcrumbs","enabled":false}],"e383a482344f65eacb9516af82d8ed80":"","hero_alignment1":"CT_CSS_SKIP_RULE","hero_margin":40,"hero_alignment2":"center","hero_vertical_alignment":"center","aa7b568f8a77bfd0b9648c22ccb00685":"","hero_structure":"narrow","b4ba0b41affd6111d96beeceb6f9817f":"","page_title_bg_type":"featured_image","custom_hero_background":{"attachment_id":null},"page_title_image_size":"full","parallax":{"desktop":false,"tablet":false,"mobile":false},"14d5fc5fd9b9278b692d6150f1075e8a":"","hero_height":"250px","pageTitleFont":{"family":"Default","variation":"Default","size":"30px","line-height":"CT_CSS_SKIP_RULE","letter-spacing":"CT_CSS_SKIP_RULE","text-transform":"CT_CSS_SKIP_RULE","text-decoration":"CT_CSS_SKIP_RULE"},"pageTitleFontColor":{"default":{"color":"CT_CSS_SKIP_RULEDEFAULT"}},"pageMetaFont":{"family":"Default","variation":"n6","size":"12px","line-height":"1.3","letter-spacing":"CT_CSS_SKIP_RULE","text-transform":"uppercase","text-decoration":"CT_CSS_SKIP_RULE"},"pageMetaFontColor":{"default":{"color":"CT_CSS_SKIP_RULEDEFAULT"},"hover":{"color":"CT_CSS_SKIP_RULEDEFAULT"}},"page_meta_button_type_font_colors":{"default":{"color":"CT_CSS_SKIP_RULEDEFAULT"},"hover":{"color":"CT_CSS_SKIP_RULEDEFAULT"}},"page_meta_button_type_background_colors":{"default":{"color":"CT_CSS_SKIP_RULEDEFAULT"},"hover":{"color":"CT_CSS_SKIP_RULEDEFAULT"}},"pageExcerptFont":{"family":"Default","variation":"Default","size":"CT_CSS_SKIP_RULE","line-height":"CT_CSS_SKIP_RULE","letter-spacing":"CT_CSS_SKIP_RULE","text-transform":"CT_CSS_SKIP_RULE","text-decoration":"CT_CSS_SKIP_RULE"},"pageExcerptColor":{"default":{"color":"CT_CSS_SKIP_RULEDEFAULT"}},"breadcrumbsFont":{"family":"Default","variation":"Default","size":"CT_CSS_SKIP_RULE","line-height":"CT_CSS_SKIP_RULE","letter-spacing":"CT_CSS_SKIP_RULE","text-transform":"CT_CSS_SKIP_RULE","text-decoration":"CT_CSS_SKIP_RULE"},"breadcrumbsFontColor":{"default":{"color":"CT_CSS_SKIP_RULEDEFAULT"},"initial":{"color":"CT_CSS_SKIP_RULEDEFAULT"},"hover":{"color":"CT_CSS_SKIP_RULEDEFAULT"}},"pageTitleOverlay":{"background_type":"color","background_pattern":"type-1","background_image":{"attachment_id":null,"x":0,"y":0},"gradient":"linear-gradient(135deg,rgba(6,147,227,1) 0%,rgb(155,81,224) 100%)","background_repeat":"repeat","background_size":"auto","background_attachment":"scroll","patternColor":{"default":{"color":"#e5e7ea"}},"overlayColor":{"default":{"color":"CT_CSS_SKIP_RULE"}},"backgroundColor":{"default":{"color":"CT_CSS_SKIP_RULE"}}},"pageTitleBackground":{"background_type":"color","background_pattern":"type-1","background_image":{"attachment_id":null,"x":0,"y":0},"gradient":"linear-gradient(135deg,rgba(6,147,227,1) 0%,rgb(155,81,224) 100%)","background_repeat":"repeat","background_size":"auto","background_attachment":"scroll","patternColor":{"default":{"color":"#e5e7ea"}},"overlayColor":{"default":{"color":"CT_CSS_SKIP_RULE"}},"backgroundColor":{"default":{"color":"var(--theme-palette-color-6)"}}},"pageTitlePadding":{"top":"50px","bottom":"50px","left":"auto","right":"auto","linked":true},"202f0cbc398d714e048b39197ae71e6d":"","page_structure_type":"default","854bd40f7f8b4d7a95aa3e0f49708ea4":"","content_style_source":"inherit","content_style":"wide","vertical_spacing_source":"custom","content_area_spacing":"none","background":{"background_type":"color","background_pattern":"type-1","background_image":{"attachment_id":null,"x":0,"y":0},"gradient":"linear-gradient(135deg,rgba(6,147,227,1) 0%,rgb(155,81,224) 100%)","background_repeat":"repeat","background_size":"auto","background_attachment":"scroll","patternColor":{"default":{"color":"#e5e7ea"}},"overlayColor":{"default":{"color":"CT_CSS_SKIP_RULE"}},"backgroundColor":{"default":{"color":"CT_CSS_SKIP_RULE"}}},"content_background":{"background_type":"color","background_pattern":"type-1","background_image":{"attachment_id":null,"x":0,"y":0},"gradient":"linear-gradient(135deg,rgba(6,147,227,1) 0%,rgb(155,81,224) 100%)","background_repeat":"repeat","background_size":"auto","background_attachment":"scroll","patternColor":{"default":{"color":"#e5e7ea"}},"overlayColor":{"default":{"color":"CT_CSS_SKIP_RULE"}},"backgroundColor":{"default":{"color":"var(--theme-palette-color-8)"}}},"content_boxed_shadow":{"inherit":false,"blur":18,"spread":-6,"v_offset":12,"h_offset":0,"inset":false,"enable":true,"color":{"color":"rgba(34, 56, 101, 0.04)"}},"content_boxed_border":{"width":1,"style":"none","color":{"color":"rgba(44,62,80,0.2)"}},"content_boxed_radius":{"top":"3px","bottom":"3px","left":"3px","right":"3px","linked":true},"boxed_content_spacing":{"desktop":{"top":"40px","bottom":"40px","left":"40px","right":"40px","linked":true},"tablet":{"top":"35px","bottom":"35px","left":"35px","right":"35px","linked":true},"mobile":{"top":"20px","bottom":"20px","left":"20px","right":"20px","linked":true}},"b0da049bbc9a67cf3a03559f10c8de95":"","disable_featured_image":"no","disable_share_box":"no","disable_header":"no","disable_footer":"no","styles_descriptor":{"styles":{"desktop":"","tablet":"","mobile":""},"google_fonts":[],"version":6}},"_links":{"self":[{"href":"https:\/\/www.unioviedo.es\/vivireuropa\/index.php\/wp-json\/wp\/v2\/pages\/5727","targetHints":{"allow":["GET"]}}],"collection":[{"href":"https:\/\/www.unioviedo.es\/vivireuropa\/index.php\/wp-json\/wp\/v2\/pages"}],"about":[{"href":"https:\/\/www.unioviedo.es\/vivireuropa\/index.php\/wp-json\/wp\/v2\/types\/page"}],"author":[{"embeddable":true,"href":"https:\/\/www.unioviedo.es\/vivireuropa\/index.php\/wp-json\/wp\/v2\/users\/667"}],"replies":[{"embeddable":true,"href":"https:\/\/www.unioviedo.es\/vivireuropa\/index.php\/wp-json\/wp\/v2\/comments?post=5727"}],"version-history":[{"count":16,"href":"https:\/\/www.unioviedo.es\/vivireuropa\/index.php\/wp-json\/wp\/v2\/pages\/5727\/revisions"}],"predecessor-version":[{"id":6029,"href":"https:\/\/www.unioviedo.es\/vivireuropa\/index.php\/wp-json\/wp\/v2\/pages\/5727\/revisions\/6029"}],"wp:attachment":[{"href":"https:\/\/www.unioviedo.es\/vivireuropa\/index.php\/wp-json\/wp\/v2\/media?parent=5727"}],"curies":[{"name":"wp","href":"https:\/\/api.w.org\/{rel}","templated":true}]}}