{"id":6030,"date":"2024-07-24T11:49:12","date_gmt":"2024-07-24T10:49:12","guid":{"rendered":"https:\/\/www.unioviedo.es\/vivireuropa\/?page_id=6030"},"modified":"2024-07-24T12:38:12","modified_gmt":"2024-07-24T11:38:12","slug":"proyectos-efectos-de-la-integracion-europea-actividades-congreso","status":"publish","type":"page","link":"https:\/\/www.unioviedo.es\/vivireuropa\/index.php\/proyectos-efectos-de-la-integracion-europea-actividades-congreso\/","title":{"rendered":"Proyectos: Efectos de la integraci\u00f3n Europea &#8211; Actividades &#8211; Congreso"},"content":{"rendered":"\t\t<div data-elementor-type=\"wp-page\" data-elementor-id=\"6030\" class=\"elementor elementor-6030\">\n\t\t\t\t<div class=\"elementor-element elementor-element-b52623c e-flex e-con-boxed e-con e-parent\" data-id=\"b52623c\" data-element_type=\"container\" data-e-type=\"container\">\n\t\t\t\t\t<div class=\"e-con-inner\">\n\t\t\t\t<div class=\"elementor-element elementor-element-65971a2 elementor-widget elementor-widget-heading\" data-id=\"65971a2\" data-element_type=\"widget\" data-e-type=\"widget\" data-widget_type=\"heading.default\">\n\t\t\t\t<div class=\"elementor-widget-container\">\n\t\t\t\t\t<h2 class=\"elementor-heading-title elementor-size-default\">Efectos de la integraci\u00f3n europea en la aproximaci\u00f3n econ\u00f3mica y fiscal de los Estados miembros<\/h2>\t\t\t\t<\/div>\n\t\t\t\t<\/div>\n\t\t\t\t\t<\/div>\n\t\t\t\t<\/div>\n\t\t<div class=\"elementor-element elementor-element-8797845 e-flex e-con-boxed e-con e-parent\" data-id=\"8797845\" data-element_type=\"container\" data-e-type=\"container\">\n\t\t\t\t\t<div class=\"e-con-inner\">\n\t\t<div class=\"elementor-element elementor-element-7e1f692 e-con-full e-flex e-con e-child\" data-id=\"7e1f692\" data-element_type=\"container\" data-e-type=\"container\">\n\t\t<div class=\"elementor-element elementor-element-e1cdefa e-con-full e-flex e-con e-child\" data-id=\"e1cdefa\" data-element_type=\"container\" data-e-type=\"container\">\n\t\t<div class=\"elementor-element elementor-element-1bd702e e-con-full e-flex e-con e-child\" data-id=\"1bd702e\" data-element_type=\"container\" data-e-type=\"container\" data-settings=\"{&quot;background_background&quot;:&quot;classic&quot;}\">\n\t\t\t\t<div class=\"elementor-element elementor-element-5009768 elementor-widget elementor-widget-heading\" data-id=\"5009768\" data-element_type=\"widget\" data-e-type=\"widget\" data-widget_type=\"heading.default\">\n\t\t\t\t<div class=\"elementor-widget-container\">\n\t\t\t\t\t<h5 class=\"elementor-heading-title elementor-size-default\">Actividades<\/h5>\t\t\t\t<\/div>\n\t\t\t\t<\/div>\n\t\t\t\t<\/div>\n\t\t\t\t<\/div>\n\t\t\t\t<\/div>\n\t\t\t\t\t<\/div>\n\t\t\t\t<\/div>\n\t\t<div class=\"elementor-element elementor-element-a4129d7 e-flex e-con-boxed e-con e-parent\" data-id=\"a4129d7\" data-element_type=\"container\" data-e-type=\"container\">\n\t\t\t\t\t<div class=\"e-con-inner\">\n\t\t\t\t<div class=\"elementor-element elementor-element-639465e elementor-widget elementor-widget-text-editor\" data-id=\"639465e\" data-element_type=\"widget\" data-e-type=\"widget\" data-widget_type=\"text-editor.default\">\n\t\t\t\t<div class=\"elementor-widget-container\">\n\t\t\t\t\t\t\t\t\t<h3>Congreso internacional \u00abIEREF\u00bb<\/h3>\t\t\t\t\t\t\t\t<\/div>\n\t\t\t\t<\/div>\n\t\t\t\t<div class=\"elementor-element elementor-element-ca525bd elementor-widget elementor-widget-text-editor\" data-id=\"ca525bd\" data-element_type=\"widget\" data-e-type=\"widget\" data-widget_type=\"text-editor.default\">\n\t\t\t\t<div class=\"elementor-widget-container\">\n\t\t\t\t\t\t\t\t\t<p>El mercado \u00fanico ha cambiado nuestra manera de vivir y entender Europa. Trabajar, estudiar o viajar es diferente hoy. Pero este proceso no ha concluido y la actual crisis econ\u00f3mica puede suponer un peligro para su culminaci\u00f3n. Por eso es importante analizar las ventajas que tanto este mercado como el mismo proceso de integraci\u00f3n europea ofrecen, as\u00ed como las posibilidades a\u00fan abiertas para su desarrollo.<\/p><p>Los d\u00edas 23 a 25 de junio de 2016 se celebrar\u00e1 en Gij\u00f3n un Congreso Internacional, que cerrar\u00e1 el proyecto financiado por la Direcci\u00f3n General de Educaci\u00f3n y Cultura de la Comisi\u00f3n Europea\u00a0<em>Efectos de la integraci\u00f3n europea en la aproximaci\u00f3n econ\u00f3mica y fiscal de los Estados miembros<\/em>, desarrollado por el equipo de investigaci\u00f3n sobre\u00a0<em>Fiscalidad e integraci\u00f3n europea<\/em>\u00a0de la Universidad de Oviedo.<\/p><p>El encuentro se desarrollar\u00e1 en varias sesiones, con mesas redondas y debates en los que participar\u00e1n ponentes de reconocido prestigio de distintas universidades europeas en los \u00e1mbitos econ\u00f3mico y financiero, con especial presencia de catedr\u00e1ticos Jean Monnet.<\/p><p>Con car\u00e1cter multidisciplinar, la tarde del jueves d\u00eda 23 se dedicar\u00e1 a abordar distintos aspectos de la integraci\u00f3n europea de inter\u00e9s general, para seguir luego con otros de car\u00e1cter fiscal y finalizar el d\u00eda 25 con un an\u00e1lisis econ\u00f3mico.<\/p><p>Todas las actividades del congreso son independientes y de acceso libre y gratuito hasta completar aforo, excepto las comidas, que solo lo ser\u00e1n para quienes est\u00e9n inscritos en el congreso.<\/p>\t\t\t\t\t\t\t\t<\/div>\n\t\t\t\t<\/div>\n\t\t<div class=\"elementor-element elementor-element-25addd5 e-flex e-con-boxed e-con e-child\" data-id=\"25addd5\" data-element_type=\"container\" data-e-type=\"container\">\n\t\t\t\t\t<div class=\"e-con-inner\">\n\t\t\t\t<div class=\"elementor-element elementor-element-e256781 elementor-widget elementor-widget-accordion\" data-id=\"e256781\" data-element_type=\"widget\" data-e-type=\"widget\" data-widget_type=\"accordion.default\">\n\t\t\t\t<div class=\"elementor-widget-container\">\n\t\t\t\t\t\t\t<div class=\"elementor-accordion\">\n\t\t\t\t\t\t\t<div class=\"elementor-accordion-item\">\n\t\t\t\t\t<div id=\"elementor-tab-title-2371\" class=\"elementor-tab-title\" data-tab=\"1\" role=\"button\" aria-controls=\"elementor-tab-content-2371\" aria-expanded=\"false\">\n\t\t\t\t\t\t\t\t\t\t\t\t\t<span class=\"elementor-accordion-icon elementor-accordion-icon-left\" aria-hidden=\"true\">\n\t\t\t\t\t\t\t\t\t\t\t\t\t\t\t<span class=\"elementor-accordion-icon-closed\"><svg class=\"e-font-icon-svg e-fas-plus\" viewBox=\"0 0 448 512\" xmlns=\"http:\/\/www.w3.org\/2000\/svg\"><path d=\"M416 208H272V64c0-17.67-14.33-32-32-32h-32c-17.67 0-32 14.33-32 32v144H32c-17.67 0-32 14.33-32 32v32c0 17.67 14.33 32 32 32h144v144c0 17.67 14.33 32 32 32h32c17.67 0 32-14.33 32-32V304h144c17.67 0 32-14.33 32-32v-32c0-17.67-14.33-32-32-32z\"><\/path><\/svg><\/span>\n\t\t\t\t\t\t\t\t<span class=\"elementor-accordion-icon-opened\"><svg class=\"e-font-icon-svg e-fas-minus\" viewBox=\"0 0 448 512\" xmlns=\"http:\/\/www.w3.org\/2000\/svg\"><path d=\"M416 208H32c-17.67 0-32 14.33-32 32v32c0 17.67 14.33 32 32 32h384c17.67 0 32-14.33 32-32v-32c0-17.67-14.33-32-32-32z\"><\/path><\/svg><\/span>\n\t\t\t\t\t\t\t\t\t\t\t\t\t\t<\/span>\n\t\t\t\t\t\t\t\t\t\t\t\t<a class=\"elementor-accordion-title\" tabindex=\"0\">CALENDARIO<\/a>\n\t\t\t\t\t<\/div>\n\t\t\t\t\t<div id=\"elementor-tab-content-2371\" class=\"elementor-tab-content elementor-clearfix\" data-tab=\"1\" role=\"region\" aria-labelledby=\"elementor-tab-title-2371\"><p style=\"box-sizing: inherit; border-width: 0px; border-style: initial; margin-bottom: 1.5em; font-size: 16px; text-align: start; color: #5e5e69; font-family: Muli, sans-serif;\"><span style=\"font-style: var(--theme-font-style, inherit); font-weight: bold; letter-spacing: var(--theme-letter-spacing); text-transform: var(--theme-text-transform); font-variant-ligatures: inherit; font-variant-caps: inherit;\">Fechas clave<\/span><\/p><ul><li>Presentaci\u00f3n de res\u00famenes de comunicaciones: Hasta el 8 de abril de 2016<\/li><li>Confirmaci\u00f3n de la aceptaci\u00f3n de res\u00famenes: Hasta el 30 de abril de 2016<\/li><li>Presentaci\u00f3n de textos completos: Hasta el 31 de mayo de 2016<\/li><li>Confirmaci\u00f3n de la aceptaci\u00f3n de textos completos: 20 de junio de 2016<\/li><li>Plazo para la inscripci\u00f3n general en el Congreso: Hasta el 15 de junio de 2016<\/li><li>Celebraci\u00f3n del Congreso: Del 23 a 25 de junio de 2016 de 2016<\/li><\/ul><p style=\"box-sizing: inherit; border-width: 0px; border-style: initial; margin-bottom: 1.5em; font-size: 16px; text-align: start; color: #5e5e69; font-family: Muli, sans-serif;\"><span style=\"font-style: var(--theme-font-style, inherit); font-weight: bold; letter-spacing: var(--theme-letter-spacing); text-transform: var(--theme-text-transform); font-variant-ligatures: inherit; font-variant-caps: inherit;\">Otras fechas a tener en cuenta<\/span><\/p><ul><li>El 26 de junio son las elecciones generales<\/li><li>El 16 de junio finaliza el plazo para solicitar el voto por correo<\/li><\/ul><\/div>\n\t\t\t\t<\/div>\n\t\t\t\t\t\t\t\t<\/div>\n\t\t\t\t\t\t<\/div>\n\t\t\t\t<\/div>\n\t\t\t\t<div class=\"elementor-element elementor-element-c141840 elementor-widget elementor-widget-html\" data-id=\"c141840\" data-element_type=\"widget\" data-e-type=\"widget\" data-widget_type=\"html.default\">\n\t\t\t\t<div class=\"elementor-widget-container\">\n\t\t\t\t\t<script>\njQuery(document).ready(function($) {\nvar delay = 100; setTimeout(function() {\n$('.elementor-tab-title').removeClass('elementor-active');\n $('.elementor-tab-content').css('display', 'none'); }, delay);\n});\n<\/script>\t\t\t\t<\/div>\n\t\t\t\t<\/div>\n\t\t\t\t\t<\/div>\n\t\t\t\t<\/div>\n\t\t<div class=\"elementor-element elementor-element-1caf75e e-con-full e-flex e-con e-child\" data-id=\"1caf75e\" data-element_type=\"container\" data-e-type=\"container\">\n\t\t\t\t<div class=\"elementor-element elementor-element-28608ad elementor-widget elementor-widget-accordion\" data-id=\"28608ad\" data-element_type=\"widget\" data-e-type=\"widget\" data-widget_type=\"accordion.default\">\n\t\t\t\t<div class=\"elementor-widget-container\">\n\t\t\t\t\t\t\t<div class=\"elementor-accordion\">\n\t\t\t\t\t\t\t<div class=\"elementor-accordion-item\">\n\t\t\t\t\t<div id=\"elementor-tab-title-4231\" class=\"elementor-tab-title\" data-tab=\"1\" role=\"button\" aria-controls=\"elementor-tab-content-4231\" aria-expanded=\"false\">\n\t\t\t\t\t\t\t\t\t\t\t\t\t<span class=\"elementor-accordion-icon elementor-accordion-icon-left\" aria-hidden=\"true\">\n\t\t\t\t\t\t\t\t\t\t\t\t\t\t\t<span class=\"elementor-accordion-icon-closed\"><svg class=\"e-font-icon-svg e-fas-plus\" viewBox=\"0 0 448 512\" xmlns=\"http:\/\/www.w3.org\/2000\/svg\"><path d=\"M416 208H272V64c0-17.67-14.33-32-32-32h-32c-17.67 0-32 14.33-32 32v144H32c-17.67 0-32 14.33-32 32v32c0 17.67 14.33 32 32 32h144v144c0 17.67 14.33 32 32 32h32c17.67 0 32-14.33 32-32V304h144c17.67 0 32-14.33 32-32v-32c0-17.67-14.33-32-32-32z\"><\/path><\/svg><\/span>\n\t\t\t\t\t\t\t\t<span class=\"elementor-accordion-icon-opened\"><svg class=\"e-font-icon-svg e-fas-minus\" viewBox=\"0 0 448 512\" xmlns=\"http:\/\/www.w3.org\/2000\/svg\"><path d=\"M416 208H32c-17.67 0-32 14.33-32 32v32c0 17.67 14.33 32 32 32h384c17.67 0 32-14.33 32-32v-32c0-17.67-14.33-32-32-32z\"><\/path><\/svg><\/span>\n\t\t\t\t\t\t\t\t\t\t\t\t\t\t<\/span>\n\t\t\t\t\t\t\t\t\t\t\t\t<a class=\"elementor-accordion-title\" tabindex=\"0\">PROGRAMA<\/a>\n\t\t\t\t\t<\/div>\n\t\t\t\t\t<div id=\"elementor-tab-content-4231\" class=\"elementor-tab-content elementor-clearfix\" data-tab=\"1\" role=\"region\" aria-labelledby=\"elementor-tab-title-4231\"><p><span style=\"font-style: var(--theme-font-style, inherit); font-weight: bold; letter-spacing: var(--theme-letter-spacing); text-transform: var(--theme-text-transform); font-variant-ligatures: inherit; font-variant-caps: inherit;\">Jueves, 23 de junio de 2016, Sala de Conferencias del Centro de Cultura Antiguo Instituto<\/span><\/p><p><span style=\"font-weight: var(--theme-font-weight); letter-spacing: var(--theme-letter-spacing); text-transform: var(--theme-text-transform);\">16,15: Recepci\u00f3n de congresistas.<\/span><\/p><p><img fetchpriority=\"high\" decoding=\"async\" class=\"alignnone size-medium wp-image-6042\" src=\"http:\/\/www.unioviedo.es\/vivireuropa\/wp-content\/uploads\/2024\/07\/recepcion01-300x199.jpg\" alt=\"\" width=\"300\" height=\"199\" srcset=\"https:\/\/www.unioviedo.es\/vivireuropa\/wp-content\/uploads\/2024\/07\/recepcion01-300x199.jpg 300w, https:\/\/www.unioviedo.es\/vivireuropa\/wp-content\/uploads\/2024\/07\/recepcion01-1024x680.jpg 1024w, https:\/\/www.unioviedo.es\/vivireuropa\/wp-content\/uploads\/2024\/07\/recepcion01-768x510.jpg 768w, https:\/\/www.unioviedo.es\/vivireuropa\/wp-content\/uploads\/2024\/07\/recepcion01.jpg 1474w\" sizes=\"(max-width: 300px) 100vw, 300px\" \/> <img decoding=\"async\" class=\"alignnone size-medium wp-image-6049\" src=\"http:\/\/www.unioviedo.es\/vivireuropa\/wp-content\/uploads\/2024\/07\/recepcion08-300x199.jpg\" alt=\"\" width=\"300\" height=\"199\" srcset=\"https:\/\/www.unioviedo.es\/vivireuropa\/wp-content\/uploads\/2024\/07\/recepcion08-300x199.jpg 300w, https:\/\/www.unioviedo.es\/vivireuropa\/wp-content\/uploads\/2024\/07\/recepcion08-1024x680.jpg 1024w, https:\/\/www.unioviedo.es\/vivireuropa\/wp-content\/uploads\/2024\/07\/recepcion08-768x510.jpg 768w, https:\/\/www.unioviedo.es\/vivireuropa\/wp-content\/uploads\/2024\/07\/recepcion08.jpg 1474w\" sizes=\"(max-width: 300px) 100vw, 300px\" \/> <img decoding=\"async\" class=\"alignnone size-medium wp-image-6048\" src=\"http:\/\/www.unioviedo.es\/vivireuropa\/wp-content\/uploads\/2024\/07\/recepcion07-300x199.jpg\" alt=\"\" width=\"300\" height=\"199\" srcset=\"https:\/\/www.unioviedo.es\/vivireuropa\/wp-content\/uploads\/2024\/07\/recepcion07-300x199.jpg 300w, https:\/\/www.unioviedo.es\/vivireuropa\/wp-content\/uploads\/2024\/07\/recepcion07-1024x680.jpg 1024w, https:\/\/www.unioviedo.es\/vivireuropa\/wp-content\/uploads\/2024\/07\/recepcion07-768x510.jpg 768w, https:\/\/www.unioviedo.es\/vivireuropa\/wp-content\/uploads\/2024\/07\/recepcion07.jpg 1474w\" sizes=\"(max-width: 300px) 100vw, 300px\" \/> <img loading=\"lazy\" decoding=\"async\" class=\"alignnone size-medium wp-image-6047\" src=\"http:\/\/www.unioviedo.es\/vivireuropa\/wp-content\/uploads\/2024\/07\/recepcion06-300x199.jpg\" alt=\"\" width=\"300\" height=\"199\" srcset=\"https:\/\/www.unioviedo.es\/vivireuropa\/wp-content\/uploads\/2024\/07\/recepcion06-300x199.jpg 300w, https:\/\/www.unioviedo.es\/vivireuropa\/wp-content\/uploads\/2024\/07\/recepcion06-1024x680.jpg 1024w, https:\/\/www.unioviedo.es\/vivireuropa\/wp-content\/uploads\/2024\/07\/recepcion06-768x510.jpg 768w, https:\/\/www.unioviedo.es\/vivireuropa\/wp-content\/uploads\/2024\/07\/recepcion06.jpg 1474w\" sizes=\"(max-width: 300px) 100vw, 300px\" \/> <img loading=\"lazy\" decoding=\"async\" class=\"alignnone size-medium wp-image-6046\" src=\"http:\/\/www.unioviedo.es\/vivireuropa\/wp-content\/uploads\/2024\/07\/recepcion05-300x199.jpg\" alt=\"\" width=\"300\" height=\"199\" srcset=\"https:\/\/www.unioviedo.es\/vivireuropa\/wp-content\/uploads\/2024\/07\/recepcion05-300x199.jpg 300w, https:\/\/www.unioviedo.es\/vivireuropa\/wp-content\/uploads\/2024\/07\/recepcion05-1024x680.jpg 1024w, https:\/\/www.unioviedo.es\/vivireuropa\/wp-content\/uploads\/2024\/07\/recepcion05-768x510.jpg 768w, https:\/\/www.unioviedo.es\/vivireuropa\/wp-content\/uploads\/2024\/07\/recepcion05.jpg 1474w\" sizes=\"(max-width: 300px) 100vw, 300px\" \/> <img loading=\"lazy\" decoding=\"async\" class=\"alignnone size-medium wp-image-6045\" src=\"http:\/\/www.unioviedo.es\/vivireuropa\/wp-content\/uploads\/2024\/07\/recepcion04-300x199.jpg\" alt=\"\" width=\"300\" height=\"199\" srcset=\"https:\/\/www.unioviedo.es\/vivireuropa\/wp-content\/uploads\/2024\/07\/recepcion04-300x199.jpg 300w, https:\/\/www.unioviedo.es\/vivireuropa\/wp-content\/uploads\/2024\/07\/recepcion04-1024x680.jpg 1024w, https:\/\/www.unioviedo.es\/vivireuropa\/wp-content\/uploads\/2024\/07\/recepcion04-768x510.jpg 768w, https:\/\/www.unioviedo.es\/vivireuropa\/wp-content\/uploads\/2024\/07\/recepcion04.jpg 1474w\" sizes=\"(max-width: 300px) 100vw, 300px\" \/> <img loading=\"lazy\" decoding=\"async\" class=\"alignnone size-medium wp-image-6044\" src=\"http:\/\/www.unioviedo.es\/vivireuropa\/wp-content\/uploads\/2024\/07\/recepcion03-300x199.jpg\" alt=\"\" width=\"300\" height=\"199\" srcset=\"https:\/\/www.unioviedo.es\/vivireuropa\/wp-content\/uploads\/2024\/07\/recepcion03-300x199.jpg 300w, https:\/\/www.unioviedo.es\/vivireuropa\/wp-content\/uploads\/2024\/07\/recepcion03-1024x680.jpg 1024w, https:\/\/www.unioviedo.es\/vivireuropa\/wp-content\/uploads\/2024\/07\/recepcion03-768x510.jpg 768w, https:\/\/www.unioviedo.es\/vivireuropa\/wp-content\/uploads\/2024\/07\/recepcion03.jpg 1474w\" sizes=\"(max-width: 300px) 100vw, 300px\" \/> <img loading=\"lazy\" decoding=\"async\" class=\"alignnone size-medium wp-image-6043\" src=\"http:\/\/www.unioviedo.es\/vivireuropa\/wp-content\/uploads\/2024\/07\/recepcion02-300x199.jpg\" alt=\"\" width=\"300\" height=\"199\" srcset=\"https:\/\/www.unioviedo.es\/vivireuropa\/wp-content\/uploads\/2024\/07\/recepcion02-300x199.jpg 300w, https:\/\/www.unioviedo.es\/vivireuropa\/wp-content\/uploads\/2024\/07\/recepcion02-1024x680.jpg 1024w, https:\/\/www.unioviedo.es\/vivireuropa\/wp-content\/uploads\/2024\/07\/recepcion02-768x510.jpg 768w, https:\/\/www.unioviedo.es\/vivireuropa\/wp-content\/uploads\/2024\/07\/recepcion02.jpg 1474w\" sizes=\"(max-width: 300px) 100vw, 300px\" \/><\/p><p>16,30: Inauguraci\u00f3n oficial y presentaci\u00f3n del proyecto.<\/p><p>17,30: Di\u00e1logo abierto sobre \u00abLas transformaciones econ\u00f3micas experimentadas por Espa\u00f1a tras 30 a\u00f1os en la UE\u00bb.<\/p><p>18,00: Di\u00e1logo abierto sobre \u00abEl papel de Espa\u00f1a en los \u00faltimos 30 a\u00f1os del Parlamento Europeo, visto por sus protagonistas\u00bb.<\/p><p>19,00: Pausa<\/p><p>19,30: Di\u00e1logo abierto sobre \u00abLa relevancia para Espa\u00f1a de la evoluci\u00f3n europea que no conocemos\u00bb.<\/p><p>21,00: Visita al Acuario de Gij\u00f3n<\/p><p><span style=\"font-style: var(--theme-font-style, inherit); font-weight: bold; letter-spacing: var(--theme-letter-spacing); text-transform: var(--theme-text-transform); font-variant-ligatures: inherit; font-variant-caps: inherit;\">Viernes, 24 de junio de 2016, Sala 1 de La Laboral (horario de ma\u00f1ana)<br \/><\/span><\/p><p>9,30: Mesa redonda: \u00abCoordinaci\u00f3n fiscal y gobernanza econ\u00f3mica en la UE\u00bb.<\/p><p>11,30: Pausa-caf\u00e9<\/p><p>12,00: Mesa redonda: \u00abArmonizaci\u00f3n fiscal y aproximaci\u00f3n de los sistemas fiscales\u00bb.<\/p><p>14,15: Traslado para comida en la Quinta del Infanz\u00f3n.<\/p><p><span style=\"font-style: var(--theme-font-style, inherit); font-weight: bold; letter-spacing: var(--theme-letter-spacing); text-transform: var(--theme-text-transform); font-variant-ligatures: inherit; font-variant-caps: inherit;\">Viernes, 24 de junio de 2016, Facultad de Comercio, Turismo y Ciencias Sociales Jovellanos (horario de tarde)<\/span><\/p><p>16,00: Lectura de comunicaciones<\/p><p>19,00: Visita a la Universidad Laboral<\/p><p><span style=\"font-style: var(--theme-font-style, inherit); font-weight: bold; letter-spacing: var(--theme-letter-spacing); text-transform: var(--theme-text-transform); font-variant-ligatures: inherit; font-variant-caps: inherit;\">S\u00e1bado, 25 de junio de 2016, Sala 1 de La Laboral (se contar\u00e1 con servicio de traducci\u00f3n)<\/span><\/p><p>9,00: Mesa redonda: \u00abArmonizaci\u00f3n fiscal y aproximaci\u00f3n de los sistemas fiscales\u00bb.<\/p><p>11,00: Pausa<\/p><p>11,30: Mesa redonda\u00bb Convergencia econ\u00f3mica en un mercado \u00fanico\u00bb.<\/p><p>13,30: Clausura del Congreso y conclusiones<\/p><p>14,00: Traslado para espicha asturiana en el Llagar de Castiello.<\/p><\/div>\n\t\t\t\t<\/div>\n\t\t\t\t\t\t\t\t<\/div>\n\t\t\t\t\t\t<\/div>\n\t\t\t\t<\/div>\n\t\t\t\t<div class=\"elementor-element elementor-element-30cb360 elementor-widget elementor-widget-html\" data-id=\"30cb360\" data-element_type=\"widget\" data-e-type=\"widget\" data-widget_type=\"html.default\">\n\t\t\t\t<div class=\"elementor-widget-container\">\n\t\t\t\t\t<script>\njQuery(document).ready(function($) {\nvar delay = 100; setTimeout(function() {\n$('.elementor-tab-title').removeClass('elementor-active');\n $('.elementor-tab-content').css('display', 'none'); }, delay);\n});\n<\/script>\t\t\t\t<\/div>\n\t\t\t\t<\/div>\n\t\t\t\t<\/div>\n\t\t<div class=\"elementor-element elementor-element-89c55a3 e-con-full e-flex e-con e-child\" data-id=\"89c55a3\" data-element_type=\"container\" data-e-type=\"container\">\n\t\t\t\t<div class=\"elementor-element elementor-element-b72d042 elementor-widget elementor-widget-accordion\" data-id=\"b72d042\" data-element_type=\"widget\" data-e-type=\"widget\" data-widget_type=\"accordion.default\">\n\t\t\t\t<div class=\"elementor-widget-container\">\n\t\t\t\t\t\t\t<div class=\"elementor-accordion\">\n\t\t\t\t\t\t\t<div class=\"elementor-accordion-item\">\n\t\t\t\t\t<div id=\"elementor-tab-title-1921\" class=\"elementor-tab-title\" data-tab=\"1\" role=\"button\" aria-controls=\"elementor-tab-content-1921\" aria-expanded=\"false\">\n\t\t\t\t\t\t\t\t\t\t\t\t\t<span class=\"elementor-accordion-icon elementor-accordion-icon-left\" aria-hidden=\"true\">\n\t\t\t\t\t\t\t\t\t\t\t\t\t\t\t<span class=\"elementor-accordion-icon-closed\"><svg class=\"e-font-icon-svg e-fas-plus\" viewBox=\"0 0 448 512\" xmlns=\"http:\/\/www.w3.org\/2000\/svg\"><path d=\"M416 208H272V64c0-17.67-14.33-32-32-32h-32c-17.67 0-32 14.33-32 32v144H32c-17.67 0-32 14.33-32 32v32c0 17.67 14.33 32 32 32h144v144c0 17.67 14.33 32 32 32h32c17.67 0 32-14.33 32-32V304h144c17.67 0 32-14.33 32-32v-32c0-17.67-14.33-32-32-32z\"><\/path><\/svg><\/span>\n\t\t\t\t\t\t\t\t<span class=\"elementor-accordion-icon-opened\"><svg class=\"e-font-icon-svg e-fas-minus\" viewBox=\"0 0 448 512\" xmlns=\"http:\/\/www.w3.org\/2000\/svg\"><path d=\"M416 208H32c-17.67 0-32 14.33-32 32v32c0 17.67 14.33 32 32 32h384c17.67 0 32-14.33 32-32v-32c0-17.67-14.33-32-32-32z\"><\/path><\/svg><\/span>\n\t\t\t\t\t\t\t\t\t\t\t\t\t\t<\/span>\n\t\t\t\t\t\t\t\t\t\t\t\t<a class=\"elementor-accordion-title\" tabindex=\"0\">NORMAS DE PUBLICACI\u00d3N<\/a>\n\t\t\t\t\t<\/div>\n\t\t\t\t\t<div id=\"elementor-tab-content-1921\" class=\"elementor-tab-content elementor-clearfix\" data-tab=\"1\" role=\"region\" aria-labelledby=\"elementor-tab-title-1921\"><p>La Ley de la Ciencia, la Tecnolog\u00eda y la Innovaci\u00f3n 14\/2011, de 1 de junio, se compromete con la difusi\u00f3n universal del conocimiento y pol\u00edticas a favor del acceso abierto a la informaci\u00f3n cient\u00edfica. Tambi\u00e9n el proyecto Horizonte 2020 establece la necesidad de depositar en repositorios en acceso abierto los resultados de proyectos subvencionados.<\/p><p>Conscientes de la importancia que tiene la difusi\u00f3n de los resultados de las investigaciones, imprescindible para el avance de la ciencia, todos los trabajos derivados del proyecto ser\u00e1n publicados dando lugar a una colecci\u00f3n de estudios de car\u00e1cter pluridisciplinar bajo el t\u00edtulo com\u00fan Los desaf\u00edos de la integraci\u00f3n europea.<\/p><p>Los originales ser\u00e1n sometidos a evaluaci\u00f3n y ser\u00e1 posible publicar en los idiomas oficiales de la Uni\u00f3n Europea.<\/p><ul><li><a href=\"http:\/\/www.uniovi.net\/jeanmonnet\/proyectos\/IEREF\/publicar\/NORMAS_DE_ESTILO_PARA_LA_PRESENTACION_DE_ORIGINALES.pdf\">Normas de estilo para la presentaci\u00f3n de originales<\/a><\/li><li><a href=\"http:\/\/www.uniovi.net\/jeanmonnet\/proyectos\/IEREF\/publicar\/STYLE_GUIDE_AND_INSTRUCTIONS_FOR_AUTHORS.pdf\">Style Guide and Instructions for Authors.pdf<\/a><\/li><\/ul><\/div>\n\t\t\t\t<\/div>\n\t\t\t\t\t\t\t\t<\/div>\n\t\t\t\t\t\t<\/div>\n\t\t\t\t<\/div>\n\t\t\t\t<div class=\"elementor-element elementor-element-9f2d6d4 elementor-widget elementor-widget-html\" data-id=\"9f2d6d4\" data-element_type=\"widget\" data-e-type=\"widget\" data-widget_type=\"html.default\">\n\t\t\t\t<div class=\"elementor-widget-container\">\n\t\t\t\t\t<script>\njQuery(document).ready(function($) {\nvar delay = 100; setTimeout(function() {\n$('.elementor-tab-title').removeClass('elementor-active');\n $('.elementor-tab-content').css('display', 'none'); }, delay);\n});\n<\/script>\t\t\t\t<\/div>\n\t\t\t\t<\/div>\n\t\t\t\t<\/div>\n\t\t<div class=\"elementor-element elementor-element-64a9583 e-con-full e-flex e-con e-child\" data-id=\"64a9583\" data-element_type=\"container\" data-e-type=\"container\">\n\t\t\t\t<div class=\"elementor-element elementor-element-d42614d elementor-widget elementor-widget-accordion\" data-id=\"d42614d\" data-element_type=\"widget\" data-e-type=\"widget\" data-widget_type=\"accordion.default\">\n\t\t\t\t<div class=\"elementor-widget-container\">\n\t\t\t\t\t\t\t<div class=\"elementor-accordion\">\n\t\t\t\t\t\t\t<div class=\"elementor-accordion-item\">\n\t\t\t\t\t<div id=\"elementor-tab-title-2221\" class=\"elementor-tab-title\" data-tab=\"1\" role=\"button\" aria-controls=\"elementor-tab-content-2221\" aria-expanded=\"false\">\n\t\t\t\t\t\t\t\t\t\t\t\t\t<span class=\"elementor-accordion-icon elementor-accordion-icon-left\" aria-hidden=\"true\">\n\t\t\t\t\t\t\t\t\t\t\t\t\t\t\t<span class=\"elementor-accordion-icon-closed\"><svg class=\"e-font-icon-svg e-fas-plus\" viewBox=\"0 0 448 512\" xmlns=\"http:\/\/www.w3.org\/2000\/svg\"><path d=\"M416 208H272V64c0-17.67-14.33-32-32-32h-32c-17.67 0-32 14.33-32 32v144H32c-17.67 0-32 14.33-32 32v32c0 17.67 14.33 32 32 32h144v144c0 17.67 14.33 32 32 32h32c17.67 0 32-14.33 32-32V304h144c17.67 0 32-14.33 32-32v-32c0-17.67-14.33-32-32-32z\"><\/path><\/svg><\/span>\n\t\t\t\t\t\t\t\t<span class=\"elementor-accordion-icon-opened\"><svg class=\"e-font-icon-svg e-fas-minus\" viewBox=\"0 0 448 512\" xmlns=\"http:\/\/www.w3.org\/2000\/svg\"><path d=\"M416 208H32c-17.67 0-32 14.33-32 32v32c0 17.67 14.33 32 32 32h384c17.67 0 32-14.33 32-32v-32c0-17.67-14.33-32-32-32z\"><\/path><\/svg><\/span>\n\t\t\t\t\t\t\t\t\t\t\t\t\t\t<\/span>\n\t\t\t\t\t\t\t\t\t\t\t\t<a class=\"elementor-accordion-title\" tabindex=\"0\">COMIT\u00c9 CIENT\u00cdFICO<\/a>\n\t\t\t\t\t<\/div>\n\t\t\t\t\t<div id=\"elementor-tab-content-2221\" class=\"elementor-tab-content elementor-clearfix\" data-tab=\"1\" role=\"region\" aria-labelledby=\"elementor-tab-title-2221\"><div id=\"derecha\"><div id=\"contenido\"><div id=\"texto\"><ul><li><b>Abad Fern\u00e1ndez, Mariano<\/b>\u00a0<i>(Universidad de Oviedo)<\/i><\/li><li><b>\u00c1lvarez Garc\u00eda, Santiago<\/b>\u00a0<i>(Universidad de Oviedo)<\/i><\/li><li><b>Aparicio P\u00e9rez, Antonio<\/b>\u00a0<i>(Universidad de Oviedo)<\/i><\/li><li><b>Gonz\u00e1lez Gonz\u00e1lez, Ana Isabel<\/b>\u00a0<i>(Universidad de Oviedo)<\/i><\/li><li><b>Herrero de la Escosura, Patricia<\/b>\u00a0<i>(Univesidad de Oviedo)<\/i><\/li><li><b>Kundera, Jaroslaw<\/b>\u00a0<i>(Universidad de Wroclaw)<\/i><\/li><li><b>Lasarte \u00c1lvarez, Javier<\/b>\u00a0<i>(Universidad Pablo de Olavide, Sevilla)<\/i><\/li><li><b>Marchessou, Philippe<\/b>\u00a0<i>(Universidad de Estrasburgo)<\/i><\/li><li><b>Pont Clemente, Joan Francesc<\/b>\u00a0<i>(Universidad de Barcelona)<\/i><\/li><li><b>di Pietro, Adriano<\/b>\u00a0<i>(Universidad de Bolonia)<\/i><\/li><li><b>Proen\u00e7a, Margarida<\/b>\u00a0<i>(Universidad do Minho, Braga)<\/i><\/li><li><b>Ramos Prieto, Jes\u00fas<\/b>\u00a0<i>(Universidad Pablo de Olavide, Sevilla)<\/i><\/li><li><b>Shivergeva, Margarita<\/b>\u00a0<i>(Universidad de Sof\u00eda)<\/i><\/li><li><b>Torregrosa Carn\u00e9, M\u00aa Dolors<\/b>\u00a0<i>(Universidad de Barcelona)<\/i><\/li><\/ul><\/div><\/div><\/div><\/div>\n\t\t\t\t<\/div>\n\t\t\t\t\t\t\t\t<\/div>\n\t\t\t\t\t\t<\/div>\n\t\t\t\t<\/div>\n\t\t\t\t<div class=\"elementor-element elementor-element-f0884a8 elementor-widget elementor-widget-html\" data-id=\"f0884a8\" data-element_type=\"widget\" data-e-type=\"widget\" data-widget_type=\"html.default\">\n\t\t\t\t<div class=\"elementor-widget-container\">\n\t\t\t\t\t<script>\njQuery(document).ready(function($) {\nvar delay = 100; setTimeout(function() {\n$('.elementor-tab-title').removeClass('elementor-active');\n $('.elementor-tab-content').css('display', 'none'); }, delay);\n});\n<\/script>\t\t\t\t<\/div>\n\t\t\t\t<\/div>\n\t\t\t\t<\/div>\n\t\t<div class=\"elementor-element elementor-element-1943c7a e-con-full e-flex e-con e-child\" data-id=\"1943c7a\" data-element_type=\"container\" data-e-type=\"container\">\n\t\t\t\t<div class=\"elementor-element elementor-element-743d3cd elementor-widget elementor-widget-accordion\" data-id=\"743d3cd\" data-element_type=\"widget\" data-e-type=\"widget\" data-widget_type=\"accordion.default\">\n\t\t\t\t<div class=\"elementor-widget-container\">\n\t\t\t\t\t\t\t<div class=\"elementor-accordion\">\n\t\t\t\t\t\t\t<div class=\"elementor-accordion-item\">\n\t\t\t\t\t<div id=\"elementor-tab-title-1211\" class=\"elementor-tab-title\" data-tab=\"1\" role=\"button\" aria-controls=\"elementor-tab-content-1211\" aria-expanded=\"false\">\n\t\t\t\t\t\t\t\t\t\t\t\t\t<span class=\"elementor-accordion-icon elementor-accordion-icon-left\" aria-hidden=\"true\">\n\t\t\t\t\t\t\t\t\t\t\t\t\t\t\t<span class=\"elementor-accordion-icon-closed\"><svg class=\"e-font-icon-svg e-fas-plus\" viewBox=\"0 0 448 512\" xmlns=\"http:\/\/www.w3.org\/2000\/svg\"><path d=\"M416 208H272V64c0-17.67-14.33-32-32-32h-32c-17.67 0-32 14.33-32 32v144H32c-17.67 0-32 14.33-32 32v32c0 17.67 14.33 32 32 32h144v144c0 17.67 14.33 32 32 32h32c17.67 0 32-14.33 32-32V304h144c17.67 0 32-14.33 32-32v-32c0-17.67-14.33-32-32-32z\"><\/path><\/svg><\/span>\n\t\t\t\t\t\t\t\t<span class=\"elementor-accordion-icon-opened\"><svg class=\"e-font-icon-svg e-fas-minus\" viewBox=\"0 0 448 512\" xmlns=\"http:\/\/www.w3.org\/2000\/svg\"><path d=\"M416 208H32c-17.67 0-32 14.33-32 32v32c0 17.67 14.33 32 32 32h384c17.67 0 32-14.33 32-32v-32c0-17.67-14.33-32-32-32z\"><\/path><\/svg><\/span>\n\t\t\t\t\t\t\t\t\t\t\t\t\t\t<\/span>\n\t\t\t\t\t\t\t\t\t\t\t\t<a class=\"elementor-accordion-title\" tabindex=\"0\">COLABORADORES<\/a>\n\t\t\t\t\t<\/div>\n\t\t\t\t\t<div id=\"elementor-tab-content-1211\" class=\"elementor-tab-content elementor-clearfix\" data-tab=\"1\" role=\"region\" aria-labelledby=\"elementor-tab-title-1211\"><table><tbody><tr><th bgcolor=\"#777\" width=\"700\">Comisi\u00f3n Europea<\/th><\/tr><tr><td align=\"center\" bgcolor=\"#fff\" height=\"200\"><a href=\"http:\/\/ec.europa.eu\/\"><img loading=\"lazy\" decoding=\"async\" title=\"Comisi\u00f3n Europea\" src=\"http:\/\/www.uniovi.net\/jeanmonnet\/proyectos\/IEREF\/actividades\/congreso\/colaboradores\/i1\/logo_CE.png\" alt=\"Comisi\u00f3n Europea\" width=\"279\" height=\"82\" \/><\/a><\/td><\/tr><tr><td height=\"10\">\u00a0<\/td><\/tr><tr><th bgcolor=\"#777\" width=\"700\">Universidad de Oviedo<\/th><\/tr><tr><td align=\"center\" bgcolor=\"#fff\" height=\"200\"><a href=\"http:\/\/www.uniovi.es\/\"><img loading=\"lazy\" decoding=\"async\" title=\"Universidad de Oviedo\" src=\"http:\/\/www.uniovi.net\/jeanmonnet\/proyectos\/IEREF\/actividades\/congreso\/colaboradores\/i1\/uniovi.png\" alt=\"Universidad de Oviedo\" width=\"362\" height=\"68\" \/><\/a><\/td><\/tr><tr><td height=\"10\">\u00a0<\/td><\/tr><tr><th bgcolor=\"#777\" width=\"700\">Facultad de Comercio, Turismo y Ciencias Sociales Jovellanos<\/th><\/tr><tr><td align=\"center\" bgcolor=\"#fff\" height=\"200\"><a href=\"https:\/\/jovellanos.uniovi.es\/\"><img loading=\"lazy\" decoding=\"async\" title=\"Facultad de Comercio, Turismo y Ciencias Sociales Jovellanos\" src=\"http:\/\/www.uniovi.net\/jeanmonnet\/proyectos\/IEREF\/actividades\/congreso\/colaboradores\/i1\/logo_jovellanos.png\" alt=\"Facultad de Comercio, Turismo y Ciencias Sociales Jovellanos\" width=\"300\" height=\"74\" \/><\/a><\/td><\/tr><tr><td height=\"10\">\u00a0<\/td><\/tr><\/tbody><\/table><h2>Colaboradores del Proyecto<\/h2><table><tbody><tr><th bgcolor=\"#777\" width=\"700\">Convention Bureau Gij\u00f3n<\/th><\/tr><tr><td align=\"center\" bgcolor=\"#fff\" height=\"200\"><a href=\"http:\/\/congresos.gijon.es\/\"><img loading=\"lazy\" decoding=\"async\" title=\"Convention Bureau Gij\u00f3n\" src=\"http:\/\/www.uniovi.net\/jeanmonnet\/proyectos\/IEREF\/actividades\/congreso\/colaboradores\/i2\/Gijon_bureau.png\" alt=\"Convention Bureau Gij\u00f3n\" width=\"200\" height=\"127\" \/><\/a><\/td><\/tr><tr><td height=\"10\">\u00a0<\/td><\/tr><tr><th bgcolor=\"#777\" width=\"700\">Fundaci\u00f3n Municipal de Cultura, Educaci\u00f3n y Universidad Popular &#8211; Ayuntamiento de Gij\u00f3n<\/th><\/tr><tr><td align=\"center\" bgcolor=\"#fff\" height=\"200\"><a href=\"http:\/\/cultura.gijon.es\/\"><img loading=\"lazy\" decoding=\"async\" title=\"Fundaci\u00f3n Municipal de Cultura, Educaci\u00f3n y Universidad Popular - Ayuntamiento de Gij\u00f3n\" src=\"http:\/\/www.uniovi.net\/jeanmonnet\/proyectos\/IEREF\/actividades\/congreso\/colaboradores\/i2\/Gijon_cultura.jpg\" alt=\"Fundaci\u00f3n Municipal de Cultura, Educaci\u00f3n y Universidad Popular - Ayuntamiento de Gij\u00f3n\" width=\"300\" height=\"60\" \/><\/a><\/td><\/tr><tr><td height=\"10\">\u00a0<\/td><\/tr><\/tbody><\/table><h2>Transportistas Colaboradores<\/h2><table><tbody><tr><th bgcolor=\"#777\" width=\"700\">ALSA<\/th><\/tr><tr><td align=\"center\" bgcolor=\"#fff\" height=\"200\"><a href=\"https:\/\/www.alsa.es\/\"><img loading=\"lazy\" decoding=\"async\" title=\"ALSA\" src=\"http:\/\/www.uniovi.net\/jeanmonnet\/proyectos\/IEREF\/actividades\/congreso\/colaboradores\/i3\/alsa.png\" alt=\"ALSA\" width=\"139\" height=\"44\" \/><\/a><\/td><\/tr><tr><td height=\"10\">\u00a0<\/td><\/tr><tr><th bgcolor=\"#777\" width=\"700\">RENFE<\/th><\/tr><tr><td align=\"center\" bgcolor=\"#fff\" height=\"200\"><a href=\"http:\/\/www.renfe.com\/\"><img loading=\"lazy\" decoding=\"async\" title=\"RENFE\" src=\"http:\/\/www.uniovi.net\/jeanmonnet\/proyectos\/IEREF\/actividades\/congreso\/colaboradores\/i3\/renfe.jpg\" alt=\"RENFE\" width=\"200\" height=\"100\" \/><\/a><\/td><\/tr><tr><td height=\"10\">\u00a0<\/td><\/tr><tr><th bgcolor=\"#777\" width=\"700\">IBERIA<\/th><\/tr><tr><td align=\"center\" bgcolor=\"#fff\" height=\"200\"><a href=\"http:\/\/www.iberia.com\/\"><img loading=\"lazy\" decoding=\"async\" title=\"IBERIA\" src=\"http:\/\/www.uniovi.net\/jeanmonnet\/proyectos\/IEREF\/actividades\/congreso\/colaboradores\/i3\/iberia.png\" alt=\"IBERIA\" width=\"195\" height=\"49\" \/><\/a><\/td><\/tr><\/tbody><\/table><\/div>\n\t\t\t\t<\/div>\n\t\t\t\t\t\t\t\t<\/div>\n\t\t\t\t\t\t<\/div>\n\t\t\t\t<\/div>\n\t\t\t\t<div class=\"elementor-element elementor-element-36008ab elementor-widget elementor-widget-html\" data-id=\"36008ab\" data-element_type=\"widget\" data-e-type=\"widget\" data-widget_type=\"html.default\">\n\t\t\t\t<div class=\"elementor-widget-container\">\n\t\t\t\t\t<script>\njQuery(document).ready(function($) {\nvar delay = 100; setTimeout(function() {\n$('.elementor-tab-title').removeClass('elementor-active');\n $('.elementor-tab-content').css('display', 'none'); }, delay);\n});\n<\/script>\t\t\t\t<\/div>\n\t\t\t\t<\/div>\n\t\t\t\t<\/div>\n\t\t\t\t\t<\/div>\n\t\t\t\t<\/div>\n\t\t<div class=\"elementor-element elementor-element-fc9bc21 e-flex e-con-boxed e-con e-parent\" data-id=\"fc9bc21\" data-element_type=\"container\" data-e-type=\"container\">\n\t\t\t\t\t<div class=\"e-con-inner\">\n\t\t<div class=\"elementor-element elementor-element-de20466 e-con-full e-flex e-con e-child\" data-id=\"de20466\" data-element_type=\"container\" data-e-type=\"container\">\n\t\t\t\t<div class=\"elementor-element elementor-element-48be739 elementor-align-center elementor-widget elementor-widget-button\" data-id=\"48be739\" data-element_type=\"widget\" data-e-type=\"widget\" data-widget_type=\"button.default\">\n\t\t\t\t<div class=\"elementor-widget-container\">\n\t\t\t\t\t\t\t\t\t<div class=\"elementor-button-wrapper\">\n\t\t\t\t\t<a class=\"elementor-button elementor-button-link elementor-size-sm elementor-animation-grow\" href=\"https:\/\/www.unioviedo.es\/vivireuropa\/index.php\/proyectos-efectos-de-la-integracion-europea-actividades\/\">\n\t\t\t\t\t\t<span class=\"elementor-button-content-wrapper\">\n\t\t\t\t\t\t<span class=\"elementor-button-icon\">\n\t\t\t\t<svg aria-hidden=\"true\" class=\"e-font-icon-svg e-fas-arrow-alt-circle-left\" viewBox=\"0 0 512 512\" xmlns=\"http:\/\/www.w3.org\/2000\/svg\"><path d=\"M256 504C119 504 8 393 8 256S119 8 256 8s248 111 248 248-111 248-248 248zm116-292H256v-70.9c0-10.7-13-16.1-20.5-8.5L121.2 247.5c-4.7 4.7-4.7 12.2 0 16.9l114.3 114.9c7.6 7.6 20.5 2.2 20.5-8.5V300h116c6.6 0 12-5.4 12-12v-64c0-6.6-5.4-12-12-12z\"><\/path><\/svg>\t\t\t<\/span>\n\t\t\t\t\t\t\t\t\t<span class=\"elementor-button-text\">Volver<\/span>\n\t\t\t\t\t<\/span>\n\t\t\t\t\t<\/a>\n\t\t\t\t<\/div>\n\t\t\t\t\t\t\t\t<\/div>\n\t\t\t\t<\/div>\n\t\t\t\t<\/div>\n\t\t\t\t\t<\/div>\n\t\t\t\t<\/div>\n\t\t\t\t<\/div>\n\t\t","protected":false},"excerpt":{"rendered":"<p>Efectos de la integraci\u00f3n europea en la aproximaci\u00f3n econ\u00f3mica y fiscal de los Estados miembros Actividades Congreso internacional \u00abIEREF\u00bb El mercado \u00fanico ha cambiado nuestra manera de vivir y entender Europa. Trabajar, estudiar o viajar es diferente hoy. Pero este proceso no ha concluido y la actual crisis econ\u00f3mica puede suponer un peligro para su [&hellip;]<\/p>\n","protected":false},"author":667,"featured_media":0,"parent":0,"menu_order":0,"comment_status":"closed","ping_status":"closed","template":"","meta":{"footnotes":""},"class_list":["post-6030","page","type-page","status-publish","hentry"],"blocksy_meta":{"page_title_panel":"","has_hero_section":"disabled","97ee15f25a4197e406aa66b5a6e1cc4a":"","hero_section":"type-1","hero_elements":[{"id":"custom_title","enabled":true,"heading_tag":"h1","title":"Home"},{"id":"custom_description","enabled":true,"description_visibility":{"desktop":true,"tablet":true,"mobile":false}},{"id":"custom_meta","enabled":false,"meta_elements":[{"id":"author","enabled":true,"label":"By","has_author_avatar":"yes","avatar_size":25},{"id":"post_date","enabled":true,"label":"On","date_format_source":"default","date_format":"M j, Y"},{"id":"updated_date","enabled":false,"label":"On","date_format_source":"default","date_format":"M j, Y"},{"id":"categories","enabled":false,"label":"In","style":"simple"},{"id":"comments","enabled":true}],"page_meta_elements":{"joined":true,"articles_count":true,"comments":true}},{"id":"breadcrumbs","enabled":false}],"e383a482344f65eacb9516af82d8ed80":"","hero_alignment1":"CT_CSS_SKIP_RULE","hero_margin":40,"hero_alignment2":"center","hero_vertical_alignment":"center","aa7b568f8a77bfd0b9648c22ccb00685":"","hero_structure":"narrow","b4ba0b41affd6111d96beeceb6f9817f":"","page_title_bg_type":"featured_image","custom_hero_background":{"attachment_id":null},"page_title_image_size":"full","parallax":{"desktop":false,"tablet":false,"mobile":false},"14d5fc5fd9b9278b692d6150f1075e8a":"","hero_height":"250px","pageTitleFont":{"family":"Default","variation":"Default","size":"30px","line-height":"CT_CSS_SKIP_RULE","letter-spacing":"CT_CSS_SKIP_RULE","text-transform":"CT_CSS_SKIP_RULE","text-decoration":"CT_CSS_SKIP_RULE"},"pageTitleFontColor":{"default":{"color":"CT_CSS_SKIP_RULEDEFAULT"}},"pageMetaFont":{"family":"Default","variation":"n6","size":"12px","line-height":"1.3","letter-spacing":"CT_CSS_SKIP_RULE","text-transform":"uppercase","text-decoration":"CT_CSS_SKIP_RULE"},"pageMetaFontColor":{"default":{"color":"CT_CSS_SKIP_RULEDEFAULT"},"hover":{"color":"CT_CSS_SKIP_RULEDEFAULT"}},"page_meta_button_type_font_colors":{"default":{"color":"CT_CSS_SKIP_RULEDEFAULT"},"hover":{"color":"CT_CSS_SKIP_RULEDEFAULT"}},"page_meta_button_type_background_colors":{"default":{"color":"CT_CSS_SKIP_RULEDEFAULT"},"hover":{"color":"CT_CSS_SKIP_RULEDEFAULT"}},"pageExcerptFont":{"family":"Default","variation":"Default","size":"CT_CSS_SKIP_RULE","line-height":"CT_CSS_SKIP_RULE","letter-spacing":"CT_CSS_SKIP_RULE","text-transform":"CT_CSS_SKIP_RULE","text-decoration":"CT_CSS_SKIP_RULE"},"pageExcerptColor":{"default":{"color":"CT_CSS_SKIP_RULEDEFAULT"}},"breadcrumbsFont":{"family":"Default","variation":"Default","size":"CT_CSS_SKIP_RULE","line-height":"CT_CSS_SKIP_RULE","letter-spacing":"CT_CSS_SKIP_RULE","text-transform":"CT_CSS_SKIP_RULE","text-decoration":"CT_CSS_SKIP_RULE"},"breadcrumbsFontColor":{"default":{"color":"CT_CSS_SKIP_RULEDEFAULT"},"initial":{"color":"CT_CSS_SKIP_RULEDEFAULT"},"hover":{"color":"CT_CSS_SKIP_RULEDEFAULT"}},"pageTitleOverlay":{"background_type":"color","background_pattern":"type-1","background_image":{"attachment_id":null,"x":0,"y":0},"gradient":"linear-gradient(135deg,rgba(6,147,227,1) 0%,rgb(155,81,224) 100%)","background_repeat":"repeat","background_size":"auto","background_attachment":"scroll","patternColor":{"default":{"color":"#e5e7ea"}},"overlayColor":{"default":{"color":"CT_CSS_SKIP_RULE"}},"backgroundColor":{"default":{"color":"CT_CSS_SKIP_RULE"}}},"pageTitleBackground":{"background_type":"color","background_pattern":"type-1","background_image":{"attachment_id":null,"x":0,"y":0},"gradient":"linear-gradient(135deg,rgba(6,147,227,1) 0%,rgb(155,81,224) 100%)","background_repeat":"repeat","background_size":"auto","background_attachment":"scroll","patternColor":{"default":{"color":"#e5e7ea"}},"overlayColor":{"default":{"color":"CT_CSS_SKIP_RULE"}},"backgroundColor":{"default":{"color":"var(--theme-palette-color-6)"}}},"pageTitlePadding":{"top":"50px","bottom":"50px","left":"auto","right":"auto","linked":true},"202f0cbc398d714e048b39197ae71e6d":"","page_structure_type":"default","854bd40f7f8b4d7a95aa3e0f49708ea4":"","content_style_source":"inherit","content_style":"wide","vertical_spacing_source":"custom","content_area_spacing":"none","background":{"background_type":"color","background_pattern":"type-1","background_image":{"attachment_id":null,"x":0,"y":0},"gradient":"linear-gradient(135deg,rgba(6,147,227,1) 0%,rgb(155,81,224) 100%)","background_repeat":"repeat","background_size":"auto","background_attachment":"scroll","patternColor":{"default":{"color":"#e5e7ea"}},"overlayColor":{"default":{"color":"CT_CSS_SKIP_RULE"}},"backgroundColor":{"default":{"color":"CT_CSS_SKIP_RULE"}}},"content_background":{"background_type":"color","background_pattern":"type-1","background_image":{"attachment_id":null,"x":0,"y":0},"gradient":"linear-gradient(135deg,rgba(6,147,227,1) 0%,rgb(155,81,224) 100%)","background_repeat":"repeat","background_size":"auto","background_attachment":"scroll","patternColor":{"default":{"color":"#e5e7ea"}},"overlayColor":{"default":{"color":"CT_CSS_SKIP_RULE"}},"backgroundColor":{"default":{"color":"var(--theme-palette-color-8)"}}},"content_boxed_shadow":{"inherit":false,"blur":18,"spread":-6,"v_offset":12,"h_offset":0,"inset":false,"enable":true,"color":{"color":"rgba(34, 56, 101, 0.04)"}},"content_boxed_border":{"width":1,"style":"none","color":{"color":"rgba(44,62,80,0.2)"}},"content_boxed_radius":{"top":"3px","bottom":"3px","left":"3px","right":"3px","linked":true},"boxed_content_spacing":{"desktop":{"top":"40px","bottom":"40px","left":"40px","right":"40px","linked":true},"tablet":{"top":"35px","bottom":"35px","left":"35px","right":"35px","linked":true},"mobile":{"top":"20px","bottom":"20px","left":"20px","right":"20px","linked":true}},"b0da049bbc9a67cf3a03559f10c8de95":"","disable_featured_image":"no","disable_share_box":"no","disable_header":"no","disable_footer":"no","styles_descriptor":{"styles":{"desktop":"","tablet":"","mobile":""},"google_fonts":[],"version":6}},"_links":{"self":[{"href":"https:\/\/www.unioviedo.es\/vivireuropa\/index.php\/wp-json\/wp\/v2\/pages\/6030","targetHints":{"allow":["GET"]}}],"collection":[{"href":"https:\/\/www.unioviedo.es\/vivireuropa\/index.php\/wp-json\/wp\/v2\/pages"}],"about":[{"href":"https:\/\/www.unioviedo.es\/vivireuropa\/index.php\/wp-json\/wp\/v2\/types\/page"}],"author":[{"embeddable":true,"href":"https:\/\/www.unioviedo.es\/vivireuropa\/index.php\/wp-json\/wp\/v2\/users\/667"}],"replies":[{"embeddable":true,"href":"https:\/\/www.unioviedo.es\/vivireuropa\/index.php\/wp-json\/wp\/v2\/comments?post=6030"}],"version-history":[{"count":7,"href":"https:\/\/www.unioviedo.es\/vivireuropa\/index.php\/wp-json\/wp\/v2\/pages\/6030\/revisions"}],"predecessor-version":[{"id":6053,"href":"https:\/\/www.unioviedo.es\/vivireuropa\/index.php\/wp-json\/wp\/v2\/pages\/6030\/revisions\/6053"}],"wp:attachment":[{"href":"https:\/\/www.unioviedo.es\/vivireuropa\/index.php\/wp-json\/wp\/v2\/media?parent=6030"}],"curies":[{"name":"wp","href":"https:\/\/api.w.org\/{rel}","templated":true}]}}