{"id":6821,"date":"2025-07-17T14:23:46","date_gmt":"2025-07-17T13:23:46","guid":{"rendered":"https:\/\/www.unioviedo.es\/vivireuropa\/?page_id=6821"},"modified":"2025-07-17T17:04:07","modified_gmt":"2025-07-17T16:04:07","slug":"proyectos-vivir-europa-iii-talleres","status":"publish","type":"page","link":"https:\/\/www.unioviedo.es\/vivireuropa\/index.php\/proyectos-vivir-europa-iii-talleres\/","title":{"rendered":"Proyectos: Vivir Europa III &#8211; Talleres"},"content":{"rendered":"\t\t<div data-elementor-type=\"wp-page\" data-elementor-id=\"6821\" class=\"elementor elementor-6821\">\n\t\t\t\t<div class=\"elementor-element elementor-element-39833b5 e-flex e-con-boxed e-con e-parent\" data-id=\"39833b5\" data-element_type=\"container\" data-e-type=\"container\">\n\t\t\t\t\t<div class=\"e-con-inner\">\n\t\t\t\t<div class=\"elementor-element elementor-element-2e2b315 elementor-widget__width-initial elementor-widget elementor-widget-heading\" data-id=\"2e2b315\" data-element_type=\"widget\" data-e-type=\"widget\" data-widget_type=\"heading.default\">\n\t\t\t\t<div class=\"elementor-widget-container\">\n\t\t\t\t\t<h2 class=\"elementor-heading-title elementor-size-default\">Vivir Europa III<\/h2>\t\t\t\t<\/div>\n\t\t\t\t<\/div>\n\t\t\t\t\t<\/div>\n\t\t\t\t<\/div>\n\t\t<div class=\"elementor-element elementor-element-8797845 e-flex e-con-boxed e-con e-parent\" data-id=\"8797845\" data-element_type=\"container\" data-e-type=\"container\">\n\t\t\t\t\t<div class=\"e-con-inner\">\n\t\t<div class=\"elementor-element elementor-element-7e1f692 e-con-full e-flex e-con e-child\" data-id=\"7e1f692\" data-element_type=\"container\" data-e-type=\"container\">\n\t\t<div class=\"elementor-element elementor-element-4042d4e e-con-full e-flex e-con e-child\" data-id=\"4042d4e\" data-element_type=\"container\" data-e-type=\"container\" data-settings=\"{&quot;background_background&quot;:&quot;classic&quot;}\">\n\t\t\t\t<div class=\"elementor-element elementor-element-ce05d9d elementor-widget elementor-widget-heading\" data-id=\"ce05d9d\" data-element_type=\"widget\" data-e-type=\"widget\" data-widget_type=\"heading.default\">\n\t\t\t\t<div class=\"elementor-widget-container\">\n\t\t\t\t\t<h5 class=\"elementor-heading-title elementor-size-default\">Talleres<\/h5>\t\t\t\t<\/div>\n\t\t\t\t<\/div>\n\t\t\t\t<\/div>\n\t\t\t\t<div class=\"elementor-element elementor-element-bf4e724 elementor-widget elementor-widget-text-editor\" data-id=\"bf4e724\" data-element_type=\"widget\" data-e-type=\"widget\" data-widget_type=\"text-editor.default\">\n\t\t\t\t<div class=\"elementor-widget-container\">\n\t\t\t\t\t\t\t\t\t<h3>Talleres para el alumnado de 3\u00ba-4\u00ba ESO y FP<\/h3><div id=\"texto\"><p>El proyecto Vivir Europa III oferta a los centros educativos del Principado de Asturias la realizaci\u00f3n gratuita de talleres para los estudiantes de 3\u00ba y 4\u00ba de ESO y de FP.<\/p><p>Se prev\u00e9 la realizaci\u00f3n de 35 talleres para los que est\u00e1 abierta la inscripci\u00f3n, indicando el o los talleres que se desean seguir.<\/p><p>Los talleres, cuyo plazo de realizaci\u00f3n abarca desde diciembre de 2015 hasta mayo de 2016, podr\u00e1n realizarse sobre uno de los tres \u00e1mbitos siguientes:<\/p><p><strong>1. CONSTRUYENDO CIUDADAN\u00cdA EUROPEA.<\/strong><\/p><p><strong>2. CREANDO MI EMPRESA EN EUROPA.<\/strong><\/p><p><strong>3. NOS MOVEMOS POR EUROPA.<\/strong><\/p><p align=\"justify\">Los talleres tendr\u00e1n una duraci\u00f3n aproximada de tres horas, aunque la misma podr\u00e1 ser menor o mayor, en funci\u00f3n de las necesidades y disponibilidad docente de cada centro.<\/p><p align=\"justify\">Su desarrollo estar\u00e1 a cargo de diversos participantes con experiencia en los temas a tratar,procedentes del mundo empresarial, del trabajo transfronterizo, de la pol\u00edtica, del mundo funcionarial europeo, etc., cuyas intervenciones, a veces en forma presencial y otras a trav\u00e9s de skype, tendr\u00e1n una duraci\u00f3n media de entre 20 y 30 minutos, para conseguir una mayor agilidad y evitar que decaiga la atenci\u00f3n del alumnado, facilitando una din\u00e1mica de trabajo que fomente el intercambio de ideas. Adem\u00e1s durante las mismas se fomentar\u00e1 el feedback con los alumnos, para facilitar un trabajo m\u00e1s din\u00e1mico. Cuando los centros as\u00ed lo soliciten, una o varias de estas intervenciones podr\u00e1n realizarse en otro idioma comunitario.<\/p><p align=\"justify\">En todos los casos se parte de un m\u00f3dulo com\u00fan sobre el origen y composici\u00f3n de la UE, el funcionamiento de las instituciones europeas, el derecho a la prestaci\u00f3n sanitaria en la UE, las condiciones para viajar por Europa y la exposici\u00f3n de experiencias personales. Y posteriormente se profundiza en un tema espec\u00edfico, en funci\u00f3n de la tem\u00e1tica del taller.<\/p><p align=\"justify\">Al inicio del programa cada centro deber\u00e1 indicar el taller o talleres en los que est\u00e1 interesado, especificando a qu\u00e9 alumnado va a ir dirigido y el tiempo que estiman id\u00f3neo para realizarlo, tanto en lo referido a su duraci\u00f3n como al d\u00eda y banda horaria en que deban desarrollarse. Tambi\u00e9n deben indicar los temas que consideran m\u00e1s adecuados para el tipo de alumnado al que van dirigidos. Para facilitar esta labor, los talleres se agrupar\u00e1n por tem\u00e1tica, siendo posible tanto mezclarlos como abordar \u00fanicamente los aspectos generales. Igualmente, en la medida de lo posible, se intentar\u00e1 atender peticiones de temas distintos en los que los centros tengan un inter\u00e9s espec\u00edfico.<\/p><p align=\"justify\">Para el taller de <strong><u>CONSTRUYENDO CIUDADAN\u00cdA EUROPEA<\/u><\/strong>, dirigido a estudiar los derechos y deberes que comporta la ciudadan\u00eda europea y la forma de ponerlos en pr\u00e1ctica de manera efectiva, las cuestiones sugeridas son:<\/p><p>Instituciones y cultura europea.<\/p><p>J\u00f3venes y Europa.<\/p><p>La Carta de Derechos fundamentales de la UE.<\/p><p>La defensa de los derechos de los ciudadanos europeos.<\/p><p>La protecci\u00f3n del consumidor europeo.<\/p><p>Mecanismos para la resoluci\u00f3n de conflictos.<\/p><p>Emigraci\u00f3n y xenofobia.<\/p><p align=\"justify\">Para el taller de <strong><u>CREANDO MI EMPRESA EN EUROPA<\/u><\/strong>, cuyo objetivo es analizar los diversos aspectos que pueden afectar al proyecto de creaci\u00f3n de una empresa en un marco internacional, los temas propuestos son:<\/p><p>Contextos laborales europeos.<\/p><p>La creaci\u00f3n de empresas en Europa.<\/p><p>La Ventanilla \u00danica Europea.<\/p><p>Iniciativas europeas para empresarios.<\/p><p>Dise\u00f1o de proyectos Canvas.<\/p><p>El programa Erasmus emprendedor.<\/p><p>Subvenciones y financiaci\u00f3n europea para empresarios.<\/p><p>Funci\u00f3n de las C\u00e1maras de Comercio.<\/p><p>El CEEI (Centro Europeo de Empresas e Innovaci\u00f3n).<\/p><p>Introducci\u00f3n a la fiscalidad.<\/p><p>Emprendimiento social.<\/p><p align=\"justify\">Y, finalmente, para el taller de <strong><u>NOS MOVEMOS POR EUROPA<\/u><\/strong>, que aborda diversos aspectos que afectan a la libertad de circulaci\u00f3n de estudiantes y trabajadores en la UE, se proponen las siguientes materias:<\/p><p>Documentos para la movilidad: Europass, pasaporte europeo de lenguas,&#8230;<\/p><p>Programa Erasmus Plus.<\/p><p>Formarse en Europa.<\/p><p>Derecho al trabajo en la UE.<\/p><p>B\u00fasqueda de empleo en la UE: la red EURES.<\/p><p>Reconocimiento de t\u00edtulos en la UE.<\/p><p>Capacitaci\u00f3n para el empleo facilitada por la educaci\u00f3n no formal.<\/p><p align=\"justify\">Los talleres normalmente concluyen con una exposici\u00f3n de experiencias personales, en la que, con la idea de poder lograr una mayor conexi\u00f3n con el alumnado, j\u00f3venes empresarios y empresarias, profesionales o trabajadores en un estado miembro distinto al de su origen, o alumnado que participa o ha participado en el programa Erasmus, contar\u00e1n de manera cercana las ventajas personales que para ellos supone su pertenencia a la Uni\u00f3n europea.<\/p><h3>Talleres para el alumnado de Educaci\u00f3n Primaria<\/h3><div id=\"texto\"><p>El proyecto Vivir Europa III oferta a los centros educativos del Principado de Asturias la realizaci\u00f3n gratuita de talleres para los estudiantes de tercer ciclo de primaria.<\/p><p>Se prev\u00e9 la realizaci\u00f3n de 20 talleres, para los que existe un plazo de solicitud por parte de los centros educativos que finaliza el pr\u00f3ximo d\u00eda <strong>4 de DICIEMBRE de 2015<\/strong>. Finalizado el plazo de solicitud, si existen m\u00e1s solicitudes que talleres ofertados, se proceder\u00e1 a un sorteo para cubrirlos.<\/p><p>Los talleres, cuyo plazo de realizaci\u00f3n abarca desde enero a junio de 2016, de una hora,aunque la misma podr\u00e1 ser menor o mayor, en funci\u00f3n de las necesidades y disponibilidad docente de cada centro.<\/p><p align=\"justify\">En los talleres dirigidos a los centros de Primaria, su contenido estar\u00e1 acorde con la materia que se imparte en la asignatura de Ciencias Sociales en los cursos 5\u00ba o 6\u00ba referida al proceso de integraci\u00f3n europea y las instituciones comunitarias. Su desarrollo correr\u00e1 a cargo de alumnos del grado de Maestro que habr\u00e1n seguido un curso espec\u00edfico de formaci\u00f3n a estos efectos. Se tratar\u00e1 de alumnos que est\u00e1n adem\u00e1s realizando sus pr\u00e1cticas de formaci\u00f3n en los centros de primaria, con el fin de acomodar tanto la realizaci\u00f3n de sus actividades formativas con la colaboraci\u00f3n necesaria con los centros educativos.<\/p><p align=\"justify\">\u00a0<\/p><\/div><\/div>\t\t\t\t\t\t\t\t<\/div>\n\t\t\t\t<\/div>\n\t\t\t\t<\/div>\n\t\t\t\t\t<\/div>\n\t\t\t\t<\/div>\n\t\t<div class=\"elementor-element elementor-element-fc9bc21 e-flex e-con-boxed e-con e-parent\" data-id=\"fc9bc21\" data-element_type=\"container\" data-e-type=\"container\">\n\t\t\t\t\t<div class=\"e-con-inner\">\n\t\t<div class=\"elementor-element elementor-element-de20466 e-con-full e-flex e-con e-child\" data-id=\"de20466\" data-element_type=\"container\" data-e-type=\"container\">\n\t\t\t\t<div class=\"elementor-element elementor-element-48be739 elementor-align-center elementor-widget elementor-widget-button\" data-id=\"48be739\" data-element_type=\"widget\" data-e-type=\"widget\" data-widget_type=\"button.default\">\n\t\t\t\t<div class=\"elementor-widget-container\">\n\t\t\t\t\t\t\t\t\t<div class=\"elementor-button-wrapper\">\n\t\t\t\t\t<a class=\"elementor-button elementor-button-link elementor-size-sm elementor-animation-grow\" href=\"https:\/\/www.unioviedo.es\/vivireuropa\/index.php\/proyectos-vivir-europa-iii\/\">\n\t\t\t\t\t\t<span class=\"elementor-button-content-wrapper\">\n\t\t\t\t\t\t<span class=\"elementor-button-icon\">\n\t\t\t\t<svg aria-hidden=\"true\" class=\"e-font-icon-svg e-fas-arrow-alt-circle-left\" viewBox=\"0 0 512 512\" xmlns=\"http:\/\/www.w3.org\/2000\/svg\"><path d=\"M256 504C119 504 8 393 8 256S119 8 256 8s248 111 248 248-111 248-248 248zm116-292H256v-70.9c0-10.7-13-16.1-20.5-8.5L121.2 247.5c-4.7 4.7-4.7 12.2 0 16.9l114.3 114.9c7.6 7.6 20.5 2.2 20.5-8.5V300h116c6.6 0 12-5.4 12-12v-64c0-6.6-5.4-12-12-12z\"><\/path><\/svg>\t\t\t<\/span>\n\t\t\t\t\t\t\t\t\t<span class=\"elementor-button-text\">Volver<\/span>\n\t\t\t\t\t<\/span>\n\t\t\t\t\t<\/a>\n\t\t\t\t<\/div>\n\t\t\t\t\t\t\t\t<\/div>\n\t\t\t\t<\/div>\n\t\t\t\t<\/div>\n\t\t<div class=\"elementor-element elementor-element-ace08f9 e-con-full e-flex e-con e-child\" data-id=\"ace08f9\" data-element_type=\"container\" data-e-type=\"container\">\n\t\t\t\t<div class=\"elementor-element elementor-element-5eecad0 elementor-align-center elementor-widget elementor-widget-button\" data-id=\"5eecad0\" data-element_type=\"widget\" data-e-type=\"widget\" data-widget_type=\"button.default\">\n\t\t\t\t<div class=\"elementor-widget-container\">\n\t\t\t\t\t\t\t\t\t<div class=\"elementor-button-wrapper\">\n\t\t\t\t\t<a class=\"elementor-button elementor-button-link elementor-size-sm elementor-animation-grow\" href=\"https:\/\/www.unioviedo.es\/vivireuropa\/index.php\/proyectos-vivir-europa-iii-material-didactico\/\">\n\t\t\t\t\t\t<span class=\"elementor-button-content-wrapper\">\n\t\t\t\t\t\t<span class=\"elementor-button-icon\">\n\t\t\t\t<svg aria-hidden=\"true\" class=\"e-font-icon-svg e-fas-arrow-alt-circle-right\" viewBox=\"0 0 512 512\" xmlns=\"http:\/\/www.w3.org\/2000\/svg\"><path d=\"M256 8c137 0 248 111 248 248S393 504 256 504 8 393 8 256 119 8 256 8zM140 300h116v70.9c0 10.7 13 16.1 20.5 8.5l114.3-114.9c4.7-4.7 4.7-12.2 0-16.9l-114.3-115c-7.6-7.6-20.5-2.2-20.5 8.5V212H140c-6.6 0-12 5.4-12 12v64c0 6.6 5.4 12 12 12z\"><\/path><\/svg>\t\t\t<\/span>\n\t\t\t\t\t\t\t\t\t<span class=\"elementor-button-text\">Material did\u00e1ctico<\/span>\n\t\t\t\t\t<\/span>\n\t\t\t\t\t<\/a>\n\t\t\t\t<\/div>\n\t\t\t\t\t\t\t\t<\/div>\n\t\t\t\t<\/div>\n\t\t\t\t<\/div>\n\t\t\t\t\t<\/div>\n\t\t\t\t<\/div>\n\t\t\t\t<\/div>\n\t\t","protected":false},"excerpt":{"rendered":"<p>Vivir Europa III Talleres Talleres para el alumnado de 3\u00ba-4\u00ba ESO y FP El proyecto Vivir Europa III oferta a los centros educativos del Principado de Asturias la realizaci\u00f3n gratuita de talleres para los estudiantes de 3\u00ba y 4\u00ba de ESO y de FP. Se prev\u00e9 la realizaci\u00f3n de 35 talleres para los que est\u00e1 [&hellip;]<\/p>\n","protected":false},"author":667,"featured_media":0,"parent":0,"menu_order":0,"comment_status":"closed","ping_status":"closed","template":"","meta":{"footnotes":""},"class_list":["post-6821","page","type-page","status-publish","hentry"],"blocksy_meta":{"page_title_panel":"","has_hero_section":"disabled","97ee15f25a4197e406aa66b5a6e1cc4a":"","hero_section":"type-1","hero_elements":[{"id":"custom_title","enabled":true,"heading_tag":"h1","title":"Home"},{"id":"custom_description","enabled":true,"description_visibility":{"desktop":true,"tablet":true,"mobile":false}},{"id":"custom_meta","enabled":false,"meta_elements":[{"id":"author","enabled":true,"label":"By","has_author_avatar":"yes","avatar_size":25},{"id":"post_date","enabled":true,"label":"On","date_format_source":"default","date_format":"M j, Y"},{"id":"updated_date","enabled":false,"label":"On","date_format_source":"default","date_format":"M j, Y"},{"id":"categories","enabled":false,"label":"In","style":"simple"},{"id":"comments","enabled":true}],"page_meta_elements":{"joined":true,"articles_count":true,"comments":true}},{"id":"breadcrumbs","enabled":false}],"e383a482344f65eacb9516af82d8ed80":"","hero_alignment1":"CT_CSS_SKIP_RULE","hero_margin":40,"hero_alignment2":"center","hero_vertical_alignment":"center","aa7b568f8a77bfd0b9648c22ccb00685":"","hero_structure":"narrow","b4ba0b41affd6111d96beeceb6f9817f":"","page_title_bg_type":"featured_image","custom_hero_background":{"attachment_id":null},"page_title_image_size":"full","parallax":{"desktop":false,"tablet":false,"mobile":false},"14d5fc5fd9b9278b692d6150f1075e8a":"","hero_height":"250px","pageTitleFont":{"family":"Default","variation":"Default","size":"30px","line-height":"CT_CSS_SKIP_RULE","letter-spacing":"CT_CSS_SKIP_RULE","text-transform":"CT_CSS_SKIP_RULE","text-decoration":"CT_CSS_SKIP_RULE"},"pageTitleFontColor":{"default":{"color":"CT_CSS_SKIP_RULEDEFAULT"}},"pageMetaFont":{"family":"Default","variation":"n6","size":"12px","line-height":"1.3","letter-spacing":"CT_CSS_SKIP_RULE","text-transform":"uppercase","text-decoration":"CT_CSS_SKIP_RULE"},"pageMetaFontColor":{"default":{"color":"CT_CSS_SKIP_RULEDEFAULT"},"hover":{"color":"CT_CSS_SKIP_RULEDEFAULT"}},"page_meta_button_type_font_colors":{"default":{"color":"CT_CSS_SKIP_RULEDEFAULT"},"hover":{"color":"CT_CSS_SKIP_RULEDEFAULT"}},"page_meta_button_type_background_colors":{"default":{"color":"CT_CSS_SKIP_RULEDEFAULT"},"hover":{"color":"CT_CSS_SKIP_RULEDEFAULT"}},"pageExcerptFont":{"family":"Default","variation":"Default","size":"CT_CSS_SKIP_RULE","line-height":"CT_CSS_SKIP_RULE","letter-spacing":"CT_CSS_SKIP_RULE","text-transform":"CT_CSS_SKIP_RULE","text-decoration":"CT_CSS_SKIP_RULE"},"pageExcerptColor":{"default":{"color":"CT_CSS_SKIP_RULEDEFAULT"}},"breadcrumbsFont":{"family":"Default","variation":"Default","size":"CT_CSS_SKIP_RULE","line-height":"CT_CSS_SKIP_RULE","letter-spacing":"CT_CSS_SKIP_RULE","text-transform":"CT_CSS_SKIP_RULE","text-decoration":"CT_CSS_SKIP_RULE"},"breadcrumbsFontColor":{"default":{"color":"CT_CSS_SKIP_RULEDEFAULT"},"initial":{"color":"CT_CSS_SKIP_RULEDEFAULT"},"hover":{"color":"CT_CSS_SKIP_RULEDEFAULT"}},"pageTitleOverlay":{"background_type":"color","background_pattern":"type-1","background_image":{"attachment_id":null,"x":0,"y":0},"gradient":"linear-gradient(135deg,rgba(6,147,227,1) 0%,rgb(155,81,224) 100%)","background_repeat":"repeat","background_size":"auto","background_attachment":"scroll","patternColor":{"default":{"color":"#e5e7ea"}},"overlayColor":{"default":{"color":"CT_CSS_SKIP_RULE"}},"backgroundColor":{"default":{"color":"CT_CSS_SKIP_RULE"}}},"pageTitleBackground":{"background_type":"color","background_pattern":"type-1","background_image":{"attachment_id":null,"x":0,"y":0},"gradient":"linear-gradient(135deg,rgba(6,147,227,1) 0%,rgb(155,81,224) 100%)","background_repeat":"repeat","background_size":"auto","background_attachment":"scroll","patternColor":{"default":{"color":"#e5e7ea"}},"overlayColor":{"default":{"color":"CT_CSS_SKIP_RULE"}},"backgroundColor":{"default":{"color":"var(--theme-palette-color-6)"}}},"pageTitlePadding":{"top":"50px","bottom":"50px","left":"auto","right":"auto","linked":true},"202f0cbc398d714e048b39197ae71e6d":"","page_structure_type":"default","854bd40f7f8b4d7a95aa3e0f49708ea4":"","content_style_source":"inherit","content_style":"wide","vertical_spacing_source":"custom","content_area_spacing":"none","background":{"background_type":"color","background_pattern":"type-1","background_image":{"attachment_id":null,"x":0,"y":0},"gradient":"linear-gradient(135deg,rgba(6,147,227,1) 0%,rgb(155,81,224) 100%)","background_repeat":"repeat","background_size":"auto","background_attachment":"scroll","patternColor":{"default":{"color":"#e5e7ea"}},"overlayColor":{"default":{"color":"CT_CSS_SKIP_RULE"}},"backgroundColor":{"default":{"color":"CT_CSS_SKIP_RULE"}}},"content_background":{"background_type":"color","background_pattern":"type-1","background_image":{"attachment_id":null,"x":0,"y":0},"gradient":"linear-gradient(135deg,rgba(6,147,227,1) 0%,rgb(155,81,224) 100%)","background_repeat":"repeat","background_size":"auto","background_attachment":"scroll","patternColor":{"default":{"color":"#e5e7ea"}},"overlayColor":{"default":{"color":"CT_CSS_SKIP_RULE"}},"backgroundColor":{"default":{"color":"var(--theme-palette-color-8)"}}},"content_boxed_shadow":{"inherit":false,"blur":18,"spread":-6,"v_offset":12,"h_offset":0,"inset":false,"enable":true,"color":{"color":"rgba(34, 56, 101, 0.04)"}},"content_boxed_border":{"width":1,"style":"none","color":{"color":"rgba(44,62,80,0.2)"}},"content_boxed_radius":{"top":"3px","bottom":"3px","left":"3px","right":"3px","linked":true},"boxed_content_spacing":{"desktop":{"top":"40px","bottom":"40px","left":"40px","right":"40px","linked":true},"tablet":{"top":"35px","bottom":"35px","left":"35px","right":"35px","linked":true},"mobile":{"top":"20px","bottom":"20px","left":"20px","right":"20px","linked":true}},"b0da049bbc9a67cf3a03559f10c8de95":"","disable_featured_image":"no","disable_share_box":"no","disable_header":"no","disable_footer":"no","styles_descriptor":{"styles":{"desktop":"","tablet":"","mobile":""},"google_fonts":[],"version":6}},"_links":{"self":[{"href":"https:\/\/www.unioviedo.es\/vivireuropa\/index.php\/wp-json\/wp\/v2\/pages\/6821","targetHints":{"allow":["GET"]}}],"collection":[{"href":"https:\/\/www.unioviedo.es\/vivireuropa\/index.php\/wp-json\/wp\/v2\/pages"}],"about":[{"href":"https:\/\/www.unioviedo.es\/vivireuropa\/index.php\/wp-json\/wp\/v2\/types\/page"}],"author":[{"embeddable":true,"href":"https:\/\/www.unioviedo.es\/vivireuropa\/index.php\/wp-json\/wp\/v2\/users\/667"}],"replies":[{"embeddable":true,"href":"https:\/\/www.unioviedo.es\/vivireuropa\/index.php\/wp-json\/wp\/v2\/comments?post=6821"}],"version-history":[{"count":10,"href":"https:\/\/www.unioviedo.es\/vivireuropa\/index.php\/wp-json\/wp\/v2\/pages\/6821\/revisions"}],"predecessor-version":[{"id":6847,"href":"https:\/\/www.unioviedo.es\/vivireuropa\/index.php\/wp-json\/wp\/v2\/pages\/6821\/revisions\/6847"}],"wp:attachment":[{"href":"https:\/\/www.unioviedo.es\/vivireuropa\/index.php\/wp-json\/wp\/v2\/media?parent=6821"}],"curies":[{"name":"wp","href":"https:\/\/api.w.org\/{rel}","templated":true}]}}