{"id":6941,"date":"2025-07-17T19:14:52","date_gmt":"2025-07-17T18:14:52","guid":{"rendered":"https:\/\/www.unioviedo.es\/vivireuropa\/?page_id=6941"},"modified":"2025-07-17T19:30:16","modified_gmt":"2025-07-17T18:30:16","slug":"proyectos-vivir-europa-iv-formacion","status":"publish","type":"page","link":"https:\/\/www.unioviedo.es\/vivireuropa\/index.php\/proyectos-vivir-europa-iv-formacion\/","title":{"rendered":"Proyectos: Vivir Europa IV &#8211; Formaci\u00f3n"},"content":{"rendered":"\t\t<div data-elementor-type=\"wp-page\" data-elementor-id=\"6941\" class=\"elementor elementor-6941\">\n\t\t\t\t<div class=\"elementor-element elementor-element-39833b5 e-flex e-con-boxed e-con e-parent\" data-id=\"39833b5\" data-element_type=\"container\" data-e-type=\"container\">\n\t\t\t\t\t<div class=\"e-con-inner\">\n\t\t\t\t<div class=\"elementor-element elementor-element-2e2b315 elementor-widget__width-initial elementor-widget elementor-widget-heading\" data-id=\"2e2b315\" data-element_type=\"widget\" data-e-type=\"widget\" data-widget_type=\"heading.default\">\n\t\t\t\t<div class=\"elementor-widget-container\">\n\t\t\t\t\t<h2 class=\"elementor-heading-title elementor-size-default\">Vivir Europa IV<\/h2>\t\t\t\t<\/div>\n\t\t\t\t<\/div>\n\t\t\t\t\t<\/div>\n\t\t\t\t<\/div>\n\t\t<div class=\"elementor-element elementor-element-8797845 e-flex e-con-boxed e-con e-parent\" data-id=\"8797845\" data-element_type=\"container\" data-e-type=\"container\">\n\t\t\t\t\t<div class=\"e-con-inner\">\n\t\t<div class=\"elementor-element elementor-element-7e1f692 e-con-full e-flex e-con e-child\" data-id=\"7e1f692\" data-element_type=\"container\" data-e-type=\"container\">\n\t\t<div class=\"elementor-element elementor-element-9a3d654 e-con-full e-flex e-con e-child\" data-id=\"9a3d654\" data-element_type=\"container\" data-e-type=\"container\" data-settings=\"{&quot;background_background&quot;:&quot;classic&quot;}\">\n\t\t\t\t<div class=\"elementor-element elementor-element-bd461dd elementor-widget elementor-widget-heading\" data-id=\"bd461dd\" data-element_type=\"widget\" data-e-type=\"widget\" data-widget_type=\"heading.default\">\n\t\t\t\t<div class=\"elementor-widget-container\">\n\t\t\t\t\t<h5 class=\"elementor-heading-title elementor-size-default\">Formaci\u00f3n<\/h5>\t\t\t\t<\/div>\n\t\t\t\t<\/div>\n\t\t\t\t<\/div>\n\t\t\t\t<div class=\"elementor-element elementor-element-d280016 elementor-widget elementor-widget-text-editor\" data-id=\"d280016\" data-element_type=\"widget\" data-e-type=\"widget\" data-widget_type=\"text-editor.default\">\n\t\t\t\t<div class=\"elementor-widget-container\">\n\t\t\t\t\t\t\t\t\t<h6 style=\"text-align: center;\">JORNADAS DE FORMACI\u00d3N DEL PROFESORADO<\/h6><p align=\"justify\">Las Jornadas de Formaci\u00f3n del Profesorado, englobadas dentro del Proyecto Vivir Europa, son reconocidas por la Consejer\u00eda de Educaci\u00f3n, Cultura y Deporte del Principado de Asturias con un cr\u00e9dito de formaci\u00f3n permanente de profesorado.<\/p><p>El proyecto Vivir Europa IV tiene previsto organizar dos cursos de formaci\u00f3n destinados, respectivamente, al profesorado de primaria y al profesorado de ESO y FP. Los cursos se desarrollar\u00e1n durante el primer semestre de 2021.<\/p><p>Su desarrollo seguir\u00e1 un esquema similar a los cursos de anteriores ediciones, consistente en la realizaci\u00f3n de mesas redondas en las que se abordan cuestiones europeas de inter\u00e9s general, que sirven tanto para la formaci\u00f3n personal de los profesores como para proporcionarles l\u00edneas de conocimiento que pueden transmitir a sus alumnos, adem\u00e1s de una mesa redonda sobre materias espec\u00edficamente educativas. Debido a las condiciones sanitarias, estos cursos se realizar\u00e1n \u00edntegramente online<\/p>\t\t\t\t\t\t\t\t<\/div>\n\t\t\t\t<\/div>\n\t\t<div class=\"elementor-element elementor-element-e756b2c e-con-full e-flex e-con e-child\" data-id=\"e756b2c\" data-element_type=\"container\" data-e-type=\"container\">\n\t\t<div class=\"elementor-element elementor-element-8e4ebec e-con-full e-flex e-con e-child\" data-id=\"8e4ebec\" data-element_type=\"container\" data-e-type=\"container\">\n\t\t\t\t<div class=\"elementor-element elementor-element-13d266f elementor-widget elementor-widget-accordion\" data-id=\"13d266f\" data-element_type=\"widget\" data-e-type=\"widget\" data-widget_type=\"accordion.default\">\n\t\t\t\t<div class=\"elementor-widget-container\">\n\t\t\t\t\t\t\t<div class=\"elementor-accordion\">\n\t\t\t\t\t\t\t<div class=\"elementor-accordion-item\">\n\t\t\t\t\t<div id=\"elementor-tab-title-2071\" class=\"elementor-tab-title\" data-tab=\"1\" role=\"button\" aria-controls=\"elementor-tab-content-2071\" aria-expanded=\"false\">\n\t\t\t\t\t\t\t\t\t\t\t\t\t<span class=\"elementor-accordion-icon elementor-accordion-icon-left\" aria-hidden=\"true\">\n\t\t\t\t\t\t\t\t\t\t\t\t\t\t\t<span class=\"elementor-accordion-icon-closed\"><svg class=\"e-font-icon-svg e-fas-plus\" viewBox=\"0 0 448 512\" xmlns=\"http:\/\/www.w3.org\/2000\/svg\"><path d=\"M416 208H272V64c0-17.67-14.33-32-32-32h-32c-17.67 0-32 14.33-32 32v144H32c-17.67 0-32 14.33-32 32v32c0 17.67 14.33 32 32 32h144v144c0 17.67 14.33 32 32 32h32c17.67 0 32-14.33 32-32V304h144c17.67 0 32-14.33 32-32v-32c0-17.67-14.33-32-32-32z\"><\/path><\/svg><\/span>\n\t\t\t\t\t\t\t\t<span class=\"elementor-accordion-icon-opened\"><svg class=\"e-font-icon-svg e-fas-minus\" viewBox=\"0 0 448 512\" xmlns=\"http:\/\/www.w3.org\/2000\/svg\"><path d=\"M416 208H32c-17.67 0-32 14.33-32 32v32c0 17.67 14.33 32 32 32h384c17.67 0 32-14.33 32-32v-32c0-17.67-14.33-32-32-32z\"><\/path><\/svg><\/span>\n\t\t\t\t\t\t\t\t\t\t\t\t\t\t<\/span>\n\t\t\t\t\t\t\t\t\t\t\t\t<a class=\"elementor-accordion-title\" tabindex=\"0\">TEMPORALIZACI\u00d3N<\/a>\n\t\t\t\t\t<\/div>\n\t\t\t\t\t<div id=\"elementor-tab-content-2071\" class=\"elementor-tab-content elementor-clearfix\" data-tab=\"1\" role=\"region\" aria-labelledby=\"elementor-tab-title-2071\"><h2>I. PATRIMONIO CULTURAL E IDENTIDAD EUROPEA<\/h2>\n\n<h3>MI\u00c9RCOLES 7\/4\/2021<\/h3>\n<ul><li>16.30 a 18 h: Inauguraci\u00f3n del curso.<br>\nMesa redonda \u0093Espa\u00f1a en el contexto europeo\u0094.<ul><li>D.Mariano Abad Fern\u00e1ndez, catedr\u00e1tico Jean Monnet \u00abad personam\u00bb.<\/li><li>D\u00f1a. Bel\u00e9n \u00c1lvarez Garc\u00eda, Asesora T\u00e9cnica. Consejer\u00eda de Educaci\u00f3n de la Embajada de Espa\u00f1a en Suiza.<\/li><li>D. Jos\u00e9 Antonio Negr\u00edn. Universidad de Castilla-La Mancha.<\/li><\/ul>\nModera D\u00f1a. Ana I. Gonz\u00e1lez Glez. Universidad de Oviedo.<\/li><\/ul>\n\n<h3>MI\u00c9RCOLES 14\/4\/2021<\/h3>\n<ul><li>16.30 a 18 h: Mesa redonda \u00abDiversidad de lenguas y diversidad cultural en Europa\u0094.\n<ul><li>D. Xos\u00e9 Ant\u00f3n Gonz\u00e1lez Ria\u00f1o. Universidad de Oviedo. Presidente de la Academia de la Llingua Asturiana.<\/li><li>D.Joan Francesc Pont. Universidad de Barcelona.<\/li><li>D. Enrique Ban\u00fas Irusta. Universidad de Piura.<\/li><\/ul>\nModera D\u00f1a. Margarita Fern\u00e1ndez Garc\u00eda. Colegio Virgen Mediadora, Gij\u00f3n.<\/li><\/ul>\n\n<h3>MI\u00c9RCOLES 21\/4\/2021<\/h3>\n<ul><li>16.30 a 18.00 h: Mesa Redonda \u0093\u00bfC\u00f3mo ense\u00f1ar la UE en la escuela?\u0094.\n<ul><li>D\u00f1a. Visitaci\u00f3n Blanco Rodr\u00edguez. CPEB Aurelio Men\u00e9ndez. San Antol\u00edn de Ibias<\/li><li>D\u00f1a. M\u00aa Bel\u00e9n San Pedro Veledo. Universidad de Oviedo.<\/li><li>D. Guillermo A. P\u00e9rez S\u00e1nchez. Universidad de Valladolid.<\/li><\/ul>\nModera D\u00f1a. Marta Garc\u00eda-Sampedro Fern\u00e1ndez-Canteli. Universidad de Oviedo.<\/li><\/ul>\n\n<h3>MI\u00c9RCOLES 28\/4\/21<\/h3>\n<ul><li>16.00 a 18 h: Conferencia de clausura. \u00abPatrimonio cultural e identidad europea. El ejemplo de la v\u00eda Carlomagno\u00bb.\n<ul><li>D. Jon\u00e1s Fern\u00e1ndez \u00c1lvarez. Eurodiputado.<\/li><\/ul><\/li><\/ul>\n\n<h2>II. VIVIR EUROPA: CONSTRUIR LA IDENTIDAD EUROPEA CON LOS J\u00d3VENES<\/h2>\n\n<h3>MI\u00c9RCOLES 7\/4\/2021<\/h3>\n<ul><li>18 a 19.30 h: \u00abEstudiar y trabajar en Europa. \u00bfQu\u00e9 pasa tras el Brexit?\u00bb\n<ul><li>D. Gonzalo Capell\u00e1n. Universidad de La Rioja.<\/li><\/ul><\/li><\/ul>\n\n<h3>MI\u00c9RCOLES 14\/4\/2021<\/h3>\n<ul><li>18 a 19.30 h: Mesa Redonda \u0093\u00bfC\u00f3mo incentivar desde las aulas el sentimiento de pertenencia a Europa?\u0094.\n<ul><li>D\u00f1a. Eva D\u00edaz Camblor. Jefa de Estudios del IES Roces.<\/li><li>D\u00f1a. Melissa Vald\u00e9s V\u00e1zquez. Especialista en Administraci\u00f3n Educativa del Servicio de Ordenaci\u00f3n y Evaluaci\u00f3n Educativa.<\/li><li>D. Alberto Garc\u00eda Garc\u00eda. Agencia Europea de Investigaci\u00f3n.<\/li><\/ul>\nModera D\u00f1a. Patricia Herrero de la Escosura. Universidad de Oviedo.<\/li><\/ul>\n\n<h3>MI\u00c9RCOLES 21\/4\/2021<\/h3>\n<ul><li>18.00 a 19.30 h: Mesa Redonda \u0093Materiales para ense\u00f1ar la UE en la \nEscuela. La experiencia de los materiales Aprender Europa 1 y 2\u0094.\n<ul><li>D\u00f1a. Rosa M\u00aa Garc\u00eda Trabadelo IES Galileo Galilei. Navia.<\/li><li>D\u00f1a. Bel\u00e9n Noval IES Escultor Juan de Villanueva. Pola de Siero.<\/li><li>D\u00f1a. Luc\u00eda Guti\u00e9rrez Garc\u00eda, Consejer\u00eda de Educaci\u00f3n y Cultura del Principado de Asturias.<\/li><\/ul>\nModera D\u00f1a. M\u00aa del Carmen Fern\u00e1ndez Rubio. Universidad de Oviedo.<\/li><\/ul>\n\n<h3>MI\u00c9RCOLES 28\/4\/21<\/h3>\n<ul><li>18 a 19.30 h: Mesa redonda \u00abCiudadan\u00eda europea, igualdad y no discriminaci\u00f3n\u00bb.\n<ul><li>D\u00f1a. Vanessa Moreno Sierra. Formadora de la Agencia Nacional Espa\u00f1ola para el programa Erasmus+ Juventud en Acci\u00f3n.<\/li><li>D\u00f1a. Mar\u00eda Ludivina Valvidares Universidad de Oviedo.<\/li><li>D. Man\u00e9 Fern\u00e1ndez Noriega, Vicepresidente Xega.<\/li><\/ul>\nModera D\u00f1a. Rebeca Sancho Tuero. Universidad de Oviedo.<\/li><\/ul><p style=\"box-sizing: inherit; border-width: 0px; border-style: initial; margin-bottom: 1.5em; font-size: 16px; text-align: start; color: #5e5e69; font-family: Muli, sans-serif;\">\n<\/p><\/div>\n\t\t\t\t<\/div>\n\t\t\t\t\t\t\t\t<\/div>\n\t\t\t\t\t\t<\/div>\n\t\t\t\t<\/div>\n\t\t\t\t<div class=\"elementor-element elementor-element-943aee1 elementor-widget elementor-widget-html\" data-id=\"943aee1\" data-element_type=\"widget\" data-e-type=\"widget\" data-widget_type=\"html.default\">\n\t\t\t\t<div class=\"elementor-widget-container\">\n\t\t\t\t\t<script>\njQuery(document).ready(function($) {\nvar delay = 100; setTimeout(function() {\n$('.elementor-tab-title').removeClass('elementor-active');\n $('.elementor-tab-content').css('display', 'none'); }, delay);\n});\n<\/script>\t\t\t\t<\/div>\n\t\t\t\t<\/div>\n\t\t\t\t<\/div>\n\t\t\t\t<\/div>\n\t\t\t\t<\/div>\n\t\t\t\t\t<\/div>\n\t\t\t\t<\/div>\n\t\t<div class=\"elementor-element elementor-element-fc9bc21 e-flex e-con-boxed e-con e-parent\" data-id=\"fc9bc21\" data-element_type=\"container\" data-e-type=\"container\">\n\t\t\t\t\t<div class=\"e-con-inner\">\n\t\t<div class=\"elementor-element elementor-element-de20466 e-con-full e-flex e-con e-child\" data-id=\"de20466\" data-element_type=\"container\" data-e-type=\"container\">\n\t\t\t\t<div class=\"elementor-element elementor-element-48be739 elementor-align-center elementor-widget elementor-widget-button\" data-id=\"48be739\" data-element_type=\"widget\" data-e-type=\"widget\" data-widget_type=\"button.default\">\n\t\t\t\t<div class=\"elementor-widget-container\">\n\t\t\t\t\t\t\t\t\t<div class=\"elementor-button-wrapper\">\n\t\t\t\t\t<a class=\"elementor-button elementor-button-link elementor-size-sm elementor-animation-grow\" href=\"https:\/\/www.unioviedo.es\/vivireuropa\/index.php\/proyectos-vivir-europa-iv\/\">\n\t\t\t\t\t\t<span class=\"elementor-button-content-wrapper\">\n\t\t\t\t\t\t<span class=\"elementor-button-icon\">\n\t\t\t\t<svg aria-hidden=\"true\" class=\"e-font-icon-svg e-fas-arrow-alt-circle-left\" viewBox=\"0 0 512 512\" xmlns=\"http:\/\/www.w3.org\/2000\/svg\"><path d=\"M256 504C119 504 8 393 8 256S119 8 256 8s248 111 248 248-111 248-248 248zm116-292H256v-70.9c0-10.7-13-16.1-20.5-8.5L121.2 247.5c-4.7 4.7-4.7 12.2 0 16.9l114.3 114.9c7.6 7.6 20.5 2.2 20.5-8.5V300h116c6.6 0 12-5.4 12-12v-64c0-6.6-5.4-12-12-12z\"><\/path><\/svg>\t\t\t<\/span>\n\t\t\t\t\t\t\t\t\t<span class=\"elementor-button-text\">Volver<\/span>\n\t\t\t\t\t<\/span>\n\t\t\t\t\t<\/a>\n\t\t\t\t<\/div>\n\t\t\t\t\t\t\t\t<\/div>\n\t\t\t\t<\/div>\n\t\t\t\t<\/div>\n\t\t<div class=\"elementor-element elementor-element-ace08f9 e-con-full e-flex e-con e-child\" data-id=\"ace08f9\" data-element_type=\"container\" data-e-type=\"container\">\n\t\t\t\t<div class=\"elementor-element elementor-element-5eecad0 elementor-align-center elementor-widget elementor-widget-button\" data-id=\"5eecad0\" data-element_type=\"widget\" data-e-type=\"widget\" data-widget_type=\"button.default\">\n\t\t\t\t<div class=\"elementor-widget-container\">\n\t\t\t\t\t\t\t\t\t<div class=\"elementor-button-wrapper\">\n\t\t\t\t\t<a class=\"elementor-button elementor-button-link elementor-size-sm elementor-animation-grow\" href=\"https:\/\/www.unioviedo.es\/vivireuropa\/index.php\/proyectos-vivir-europa-iv-talleres\/\">\n\t\t\t\t\t\t<span class=\"elementor-button-content-wrapper\">\n\t\t\t\t\t\t<span class=\"elementor-button-icon\">\n\t\t\t\t<svg aria-hidden=\"true\" class=\"e-font-icon-svg e-fas-arrow-alt-circle-right\" viewBox=\"0 0 512 512\" xmlns=\"http:\/\/www.w3.org\/2000\/svg\"><path d=\"M256 8c137 0 248 111 248 248S393 504 256 504 8 393 8 256 119 8 256 8zM140 300h116v70.9c0 10.7 13 16.1 20.5 8.5l114.3-114.9c4.7-4.7 4.7-12.2 0-16.9l-114.3-115c-7.6-7.6-20.5-2.2-20.5 8.5V212H140c-6.6 0-12 5.4-12 12v64c0 6.6 5.4 12 12 12z\"><\/path><\/svg>\t\t\t<\/span>\n\t\t\t\t\t\t\t\t\t<span class=\"elementor-button-text\">Talleres<\/span>\n\t\t\t\t\t<\/span>\n\t\t\t\t\t<\/a>\n\t\t\t\t<\/div>\n\t\t\t\t\t\t\t\t<\/div>\n\t\t\t\t<\/div>\n\t\t\t\t<\/div>\n\t\t\t\t\t<\/div>\n\t\t\t\t<\/div>\n\t\t\t\t<\/div>\n\t\t","protected":false},"excerpt":{"rendered":"<p>Vivir Europa IV Formaci\u00f3n JORNADAS DE FORMACI\u00d3N DEL PROFESORADO Las Jornadas de Formaci\u00f3n del Profesorado, englobadas dentro del Proyecto Vivir Europa, son reconocidas por la Consejer\u00eda de Educaci\u00f3n, Cultura y Deporte del Principado de Asturias con un cr\u00e9dito de formaci\u00f3n permanente de profesorado. El proyecto Vivir Europa IV tiene previsto organizar dos cursos de formaci\u00f3n [&hellip;]<\/p>\n","protected":false},"author":667,"featured_media":0,"parent":0,"menu_order":0,"comment_status":"closed","ping_status":"closed","template":"","meta":{"footnotes":""},"class_list":["post-6941","page","type-page","status-publish","hentry"],"blocksy_meta":{"page_title_panel":"","has_hero_section":"disabled","97ee15f25a4197e406aa66b5a6e1cc4a":"","hero_section":"type-1","hero_elements":[{"id":"custom_title","enabled":true,"heading_tag":"h1","title":"Home"},{"id":"custom_description","enabled":true,"description_visibility":{"desktop":true,"tablet":true,"mobile":false}},{"id":"custom_meta","enabled":false,"meta_elements":[{"id":"author","enabled":true,"label":"By","has_author_avatar":"yes","avatar_size":25},{"id":"post_date","enabled":true,"label":"On","date_format_source":"default","date_format":"M j, Y"},{"id":"updated_date","enabled":false,"label":"On","date_format_source":"default","date_format":"M j, Y"},{"id":"categories","enabled":false,"label":"In","style":"simple"},{"id":"comments","enabled":true}],"page_meta_elements":{"joined":true,"articles_count":true,"comments":true}},{"id":"breadcrumbs","enabled":false}],"e383a482344f65eacb9516af82d8ed80":"","hero_alignment1":"CT_CSS_SKIP_RULE","hero_margin":40,"hero_alignment2":"center","hero_vertical_alignment":"center","aa7b568f8a77bfd0b9648c22ccb00685":"","hero_structure":"narrow","b4ba0b41affd6111d96beeceb6f9817f":"","page_title_bg_type":"featured_image","custom_hero_background":{"attachment_id":null},"page_title_image_size":"full","parallax":{"desktop":false,"tablet":false,"mobile":false},"14d5fc5fd9b9278b692d6150f1075e8a":"","hero_height":"250px","pageTitleFont":{"family":"Default","variation":"Default","size":"30px","line-height":"CT_CSS_SKIP_RULE","letter-spacing":"CT_CSS_SKIP_RULE","text-transform":"CT_CSS_SKIP_RULE","text-decoration":"CT_CSS_SKIP_RULE"},"pageTitleFontColor":{"default":{"color":"CT_CSS_SKIP_RULEDEFAULT"}},"pageMetaFont":{"family":"Default","variation":"n6","size":"12px","line-height":"1.3","letter-spacing":"CT_CSS_SKIP_RULE","text-transform":"uppercase","text-decoration":"CT_CSS_SKIP_RULE"},"pageMetaFontColor":{"default":{"color":"CT_CSS_SKIP_RULEDEFAULT"},"hover":{"color":"CT_CSS_SKIP_RULEDEFAULT"}},"page_meta_button_type_font_colors":{"default":{"color":"CT_CSS_SKIP_RULEDEFAULT"},"hover":{"color":"CT_CSS_SKIP_RULEDEFAULT"}},"page_meta_button_type_background_colors":{"default":{"color":"CT_CSS_SKIP_RULEDEFAULT"},"hover":{"color":"CT_CSS_SKIP_RULEDEFAULT"}},"pageExcerptFont":{"family":"Default","variation":"Default","size":"CT_CSS_SKIP_RULE","line-height":"CT_CSS_SKIP_RULE","letter-spacing":"CT_CSS_SKIP_RULE","text-transform":"CT_CSS_SKIP_RULE","text-decoration":"CT_CSS_SKIP_RULE"},"pageExcerptColor":{"default":{"color":"CT_CSS_SKIP_RULEDEFAULT"}},"breadcrumbsFont":{"family":"Default","variation":"Default","size":"CT_CSS_SKIP_RULE","line-height":"CT_CSS_SKIP_RULE","letter-spacing":"CT_CSS_SKIP_RULE","text-transform":"CT_CSS_SKIP_RULE","text-decoration":"CT_CSS_SKIP_RULE"},"breadcrumbsFontColor":{"default":{"color":"CT_CSS_SKIP_RULEDEFAULT"},"initial":{"color":"CT_CSS_SKIP_RULEDEFAULT"},"hover":{"color":"CT_CSS_SKIP_RULEDEFAULT"}},"pageTitleOverlay":{"background_type":"color","background_pattern":"type-1","background_image":{"attachment_id":null,"x":0,"y":0},"gradient":"linear-gradient(135deg,rgba(6,147,227,1) 0%,rgb(155,81,224) 100%)","background_repeat":"repeat","background_size":"auto","background_attachment":"scroll","patternColor":{"default":{"color":"#e5e7ea"}},"overlayColor":{"default":{"color":"CT_CSS_SKIP_RULE"}},"backgroundColor":{"default":{"color":"CT_CSS_SKIP_RULE"}}},"pageTitleBackground":{"background_type":"color","background_pattern":"type-1","background_image":{"attachment_id":null,"x":0,"y":0},"gradient":"linear-gradient(135deg,rgba(6,147,227,1) 0%,rgb(155,81,224) 100%)","background_repeat":"repeat","background_size":"auto","background_attachment":"scroll","patternColor":{"default":{"color":"#e5e7ea"}},"overlayColor":{"default":{"color":"CT_CSS_SKIP_RULE"}},"backgroundColor":{"default":{"color":"var(--theme-palette-color-6)"}}},"pageTitlePadding":{"top":"50px","bottom":"50px","left":"auto","right":"auto","linked":true},"202f0cbc398d714e048b39197ae71e6d":"","page_structure_type":"default","854bd40f7f8b4d7a95aa3e0f49708ea4":"","content_style_source":"inherit","content_style":"wide","vertical_spacing_source":"custom","content_area_spacing":"none","background":{"background_type":"color","background_pattern":"type-1","background_image":{"attachment_id":null,"x":0,"y":0},"gradient":"linear-gradient(135deg,rgba(6,147,227,1) 0%,rgb(155,81,224) 100%)","background_repeat":"repeat","background_size":"auto","background_attachment":"scroll","patternColor":{"default":{"color":"#e5e7ea"}},"overlayColor":{"default":{"color":"CT_CSS_SKIP_RULE"}},"backgroundColor":{"default":{"color":"CT_CSS_SKIP_RULE"}}},"content_background":{"background_type":"color","background_pattern":"type-1","background_image":{"attachment_id":null,"x":0,"y":0},"gradient":"linear-gradient(135deg,rgba(6,147,227,1) 0%,rgb(155,81,224) 100%)","background_repeat":"repeat","background_size":"auto","background_attachment":"scroll","patternColor":{"default":{"color":"#e5e7ea"}},"overlayColor":{"default":{"color":"CT_CSS_SKIP_RULE"}},"backgroundColor":{"default":{"color":"var(--theme-palette-color-8)"}}},"content_boxed_shadow":{"inherit":false,"blur":18,"spread":-6,"v_offset":12,"h_offset":0,"inset":false,"enable":true,"color":{"color":"rgba(34, 56, 101, 0.04)"}},"content_boxed_border":{"width":1,"style":"none","color":{"color":"rgba(44,62,80,0.2)"}},"content_boxed_radius":{"top":"3px","bottom":"3px","left":"3px","right":"3px","linked":true},"boxed_content_spacing":{"desktop":{"top":"40px","bottom":"40px","left":"40px","right":"40px","linked":true},"tablet":{"top":"35px","bottom":"35px","left":"35px","right":"35px","linked":true},"mobile":{"top":"20px","bottom":"20px","left":"20px","right":"20px","linked":true}},"b0da049bbc9a67cf3a03559f10c8de95":"","disable_featured_image":"no","disable_share_box":"no","disable_header":"no","disable_footer":"no","styles_descriptor":{"styles":{"desktop":"","tablet":"","mobile":""},"google_fonts":[],"version":6}},"_links":{"self":[{"href":"https:\/\/www.unioviedo.es\/vivireuropa\/index.php\/wp-json\/wp\/v2\/pages\/6941","targetHints":{"allow":["GET"]}}],"collection":[{"href":"https:\/\/www.unioviedo.es\/vivireuropa\/index.php\/wp-json\/wp\/v2\/pages"}],"about":[{"href":"https:\/\/www.unioviedo.es\/vivireuropa\/index.php\/wp-json\/wp\/v2\/types\/page"}],"author":[{"embeddable":true,"href":"https:\/\/www.unioviedo.es\/vivireuropa\/index.php\/wp-json\/wp\/v2\/users\/667"}],"replies":[{"embeddable":true,"href":"https:\/\/www.unioviedo.es\/vivireuropa\/index.php\/wp-json\/wp\/v2\/comments?post=6941"}],"version-history":[{"count":10,"href":"https:\/\/www.unioviedo.es\/vivireuropa\/index.php\/wp-json\/wp\/v2\/pages\/6941\/revisions"}],"predecessor-version":[{"id":6979,"href":"https:\/\/www.unioviedo.es\/vivireuropa\/index.php\/wp-json\/wp\/v2\/pages\/6941\/revisions\/6979"}],"wp:attachment":[{"href":"https:\/\/www.unioviedo.es\/vivireuropa\/index.php\/wp-json\/wp\/v2\/media?parent=6941"}],"curies":[{"name":"wp","href":"https:\/\/api.w.org\/{rel}","templated":true}]}}