{"id":102,"date":"2016-12-20T12:03:50","date_gmt":"2016-12-20T11:03:50","guid":{"rendered":"http:\/\/www.unioviedo.es\/xixonsostenibilidad\/?page_id=102"},"modified":"2025-11-14T18:08:00","modified_gmt":"2025-11-14T17:08:00","slug":"actividades","status":"publish","type":"page","link":"https:\/\/www.unioviedo.es\/xixonsostenibilidad\/index.php\/actividades\/","title":{"rendered":"ACTIVIDADES DE LA C\u00c1TEDRA"},"content":{"rendered":"\n<hr class=\"wp-block-separator has-alpha-channel-opacity\"\/>\n\n\n\n<figure class=\"wp-block-image size-large\"><img loading=\"lazy\" decoding=\"async\" width=\"724\" height=\"1024\" src=\"http:\/\/www.unioviedo.es\/xixonsostenibilidad\/wp-content\/uploads\/2025\/11\/Cartel-2025-11-18_Liderazgo-2-724x1024.jpg\" alt=\"\" class=\"wp-image-1340\" srcset=\"https:\/\/www.unioviedo.es\/xixonsostenibilidad\/wp-content\/uploads\/2025\/11\/Cartel-2025-11-18_Liderazgo-2-724x1024.jpg 724w, https:\/\/www.unioviedo.es\/xixonsostenibilidad\/wp-content\/uploads\/2025\/11\/Cartel-2025-11-18_Liderazgo-2-212x300.jpg 212w, https:\/\/www.unioviedo.es\/xixonsostenibilidad\/wp-content\/uploads\/2025\/11\/Cartel-2025-11-18_Liderazgo-2-768x1086.jpg 768w, https:\/\/www.unioviedo.es\/xixonsostenibilidad\/wp-content\/uploads\/2025\/11\/Cartel-2025-11-18_Liderazgo-2-1086x1536.jpg 1086w, https:\/\/www.unioviedo.es\/xixonsostenibilidad\/wp-content\/uploads\/2025\/11\/Cartel-2025-11-18_Liderazgo-2-1448x2048.jpg 1448w, https:\/\/www.unioviedo.es\/xixonsostenibilidad\/wp-content\/uploads\/2025\/11\/Cartel-2025-11-18_Liderazgo-2.jpg 1654w\" sizes=\"auto, (max-width: 724px) 100vw, 724px\" \/><\/figure>\n\n\n\n<figure class=\"wp-block-image size-full\"><img loading=\"lazy\" decoding=\"async\" width=\"349\" height=\"494\" src=\"http:\/\/www.unioviedo.es\/xixonsostenibilidad\/wp-content\/uploads\/2025\/04\/Asata.jpg\" alt=\"\" class=\"wp-image-1306\" srcset=\"https:\/\/www.unioviedo.es\/xixonsostenibilidad\/wp-content\/uploads\/2025\/04\/Asata.jpg 349w, https:\/\/www.unioviedo.es\/xixonsostenibilidad\/wp-content\/uploads\/2025\/04\/Asata-212x300.jpg 212w\" sizes=\"auto, (max-width: 349px) 100vw, 349px\" \/><\/figure>\n\n\n\n<figure class=\"wp-block-image size-large\"><img loading=\"lazy\" decoding=\"async\" width=\"1024\" height=\"1024\" src=\"https:\/\/www.unioviedo.es\/xixonsostenibilidad\/wp-content\/uploads\/2025\/04\/11-1-1024x1024.png\" alt=\"\" class=\"wp-image-1317\" srcset=\"https:\/\/www.unioviedo.es\/xixonsostenibilidad\/wp-content\/uploads\/2025\/04\/11-1-1024x1024.png 1024w, https:\/\/www.unioviedo.es\/xixonsostenibilidad\/wp-content\/uploads\/2025\/04\/11-1-300x300.png 300w, https:\/\/www.unioviedo.es\/xixonsostenibilidad\/wp-content\/uploads\/2025\/04\/11-1-150x150.png 150w, https:\/\/www.unioviedo.es\/xixonsostenibilidad\/wp-content\/uploads\/2025\/04\/11-1-768x768.png 768w, https:\/\/www.unioviedo.es\/xixonsostenibilidad\/wp-content\/uploads\/2025\/04\/11-1-500x500.png 500w, https:\/\/www.unioviedo.es\/xixonsostenibilidad\/wp-content\/uploads\/2025\/04\/11-1.png 1080w\" sizes=\"auto, (max-width: 1024px) 100vw, 1024px\" \/><\/figure>\n\n\n\n<div data-wp-interactive=\"core\/file\" class=\"wp-block-file\"><object data-wp-bind--hidden=\"!state.hasPdfPreview\" hidden class=\"wp-block-file__embed\" data=\"https:\/\/www.unioviedo.es\/xixonsostenibilidad\/wp-content\/uploads\/2025\/04\/MEMORIA-DMTS2025.pdf\" type=\"application\/pdf\" style=\"width:100%;height:600px\" aria-label=\"Incrustado de MEMORIA DMTS2025.\"><\/object><a id=\"wp-block-file--media-5a6d2d13-7d3f-41c1-8636-2a5fb623f7b9\" href=\"https:\/\/www.unioviedo.es\/xixonsostenibilidad\/wp-content\/uploads\/2025\/04\/MEMORIA-DMTS2025.pdf\">MEMORIA DMTS2025<\/a><a href=\"https:\/\/www.unioviedo.es\/xixonsostenibilidad\/wp-content\/uploads\/2025\/04\/MEMORIA-DMTS2025.pdf\" class=\"wp-block-file__button wp-element-button\" download aria-describedby=\"wp-block-file--media-5a6d2d13-7d3f-41c1-8636-2a5fb623f7b9\">Descarga<\/a><\/div>\n\n\n\n<hr class=\"wp-block-separator has-alpha-channel-opacity\"\/>\n\n\n\n<h1 class=\"wp-block-heading has-text-align-center\"><strong><em>Econom\u00eda circular: visita Gij\u00f3n<\/em><\/strong><\/h1>\n\n\n\n<p class=\"has-text-align-center wp-block-paragraph\">Taller #Econom\u00edacircularUOchallenge<\/p>\n\n\n\n<figure class=\"wp-block-image size-large\"><img loading=\"lazy\" decoding=\"async\" width=\"746\" height=\"1024\" src=\"https:\/\/www.unioviedo.es\/xixonsostenibilidad\/wp-content\/uploads\/2025\/04\/Eco-Circular-746x1024.jpg\" alt=\"\" class=\"wp-image-1314\" srcset=\"https:\/\/www.unioviedo.es\/xixonsostenibilidad\/wp-content\/uploads\/2025\/04\/Eco-Circular-746x1024.jpg 746w, https:\/\/www.unioviedo.es\/xixonsostenibilidad\/wp-content\/uploads\/2025\/04\/Eco-Circular-218x300.jpg 218w, https:\/\/www.unioviedo.es\/xixonsostenibilidad\/wp-content\/uploads\/2025\/04\/Eco-Circular-768x1055.jpg 768w, https:\/\/www.unioviedo.es\/xixonsostenibilidad\/wp-content\/uploads\/2025\/04\/Eco-Circular-1119x1536.jpg 1119w, https:\/\/www.unioviedo.es\/xixonsostenibilidad\/wp-content\/uploads\/2025\/04\/Eco-Circular-1492x2048.jpg 1492w, https:\/\/www.unioviedo.es\/xixonsostenibilidad\/wp-content\/uploads\/2025\/04\/Eco-Circular-scaled.jpg 1864w\" sizes=\"auto, (max-width: 746px) 100vw, 746px\" \/><\/figure>\n\n\n\n<figure class=\"wp-block-image size-large\"><img loading=\"lazy\" decoding=\"async\" width=\"1024\" height=\"979\" src=\"https:\/\/www.unioviedo.es\/xixonsostenibilidad\/wp-content\/uploads\/2025\/04\/Eco-Circular-visita-Gijon-1024x979.png\" alt=\"\" class=\"wp-image-1315\" srcset=\"https:\/\/www.unioviedo.es\/xixonsostenibilidad\/wp-content\/uploads\/2025\/04\/Eco-Circular-visita-Gijon-1024x979.png 1024w, https:\/\/www.unioviedo.es\/xixonsostenibilidad\/wp-content\/uploads\/2025\/04\/Eco-Circular-visita-Gijon-300x287.png 300w, https:\/\/www.unioviedo.es\/xixonsostenibilidad\/wp-content\/uploads\/2025\/04\/Eco-Circular-visita-Gijon-768x734.png 768w, https:\/\/www.unioviedo.es\/xixonsostenibilidad\/wp-content\/uploads\/2025\/04\/Eco-Circular-visita-Gijon-1536x1469.png 1536w, https:\/\/www.unioviedo.es\/xixonsostenibilidad\/wp-content\/uploads\/2025\/04\/Eco-Circular-visita-Gijon-2048x1959.png 2048w\" sizes=\"auto, (max-width: 1024px) 100vw, 1024px\" \/><\/figure>\n\n\n\n<hr class=\"wp-block-separator aligncenter has-alpha-channel-opacity is-style-default\"\/>\n\n\n\n<h1 class=\"wp-block-heading has-text-align-center\"><strong><em>Sostenibilidad, digitalizaci\u00f3n y resiliencia: desaf\u00edos para las ciudades<\/em><\/strong><\/h1>\n\n\n\n<p class=\"has-text-align-center wp-block-paragraph\">Mesa redonda: 12\/11\/2024<\/p>\n\n\n\n<figure class=\"wp-block-image size-large\"><img loading=\"lazy\" decoding=\"async\" width=\"724\" height=\"1024\" src=\"https:\/\/www.unioviedo.es\/xixonsostenibilidad\/wp-content\/uploads\/2025\/04\/Cartel-2024-11-12_SDR-Ciudades-724x1024.jpg\" alt=\"\" class=\"wp-image-1312\" srcset=\"https:\/\/www.unioviedo.es\/xixonsostenibilidad\/wp-content\/uploads\/2025\/04\/Cartel-2024-11-12_SDR-Ciudades-724x1024.jpg 724w, https:\/\/www.unioviedo.es\/xixonsostenibilidad\/wp-content\/uploads\/2025\/04\/Cartel-2024-11-12_SDR-Ciudades-212x300.jpg 212w, https:\/\/www.unioviedo.es\/xixonsostenibilidad\/wp-content\/uploads\/2025\/04\/Cartel-2024-11-12_SDR-Ciudades-768x1086.jpg 768w, https:\/\/www.unioviedo.es\/xixonsostenibilidad\/wp-content\/uploads\/2025\/04\/Cartel-2024-11-12_SDR-Ciudades-1086x1536.jpg 1086w, https:\/\/www.unioviedo.es\/xixonsostenibilidad\/wp-content\/uploads\/2025\/04\/Cartel-2024-11-12_SDR-Ciudades.jpg 1373w\" sizes=\"auto, (max-width: 724px) 100vw, 724px\" \/><\/figure>\n\n\n\n<figure class=\"wp-block-image size-large\"><img loading=\"lazy\" decoding=\"async\" width=\"918\" height=\"1024\" src=\"https:\/\/www.unioviedo.es\/xixonsostenibilidad\/wp-content\/uploads\/2025\/04\/Imagen1-1-918x1024.png\" alt=\"\" class=\"wp-image-1313\" srcset=\"https:\/\/www.unioviedo.es\/xixonsostenibilidad\/wp-content\/uploads\/2025\/04\/Imagen1-1-918x1024.png 918w, https:\/\/www.unioviedo.es\/xixonsostenibilidad\/wp-content\/uploads\/2025\/04\/Imagen1-1-269x300.png 269w, https:\/\/www.unioviedo.es\/xixonsostenibilidad\/wp-content\/uploads\/2025\/04\/Imagen1-1-768x857.png 768w, https:\/\/www.unioviedo.es\/xixonsostenibilidad\/wp-content\/uploads\/2025\/04\/Imagen1-1-1377x1536.png 1377w, https:\/\/www.unioviedo.es\/xixonsostenibilidad\/wp-content\/uploads\/2025\/04\/Imagen1-1-1836x2048.png 1836w, https:\/\/www.unioviedo.es\/xixonsostenibilidad\/wp-content\/uploads\/2025\/04\/Imagen1-1.png 1881w\" sizes=\"auto, (max-width: 918px) 100vw, 918px\" \/><\/figure>\n\n\n\n<hr class=\"wp-block-separator has-alpha-channel-opacity\"\/>\n\n\n\n<figure class=\"wp-block-image size-full\"><img loading=\"lazy\" decoding=\"async\" width=\"530\" height=\"530\" src=\"https:\/\/www.unioviedo.es\/xixonsostenibilidad\/wp-content\/uploads\/2025\/04\/Dia-mundial-TS-2024.png\" alt=\"\" class=\"wp-image-1311\" srcset=\"https:\/\/www.unioviedo.es\/xixonsostenibilidad\/wp-content\/uploads\/2025\/04\/Dia-mundial-TS-2024.png 530w, https:\/\/www.unioviedo.es\/xixonsostenibilidad\/wp-content\/uploads\/2025\/04\/Dia-mundial-TS-2024-300x300.png 300w, https:\/\/www.unioviedo.es\/xixonsostenibilidad\/wp-content\/uploads\/2025\/04\/Dia-mundial-TS-2024-150x150.png 150w, https:\/\/www.unioviedo.es\/xixonsostenibilidad\/wp-content\/uploads\/2025\/04\/Dia-mundial-TS-2024-500x500.png 500w\" sizes=\"auto, (max-width: 530px) 100vw, 530px\" \/><\/figure>\n\n\n\n<hr class=\"wp-block-separator has-alpha-channel-opacity\"\/>\n\n\n\n<h1 class=\"wp-block-heading has-text-align-center\">  Premios a Trabajos Fin de Grado y Fin de M\u00e1ster del curso 2020-2021. C\u00e1tedra Xix\u00f3n \u2013 Sostenibilidad  <\/h1>\n\n\n\n<figure class=\"wp-block-image size-large\"><img loading=\"lazy\" decoding=\"async\" width=\"724\" height=\"1024\" src=\"https:\/\/www.unioviedo.es\/xixonsostenibilidad\/wp-content\/uploads\/2021\/12\/Invitacion-Relacion-Premios-TFM-TFG-Xixon-Sostenibilidad-724x1024.jpg\" alt=\"\" class=\"wp-image-1242\" srcset=\"https:\/\/www.unioviedo.es\/xixonsostenibilidad\/wp-content\/uploads\/2021\/12\/Invitacion-Relacion-Premios-TFM-TFG-Xixon-Sostenibilidad-724x1024.jpg 724w, https:\/\/www.unioviedo.es\/xixonsostenibilidad\/wp-content\/uploads\/2021\/12\/Invitacion-Relacion-Premios-TFM-TFG-Xixon-Sostenibilidad-212x300.jpg 212w, https:\/\/www.unioviedo.es\/xixonsostenibilidad\/wp-content\/uploads\/2021\/12\/Invitacion-Relacion-Premios-TFM-TFG-Xixon-Sostenibilidad-768x1086.jpg 768w, https:\/\/www.unioviedo.es\/xixonsostenibilidad\/wp-content\/uploads\/2021\/12\/Invitacion-Relacion-Premios-TFM-TFG-Xixon-Sostenibilidad-1086x1536.jpg 1086w, https:\/\/www.unioviedo.es\/xixonsostenibilidad\/wp-content\/uploads\/2021\/12\/Invitacion-Relacion-Premios-TFM-TFG-Xixon-Sostenibilidad-1448x2048.jpg 1448w, https:\/\/www.unioviedo.es\/xixonsostenibilidad\/wp-content\/uploads\/2021\/12\/Invitacion-Relacion-Premios-TFM-TFG-Xixon-Sostenibilidad-scaled.jpg 1810w\" sizes=\"auto, (max-width: 724px) 100vw, 724px\" \/><\/figure>\n\n\n\n<h1 class=\"wp-block-heading has-text-align-center\"><strong>Retos y oportunidades<br>de la econom\u00eda circular<br>en las ciudades<\/strong><\/h1>\n\n\n\n<p class=\"wp-block-paragraph\">ACTUALIZACI\u00d3N DE PROGRAMA y se puede seguir en <a href=\"https:\/\/us06web.zoom.us\/j\/84508719068\" target=\"_blank\" rel=\"noreferrer noopener\">https:\/\/us06web.zoom.us\/j\/84508719068<\/a> <\/p>\n\n\n\n<figure class=\"wp-block-image size-large is-style-default\"><img loading=\"lazy\" decoding=\"async\" width=\"507\" height=\"1024\" src=\"https:\/\/www.unioviedo.es\/xixonsostenibilidad\/wp-content\/uploads\/2021\/12\/Economia-Circular-Ciudades_Gijon21dic-PROGRAMA-DEF-507x1024.jpg\" alt=\"\" class=\"wp-image-1240\" srcset=\"https:\/\/www.unioviedo.es\/xixonsostenibilidad\/wp-content\/uploads\/2021\/12\/Economia-Circular-Ciudades_Gijon21dic-PROGRAMA-DEF-507x1024.jpg 507w, https:\/\/www.unioviedo.es\/xixonsostenibilidad\/wp-content\/uploads\/2021\/12\/Economia-Circular-Ciudades_Gijon21dic-PROGRAMA-DEF-149x300.jpg 149w, https:\/\/www.unioviedo.es\/xixonsostenibilidad\/wp-content\/uploads\/2021\/12\/Economia-Circular-Ciudades_Gijon21dic-PROGRAMA-DEF-768x1551.jpg 768w, https:\/\/www.unioviedo.es\/xixonsostenibilidad\/wp-content\/uploads\/2021\/12\/Economia-Circular-Ciudades_Gijon21dic-PROGRAMA-DEF-761x1536.jpg 761w, https:\/\/www.unioviedo.es\/xixonsostenibilidad\/wp-content\/uploads\/2021\/12\/Economia-Circular-Ciudades_Gijon21dic-PROGRAMA-DEF-1014x2048.jpg 1014w, https:\/\/www.unioviedo.es\/xixonsostenibilidad\/wp-content\/uploads\/2021\/12\/Economia-Circular-Ciudades_Gijon21dic-PROGRAMA-DEF-scaled.jpg 1268w\" sizes=\"auto, (max-width: 507px) 100vw, 507px\" \/><\/figure>\n\n\n\n<p class=\"wp-block-paragraph\"><a href=\"http:\/\/bit.ly\/jornada21dic\">Inscripci\u00f3n gratuita:<\/a><br>*Aforo limitado<\/p>\n\n\n\n<h1 class=\"wp-block-heading has-text-align-center\">  Premios a Trabajos Fin de Grado y Fin de M\u00e1ster del curso 2018-2019. C\u00e1tedra Xix\u00f3n \u2013 Sostenibilidad  <\/h1>\n\n\n\n<figure class=\"wp-block-image size-large\"><img loading=\"lazy\" decoding=\"async\" width=\"720\" height=\"1024\" src=\"https:\/\/www.unioviedo.es\/xixonsostenibilidad\/wp-content\/uploads\/2019\/12\/Invitacion-Entrega-Premios-TFM-TFG-Xixon-Sostenibilidad-720x1024.jpg\" alt=\"\" class=\"wp-image-1148\" srcset=\"https:\/\/www.unioviedo.es\/xixonsostenibilidad\/wp-content\/uploads\/2019\/12\/Invitacion-Entrega-Premios-TFM-TFG-Xixon-Sostenibilidad-720x1024.jpg 720w, https:\/\/www.unioviedo.es\/xixonsostenibilidad\/wp-content\/uploads\/2019\/12\/Invitacion-Entrega-Premios-TFM-TFG-Xixon-Sostenibilidad-211x300.jpg 211w, https:\/\/www.unioviedo.es\/xixonsostenibilidad\/wp-content\/uploads\/2019\/12\/Invitacion-Entrega-Premios-TFM-TFG-Xixon-Sostenibilidad-768x1092.jpg 768w, https:\/\/www.unioviedo.es\/xixonsostenibilidad\/wp-content\/uploads\/2019\/12\/Invitacion-Entrega-Premios-TFM-TFG-Xixon-Sostenibilidad.jpg 1794w\" sizes=\"auto, (max-width: 720px) 100vw, 720px\" \/><\/figure>\n\n\n\n<h1 class=\"wp-block-heading has-text-align-center\"> SEMINARIO 03-12-2019 <\/h1>\n\n\n\n<p class=\"has-text-align-center has-very-light-gray-color has-vivid-green-cyan-background-color has-text-color has-background has-normal-font-size wp-block-paragraph\"><strong>ECONOM\u00cdA AMBIENTAL Y ECOL\u00d3GICA<\/strong><\/p>\n\n\n\n<figure class=\"wp-block-image size-large\"><img loading=\"lazy\" decoding=\"async\" width=\"724\" height=\"1024\" src=\"https:\/\/www.unioviedo.es\/xixonsostenibilidad\/wp-content\/uploads\/2019\/12\/Cartel-2019-12-03_Casanova-724x1024.jpg\" alt=\"\" class=\"wp-image-1139\" srcset=\"https:\/\/www.unioviedo.es\/xixonsostenibilidad\/wp-content\/uploads\/2019\/12\/Cartel-2019-12-03_Casanova-724x1024.jpg 724w, https:\/\/www.unioviedo.es\/xixonsostenibilidad\/wp-content\/uploads\/2019\/12\/Cartel-2019-12-03_Casanova-212x300.jpg 212w, https:\/\/www.unioviedo.es\/xixonsostenibilidad\/wp-content\/uploads\/2019\/12\/Cartel-2019-12-03_Casanova-768x1086.jpg 768w, https:\/\/www.unioviedo.es\/xixonsostenibilidad\/wp-content\/uploads\/2019\/12\/Cartel-2019-12-03_Casanova.jpg 1431w\" sizes=\"auto, (max-width: 724px) 100vw, 724px\" \/><\/figure>\n\n\n\n<h2 class=\"wp-block-heading has-text-align-center\"> SEMINARIO 18-11-2019 <\/h2>\n\n\n\n<p class=\"has-text-align-center has-very-light-gray-color has-vivid-green-cyan-background-color has-text-color has-background has-normal-font-size wp-block-paragraph\">AN\u00c1LISIS DE LA SOSTENIBILIDAD EN EL TURISMO: NUEVOS ENFOQUES SOCIALES<\/p>\n\n\n\n<figure class=\"wp-block-image size-large\"><img loading=\"lazy\" decoding=\"async\" width=\"724\" height=\"1024\" src=\"https:\/\/www.unioviedo.es\/xixonsostenibilidad\/wp-content\/uploads\/2019\/11\/Cartel-2019-11-12_Seminario-Artal-724x1024.jpg\" alt=\"\" class=\"wp-image-1118\" srcset=\"https:\/\/www.unioviedo.es\/xixonsostenibilidad\/wp-content\/uploads\/2019\/11\/Cartel-2019-11-12_Seminario-Artal-724x1024.jpg 724w, https:\/\/www.unioviedo.es\/xixonsostenibilidad\/wp-content\/uploads\/2019\/11\/Cartel-2019-11-12_Seminario-Artal-212x300.jpg 212w, https:\/\/www.unioviedo.es\/xixonsostenibilidad\/wp-content\/uploads\/2019\/11\/Cartel-2019-11-12_Seminario-Artal-768x1086.jpg 768w, https:\/\/www.unioviedo.es\/xixonsostenibilidad\/wp-content\/uploads\/2019\/11\/Cartel-2019-11-12_Seminario-Artal.jpg 1431w\" sizes=\"auto, (max-width: 724px) 100vw, 724px\" \/><\/figure>\n\n\n\n<h2 class=\"wp-block-heading has-text-align-center\"> CONFERENCIA 12-11-2019 <\/h2>\n\n\n\n<p class=\"has-text-align-center has-very-light-gray-color has-vivid-green-cyan-background-color has-text-color has-background has-normal-font-size wp-block-paragraph\"><a href=\"https:\/\/www.unioviedo.es\/xixonsostenibilidad\/wp-content\/uploads\/2019\/11\/Presentaci%C3%B3n_II-parte.pdf\">SISTEMA DE INDICADORES DE DESARROLLO TUR\u00cdSTICO SOSTENIBLE PARA UN DESTINO TUR\u00cdSTICO. EL CASO DE ANDALUC\u00cdA<\/a><\/p>\n\n\n\n<figure class=\"wp-block-image size-large\"><a href=\"https:\/\/www.unioviedo.es\/xixonsostenibilidad\/wp-content\/uploads\/2019\/11\/Presentaci%C3%B3n_II-parte.pdf\"><img loading=\"lazy\" decoding=\"async\" width=\"724\" height=\"1024\" src=\"https:\/\/www.unioviedo.es\/xixonsostenibilidad\/wp-content\/uploads\/2019\/11\/Cartel-2019-11-12_Indicadores-724x1024.jpg\" alt=\"\" class=\"wp-image-1062\" srcset=\"https:\/\/www.unioviedo.es\/xixonsostenibilidad\/wp-content\/uploads\/2019\/11\/Cartel-2019-11-12_Indicadores-724x1024.jpg 724w, https:\/\/www.unioviedo.es\/xixonsostenibilidad\/wp-content\/uploads\/2019\/11\/Cartel-2019-11-12_Indicadores-212x300.jpg 212w, https:\/\/www.unioviedo.es\/xixonsostenibilidad\/wp-content\/uploads\/2019\/11\/Cartel-2019-11-12_Indicadores-768x1086.jpg 768w, https:\/\/www.unioviedo.es\/xixonsostenibilidad\/wp-content\/uploads\/2019\/11\/Cartel-2019-11-12_Indicadores.jpg 1431w\" sizes=\"auto, (max-width: 724px) 100vw, 724px\" \/><\/a><\/figure>\n\n\n\n<h2 class=\"wp-block-heading has-text-align-center\"> CONFERENCIA 11-11-2019 <\/h2>\n\n\n\n<p class=\"has-text-align-center has-very-light-gray-color has-vivid-green-cyan-background-color has-text-color has-background has-normal-font-size wp-block-paragraph\"> <strong><em><a href=\"https:\/\/www.unioviedo.es\/xixonsostenibilidad\/wp-content\/uploads\/2019\/11\/Presentaci%C3%B3n-ERSISI-Uniovi.pdf\">Hacia comunidades sostenibles: Proyecto de refuerzo del derecho a la Inclusi\u00f3n Social a trav\u00e9s de la integraci\u00f3n de servicios (ERSISI)<\/a><\/em><\/strong><\/p>\n\n\n\n<figure class=\"wp-block-image size-large\"><a href=\"https:\/\/www.unioviedo.es\/xixonsostenibilidad\/wp-content\/uploads\/2019\/11\/Presentaci%C3%B3n-ERSISI-Uniovi.pdf\"><img loading=\"lazy\" decoding=\"async\" width=\"724\" height=\"1024\" src=\"https:\/\/www.unioviedo.es\/xixonsostenibilidad\/wp-content\/uploads\/2019\/11\/Cartel-2019-11-11_social-724x1024.jpg\" alt=\"\" class=\"wp-image-1060\" srcset=\"https:\/\/www.unioviedo.es\/xixonsostenibilidad\/wp-content\/uploads\/2019\/11\/Cartel-2019-11-11_social-724x1024.jpg 724w, https:\/\/www.unioviedo.es\/xixonsostenibilidad\/wp-content\/uploads\/2019\/11\/Cartel-2019-11-11_social-212x300.jpg 212w, https:\/\/www.unioviedo.es\/xixonsostenibilidad\/wp-content\/uploads\/2019\/11\/Cartel-2019-11-11_social-768x1086.jpg 768w, https:\/\/www.unioviedo.es\/xixonsostenibilidad\/wp-content\/uploads\/2019\/11\/Cartel-2019-11-11_social.jpg 1431w\" sizes=\"auto, (max-width: 724px) 100vw, 724px\" \/><\/a><\/figure>\n\n\n\n<h2 class=\"wp-block-heading has-text-align-center\"> CONFERENCIA 25-10-2019 <\/h2>\n\n\n\n<p class=\"has-text-align-center has-very-light-gray-color has-vivid-green-cyan-background-color has-text-color has-background has-normal-font-size wp-block-paragraph\"> \u00bfC\u00d3MO EVALUAR EL IMPACTO DEL CAMBIO CLIM\u00c1TICO SOBRE LA DEMANDA TUR\u00cdSTICA?&nbsp; <\/p>\n\n\n\n<figure class=\"wp-block-image size-large\"><img loading=\"lazy\" decoding=\"async\" width=\"724\" height=\"1024\" src=\"https:\/\/www.unioviedo.es\/xixonsostenibilidad\/wp-content\/uploads\/2019\/10\/Cartel-2019-10-25_JRosello-1-724x1024.jpg\" alt=\"\" class=\"wp-image-1050\" srcset=\"https:\/\/www.unioviedo.es\/xixonsostenibilidad\/wp-content\/uploads\/2019\/10\/Cartel-2019-10-25_JRosello-1-724x1024.jpg 724w, https:\/\/www.unioviedo.es\/xixonsostenibilidad\/wp-content\/uploads\/2019\/10\/Cartel-2019-10-25_JRosello-1-212x300.jpg 212w, https:\/\/www.unioviedo.es\/xixonsostenibilidad\/wp-content\/uploads\/2019\/10\/Cartel-2019-10-25_JRosello-1-768x1086.jpg 768w, https:\/\/www.unioviedo.es\/xixonsostenibilidad\/wp-content\/uploads\/2019\/10\/Cartel-2019-10-25_JRosello-1.jpg 1431w\" sizes=\"auto, (max-width: 724px) 100vw, 724px\" \/><\/figure>\n\n\n\n<h2 class=\"wp-block-heading has-text-align-center\"> CONFERENCIA 14-10-2019 <\/h2>\n\n\n\n<p class=\"has-text-align-center has-very-light-gray-color has-vivid-green-cyan-background-color has-text-color has-background has-normal-font-size wp-block-paragraph\"><strong><a href=\"https:\/\/www.unioviedo.es\/xixonsostenibilidad\/wp-content\/uploads\/2019\/11\/ConferenciaGijonFraiz.pdf\">PRODUCTOS TUR\u00cdSTICOS PARA EL DESARROLLO SOSTENIBLE A NIVEL LOCAL. LOS CASOS DE LA RIBEIRA SACRA Y EL TURISMO DE SALUD<\/a><\/strong><\/p>\n\n\n\n<figure class=\"wp-block-image size-large\"><img loading=\"lazy\" decoding=\"async\" width=\"724\" height=\"1024\" src=\"https:\/\/www.unioviedo.es\/xixonsostenibilidad\/wp-content\/uploads\/2019\/10\/Cartel-2019-10-14_Jfraiz-724x1024.jpg\" alt=\"\" class=\"wp-image-1024\" srcset=\"https:\/\/www.unioviedo.es\/xixonsostenibilidad\/wp-content\/uploads\/2019\/10\/Cartel-2019-10-14_Jfraiz-724x1024.jpg 724w, https:\/\/www.unioviedo.es\/xixonsostenibilidad\/wp-content\/uploads\/2019\/10\/Cartel-2019-10-14_Jfraiz-212x300.jpg 212w, https:\/\/www.unioviedo.es\/xixonsostenibilidad\/wp-content\/uploads\/2019\/10\/Cartel-2019-10-14_Jfraiz-768x1086.jpg 768w, https:\/\/www.unioviedo.es\/xixonsostenibilidad\/wp-content\/uploads\/2019\/10\/Cartel-2019-10-14_Jfraiz.jpg 1431w\" sizes=\"auto, (max-width: 724px) 100vw, 724px\" \/><\/figure>\n\n\n\n<div class=\"wp-block-file\"><a href=\"https:\/\/www.unioviedo.es\/xixonsostenibilidad\/wp-content\/uploads\/2019\/11\/ConferenciaGijon.pdf\">PRESENTACI\u00d3N  <strong>PRODUCTOS TUR\u00cdSTICOS PARA EL DESARROLLO SOSTENIBLE A NIVEL LOCAL.<\/strong> <\/a><a href=\"https:\/\/www.unioviedo.es\/xixonsostenibilidad\/wp-content\/uploads\/2019\/11\/ConferenciaGijon.pdf\" class=\"wp-block-file__button wp-element-button\" download>Descarga<\/a><\/div>\n\n\n\n<h2 class=\"wp-block-heading has-text-align-center\">ACTO ACAD\u00c9MICO 27-09-2019<\/h2>\n\n\n\n<p class=\"has-text-align-center has-very-light-gray-color has-vivid-green-cyan-background-color has-text-color has-background has-normal-font-size wp-block-paragraph\"> <strong>D\u00cdA MUNDIAL DEL TURISMO 2019 \u2013 TURISMO Y EMPLEO: UN FUTURO MEJOR PARA TODOS<br> WORLD TOURISM DAY 2019 \u2013 TOURISM AND JOBS: A BETTER FUTURE FOR ALL<br> 27 de septiembre<\/strong><\/p>\n\n\n\n<figure class=\"wp-block-image size-large\"><img loading=\"lazy\" decoding=\"async\" width=\"1024\" height=\"724\" src=\"http:\/\/www.unioviedo.es\/xixonsostenibilidad\/wp-content\/uploads\/2019\/09\/Acto_27S_2019-final-1024x724.jpg\" alt=\"\" class=\"wp-image-1015\" srcset=\"https:\/\/www.unioviedo.es\/xixonsostenibilidad\/wp-content\/uploads\/2019\/09\/Acto_27S_2019-final-1024x724.jpg 1024w, https:\/\/www.unioviedo.es\/xixonsostenibilidad\/wp-content\/uploads\/2019\/09\/Acto_27S_2019-final-300x212.jpg 300w, https:\/\/www.unioviedo.es\/xixonsostenibilidad\/wp-content\/uploads\/2019\/09\/Acto_27S_2019-final-768x543.jpg 768w\" sizes=\"auto, (max-width: 1024px) 100vw, 1024px\" \/><\/figure>\n\n\n\n<div class=\"wp-block-file\"><a href=\"https:\/\/www.unioviedo.es\/xixonsostenibilidad\/wp-content\/uploads\/2019\/11\/Conferencia-Turismo-Gij\u00f3n-septiembre-2019-para-el-alumnado.pdf\">PRESENTACION JORGA OLCINA<\/a><a href=\"https:\/\/www.unioviedo.es\/xixonsostenibilidad\/wp-content\/uploads\/2019\/11\/Conferencia-Turismo-Gij\u00f3n-septiembre-2019-para-el-alumnado.pdf\" class=\"wp-block-file__button wp-element-button\" download>Descarga<\/a><\/div>\n\n\n\n<h2 class=\"wp-block-heading has-text-align-center\">SEMINARIO 23-05-2019<\/h2>\n\n\n\n<p class=\"has-text-align-center has-very-light-gray-color has-vivid-green-cyan-background-color has-text-color has-background wp-block-paragraph\"><strong>TURISMO DE CRUCEROS Y SOSTENIBILIDAD<\/strong><\/p>\n\n\n\n<figure class=\"wp-block-image size-large\"><img loading=\"lazy\" decoding=\"async\" width=\"724\" height=\"1024\" src=\"https:\/\/www.unioviedo.es\/xixonsostenibilidad\/wp-content\/uploads\/2019\/07\/Cartel-2019-05_23_Brida-y-Zapata-724x1024.jpg\" alt=\"\" class=\"wp-image-1006\" srcset=\"https:\/\/www.unioviedo.es\/xixonsostenibilidad\/wp-content\/uploads\/2019\/07\/Cartel-2019-05_23_Brida-y-Zapata-724x1024.jpg 724w, https:\/\/www.unioviedo.es\/xixonsostenibilidad\/wp-content\/uploads\/2019\/07\/Cartel-2019-05_23_Brida-y-Zapata-212x300.jpg 212w, https:\/\/www.unioviedo.es\/xixonsostenibilidad\/wp-content\/uploads\/2019\/07\/Cartel-2019-05_23_Brida-y-Zapata-768x1086.jpg 768w, https:\/\/www.unioviedo.es\/xixonsostenibilidad\/wp-content\/uploads\/2019\/07\/Cartel-2019-05_23_Brida-y-Zapata.jpg 1431w\" sizes=\"auto, (max-width: 724px) 100vw, 724px\" \/><\/figure>\n\n\n\n<h2 class=\"wp-block-heading has-text-align-center\"><strong><em>II #Econom\u00edacircularUOchallenge <\/em><\/strong><\/h2>\n\n\n\n<figure class=\"wp-block-image size-large\"><img loading=\"lazy\" decoding=\"async\" width=\"1024\" height=\"724\" src=\"https:\/\/www.unioviedo.es\/xixonsostenibilidad\/wp-content\/uploads\/2019\/07\/IIEconomiaCircularUOChallenge_Portada-1024x724.jpg\" alt=\"\" class=\"wp-image-1008\" srcset=\"https:\/\/www.unioviedo.es\/xixonsostenibilidad\/wp-content\/uploads\/2019\/07\/IIEconomiaCircularUOChallenge_Portada-1024x724.jpg 1024w, https:\/\/www.unioviedo.es\/xixonsostenibilidad\/wp-content\/uploads\/2019\/07\/IIEconomiaCircularUOChallenge_Portada-300x212.jpg 300w, https:\/\/www.unioviedo.es\/xixonsostenibilidad\/wp-content\/uploads\/2019\/07\/IIEconomiaCircularUOChallenge_Portada-768x543.jpg 768w\" sizes=\"auto, (max-width: 1024px) 100vw, 1024px\" \/><\/figure>\n\n\n\n<h2 class=\"wp-block-heading has-text-align-center\">CONFERENCIA 09-04-2019<\/h2>\n\n\n\n<p class=\"has-text-align-center has-very-light-gray-color has-vivid-green-cyan-background-color has-text-color has-background wp-block-paragraph\"><strong>DIMENSIONES AMBIENTALES DEL CONSUMO RESPONSABLE<\/strong><\/p>\n\n\n\n<figure class=\"wp-block-image size-large\"><img loading=\"lazy\" decoding=\"async\" width=\"724\" height=\"1024\" src=\"https:\/\/www.unioviedo.es\/xixonsostenibilidad\/wp-content\/uploads\/2019\/07\/Cartel-2019-04-09_Emilio-Chuvieco-724x1024.jpg\" alt=\"\" class=\"wp-image-1007\" srcset=\"https:\/\/www.unioviedo.es\/xixonsostenibilidad\/wp-content\/uploads\/2019\/07\/Cartel-2019-04-09_Emilio-Chuvieco-724x1024.jpg 724w, https:\/\/www.unioviedo.es\/xixonsostenibilidad\/wp-content\/uploads\/2019\/07\/Cartel-2019-04-09_Emilio-Chuvieco-212x300.jpg 212w, https:\/\/www.unioviedo.es\/xixonsostenibilidad\/wp-content\/uploads\/2019\/07\/Cartel-2019-04-09_Emilio-Chuvieco-768x1086.jpg 768w, https:\/\/www.unioviedo.es\/xixonsostenibilidad\/wp-content\/uploads\/2019\/07\/Cartel-2019-04-09_Emilio-Chuvieco.jpg 1431w\" sizes=\"auto, (max-width: 724px) 100vw, 724px\" \/><\/figure>\n\n\n\n<h2 class=\"wp-block-heading has-text-align-center\">ACTO ACAD\u00c9MICO 04-04-2019<\/h2>\n\n\n\n<p class=\"has-text-align-center has-very-light-gray-color has-vivid-green-cyan-background-color has-text-color has-background wp-block-paragraph\"><strong>Inauguraci\u00f3n Exposici\u00f3n Itinerante Objetivos de Desarrollo Sostenible (ODS)-ONU \u00abNuestra Universidad antes los retos de cambiar el mundo<\/strong><\/p>\n\n\n\n<p class=\"has-text-align-center wp-block-paragraph\">En colaboraci\u00f3n con la Facultad de Comercio, Turismo y Ciencias Sociales Jovellanos<\/p>\n\n\n\n<figure class=\"wp-block-image\"><img loading=\"lazy\" decoding=\"async\" width=\"662\" height=\"936\" src=\"https:\/\/www.unioviedo.es\/xixonsostenibilidad\/wp-content\/uploads\/2019\/04\/Acto-Acad\u00e9mico-ODS.jpg\" alt=\"\" class=\"wp-image-537\" srcset=\"https:\/\/www.unioviedo.es\/xixonsostenibilidad\/wp-content\/uploads\/2019\/04\/Acto-Acad\u00e9mico-ODS.jpg 662w, https:\/\/www.unioviedo.es\/xixonsostenibilidad\/wp-content\/uploads\/2019\/04\/Acto-Acad\u00e9mico-ODS-212x300.jpg 212w\" sizes=\"auto, (max-width: 662px) 100vw, 662px\" \/><\/figure>\n\n\n\n<div class=\"wp-block-file aligncenter\"><a href=\"https:\/\/www.unioviedo.es\/xixonsostenibilidad\/wp-content\/uploads\/2019\/04\/2019-Presentaci\u00f3n-Universida-Oviedo-Gij\u00f3n-BC-final-1.pdf\">Agenda 2030 de desarrollo sostenible: una Agenda para la transformaci\u00f3n de la Sociedad<\/a><a href=\"https:\/\/www.unioviedo.es\/xixonsostenibilidad\/wp-content\/uploads\/2019\/04\/2019-Presentaci\u00f3n-Universida-Oviedo-Gij\u00f3n-BC-final-1.pdf\" class=\"wp-block-file__button wp-element-button\" download>Descarga<\/a><\/div>\n\n\n\n<h2 class=\"wp-block-heading has-text-align-center\">JORNADA 11-03-2019<\/h2>\n\n\n\n<p class=\"has-text-align-center has-very-light-gray-background-color has-background wp-block-paragraph\"><strong>D\u00eda Mundial del Trabajo Social<\/strong><\/p>\n\n\n\n<p class=\"has-text-align-center wp-block-paragraph\">En colaboraci\u00f3n con el Colegio Oficial de Trabajo Social y la Facultad de Comercio, Turismo y Ciencias Sociales Jovellanos<\/p>\n\n\n\n<figure class=\"wp-block-image\"><img loading=\"lazy\" decoding=\"async\" width=\"1024\" height=\"964\" src=\"https:\/\/www.unioviedo.es\/xixonsostenibilidad\/wp-content\/uploads\/2019\/04\/CARTEL-2019-version-final-VERTICAL-1024x964.jpg\" alt=\"\" class=\"wp-image-535\" srcset=\"https:\/\/www.unioviedo.es\/xixonsostenibilidad\/wp-content\/uploads\/2019\/04\/CARTEL-2019-version-final-VERTICAL-1024x964.jpg 1024w, https:\/\/www.unioviedo.es\/xixonsostenibilidad\/wp-content\/uploads\/2019\/04\/CARTEL-2019-version-final-VERTICAL-300x283.jpg 300w, https:\/\/www.unioviedo.es\/xixonsostenibilidad\/wp-content\/uploads\/2019\/04\/CARTEL-2019-version-final-VERTICAL-768x723.jpg 768w\" sizes=\"auto, (max-width: 1024px) 100vw, 1024px\" \/><\/figure>\n\n\n\n<h2 class=\"wp-block-heading has-text-align-center\">JORNADA TALLER 18-12-2018<\/h2>\n\n\n\n<p class=\"has-text-align-center has-very-light-gray-background-color has-background wp-block-paragraph\">G<strong>astronom\u00eda Sostenible<\/strong> <\/p>\n\n\n\n<p class=\"has-text-align-center wp-block-paragraph\"> El taller ser\u00e1 a cargo del Chef Sergio Rama, con un l\u00edmite de 25 plazas  y se cerrar\u00e1 con una conferencia del profesor Enrique Torres de la Universidad de M\u00e1laga sobre Turismo y gastronom\u00eda <\/p>\n\n\n\n<figure class=\"wp-block-image\"><img loading=\"lazy\" decoding=\"async\" width=\"1024\" height=\"724\" src=\"https:\/\/www.unioviedo.es\/xixonsostenibilidad\/wp-content\/uploads\/2019\/03\/CARTELJORNADA-Gastro-Sostenible-y-Turismo-2018-12-18_V2-1024x724.jpg\" alt=\"\" class=\"wp-image-508\" srcset=\"https:\/\/www.unioviedo.es\/xixonsostenibilidad\/wp-content\/uploads\/2019\/03\/CARTELJORNADA-Gastro-Sostenible-y-Turismo-2018-12-18_V2-1024x724.jpg 1024w, https:\/\/www.unioviedo.es\/xixonsostenibilidad\/wp-content\/uploads\/2019\/03\/CARTELJORNADA-Gastro-Sostenible-y-Turismo-2018-12-18_V2-300x212.jpg 300w, https:\/\/www.unioviedo.es\/xixonsostenibilidad\/wp-content\/uploads\/2019\/03\/CARTELJORNADA-Gastro-Sostenible-y-Turismo-2018-12-18_V2-768x543.jpg 768w\" sizes=\"auto, (max-width: 1024px) 100vw, 1024px\" \/><\/figure>\n\n\n\n<h2 class=\"wp-block-heading has-text-align-center\">CONFERENCIA 11-12-2018<\/h2>\n\n\n\n<p class=\"has-text-align-center has-very-light-gray-background-color has-background wp-block-paragraph\"><strong><em>Turismo y transformaci\u00f3n digital: \u00bfhacia destinos tur\u00edsticos inteligentes?<\/em><\/strong><\/p>\n\n\n\n<p class=\"wp-block-paragraph\">Contaremos con la presencia del profesor Josep Ivars de la Universidad de Alicante y uno de los investigadores principales del proyecto de investigaci\u00f3n \u201cAn\u00e1lisis de procesos de planificaci\u00f3n aplicados a ciudades y destinos tur\u00edsticos inteligentes. Balance y propuesta metodol\u00f3gica para espacios tur\u00edsticos: Smart TourismPlanning\u201c. Proyecto CSO2017-82592-R del Programa Estatal de I+D+i del Ministerio de Econom\u00eda, Industria y Competitividad, (2018-2020) en el que est\u00e1n tambi\u00e9n presentes investigadores de la Universidad de Oviedo. En este caso Gij\u00f3n es uno de los destinos que se analizar\u00e1n dentro de este estudio.<\/p>\n\n\n\n<figure class=\"wp-block-image\"><img loading=\"lazy\" decoding=\"async\" width=\"724\" height=\"1024\" src=\"https:\/\/www.unioviedo.es\/xixonsostenibilidad\/wp-content\/uploads\/2018\/12\/Cartel-2018-12-11_DTI-724x1024.jpg\" alt=\"\" class=\"wp-image-489\" srcset=\"https:\/\/www.unioviedo.es\/xixonsostenibilidad\/wp-content\/uploads\/2018\/12\/Cartel-2018-12-11_DTI-724x1024.jpg 724w, https:\/\/www.unioviedo.es\/xixonsostenibilidad\/wp-content\/uploads\/2018\/12\/Cartel-2018-12-11_DTI-212x300.jpg 212w, https:\/\/www.unioviedo.es\/xixonsostenibilidad\/wp-content\/uploads\/2018\/12\/Cartel-2018-12-11_DTI-768x1086.jpg 768w, https:\/\/www.unioviedo.es\/xixonsostenibilidad\/wp-content\/uploads\/2018\/12\/Cartel-2018-12-11_DTI.jpg 1654w\" sizes=\"auto, (max-width: 724px) 100vw, 724px\" \/><\/figure>\n\n\n\n<div class=\"wp-block-file aligncenter\"><a href=\"https:\/\/www.unioviedo.es\/xixonsostenibilidad\/index.php\/actividades\/conferencia-gijon-11-diciembre-2018-ivars\/\" target=\"_blank\" rel=\"noreferrer noopener\">Ivars J. (2018) Turismo y transformaci\u00f3n<br> digital: \u00bfHacia destinos<br> tur\u00edsticos inteligentes? Ponencia<\/a><a href=\"https:\/\/www.unioviedo.es\/xixonsostenibilidad\/wp-content\/uploads\/2019\/03\/Conferencia-Gij\u00f3n-11-diciembre-2018-IVARS.pdf\" class=\"wp-block-file__button wp-element-button\" download>Descarga<\/a><\/div>\n\n\n\n<h2 class=\"wp-block-heading has-text-align-center\">JORNADA 13-11-2018<\/h2>\n\n\n\n<p class=\"has-text-align-center has-very-light-gray-background-color has-background has-regular-font-size wp-block-paragraph\"><strong>El nuevo periodo de financiaci\u00f3n europea (2021-2027). La Agenda Urbana y los Objetivos de Desarrollo Sostenible para las ciudades<\/strong><\/p>\n\n\n\n<p class=\"wp-block-paragraph\">\n\nLa C\u00e1tedra Milla del Conocimiento Xix\u00f3n Sostenibilidad, en colaboraci\u00f3n con el Ayuntamiento de Gij\u00f3n y la Facultad de Comercio, Turismo y Ciencias Sociales \u201cJovellanos\u201d, organizan el pr\u00f3ximo 13 de noviembre a las 9.30 horas, en el Paraninfo de la Facultad, la Jornada: \u201cEl nuevo periodo de financiaci\u00f3n europea (2021-2027). La Agenda Urbana y los Objetivos de Desarrollo Sostenible para las ciudades\u00bb.\n\n<\/p>\n\n\n\n<p class=\"wp-block-paragraph\">Se contar\u00e1 con la participaci\u00f3n de expertos estructurando la sesi\u00f3n en tres l\u00edneas de an\u00e1lisis<\/p>\n\n\n\n<p class=\"wp-block-paragraph\"><em><strong>EL NUEVO PERIODO DE PROGRAMACI\u00d3N EUROPEA 2021-2027 Y SUS POSIBILIDADES PARA LAS CIUDADES<\/strong><\/em><\/p>\n\n\n\n<p class=\"wp-block-paragraph\"><em><strong>UNA VISI\u00d3N SOBRE EL DESARROLLO DE LA AGENDA URBANA EUROPEA EN ESPA\u00d1A<\/strong><\/em><\/p>\n\n\n\n<p class=\"wp-block-paragraph\"><strong><em>EXPERIENCIAS PR\u00c1CTICAS EN CIUDADES Y REGIONES<\/em><\/strong><\/p>\n\n\n\n<figure class=\"wp-block-image\"><img loading=\"lazy\" decoding=\"async\" width=\"2573\" height=\"1819\" src=\"http:\/\/www.unioviedo.es\/xixonsostenibilidad\/wp-content\/uploads\/2018\/10\/CARTELJORNADA-Agenda-Urbana-yODS-ciudades-2018-11-13.jpg\" alt=\"\" class=\"wp-image-454\" srcset=\"https:\/\/www.unioviedo.es\/xixonsostenibilidad\/wp-content\/uploads\/2018\/10\/CARTELJORNADA-Agenda-Urbana-yODS-ciudades-2018-11-13.jpg 2573w, https:\/\/www.unioviedo.es\/xixonsostenibilidad\/wp-content\/uploads\/2018\/10\/CARTELJORNADA-Agenda-Urbana-yODS-ciudades-2018-11-13-300x212.jpg 300w, https:\/\/www.unioviedo.es\/xixonsostenibilidad\/wp-content\/uploads\/2018\/10\/CARTELJORNADA-Agenda-Urbana-yODS-ciudades-2018-11-13-768x543.jpg 768w, https:\/\/www.unioviedo.es\/xixonsostenibilidad\/wp-content\/uploads\/2018\/10\/CARTELJORNADA-Agenda-Urbana-yODS-ciudades-2018-11-13-1024x724.jpg 1024w\" sizes=\"auto, (max-width: 2573px) 100vw, 2573px\" \/><\/figure>\n\n\n\n<h2 class=\"wp-block-heading has-text-align-center\">MESA REDONDA 06-11-2018<\/h2>\n\n\n\n<p class=\"has-text-align-center has-very-light-gray-background-color has-background wp-block-paragraph\"><strong><em>La RSC en las\nempresas: construyendo entornos laborales m\u00e1s sostenibles<\/em><\/strong><\/p>\n\n\n\n<p class=\"wp-block-paragraph\">La C\u00e1tedra Milla del Conocimiento en colaboraci\u00f3n con la Facultad de Comercio, Turismo y Ciencias Sociales \u00abJovellanos\u00bb, y el Colegio Oficial de Trabajo Social de Asturias, organizan el pr\u00f3ximo 6 de noviembre a las 12.30 horas, en el Paraninfo de la Facultad, la Mesa Redonda: \u00abLa RSC en las empresas: construyendo entornos laborales m\u00e1s sostenibles\u00bb<\/p>\n\n\n\n<p class=\"wp-block-paragraph\">Con nosotros estar\u00e1n:<br>&#8211; D. Ricardo Chac\u00f3n Barcaiztegui<br>Trabajador social RENFE \u2013 ADIF en el Plan de Acci\u00f3n contra las Drogodependencias y el Alcoholismo de RENFE \u2013 ADIF&nbsp;<br>&#8211; D. Francisco Moreno Ad\u00e1n<br>Trabajador social, Jefe de Departamento de Beneficios y Proyectos Sociales de AENA.&nbsp;<br>&#8211; D\u00aa. Elena Rodr\u00edguez Conejero<br>Trabajadora social en el Banco de Espa\u00f1a<\/p>\n\n\n\n<figure class=\"wp-block-image\"><img loading=\"lazy\" decoding=\"async\" width=\"1662\" height=\"2351\" src=\"https:\/\/www.unioviedo.es\/xixonsostenibilidad\/wp-content\/uploads\/2018\/10\/Cartel-Mesa-Redonda-2018-11-06_RSC-Empresas-1.jpg\" alt=\"\" class=\"wp-image-451\" srcset=\"https:\/\/www.unioviedo.es\/xixonsostenibilidad\/wp-content\/uploads\/2018\/10\/Cartel-Mesa-Redonda-2018-11-06_RSC-Empresas-1.jpg 1662w, https:\/\/www.unioviedo.es\/xixonsostenibilidad\/wp-content\/uploads\/2018\/10\/Cartel-Mesa-Redonda-2018-11-06_RSC-Empresas-1-212x300.jpg 212w, https:\/\/www.unioviedo.es\/xixonsostenibilidad\/wp-content\/uploads\/2018\/10\/Cartel-Mesa-Redonda-2018-11-06_RSC-Empresas-1-768x1086.jpg 768w, https:\/\/www.unioviedo.es\/xixonsostenibilidad\/wp-content\/uploads\/2018\/10\/Cartel-Mesa-Redonda-2018-11-06_RSC-Empresas-1-724x1024.jpg 724w\" sizes=\"auto, (max-width: 1662px) 100vw, 1662px\" \/><\/figure>\n\n\n\n<h2 class=\"wp-block-heading\"><br>Por motivos de salud del ponente, nos vemos obligados a cancelar el acto previsto del d\u00eda 26 de octubre<\/h2>\n\n\n\n<h2 class=\"wp-block-heading has-text-align-center\"> <br>CONFERENCIA COLOQUIO  26-10-2018<\/h2>\n\n\n\n<p class=\"has-text-align-center has-very-light-gray-background-color has-background wp-block-paragraph\" style=\"font-size:18px\"><strong>La importancia de la comunicaci\u00f3n en la responsabilidad social de la empresa<\/strong><\/p>\n\n\n\n<p class=\"wp-block-paragraph\">En colaboraci\u00f3n con&nbsp;la&nbsp;Fundaci\u00f3n Alimerka y los Premios Luis No\u00e9 Fern\u00e1ndez, que este a\u00f1o llegan a su novena edici\u00f3n, se organiza la&nbsp;conferencia coloquio con D. Jordi Jauma (Editor de Diario Responsable) sobre la importancia de la comunicaci\u00f3n en la RSC de las empresas. Contaremos con D\u00aa. Marta L\u00f3pez Tejerina, periodista y responsable de comunicaci\u00f3n de la Fundaci\u00f3n Alimerka para la direcci\u00f3n del coloquio<\/p>\n\n\n\n<p class=\"wp-block-paragraph\">Contamos adem\u00e1s con la colaboraci\u00f3n de la Facultad de Comercio, Turismo y Ciencias Sociales Jovellanos de la Universidad de Oviedo y se celebrar\u00e1 en el paraninfo de la Laboral en Gij\u00f3n con asistencia libre.<\/p>\n\n\n\n<figure class=\"wp-block-image\"><img loading=\"lazy\" decoding=\"async\" width=\"1827\" height=\"2585\" src=\"https:\/\/www.unioviedo.es\/xixonsostenibilidad\/wp-content\/uploads\/2018\/10\/Cartel-2018-10-26_FAlimerka-1.jpg\" alt=\"\" class=\"wp-image-437\" srcset=\"https:\/\/www.unioviedo.es\/xixonsostenibilidad\/wp-content\/uploads\/2018\/10\/Cartel-2018-10-26_FAlimerka-1.jpg 1827w, https:\/\/www.unioviedo.es\/xixonsostenibilidad\/wp-content\/uploads\/2018\/10\/Cartel-2018-10-26_FAlimerka-1-212x300.jpg 212w, https:\/\/www.unioviedo.es\/xixonsostenibilidad\/wp-content\/uploads\/2018\/10\/Cartel-2018-10-26_FAlimerka-1-768x1087.jpg 768w, https:\/\/www.unioviedo.es\/xixonsostenibilidad\/wp-content\/uploads\/2018\/10\/Cartel-2018-10-26_FAlimerka-1-724x1024.jpg 724w\" sizes=\"auto, (max-width: 1827px) 100vw, 1827px\" \/><\/figure>\n\n\n\n<h2 class=\"wp-block-heading has-text-align-center\">Jornada 4-10-2018<\/h2>\n\n\n\n<p class=\"has-text-align-center has-cyan-bluish-gray-background-color has-background wp-block-paragraph\" style=\"font-size:18px\"><strong>Sistema de Turismo Responsable Biosphere<\/strong><\/p>\n\n\n\n<figure class=\"wp-block-image\"><img loading=\"lazy\" decoding=\"async\" width=\"2573\" height=\"1819\" src=\"https:\/\/www.unioviedo.es\/xixonsostenibilidad\/wp-content\/uploads\/2018\/09\/CARTELJORNADA-Biosphere-2018-10-04_def-1.jpg\" alt=\"\" class=\"wp-image-411\" srcset=\"https:\/\/www.unioviedo.es\/xixonsostenibilidad\/wp-content\/uploads\/2018\/09\/CARTELJORNADA-Biosphere-2018-10-04_def-1.jpg 2573w, https:\/\/www.unioviedo.es\/xixonsostenibilidad\/wp-content\/uploads\/2018\/09\/CARTELJORNADA-Biosphere-2018-10-04_def-1-300x212.jpg 300w, https:\/\/www.unioviedo.es\/xixonsostenibilidad\/wp-content\/uploads\/2018\/09\/CARTELJORNADA-Biosphere-2018-10-04_def-1-768x543.jpg 768w, https:\/\/www.unioviedo.es\/xixonsostenibilidad\/wp-content\/uploads\/2018\/09\/CARTELJORNADA-Biosphere-2018-10-04_def-1-1024x724.jpg 1024w\" sizes=\"auto, (max-width: 2573px) 100vw, 2573px\" \/><\/figure>\n\n\n\n<h2 class=\"wp-block-heading has-text-align-center\">Acto Acad\u00e9mico 27-09-2018<\/h2>\n\n\n\n<p class=\"has-text-align-center has-very-light-gray-background-color has-background wp-block-paragraph\" style=\"font-size:18px\"><strong>D\u00eda Mundial del Turismo 2018 &#8211; El turismo y la transformaci\u00f3n digital<\/strong><\/p>\n\n\n\n<p class=\"wp-block-paragraph\">\n\nCon motivo de la celebraci\u00f3n del D\u00eda Mundial de Turismo, la&nbsp;<em>Facultad de Comercio, Turismo y Ciencias Sociales Jovellanos<\/em>, junto a la&nbsp;<em>C\u00e1tedra Milla del Conocimiento Xix\u00f3n Sostenibilidad<\/em>&nbsp;y el&nbsp;<em>M\u00e1ster Universitario en Direcci\u00f3n y Planificaci\u00f3n del Turismo<\/em>&nbsp;se suman a este evento y organizan un acto acad\u00e9mico para sus estudiantes y todas aquellas personas interesadas.\n\n<\/p>\n\n\n\n<figure class=\"wp-block-gallery has-nested-images columns-default is-cropped wp-block-gallery-1 is-layout-flex wp-block-gallery-is-layout-flex\">\n<figure class=\"wp-block-image size-large\"><img loading=\"lazy\" decoding=\"async\" width=\"1024\" height=\"726\" data-id=\"424\" src=\"https:\/\/www.unioviedo.es\/xixonsostenibilidad\/wp-content\/uploads\/2018\/09\/ActoAcademico_DiaMundialTurismo_27S-1-1024x726.jpg\" alt=\"\" class=\"wp-image-424\" srcset=\"https:\/\/www.unioviedo.es\/xixonsostenibilidad\/wp-content\/uploads\/2018\/09\/ActoAcademico_DiaMundialTurismo_27S-1-1024x726.jpg 1024w, https:\/\/www.unioviedo.es\/xixonsostenibilidad\/wp-content\/uploads\/2018\/09\/ActoAcademico_DiaMundialTurismo_27S-1-300x213.jpg 300w, https:\/\/www.unioviedo.es\/xixonsostenibilidad\/wp-content\/uploads\/2018\/09\/ActoAcademico_DiaMundialTurismo_27S-1-768x544.jpg 768w\" sizes=\"auto, (max-width: 1024px) 100vw, 1024px\" \/><\/figure>\n<\/figure>\n\n\n\n<h2 class=\"wp-block-heading has-text-align-center\">Jornada 26-04-2018<\/h2>\n\n\n\n<figure class=\"wp-block-image\"><img loading=\"lazy\" decoding=\"async\" width=\"2573\" height=\"1819\" src=\"https:\/\/www.unioviedo.es\/xixonsostenibilidad\/wp-content\/uploads\/2018\/09\/CARTELJORNADA-APyS-2018-04-26_def.jpg\" alt=\"\" class=\"wp-image-410\" srcset=\"https:\/\/www.unioviedo.es\/xixonsostenibilidad\/wp-content\/uploads\/2018\/09\/CARTELJORNADA-APyS-2018-04-26_def.jpg 2573w, https:\/\/www.unioviedo.es\/xixonsostenibilidad\/wp-content\/uploads\/2018\/09\/CARTELJORNADA-APyS-2018-04-26_def-300x212.jpg 300w, https:\/\/www.unioviedo.es\/xixonsostenibilidad\/wp-content\/uploads\/2018\/09\/CARTELJORNADA-APyS-2018-04-26_def-768x543.jpg 768w, https:\/\/www.unioviedo.es\/xixonsostenibilidad\/wp-content\/uploads\/2018\/09\/CARTELJORNADA-APyS-2018-04-26_def-1024x724.jpg 1024w\" sizes=\"auto, (max-width: 2573px) 100vw, 2573px\" \/><\/figure>\n\n\n<h1><a href=\"http:\/\/www.unioviedo.es\/xixonsostenibilidad\/wp-content\/uploads\/2018\/04\/Cartel-Conferencia-18-03-21_Finanzas-Sostenibles.jpg\"><img loading=\"lazy\" decoding=\"async\" class=\"aligncenter size-full wp-image-393\" src=\"http:\/\/www.unioviedo.es\/xixonsostenibilidad\/wp-content\/uploads\/2018\/04\/Cartel-Conferencia-18-03-21_Finanzas-Sostenibles.jpg\" alt=\"\" width=\"1431\" height=\"2024\" srcset=\"https:\/\/www.unioviedo.es\/xixonsostenibilidad\/wp-content\/uploads\/2018\/04\/Cartel-Conferencia-18-03-21_Finanzas-Sostenibles.jpg 1431w, https:\/\/www.unioviedo.es\/xixonsostenibilidad\/wp-content\/uploads\/2018\/04\/Cartel-Conferencia-18-03-21_Finanzas-Sostenibles-212x300.jpg 212w, https:\/\/www.unioviedo.es\/xixonsostenibilidad\/wp-content\/uploads\/2018\/04\/Cartel-Conferencia-18-03-21_Finanzas-Sostenibles-768x1086.jpg 768w, https:\/\/www.unioviedo.es\/xixonsostenibilidad\/wp-content\/uploads\/2018\/04\/Cartel-Conferencia-18-03-21_Finanzas-Sostenibles-724x1024.jpg 724w\" sizes=\"auto, (max-width: 1431px) 100vw, 1431px\" \/><\/a><\/h1>\n<h1>&nbsp;<\/h1>\n<h1><a href=\"http:\/\/www.unioviedo.es\/xixonsostenibilidad\/wp-content\/uploads\/2018\/04\/CARTEL-DIA-MUNDIAL-DEL-TRABAJO-SOCIAL.jpg\"><img loading=\"lazy\" decoding=\"async\" class=\"aligncenter size-full wp-image-394\" src=\"http:\/\/www.unioviedo.es\/xixonsostenibilidad\/wp-content\/uploads\/2018\/04\/CARTEL-DIA-MUNDIAL-DEL-TRABAJO-SOCIAL.jpg\" alt=\"\" width=\"1654\" height=\"2339\" srcset=\"https:\/\/www.unioviedo.es\/xixonsostenibilidad\/wp-content\/uploads\/2018\/04\/CARTEL-DIA-MUNDIAL-DEL-TRABAJO-SOCIAL.jpg 1654w, https:\/\/www.unioviedo.es\/xixonsostenibilidad\/wp-content\/uploads\/2018\/04\/CARTEL-DIA-MUNDIAL-DEL-TRABAJO-SOCIAL-212x300.jpg 212w, https:\/\/www.unioviedo.es\/xixonsostenibilidad\/wp-content\/uploads\/2018\/04\/CARTEL-DIA-MUNDIAL-DEL-TRABAJO-SOCIAL-768x1086.jpg 768w, https:\/\/www.unioviedo.es\/xixonsostenibilidad\/wp-content\/uploads\/2018\/04\/CARTEL-DIA-MUNDIAL-DEL-TRABAJO-SOCIAL-724x1024.jpg 724w\" sizes=\"auto, (max-width: 1654px) 100vw, 1654px\" \/><\/a><a href=\"http:\/\/www.unioviedo.es\/xixonsostenibilidad\/wp-content\/uploads\/2017\/10\/jornada30octweb.jpg\"><img loading=\"lazy\" decoding=\"async\" class=\"aligncenter wp-image-287\" src=\"http:\/\/www.unioviedo.es\/xixonsostenibilidad\/wp-content\/uploads\/2017\/10\/jornada30octweb.jpg\" alt=\"\" width=\"716\" height=\"475\" srcset=\"https:\/\/www.unioviedo.es\/xixonsostenibilidad\/wp-content\/uploads\/2017\/10\/jornada30octweb.jpg 1206w, https:\/\/www.unioviedo.es\/xixonsostenibilidad\/wp-content\/uploads\/2017\/10\/jornada30octweb-300x199.jpg 300w, https:\/\/www.unioviedo.es\/xixonsostenibilidad\/wp-content\/uploads\/2017\/10\/jornada30octweb-768x509.jpg 768w, https:\/\/www.unioviedo.es\/xixonsostenibilidad\/wp-content\/uploads\/2017\/10\/jornada30octweb-1024x679.jpg 1024w\" sizes=\"auto, (max-width: 716px) 100vw, 716px\" \/><\/a><\/h1>\n<hr>\n<h1><a href=\"http:\/\/www.unioviedo.es\/xixonsostenibilidad\/wp-content\/uploads\/2017\/10\/mesaredonda24oct.png\"><img loading=\"lazy\" decoding=\"async\" class=\"aligncenter size-full wp-image-284\" src=\"http:\/\/www.unioviedo.es\/xixonsostenibilidad\/wp-content\/uploads\/2017\/10\/mesaredonda24oct.png\" alt=\"\" width=\"611\" height=\"725\" srcset=\"https:\/\/www.unioviedo.es\/xixonsostenibilidad\/wp-content\/uploads\/2017\/10\/mesaredonda24oct.png 611w, https:\/\/www.unioviedo.es\/xixonsostenibilidad\/wp-content\/uploads\/2017\/10\/mesaredonda24oct-253x300.png 253w\" sizes=\"auto, (max-width: 611px) 100vw, 611px\" \/><\/a><\/h1>\n<h1>&nbsp;<\/h1>\n<hr>\n<h1><img loading=\"lazy\" decoding=\"async\" class=\"wp-image-202 size-full aligncenter\" src=\"http:\/\/www.unioviedo.es\/xixonsostenibilidad\/wp-content\/uploads\/2017\/09\/conferencia.jpg\" alt=\"\" width=\"664\" height=\"886\" srcset=\"https:\/\/www.unioviedo.es\/xixonsostenibilidad\/wp-content\/uploads\/2017\/09\/conferencia.jpg 664w, https:\/\/www.unioviedo.es\/xixonsostenibilidad\/wp-content\/uploads\/2017\/09\/conferencia-225x300.jpg 225w\" sizes=\"auto, (max-width: 664px) 100vw, 664px\" \/><\/h1>\n<hr>\n<h1><a name=\"_Toc473535351\"><\/a>PRIMERA JORNADA C\u00c1TEDRA MILLA DEL CONOCIMIENTO: XIX\u00d3N SOSTENIBILIDAD<\/h1>\n<\/p>\n<p>En colaboraci\u00f3n con el Ayuntamiento de Gij\u00f3n se organiz\u00f3 la Primera Jornada C\u00e1tedra Milla del Conocimiento: Xix\u00f3n Sostenibilidad que se celebr\u00f3 el d\u00eda 20 de Diciembre en el Paraninfo. Facultad de Comercio, Turismo y Ciencias Sociales Jovellanos.<\/p>\n<p>El objetivo de la Jornada era doble. Por un lado presentar en sociedad a la C\u00e1tedra. Por otro, empezar a profundizar, reflexionar\u2026sobre algunos de los planteamientos de la Sostenibilidad<\/p>\n<h1><a href=\"http:\/\/www.unioviedo.es\/xixonsostenibilidad\/wp-content\/uploads\/2016\/12\/uniovi-twiter-2.jpg\"><img loading=\"lazy\" decoding=\"async\" class=\"aligncenter size-medium wp-image-189\" src=\"http:\/\/www.unioviedo.es\/xixonsostenibilidad\/wp-content\/uploads\/2016\/12\/uniovi-twiter-2-300x200.jpg\" alt=\"\" width=\"300\" height=\"200\" srcset=\"https:\/\/www.unioviedo.es\/xixonsostenibilidad\/wp-content\/uploads\/2016\/12\/uniovi-twiter-2-300x200.jpg 300w, https:\/\/www.unioviedo.es\/xixonsostenibilidad\/wp-content\/uploads\/2016\/12\/uniovi-twiter-2-768x512.jpg 768w, https:\/\/www.unioviedo.es\/xixonsostenibilidad\/wp-content\/uploads\/2016\/12\/uniovi-twiter-2-1024x683.jpg 1024w, https:\/\/www.unioviedo.es\/xixonsostenibilidad\/wp-content\/uploads\/2016\/12\/uniovi-twiter-2.jpg 1200w\" sizes=\"auto, (max-width: 300px) 100vw, 300px\" \/><\/a><\/h1>\n<p>En lo que se refiere a la presentaci\u00f3n de la C\u00e1tedra, en la inauguraci\u00f3n y en la mesa presidencial se cont\u00f3 con la presencia tanto de personalidades de la Universidad como del Ayuntamiento de Gij\u00f3n y m\u00e1s concretamente: Eugenia Su\u00e1rez Serrano, Vicerrectora de Acci\u00f3n Transversal y Cooperaci\u00f3n con la Empresa; Esteban Martinez Aparicio Concejal de Seguridad Ciudadana, Movilidad y Transporte, del Ayuntamiento de Gij\u00f3n (que sustituy\u00f3 en la mesa a Ana Bra\u00f1a&nbsp;Rodr\u00edguez-Abello, Concejala de Hacienda, Organizaci\u00f3n Municipal y Empleo por un problema de salud que le imped\u00eda estar en la mesa, aunque estuvo presente en el Acto) Levi P\u00e9rez Carcedo, Decano de la Facultad de Comercio, Turismo y Ciencias Sociales Jovellanos; y el Director de la C\u00e1tedra Luis Vald\u00e9s Pel\u00e1ez.<\/p>\n<p>En dicha Inauguraci\u00f3n intervino el Director de la C\u00e1tedra para explicar las caracter\u00edsticas de la misma, los objetivos y l\u00edneas de actuaci\u00f3n futuras, as\u00ed como una reflexi\u00f3n sobre los planteamientos de la Sostenibilidad en la actualidad<\/p>\n<p>En cuanto a la Jornada, para esta primera ocasi\u00f3n el planteamiento fue m\u00e1s territorial y concretamente el de la Sostenibilidad en el \u00e1mbito urbano. Con un programa dise\u00f1ado para abarcar desde la perspectiva europea, la regional a la aplicada de la ciudad de Gij\u00f3n.<\/p>\n<p>Para desarrollarlo se cont\u00f3 con la presencia de especialistas en la materia. As\u00ed para hablar del \u00e1mbito urbano en la Pol\u00edtica de Cohesi\u00f3n Europea acudi\u00f3 Emilia Mart\u00ednez Urrutia. Director de Programa. Subdirecci\u00f3n General de Gesti\u00f3n del FEDER.&nbsp;Ministerio de Hacienda y Funci\u00f3n P\u00fablica.<\/p>\n<p>El desarrollo urbano sostenible en el \u00e1mbito del Principado de Asturias fue impartido por Mar\u00eda Rosario Alonso Ib\u00e1\u00f1ez. Catedr\u00e1tica de Derecho Administrativo. Universidad de Oviedo.<\/p>\n<p>Las estrategias de sostenibilidad para las ciudades lo desarroll\u00f3 Carmelo Le\u00f3n Gonz\u00e1lez. Catedr\u00e1tico de Econom\u00eda Aplicada. Director del Instituto de Turismo y Desarrollo Econ\u00f3mico Sostenible de la Universidad de Las Palmas de Gran Canaria.<\/p>\n<p><a href=\"http:\/\/www.unioviedo.es\/xixonsostenibilidad\/wp-content\/uploads\/2016\/12\/20161220_123318.jpg\"><img loading=\"lazy\" decoding=\"async\" class=\"aligncenter size-medium wp-image-191\" src=\"http:\/\/www.unioviedo.es\/xixonsostenibilidad\/wp-content\/uploads\/2016\/12\/20161220_123318-300x225.jpg\" alt=\"\" width=\"300\" height=\"225\" srcset=\"https:\/\/www.unioviedo.es\/xixonsostenibilidad\/wp-content\/uploads\/2016\/12\/20161220_123318-300x225.jpg 300w, https:\/\/www.unioviedo.es\/xixonsostenibilidad\/wp-content\/uploads\/2016\/12\/20161220_123318-768x576.jpg 768w, https:\/\/www.unioviedo.es\/xixonsostenibilidad\/wp-content\/uploads\/2016\/12\/20161220_123318-1024x768.jpg 1024w, https:\/\/www.unioviedo.es\/xixonsostenibilidad\/wp-content\/uploads\/2016\/12\/20161220_123318.jpg 2048w\" sizes=\"auto, (max-width: 300px) 100vw, 300px\" \/><\/a><\/p>\n<p>La estrategia de crecimiento sostenible de Gij\u00f3n fue planteada conjuntamente por Enrique Rodr\u00edguez Mart\u00edn. Asuntos Europeos e Internacionales y Fernando \u00c1lvarez Garc\u00eda. Jefe Servicio Planificaci\u00f3n y Modernizaci\u00f3n, ambos del Ayuntamiento de Gij\u00f3n.<\/p>\n<p>La Jornada cont\u00f3 con una significativa asistencia. En el Acto de Inauguraci\u00f3n estuvieron presentes Concejales del Ayuntamiento de Gij\u00f3n, Directores de Centros Universitarios, Directores de Departamentos Universitarios, Directores Entidades Municipales, Profesores de la Universidad, Personal del SITA, Personal de Entidades Municipales: EMTUSA, Oficina Milla del Conocimiento IMPULSA\u2026; Personal del Ayuntamiento de Gij\u00f3n, Asociaci\u00f3n de Vecinos, Estudiantes,\u2026entre otros. Las sesiones fueron de elevado nivel y se produjeron intervenciones y debates interesantes.<\/p>\n\n\n<p class=\"wp-block-paragraph\"><\/p>\n\n\n\n<p class=\"wp-block-paragraph\"><\/p>\n","protected":false},"excerpt":{"rendered":"<p>Econom\u00eda circular: visita Gij\u00f3n Taller #Econom\u00edacircularUOchallenge Sostenibilidad, digitalizaci\u00f3n y resiliencia: desaf\u00edos para las ciudades Mesa redonda: 12\/11\/2024 Premios a Trabajos Fin de Grado y Fin de M\u00e1ster del curso 2020-2021. C\u00e1tedra Xix\u00f3n \u2013 Sostenibilidad Retos y oportunidadesde la econom\u00eda circularen las ciudades ACTUALIZACI\u00d3N DE PROGRAMA y se puede seguir en https:\/\/us06web.zoom.us\/j\/84508719068 Inscripci\u00f3n gratuita:*Aforo limitado Premios [&hellip;]<\/p>\n","protected":false},"author":1,"featured_media":0,"parent":0,"menu_order":0,"comment_status":"closed","ping_status":"closed","template":"","meta":{"_crdt_document":"","_exactmetrics_skip_tracking":false,"_exactmetrics_sitenote_active":false,"_exactmetrics_sitenote_note":"","_exactmetrics_sitenote_category":0,"footnotes":""},"class_list":["post-102","page","type-page","status-publish","hentry"],"yoast_head":"<!-- This site is optimized with the Yoast SEO plugin v27.5 - https:\/\/yoast.com\/product\/yoast-seo-wordpress\/ -->\n<title>ACTIVIDADES DE LA C\u00c1TEDRA - C\u00e1tedra Milla del Conocimiento: Gij\u00f3n Sostenibilidad<\/title>\n<meta name=\"robots\" content=\"index, follow, max-snippet:-1, max-image-preview:large, max-video-preview:-1\" \/>\n<link rel=\"canonical\" href=\"https:\/\/www.unioviedo.es\/xixonsostenibilidad\/index.php\/actividades\/\" \/>\n<meta property=\"og:locale\" content=\"es_ES\" \/>\n<meta property=\"og:type\" content=\"article\" \/>\n<meta property=\"og:title\" content=\"ACTIVIDADES DE LA C\u00c1TEDRA - C\u00e1tedra Milla del Conocimiento: Gij\u00f3n Sostenibilidad\" \/>\n<meta property=\"og:description\" content=\"Econom\u00eda circular: visita Gij\u00f3n Taller #Econom\u00edacircularUOchallenge Sostenibilidad, digitalizaci\u00f3n y resiliencia: desaf\u00edos para las ciudades Mesa redonda: 12\/11\/2024 Premios a Trabajos Fin de Grado y Fin de M\u00e1ster del curso 2020-2021. C\u00e1tedra Xix\u00f3n \u2013 Sostenibilidad Retos y oportunidadesde la econom\u00eda circularen las ciudades ACTUALIZACI\u00d3N DE PROGRAMA y se puede seguir en https:\/\/us06web.zoom.us\/j\/84508719068 Inscripci\u00f3n gratuita:*Aforo limitado Premios [&hellip;]\" \/>\n<meta property=\"og:url\" content=\"https:\/\/www.unioviedo.es\/xixonsostenibilidad\/index.php\/actividades\/\" \/>\n<meta property=\"og:site_name\" content=\"C\u00e1tedra Milla del Conocimiento: Gij\u00f3n Sostenibilidad\" \/>\n<meta property=\"article:modified_time\" content=\"2025-11-14T17:08:00+00:00\" \/>\n<meta property=\"og:image\" content=\"https:\/\/www.unioviedo.es\/xixonsostenibilidad\/wp-content\/uploads\/2025\/11\/Cartel-2025-11-18_Liderazgo-2.jpg\" \/>\n\t<meta property=\"og:image:width\" content=\"1654\" \/>\n\t<meta property=\"og:image:height\" content=\"2339\" \/>\n\t<meta property=\"og:image:type\" content=\"image\/jpeg\" \/>\n<meta name=\"twitter:card\" content=\"summary_large_image\" \/>\n<meta name=\"twitter:label1\" content=\"Tiempo de lectura\" \/>\n\t<meta name=\"twitter:data1\" content=\"14 minutos\" \/>\n<script type=\"application\/ld+json\" class=\"yoast-schema-graph\">{\"@context\":\"https:\\\/\\\/schema.org\",\"@graph\":[{\"@type\":\"WebPage\",\"@id\":\"https:\\\/\\\/www.unioviedo.es\\\/xixonsostenibilidad\\\/index.php\\\/actividades\\\/\",\"url\":\"https:\\\/\\\/www.unioviedo.es\\\/xixonsostenibilidad\\\/index.php\\\/actividades\\\/\",\"name\":\"ACTIVIDADES DE LA C\u00c1TEDRA - C\u00e1tedra Milla del Conocimiento: Gij\u00f3n Sostenibilidad\",\"isPartOf\":{\"@id\":\"https:\\\/\\\/www.unioviedo.es\\\/xixonsostenibilidad\\\/#website\"},\"primaryImageOfPage\":{\"@id\":\"https:\\\/\\\/www.unioviedo.es\\\/xixonsostenibilidad\\\/index.php\\\/actividades\\\/#primaryimage\"},\"image\":{\"@id\":\"https:\\\/\\\/www.unioviedo.es\\\/xixonsostenibilidad\\\/index.php\\\/actividades\\\/#primaryimage\"},\"thumbnailUrl\":\"http:\\\/\\\/www.unioviedo.es\\\/xixonsostenibilidad\\\/wp-content\\\/uploads\\\/2025\\\/11\\\/Cartel-2025-11-18_Liderazgo-2-724x1024.jpg\",\"datePublished\":\"2016-12-20T11:03:50+00:00\",\"dateModified\":\"2025-11-14T17:08:00+00:00\",\"breadcrumb\":{\"@id\":\"https:\\\/\\\/www.unioviedo.es\\\/xixonsostenibilidad\\\/index.php\\\/actividades\\\/#breadcrumb\"},\"inLanguage\":\"es\",\"potentialAction\":[{\"@type\":\"ReadAction\",\"target\":[\"https:\\\/\\\/www.unioviedo.es\\\/xixonsostenibilidad\\\/index.php\\\/actividades\\\/\"]}]},{\"@type\":\"ImageObject\",\"inLanguage\":\"es\",\"@id\":\"https:\\\/\\\/www.unioviedo.es\\\/xixonsostenibilidad\\\/index.php\\\/actividades\\\/#primaryimage\",\"url\":\"https:\\\/\\\/www.unioviedo.es\\\/xixonsostenibilidad\\\/wp-content\\\/uploads\\\/2025\\\/11\\\/Cartel-2025-11-18_Liderazgo-2.jpg\",\"contentUrl\":\"https:\\\/\\\/www.unioviedo.es\\\/xixonsostenibilidad\\\/wp-content\\\/uploads\\\/2025\\\/11\\\/Cartel-2025-11-18_Liderazgo-2.jpg\",\"width\":1654,\"height\":2339},{\"@type\":\"BreadcrumbList\",\"@id\":\"https:\\\/\\\/www.unioviedo.es\\\/xixonsostenibilidad\\\/index.php\\\/actividades\\\/#breadcrumb\",\"itemListElement\":[{\"@type\":\"ListItem\",\"position\":1,\"name\":\"Portada\",\"item\":\"https:\\\/\\\/www.unioviedo.es\\\/xixonsostenibilidad\\\/\"},{\"@type\":\"ListItem\",\"position\":2,\"name\":\"ACTIVIDADES DE LA C\u00c1TEDRA\"}]},{\"@type\":\"WebSite\",\"@id\":\"https:\\\/\\\/www.unioviedo.es\\\/xixonsostenibilidad\\\/#website\",\"url\":\"https:\\\/\\\/www.unioviedo.es\\\/xixonsostenibilidad\\\/\",\"name\":\"C\u00e1tedra Milla del Conocimiento: Gij\u00f3n Sostenibilidad\",\"description\":\"Las actividades de la C\u00e1tedra est\u00e1n patrocinadas por el Ayuntamiento de Gij\u00f3n\\\/Xix\u00f3n y pretende convertirse en un espacio interdisciplinario, reflexivo y abierto que contribuya a reorientar la actividad econ\u00f3mica y empresarial hacia el desarrollo sostenible de nuestro entorno en general, y del turismo en particular\",\"publisher\":{\"@id\":\"https:\\\/\\\/www.unioviedo.es\\\/xixonsostenibilidad\\\/#organization\"},\"potentialAction\":[{\"@type\":\"SearchAction\",\"target\":{\"@type\":\"EntryPoint\",\"urlTemplate\":\"https:\\\/\\\/www.unioviedo.es\\\/xixonsostenibilidad\\\/?s={search_term_string}\"},\"query-input\":{\"@type\":\"PropertyValueSpecification\",\"valueRequired\":true,\"valueName\":\"search_term_string\"}}],\"inLanguage\":\"es\"},{\"@type\":\"Organization\",\"@id\":\"https:\\\/\\\/www.unioviedo.es\\\/xixonsostenibilidad\\\/#organization\",\"name\":\"Universidad de Oviedo\",\"url\":\"https:\\\/\\\/www.unioviedo.es\\\/xixonsostenibilidad\\\/\",\"logo\":{\"@type\":\"ImageObject\",\"inLanguage\":\"es\",\"@id\":\"https:\\\/\\\/www.unioviedo.es\\\/xixonsostenibilidad\\\/#\\\/schema\\\/logo\\\/image\\\/\",\"url\":\"https:\\\/\\\/www.unioviedo.es\\\/xixonsostenibilidad\\\/wp-content\\\/uploads\\\/2023\\\/09\\\/Lgo-uniovi-catedra.png\",\"contentUrl\":\"https:\\\/\\\/www.unioviedo.es\\\/xixonsostenibilidad\\\/wp-content\\\/uploads\\\/2023\\\/09\\\/Lgo-uniovi-catedra.png\",\"width\":1669,\"height\":531,\"caption\":\"Universidad de Oviedo\"},\"image\":{\"@id\":\"https:\\\/\\\/www.unioviedo.es\\\/xixonsostenibilidad\\\/#\\\/schema\\\/logo\\\/image\\\/\"},\"sameAs\":[\"https:\\\/\\\/www.linkedin.com\\\/company\\\/65406893\\\/admin\\\/feed\\\/posts\\\/\"]}]}<\/script>\n<!-- \/ Yoast SEO plugin. -->","yoast_head_json":{"title":"ACTIVIDADES DE LA C\u00c1TEDRA - C\u00e1tedra Milla del Conocimiento: Gij\u00f3n Sostenibilidad","robots":{"index":"index","follow":"follow","max-snippet":"max-snippet:-1","max-image-preview":"max-image-preview:large","max-video-preview":"max-video-preview:-1"},"canonical":"https:\/\/www.unioviedo.es\/xixonsostenibilidad\/index.php\/actividades\/","og_locale":"es_ES","og_type":"article","og_title":"ACTIVIDADES DE LA C\u00c1TEDRA - C\u00e1tedra Milla del Conocimiento: Gij\u00f3n Sostenibilidad","og_description":"Econom\u00eda circular: visita Gij\u00f3n Taller #Econom\u00edacircularUOchallenge Sostenibilidad, digitalizaci\u00f3n y resiliencia: desaf\u00edos para las ciudades Mesa redonda: 12\/11\/2024 Premios a Trabajos Fin de Grado y Fin de M\u00e1ster del curso 2020-2021. C\u00e1tedra Xix\u00f3n \u2013 Sostenibilidad Retos y oportunidadesde la econom\u00eda circularen las ciudades ACTUALIZACI\u00d3N DE PROGRAMA y se puede seguir en https:\/\/us06web.zoom.us\/j\/84508719068 Inscripci\u00f3n gratuita:*Aforo limitado Premios [&hellip;]","og_url":"https:\/\/www.unioviedo.es\/xixonsostenibilidad\/index.php\/actividades\/","og_site_name":"C\u00e1tedra Milla del Conocimiento: Gij\u00f3n Sostenibilidad","article_modified_time":"2025-11-14T17:08:00+00:00","og_image":[{"width":1654,"height":2339,"url":"https:\/\/www.unioviedo.es\/xixonsostenibilidad\/wp-content\/uploads\/2025\/11\/Cartel-2025-11-18_Liderazgo-2.jpg","type":"image\/jpeg"}],"twitter_card":"summary_large_image","twitter_misc":{"Tiempo de lectura":"14 minutos"},"schema":{"@context":"https:\/\/schema.org","@graph":[{"@type":"WebPage","@id":"https:\/\/www.unioviedo.es\/xixonsostenibilidad\/index.php\/actividades\/","url":"https:\/\/www.unioviedo.es\/xixonsostenibilidad\/index.php\/actividades\/","name":"ACTIVIDADES DE LA C\u00c1TEDRA - C\u00e1tedra Milla del Conocimiento: Gij\u00f3n Sostenibilidad","isPartOf":{"@id":"https:\/\/www.unioviedo.es\/xixonsostenibilidad\/#website"},"primaryImageOfPage":{"@id":"https:\/\/www.unioviedo.es\/xixonsostenibilidad\/index.php\/actividades\/#primaryimage"},"image":{"@id":"https:\/\/www.unioviedo.es\/xixonsostenibilidad\/index.php\/actividades\/#primaryimage"},"thumbnailUrl":"http:\/\/www.unioviedo.es\/xixonsostenibilidad\/wp-content\/uploads\/2025\/11\/Cartel-2025-11-18_Liderazgo-2-724x1024.jpg","datePublished":"2016-12-20T11:03:50+00:00","dateModified":"2025-11-14T17:08:00+00:00","breadcrumb":{"@id":"https:\/\/www.unioviedo.es\/xixonsostenibilidad\/index.php\/actividades\/#breadcrumb"},"inLanguage":"es","potentialAction":[{"@type":"ReadAction","target":["https:\/\/www.unioviedo.es\/xixonsostenibilidad\/index.php\/actividades\/"]}]},{"@type":"ImageObject","inLanguage":"es","@id":"https:\/\/www.unioviedo.es\/xixonsostenibilidad\/index.php\/actividades\/#primaryimage","url":"https:\/\/www.unioviedo.es\/xixonsostenibilidad\/wp-content\/uploads\/2025\/11\/Cartel-2025-11-18_Liderazgo-2.jpg","contentUrl":"https:\/\/www.unioviedo.es\/xixonsostenibilidad\/wp-content\/uploads\/2025\/11\/Cartel-2025-11-18_Liderazgo-2.jpg","width":1654,"height":2339},{"@type":"BreadcrumbList","@id":"https:\/\/www.unioviedo.es\/xixonsostenibilidad\/index.php\/actividades\/#breadcrumb","itemListElement":[{"@type":"ListItem","position":1,"name":"Portada","item":"https:\/\/www.unioviedo.es\/xixonsostenibilidad\/"},{"@type":"ListItem","position":2,"name":"ACTIVIDADES DE LA C\u00c1TEDRA"}]},{"@type":"WebSite","@id":"https:\/\/www.unioviedo.es\/xixonsostenibilidad\/#website","url":"https:\/\/www.unioviedo.es\/xixonsostenibilidad\/","name":"C\u00e1tedra Milla del Conocimiento: Gij\u00f3n Sostenibilidad","description":"Las actividades de la C\u00e1tedra est\u00e1n patrocinadas por el Ayuntamiento de Gij\u00f3n\/Xix\u00f3n y pretende convertirse en un espacio interdisciplinario, reflexivo y abierto que contribuya a reorientar la actividad econ\u00f3mica y empresarial hacia el desarrollo sostenible de nuestro entorno en general, y del turismo en particular","publisher":{"@id":"https:\/\/www.unioviedo.es\/xixonsostenibilidad\/#organization"},"potentialAction":[{"@type":"SearchAction","target":{"@type":"EntryPoint","urlTemplate":"https:\/\/www.unioviedo.es\/xixonsostenibilidad\/?s={search_term_string}"},"query-input":{"@type":"PropertyValueSpecification","valueRequired":true,"valueName":"search_term_string"}}],"inLanguage":"es"},{"@type":"Organization","@id":"https:\/\/www.unioviedo.es\/xixonsostenibilidad\/#organization","name":"Universidad de Oviedo","url":"https:\/\/www.unioviedo.es\/xixonsostenibilidad\/","logo":{"@type":"ImageObject","inLanguage":"es","@id":"https:\/\/www.unioviedo.es\/xixonsostenibilidad\/#\/schema\/logo\/image\/","url":"https:\/\/www.unioviedo.es\/xixonsostenibilidad\/wp-content\/uploads\/2023\/09\/Lgo-uniovi-catedra.png","contentUrl":"https:\/\/www.unioviedo.es\/xixonsostenibilidad\/wp-content\/uploads\/2023\/09\/Lgo-uniovi-catedra.png","width":1669,"height":531,"caption":"Universidad de Oviedo"},"image":{"@id":"https:\/\/www.unioviedo.es\/xixonsostenibilidad\/#\/schema\/logo\/image\/"},"sameAs":["https:\/\/www.linkedin.com\/company\/65406893\/admin\/feed\/posts\/"]}]}},"_links":{"self":[{"href":"https:\/\/www.unioviedo.es\/xixonsostenibilidad\/index.php\/wp-json\/wp\/v2\/pages\/102","targetHints":{"allow":["GET"]}}],"collection":[{"href":"https:\/\/www.unioviedo.es\/xixonsostenibilidad\/index.php\/wp-json\/wp\/v2\/pages"}],"about":[{"href":"https:\/\/www.unioviedo.es\/xixonsostenibilidad\/index.php\/wp-json\/wp\/v2\/types\/page"}],"author":[{"embeddable":true,"href":"https:\/\/www.unioviedo.es\/xixonsostenibilidad\/index.php\/wp-json\/wp\/v2\/users\/1"}],"replies":[{"embeddable":true,"href":"https:\/\/www.unioviedo.es\/xixonsostenibilidad\/index.php\/wp-json\/wp\/v2\/comments?post=102"}],"version-history":[{"count":49,"href":"https:\/\/www.unioviedo.es\/xixonsostenibilidad\/index.php\/wp-json\/wp\/v2\/pages\/102\/revisions"}],"predecessor-version":[{"id":1344,"href":"https:\/\/www.unioviedo.es\/xixonsostenibilidad\/index.php\/wp-json\/wp\/v2\/pages\/102\/revisions\/1344"}],"wp:attachment":[{"href":"https:\/\/www.unioviedo.es\/xixonsostenibilidad\/index.php\/wp-json\/wp\/v2\/media?parent=102"}],"curies":[{"name":"wp","href":"https:\/\/api.w.org\/{rel}","templated":true}]}}