{"id":517,"date":"2025-01-29T18:24:47","date_gmt":"2025-01-29T17:24:47","guid":{"rendered":"https:\/\/www.unioviedo.es\/xxiii-ruepep\/index.php\/curriculum\/"},"modified":"2025-03-26T20:39:52","modified_gmt":"2025-03-26T19:39:52","slug":"programa-ruepep-2025","status":"publish","type":"page","link":"https:\/\/www.unioviedo.es\/xxiii-ruepep\/index.php\/programa-ruepep-2025\/","title":{"rendered":"Programa"},"content":{"rendered":"\t\t<div data-elementor-type=\"wp-page\" data-elementor-id=\"517\" class=\"elementor elementor-517\" data-elementor-post-type=\"page\">\n\t\t\t\t\t\t<section class=\"elementor-section elementor-top-section elementor-element elementor-element-713dd897 elementor-section-height-min-height elementor-section-boxed elementor-section-height-default elementor-section-items-middle\" data-id=\"713dd897\" data-element_type=\"section\">\n\t\t\t\t\t\t<div class=\"elementor-container elementor-column-gap-default\">\n\t\t\t\t\t<div class=\"elementor-column elementor-col-100 elementor-top-column elementor-element elementor-element-70aa4100\" data-id=\"70aa4100\" data-element_type=\"column\">\n\t\t\t<div class=\"elementor-widget-wrap elementor-element-populated\">\n\t\t\t\t\t\t<div class=\"elementor-element elementor-element-14c67124 elementor-widget elementor-widget-heading\" data-id=\"14c67124\" data-element_type=\"widget\" data-widget_type=\"heading.default\">\n\t\t\t\t<div class=\"elementor-widget-container\">\n\t\t\t<style>\/*! elementor - v3.20.0 - 26-03-2024 *\/\n.elementor-heading-title{padding:0;margin:0;line-height:1}.elementor-widget-heading .elementor-heading-title[class*=elementor-size-]>a{color:inherit;font-size:inherit;line-height:inherit}.elementor-widget-heading .elementor-heading-title.elementor-size-small{font-size:15px}.elementor-widget-heading .elementor-heading-title.elementor-size-medium{font-size:19px}.elementor-widget-heading .elementor-heading-title.elementor-size-large{font-size:29px}.elementor-widget-heading .elementor-heading-title.elementor-size-xl{font-size:39px}.elementor-widget-heading .elementor-heading-title.elementor-size-xxl{font-size:59px}<\/style><h1 class=\"elementor-heading-title elementor-size-default\">Programa<\/h1>\t\t<\/div>\n\t\t\t\t<\/div>\n\t\t\t\t\t<\/div>\n\t\t<\/div>\n\t\t\t\t\t<\/div>\n\t\t<\/section>\n\t\t<div class=\"elementor-element elementor-element-575e8fcd e-flex e-con-boxed e-con e-parent\" data-id=\"575e8fcd\" data-element_type=\"container\" data-core-v316-plus=\"true\">\n\t\t\t\t\t<div class=\"e-con-inner\">\n\t\t<div class=\"elementor-element elementor-element-179148e5 e-con-full e-flex e-con e-child\" data-id=\"179148e5\" data-element_type=\"container\">\n\t\t\t\t<div class=\"elementor-element elementor-element-65e00433 elementor-widget elementor-widget-text-editor\" data-id=\"65e00433\" data-element_type=\"widget\" data-widget_type=\"text-editor.default\">\n\t\t\t\t<div class=\"elementor-widget-container\">\n\t\t\t<style>\/*! elementor - v3.20.0 - 26-03-2024 *\/\n.elementor-widget-text-editor.elementor-drop-cap-view-stacked .elementor-drop-cap{background-color:#69727d;color:#fff}.elementor-widget-text-editor.elementor-drop-cap-view-framed .elementor-drop-cap{color:#69727d;border:3px solid;background-color:transparent}.elementor-widget-text-editor:not(.elementor-drop-cap-view-default) .elementor-drop-cap{margin-top:8px}.elementor-widget-text-editor:not(.elementor-drop-cap-view-default) .elementor-drop-cap-letter{width:1em;height:1em}.elementor-widget-text-editor .elementor-drop-cap{float:left;text-align:center;line-height:1;font-size:50px}.elementor-widget-text-editor .elementor-drop-cap-letter{display:inline-block}<\/style>\t\t\t\t<h1><b>XXIII Encuentro RUEPEP \u2013 Oviedo 2025<\/b><\/h1><p>\u00a0<\/p>\t\t\t\t\t\t<\/div>\n\t\t\t\t<\/div>\n\t\t\t\t<div class=\"elementor-element elementor-element-26ceff7 elementor-widget elementor-widget-text-editor\" data-id=\"26ceff7\" data-element_type=\"widget\" data-widget_type=\"text-editor.default\">\n\t\t\t\t<div class=\"elementor-widget-container\">\n\t\t\t\t\t\t\t<h4><em><strong>Impulsando la innovaci\u00f3n y colaboraci\u00f3n en la formaci\u00f3n permanente<\/strong><\/em><\/h4>\t\t\t\t\t\t<\/div>\n\t\t\t\t<\/div>\n\t\t\t\t<div class=\"elementor-element elementor-element-ae191ce elementor-widget elementor-widget-text-editor\" data-id=\"ae191ce\" data-element_type=\"widget\" data-widget_type=\"text-editor.default\">\n\t\t\t\t<div class=\"elementor-widget-container\">\n\t\t\t\t\t\t\t<h5>26-28 de marzo de 2025<br \/>Edificio Hist\u00f3rico de la Universidad de Oviedo, C\/ San Francisco, 3, Oviedo<\/h5>\t\t\t\t\t\t<\/div>\n\t\t\t\t<\/div>\n\t\t\t\t<div class=\"elementor-element elementor-element-b4af70c elementor-widget elementor-widget-text-editor\" data-id=\"b4af70c\" data-element_type=\"widget\" data-widget_type=\"text-editor.default\">\n\t\t\t\t<div class=\"elementor-widget-container\">\n\t\t\t\t\t\t\t<p><strong>Mi\u00e9rcoles, 26 de marzo de 2025<\/strong><br \/><strong>16:30 horas<\/strong> &#8211; Recogida de documentaci\u00f3n (Sala de Profesores, planta baja)<br \/><strong>17:00 horas<\/strong> &#8211; Asamblea General de RUEPEP (Aula Clar\u00edn, primera planta)<br \/><strong>18:30 horas<\/strong> &#8211; Visita guiada al Edificio Hist\u00f3rico de la Universidad de Oviedo\u00a0<br \/><span style=\"color: #808080;\">\u00a0 \u00a0 \u00a0 \u00a0 \u00a0 \u00a0 \u00a0 \u00a0 \u00a0 \u00a0 \u00a0 \u00a0 \u00a0(Punto de encuentro: Patio del Edificio Hist\u00f3rico)<\/span><br \/><strong>19:30 horas<\/strong> &#8211; Recepci\u00f3n de bienvenida<\/p>\t\t\t\t\t\t<\/div>\n\t\t\t\t<\/div>\n\t\t\t\t<div class=\"elementor-element elementor-element-622fbef elementor-widget elementor-widget-text-editor\" data-id=\"622fbef\" data-element_type=\"widget\" data-widget_type=\"text-editor.default\">\n\t\t\t\t<div class=\"elementor-widget-container\">\n\t\t\t\t\t\t\t<p><strong>Jueves, 27 de marzo de 2025<\/strong><br \/><strong>09:00 horas<\/strong> &#8211; Recogida de documentaci\u00f3n (Sala de Profesores, planta baja)<\/p><p><strong>09:30 horas<\/strong> &#8211; Inauguraci\u00f3n del Encuentro (Aula Magna, planta baja)<\/p><ul><li>Pedro Mart\u00ednez Mart\u00edn. <em>Subdirector General de Relaciones Institucionales, Programas y Calidad en el \u00c1mbito Universitario de la Secretar\u00eda General de Universidades. Ministerio de Ciencia, Innovaci\u00f3n y Universidades<\/em><\/li><li>Cristina Gonz\u00e1lez Mor\u00e1n. <em>Directora General de Universidad. Consejer\u00eda de Ciencia, Empresas, Formaci\u00f3n y Empleo del Principado de Asturias<\/em><\/li><li>Ana Vanesa Valero Garc\u00eda. <em>Presidenta de RUEPEP y Vicerrectora de Formaci\u00f3n Continua. Universidad de Murcia.<\/em><\/li><li>Susana Luque Rodr\u00edguez. <em>Vicerrectora de Transferencia y Relaciones con la Empresa. Universidad de Oviedo<\/em><\/li><\/ul><p><strong>10:00 horas<\/strong> &#8211; Ponencia: \u00ab<strong><em>Leading Lifelong Learning: Ireland\u2019s National Framework for Micro-credential<\/em>s<\/strong>\u00bb Irene Sheridan. <em>Head of Extended Campus, MTU (Cork, Irlanda)<\/em><\/p><p><strong>11:00 horas<\/strong> &#8211; Pausa-caf\u00e9 (patrocinada por <em>Innopulse-Iformalia<\/em>)<\/p><p><strong>11:30 horas<\/strong> &#8211; Mesa redonda: \u00ab<em><strong>Tendencias para el aprendizaje a lo largo de la vida: itinerarios personalizados y apilabilidad de microcredenciales<\/strong><\/em>\u00ab<\/p><ul><li>Francisca Blanquez Cano. <em>Directora de la Escuela de Postgrado. Universitat Aut\u00f2noma de Barcelona<\/em><\/li><li>Marisa Cosmen. <em>Directora \u00c1rea de Consultor\u00eda. Innopulse<\/em><em> &#8211; Iformalia<\/em><\/li><li>Ildiko Mazar y Queralt Guti\u00e9rrez. <em>Sector Consulting Manager. European Digital Credentials for Learning Implementation Support. NTT DATA. Bruselas<\/em><\/li><li>Miguel \u00c1ngel Santed Germ\u00e1n. <em>Vicerrector de Formaci\u00f3n Permanente y Extensi\u00f3n Universitaria de la UNED<\/em><\/li><\/ul><p><em>Modera<\/em>: Ana Vanesa Valero Garc\u00eda. <em>Vicerrectora de Formaci\u00f3n Continua. Universidad de Murcia<\/em><\/p><p><strong>12:45 horas<\/strong> &#8211; Mesa redonda: \u00ab<em><strong>Reforzando la intermediaci\u00f3n entre mercado laboral y educaci\u00f3n<\/strong><\/em>\u00ab<\/p><ul><li>Carmen Ardura Ortea. <em>Directora \u00c1rea de Formaci\u00f3n y Personas de la Federaci\u00f3n Asturiana de Empresarios<\/em><\/li><li>Irene Casado. <em>Gerente de Operaciones de Sector P\u00fablico de Deloitte<\/em><\/li><li>Jos\u00e9 \u00c1ngel Garc\u00eda Men\u00e9ndez. <em>Tesorero y vocal del Comit\u00e9 Ejecutivo de la C\u00e1mara de Comercio de Oviedo, y Vicepresidente del Consejo Social de la Universidad de Oviedo<\/em><\/li><li>Enrique Jaimez Falag\u00e1n. <em>Director General del Cl\u00faster TIC de Asturias<\/em><\/li><li>Bego\u00f1a L\u00f3pez Gonz\u00e1lez. <em>Directora-Gerente del Servicio P\u00fablico de Empleo del Principado de Asturias <\/em><\/li><li>Pedro Mart\u00ednez Mart\u00edn. <em>Subdirector General de Relaciones Institucionales, Programas y Calidad en el \u00c1mbito Universitario de la Secretar\u00eda General de Universidades. Ministerio de Ciencia, Innovaci\u00f3n y Universidades<\/em><\/li><\/ul><p><em>Modera:<\/em> Susana Luque Rodr\u00edguez. <em>Vicerrectora de Transferencia y Relaciones con la Empresa. Universidad de Oviedo<\/em><\/p><p><strong>14:00 horas<\/strong> &#8211; Foto de grupo<\/p><p><strong>14:15 horas<\/strong> &#8211; Almuerzo<\/p><p><strong>16:00 horas<\/strong> &#8211; Mesa redonda: \u00ab<em><strong>Colaboraci\u00f3n para el \u00e9xito: alianzas estrat\u00e9gicas en formaci\u00f3n permanente<\/strong><\/em>\u00ab<\/p><ul><li>Miriam Gil S\u00e1nchez. <em>Directora de Convenios y Mecenazgo. Santander Universidades y Universia Espa\u00f1a<\/em><\/li><li>Jes\u00fas Daniel Santos Rodr\u00edguez. <em>Delegado del Rector para Alianzas Internacionales. Universidad de Oviedo<\/em><\/li><li>Goiuria Sagardui. <em>Coordinadora de Formaci\u00f3n Continua. Mondragon Unibertsitatea <\/em><\/li><li>Esperanza Vit\u00f3n Hernanz. <em>Directora de la Escuela de Posgrado y Ense\u00f1anzas Propias. Universidad de Alcal\u00e1<\/em><\/li><\/ul><p><em>Modera:<\/em> Daniel Navas Carrillo. <em>Vicerrector Adjunto de Posgrado y Ense\u00f1anzas Propias. Universidad de M\u00e1laga<\/em><\/p><p><strong>17:30 horas<\/strong> &#8211; Taller: \u00ab<em><strong>Las microcredenciales universitarias: experiencias reconocidas de buenas pr\u00e1cticas<\/strong><\/em>\u00ab<\/p><ul><li>Carlos Rom\u00e1 Mateo.<em> Director Acad\u00e9mico de Formaci\u00f3n Permanente. Universitat de Val\u00e8ncia<\/em><\/li><li>Yolanda Corredor Casado. <em>Directora del Servicio de Formaci\u00f3n Permanente.Universidad P\u00fablica de Navarra <\/em><\/li><li>Mar\u00eda Teresa Torregrosa Mart\u00ed. <em>Directora del Centro de Formaci\u00f3n Permanente. Universidad de Alicante<\/em><\/li><li>Laura L\u00f3pez de la Cruz. <em>Vicerrectora de Relaciones Institucionales, Formaci\u00f3n Permanente y Fundaciones. Universidad Pablo de Olavide<\/em><\/li><li>Ana Allueva Pinilla. <em>Vicerrectora de Educaci\u00f3n Digital y Formaci\u00f3n Permanente en funciones. Universidad de Zaragoza<\/em><\/li><\/ul><p><em>Modera:<\/em> M\u00aa Jos\u00e9 Moure Rodr\u00edguez. <em>Directora de \u00c1rea de Titulaciones. Universidad de Vigo<\/em><\/p><p><strong>19:30 horas<\/strong> &#8211; Visita guiada al centro de Oviedo<\/p><p><strong>21:00 horas<\/strong> &#8211; Cena de Gala (Sidrer\u00eda Terra Astur, Gran Bulevar El Vasco)<\/p>\t\t\t\t\t\t<\/div>\n\t\t\t\t<\/div>\n\t\t\t\t<div class=\"elementor-element elementor-element-e645839 elementor-widget elementor-widget-text-editor\" data-id=\"e645839\" data-element_type=\"widget\" data-widget_type=\"text-editor.default\">\n\t\t\t\t<div class=\"elementor-widget-container\">\n\t\t\t\t\t\t\t<p><strong>Viernes, 28 de marzo de 2025<\/strong><\/p><p><strong>09:30 horas<\/strong> &#8211; Mesa redonda: \u00ab<strong><em>Aspectos pr\u00e1cticos de la gesti\u00f3n de microcredenciales financiadas por fondos MRR: retos y soluciones<\/em><\/strong>\u00ab<\/p><ul><li>Blanca Ares Gonz\u00e1lez. <em>Directora de Universidades e Investigaci\u00f3n. Gobierno de Castilla y Le\u00f3n <\/em><\/li><li>Oscar Cuadr\u00f3n S\u00e1nchez. <em>Director de Consultor\u00eda. SIGMA Gesti\u00f3n Universitaria AIE. <\/em>Carmen D\u00edaz Romero<em>, Directora de producto en SIGMA Gesti\u00f3n Universitaria AIE. <\/em>Juan Carlos Rodr\u00edguez Rodr\u00edguez<em>. Director de la Unidad de Desarrollo de Posgrado de la Universidad Carlos III de Madrid.<\/em><\/li><li>Pedro Mart\u00ednez Mart\u00edn. <em>Subdirector General de Relaciones Institucionales, Programas y Calidad en el \u00c1mbito Universitario de la Secretar\u00eda General de Universidades. Ministerio de Ciencia, Innovaci\u00f3n y Universidades<\/em><\/li><\/ul><p><em>Modera:<\/em> Roberto Romero Llop. <em>Responsable de T\u00edtulos Propios. Universidad Polit\u00e9cnica de Valencia<\/em><\/p><p><strong>11:00 horas<\/strong> &#8211; Pausa-caf\u00e9 (patrocinada por <em>Sigma Gesti\u00f3n Universitaria AIE<\/em>)<\/p><p><strong>11:30 horas<\/strong> &#8211; Ponencia: \u00ab<strong><em>Aprender sin l\u00edmites: el valor de la formaci\u00f3n permanente y su impacto global<\/em><\/strong>\u00bb\u00a0Mireia Gali Reyes. <em>\u00a0Coordinadora Institucional de ECIU University y Coordinadora del grupo de trabajo de microcredenciales de la Red Espa\u00f1ola de Alianzas, UEUE. Universitat Aut\u00f2noma de Barcelona.\u00a0<\/em>Jon Altuna Iraola. <em>Vicerrector Acad\u00e9mico. Mondragon Unibertsitatea<\/em><\/p><p><strong>12:30 horas<\/strong> &#8211; Conclusiones y clausura<\/p><ul><li>Pedro Mart\u00ednez Mart\u00edn. <em>Subdirector General de Relaciones Institucionales, Programas y Calidad en el \u00c1mbito Universitario de la Secretar\u00eda General de Universidades. Ministerio de Ciencia, Innovaci\u00f3n y Universidades<\/em><\/li><li>Cristina Gonz\u00e1lez Mor\u00e1n. <em>Directora General de Universidad. Consejer\u00eda de Ciencia, Empresas, Formaci\u00f3n y Empleo del Principado de Asturias<\/em><\/li><li>Ana Vanesa Valero Garc\u00eda. <em>Presidenta de RUEPEP y Vicerrectora de Formaci\u00f3n Continua. Universidad de Murcia.<\/em><\/li><li>Margalida Furi\u00f3 Caldentey. <em>Responsable del Departamento de Formaci\u00f3n de Postgrado y Especializaci\u00f3n Profesional. Universitat de las Illes Balears. Secretaria de RUEPEP<\/em><\/li><li>Susana Luque Rodr\u00edguez. <em>Vicerrectora de Transferencia y Relaciones con la Empresa, Universidad de Oviedo<\/em><\/li><\/ul><p><strong>13:00 horas<\/strong> &#8211; Almuerzo<\/p>\t\t\t\t\t\t<\/div>\n\t\t\t\t<\/div>\n\t\t\t\t<\/div>\n\t\t<div class=\"elementor-element elementor-element-22dd5cf e-con-full e-flex e-con e-child\" data-id=\"22dd5cf\" data-element_type=\"container\">\n\t\t<div class=\"elementor-element elementor-element-43a2735 e-flex e-con-boxed e-con e-child\" data-id=\"43a2735\" data-element_type=\"container\">\n\t\t\t\t\t<div class=\"e-con-inner\">\n\t\t\t\t<div class=\"elementor-element elementor-element-49c1c4cf elementor-widget elementor-widget-image\" data-id=\"49c1c4cf\" data-element_type=\"widget\" data-widget_type=\"image.default\">\n\t\t\t\t<div class=\"elementor-widget-container\">\n\t\t\t<style>\/*! elementor - v3.20.0 - 26-03-2024 *\/\n.elementor-widget-image{text-align:center}.elementor-widget-image a{display:inline-block}.elementor-widget-image a img[src$=\".svg\"]{width:48px}.elementor-widget-image img{vertical-align:middle;display:inline-block}<\/style>\t\t\t\t\t\t\t\t\t\t<img fetchpriority=\"high\" decoding=\"async\" width=\"800\" height=\"282\" src=\"https:\/\/www.unioviedo.es\/xxiii-ruepep\/wp-content\/uploads\/2025\/01\/logros_Mesa-de-trabajo-1-1024x361.jpg\" class=\"attachment-large size-large wp-image-395\" alt=\"\" srcset=\"https:\/\/www.unioviedo.es\/xxiii-ruepep\/wp-content\/uploads\/2025\/01\/logros_Mesa-de-trabajo-1-1024x361.jpg 1024w, https:\/\/www.unioviedo.es\/xxiii-ruepep\/wp-content\/uploads\/2025\/01\/logros_Mesa-de-trabajo-1-300x106.jpg 300w, https:\/\/www.unioviedo.es\/xxiii-ruepep\/wp-content\/uploads\/2025\/01\/logros_Mesa-de-trabajo-1-768x271.jpg 768w, https:\/\/www.unioviedo.es\/xxiii-ruepep\/wp-content\/uploads\/2025\/01\/logros_Mesa-de-trabajo-1.jpg 1191w\" sizes=\"(max-width: 800px) 100vw, 800px\" \/>\t\t\t\t\t\t\t\t\t\t\t\t\t<\/div>\n\t\t\t\t<\/div>\n\t\t\t\t\t<\/div>\n\t\t\t\t<\/div>\n\t\t<div class=\"elementor-element elementor-element-7701dd05 e-flex e-con-boxed e-con e-child\" data-id=\"7701dd05\" data-element_type=\"container\">\n\t\t\t\t\t<div class=\"e-con-inner\">\n\t\t\t\t<div class=\"elementor-element elementor-element-18a47274 elementor-align-center elementor-widget elementor-widget-button\" data-id=\"18a47274\" data-element_type=\"widget\" data-widget_type=\"button.default\">\n\t\t\t\t<div class=\"elementor-widget-container\">\n\t\t\t\t\t<div class=\"elementor-button-wrapper\">\n\t\t\t<a class=\"elementor-button elementor-button-link elementor-size-sm\" href=\"https:\/\/www.eventosfuo.com\/qfuo\/fonline\/cong\/acceso_cong.php?idcgrs=250611&#038;idioma=es\">\n\t\t\t\t\t\t<span class=\"elementor-button-content-wrapper\">\n\t\t\t\t\t\t<span class=\"elementor-button-text\">Inscripci\u00f3n<\/span>\n\t\t<\/span>\n\t\t\t\t\t<\/a>\n\t\t<\/div>\n\t\t\t\t<\/div>\n\t\t\t\t<\/div>\n\t\t<div class=\"elementor-element elementor-element-14e54f93 e-flex e-con-boxed e-con e-child\" data-id=\"14e54f93\" data-element_type=\"container\">\n\t\t\t\t\t<div class=\"e-con-inner\">\n\t\t\t\t<div class=\"elementor-element elementor-element-62a5a2be elementor-blockquote--skin-border elementor-blockquote--button-color-official elementor-widget elementor-widget-blockquote\" data-id=\"62a5a2be\" data-element_type=\"widget\" data-widget_type=\"blockquote.default\">\n\t\t\t\t<div class=\"elementor-widget-container\">\n\t\t\t<style>\/*! elementor-pro - v3.20.0 - 26-03-2024 *\/\n@charset \"UTF-8\";.entry-content blockquote.elementor-blockquote:not(.alignright):not(.alignleft),.entry-summary blockquote.elementor-blockquote{margin-right:0;margin-left:0}.elementor-widget-blockquote blockquote{margin:0;padding:0;outline:0;font-size:100%;vertical-align:baseline;background:transparent;quotes:none;border:0;font-style:normal;color:#3f444b}.elementor-widget-blockquote blockquote .e-q-footer:after,.elementor-widget-blockquote blockquote .e-q-footer:before,.elementor-widget-blockquote blockquote:after,.elementor-widget-blockquote blockquote:before,.elementor-widget-blockquote blockquote cite:after,.elementor-widget-blockquote blockquote cite:before{content:none}.elementor-blockquote{transition:.3s}.elementor-blockquote__author,.elementor-blockquote__content{margin-bottom:0;font-style:normal}.elementor-blockquote__author{font-weight:700}.elementor-blockquote .e-q-footer{margin-top:12px;display:flex;justify-content:space-between}.elementor-blockquote__tweet-button{display:flex;transition:.3s;color:#1da1f2;align-self:flex-end;line-height:1;position:relative;width:-moz-max-content;width:max-content}.elementor-blockquote__tweet-button:hover{color:#0967a0}.elementor-blockquote__tweet-button span{font-weight:600}.elementor-blockquote__tweet-button i,.elementor-blockquote__tweet-button span{vertical-align:middle}.elementor-blockquote__tweet-button i+span,.elementor-blockquote__tweet-button svg+span{margin-left:.5em}.elementor-blockquote__tweet-button svg{fill:#1da1f2;height:1em;width:1em}.elementor-blockquote__tweet-label{white-space:pre-wrap}.elementor-blockquote--button-skin-bubble .elementor-blockquote__tweet-button,.elementor-blockquote--button-skin-classic .elementor-blockquote__tweet-button{padding:.7em 1.2em;border-radius:100em;background-color:#1da1f2;color:#fff;font-size:15px}.elementor-blockquote--button-skin-bubble .elementor-blockquote__tweet-button:hover,.elementor-blockquote--button-skin-classic .elementor-blockquote__tweet-button:hover{background-color:#0967a0;color:#fff}.elementor-blockquote--button-skin-bubble .elementor-blockquote__tweet-button:hover:before,.elementor-blockquote--button-skin-classic .elementor-blockquote__tweet-button:hover:before{border-right-color:#0967a0}.elementor-blockquote--button-skin-bubble .elementor-blockquote__tweet-button svg,.elementor-blockquote--button-skin-classic .elementor-blockquote__tweet-button svg{fill:#fff;height:1em;width:1em}.elementor-blockquote--button-skin-bubble.elementor-blockquote--button-view-icon .elementor-blockquote__tweet-button,.elementor-blockquote--button-skin-classic.elementor-blockquote--button-view-icon .elementor-blockquote__tweet-button{padding:0;width:2em;height:2em}.elementor-blockquote--button-skin-bubble.elementor-blockquote--button-view-icon .elementor-blockquote__tweet-button i,.elementor-blockquote--button-skin-classic.elementor-blockquote--button-view-icon .elementor-blockquote__tweet-button i{position:absolute;left:50%;top:50%;transform:translate(-50%,-50%)}.elementor-blockquote--button-skin-bubble .elementor-blockquote__tweet-button:before{content:\"\";border:.5em solid transparent;border-right-color:#1da1f2;position:absolute;left:-.8em;top:50%;transform:translateY(-50%) scaleY(.65);transition:.3s}.elementor-blockquote--button-skin-bubble.elementor-blockquote--align-left .elementor-blockquote__tweet-button:before{right:auto;left:-.8em;border-right-color:#1da1f2;border-left-color:transparent}.elementor-blockquote--button-skin-bubble.elementor-blockquote--align-left .elementor-blockquote__tweet-button:hover:before{border-right-color:#0967a0}.elementor-blockquote--button-skin-bubble.elementor-blockquote--align-right .elementor-blockquote__tweet-button:before{left:auto;right:-.8em;border-right-color:transparent;border-left-color:#1da1f2}.elementor-blockquote--button-skin-bubble.elementor-blockquote--align-right .elementor-blockquote__tweet-button:hover:before{border-left-color:#0967a0}.elementor-blockquote--skin-boxed .elementor-blockquote{background-color:#f9fafa;padding:30px}.elementor-blockquote--skin-border .elementor-blockquote{border-color:#f9fafa;border-left:7px #f9fafa;border-style:solid;padding-left:20px}.elementor-blockquote--skin-quotation .elementor-blockquote:before{content:\"\u201c\";font-size:100px;color:#f9fafa;font-family:Times New Roman,Times,serif;font-weight:900;line-height:1;display:block;height:.6em}.elementor-blockquote--skin-quotation .elementor-blockquote__content{margin-top:15px}.elementor-blockquote--align-left .elementor-blockquote__content{text-align:left}.elementor-blockquote--align-left .elementor-blockquote .e-q-footer{flex-direction:row}.elementor-blockquote--align-right .elementor-blockquote__content{text-align:right}.elementor-blockquote--align-right .elementor-blockquote .e-q-footer{flex-direction:row-reverse}.elementor-blockquote--align-center .elementor-blockquote{text-align:center}.elementor-blockquote--align-center .elementor-blockquote .e-q-footer,.elementor-blockquote--align-center .elementor-blockquote__author{display:block}.elementor-blockquote--align-center .elementor-blockquote__tweet-button{margin-right:auto;margin-left:auto}<\/style>\t\t<blockquote class=\"elementor-blockquote\">\n\t\t\t<p class=\"elementor-blockquote__content\">\n\t\t\t\tEl XXIII Encuentro RUEPEP re\u00fane a representantes de universidades, administraciones p\u00fablicas y empresas para debatir sobre el presente y el futuro de la formaci\u00f3n permanente y las microcredenciales como herramienta clave para conectar la educaci\u00f3n con las necesidades del mercado laboral. \n<br>A trav\u00e9s de ponencias, mesas redondas y talleres, los participantes podr\u00e9is intercambiar ideas y conocer los diferentes y m\u00e1s innovadores enfoques en esta materia.<br>\n\n\u00a1Os esperamos!\t\t\t<\/p>\n\t\t\t\t\t<\/blockquote>\n\t\t\t\t<\/div>\n\t\t\t\t<\/div>\n\t\t\t\t\t<\/div>\n\t\t\t\t<\/div>\n\t\t\t\t\t<\/div>\n\t\t\t\t<\/div>\n\t\t\t\t<\/div>\n\t\t\t\t\t<\/div>\n\t\t\t\t<\/div>\n\t\t<div class=\"elementor-element elementor-element-68470113 e-flex e-con-boxed e-con e-parent\" data-id=\"68470113\" data-element_type=\"container\" data-core-v316-plus=\"true\">\n\t\t\t\t\t<div class=\"e-con-inner\">\n\t\t<div class=\"elementor-element elementor-element-561c6af e-grid e-con-boxed e-con e-child\" data-id=\"561c6af\" data-element_type=\"container\">\n\t\t\t\t\t<div class=\"e-con-inner\">\n\t\t<div class=\"elementor-element elementor-element-34bd994b e-flex e-con-boxed e-con e-child\" data-id=\"34bd994b\" data-element_type=\"container\">\n\t\t\t\t\t<div class=\"e-con-inner\">\n\t\t\t\t<div class=\"elementor-element elementor-element-24b5b49f elementor-view-default elementor-position-top elementor-mobile-position-top elementor-widget elementor-widget-icon-box\" data-id=\"24b5b49f\" data-element_type=\"widget\" data-widget_type=\"icon-box.default\">\n\t\t\t\t<div class=\"elementor-widget-container\">\n\t\t\t<link rel=\"stylesheet\" href=\"https:\/\/www.unioviedo.es\/xxiii-ruepep\/wp-content\/plugins\/elementor\/assets\/css\/widget-icon-box.min.css\">\t\t<div class=\"elementor-icon-box-wrapper\">\n\t\t\t\t\t\t<div class=\"elementor-icon-box-icon\">\n\t\t\t\t<a href=\"https:\/\/www.unioviedo.es\/xxiii-ruepep\/wp-content\/uploads\/2025\/03\/Programa-XXIII-Encuentro-RUEPEP-Oviedo-2025.pdf\" class=\"elementor-icon elementor-animation-\" tabindex=\"-1\">\n\t\t\t\t<svg aria-hidden=\"true\" class=\"e-font-icon-svg e-far-file-pdf\" viewBox=\"0 0 384 512\" xmlns=\"http:\/\/www.w3.org\/2000\/svg\"><path d=\"M369.9 97.9L286 14C277 5 264.8-.1 252.1-.1H48C21.5 0 0 21.5 0 48v416c0 26.5 21.5 48 48 48h288c26.5 0 48-21.5 48-48V131.9c0-12.7-5.1-25-14.1-34zM332.1 128H256V51.9l76.1 76.1zM48 464V48h160v104c0 13.3 10.7 24 24 24h104v288H48zm250.2-143.7c-12.2-12-47-8.7-64.4-6.5-17.2-10.5-28.7-25-36.8-46.3 3.9-16.1 10.1-40.6 5.4-56-4.2-26.2-37.8-23.6-42.6-5.9-4.4 16.1-.4 38.5 7 67.1-10 23.9-24.9 56-35.4 74.4-20 10.3-47 26.2-51 46.2-3.3 15.8 26 55.2 76.1-31.2 22.4-7.4 46.8-16.5 68.4-20.1 18.9 10.2 41 17 55.8 17 25.5 0 28-28.2 17.5-38.7zm-198.1 77.8c5.1-13.7 24.5-29.5 30.4-35-19 30.3-30.4 35.7-30.4 35zm81.6-190.6c7.4 0 6.7 32.1 1.8 40.8-4.4-13.9-4.3-40.8-1.8-40.8zm-24.4 136.6c9.7-16.9 18-37 24.7-54.7 8.3 15.1 18.9 27.2 30.1 35.5-20.8 4.3-38.9 13.1-54.8 19.2zm131.6-5s-5 6-37.3-7.8c35.1-2.6 40.9 5.4 37.3 7.8z\"><\/path><\/svg>\t\t\t\t<\/a>\n\t\t\t<\/div>\n\t\t\t\t\t\t<div class=\"elementor-icon-box-content\">\n\t\t\t\t<h4 class=\"elementor-icon-box-title\">\n\t\t\t\t\t<a href=\"https:\/\/www.unioviedo.es\/xxiii-ruepep\/wp-content\/uploads\/2025\/03\/Programa-XXIII-Encuentro-RUEPEP-Oviedo-2025.pdf\" >\n\t\t\t\t\t\tDescargar Programa completo en PDF\t\t\t\t\t<\/a>\n\t\t\t\t<\/h4>\n\t\t\t\t\t\t\t<\/div>\n\t\t<\/div>\n\t\t\t\t<\/div>\n\t\t\t\t<\/div>\n\t\t\t\t\t<\/div>\n\t\t\t\t<\/div>\n\t\t\t\t\t<\/div>\n\t\t\t\t<\/div>\n\t\t\t\t\t<\/div>\n\t\t\t\t<\/div>\n\t\t\t\t<\/div>\n\t\t","protected":false},"excerpt":{"rendered":"<p>Programa XXIII Encuentro RUEPEP \u2013 Oviedo 2025 \u00a0 Impulsando la innovaci\u00f3n y colaboraci\u00f3n en la formaci\u00f3n permanente 26-28 de marzo de 2025Edificio Hist\u00f3rico de la Universidad de Oviedo, C\/ San Francisco, 3, Oviedo Mi\u00e9rcoles, 26 de marzo de 202516:30 horas &#8211; Recogida de documentaci\u00f3n (Sala de Profesores, planta baja)17:00 horas &#8211; Asamblea General de RUEPEP [&hellip;]<\/p>\n","protected":false},"author":1,"featured_media":0,"parent":0,"menu_order":0,"comment_status":"closed","ping_status":"closed","template":"elementor_header_footer","meta":{"footnotes":""},"class_list":["post-517","page","type-page","status-publish","hentry"],"yoast_head":"<!-- This site is optimized with the Yoast SEO plugin v24.3 - https:\/\/yoast.com\/wordpress\/plugins\/seo\/ -->\n<title>Programa - XXIII Encuentro RUEPEP<\/title>\n<meta name=\"robots\" content=\"index, follow, max-snippet:-1, max-image-preview:large, max-video-preview:-1\" \/>\n<link rel=\"canonical\" href=\"https:\/\/www.unioviedo.es\/xxiii-ruepep\/index.php\/programa-ruepep-2025\/\" \/>\n<meta property=\"og:locale\" content=\"es_ES\" \/>\n<meta property=\"og:type\" content=\"article\" \/>\n<meta property=\"og:title\" content=\"Programa - XXIII Encuentro RUEPEP\" \/>\n<meta property=\"og:description\" content=\"Programa XXIII Encuentro RUEPEP \u2013 Oviedo 2025 \u00a0 Impulsando la innovaci\u00f3n y colaboraci\u00f3n en la formaci\u00f3n permanente 26-28 de marzo de 2025Edificio Hist\u00f3rico de la Universidad de Oviedo, C\/ San Francisco, 3, Oviedo Mi\u00e9rcoles, 26 de marzo de 202516:30 horas &#8211; Recogida de documentaci\u00f3n (Sala de Profesores, planta baja)17:00 horas &#8211; Asamblea General de RUEPEP [&hellip;]\" \/>\n<meta property=\"og:url\" content=\"https:\/\/www.unioviedo.es\/xxiii-ruepep\/index.php\/programa-ruepep-2025\/\" \/>\n<meta property=\"og:site_name\" content=\"XXIII Encuentro RUEPEP\" \/>\n<meta property=\"article:modified_time\" content=\"2025-03-26T19:39:52+00:00\" \/>\n<meta property=\"og:image\" content=\"https:\/\/www.unioviedo.es\/xxiii-ruepep\/wp-content\/uploads\/2025\/01\/logros_Mesa-de-trabajo-1.jpg\" \/>\n\t<meta property=\"og:image:width\" content=\"1191\" \/>\n\t<meta property=\"og:image:height\" content=\"420\" \/>\n\t<meta property=\"og:image:type\" content=\"image\/jpeg\" \/>\n<meta name=\"twitter:card\" content=\"summary_large_image\" \/>\n<meta name=\"twitter:label1\" content=\"Tiempo de lectura\" \/>\n\t<meta name=\"twitter:data1\" content=\"5 minutos\" \/>\n<script type=\"application\/ld+json\" class=\"yoast-schema-graph\">{\"@context\":\"https:\/\/schema.org\",\"@graph\":[{\"@type\":\"WebPage\",\"@id\":\"https:\/\/www.unioviedo.es\/xxiii-ruepep\/index.php\/programa-ruepep-2025\/\",\"url\":\"https:\/\/www.unioviedo.es\/xxiii-ruepep\/index.php\/programa-ruepep-2025\/\",\"name\":\"Programa - XXIII Encuentro RUEPEP\",\"isPartOf\":{\"@id\":\"https:\/\/www.unioviedo.es\/xxiii-ruepep\/#website\"},\"primaryImageOfPage\":{\"@id\":\"https:\/\/www.unioviedo.es\/xxiii-ruepep\/index.php\/programa-ruepep-2025\/#primaryimage\"},\"image\":{\"@id\":\"https:\/\/www.unioviedo.es\/xxiii-ruepep\/index.php\/programa-ruepep-2025\/#primaryimage\"},\"thumbnailUrl\":\"https:\/\/www.unioviedo.es\/xxiii-ruepep\/wp-content\/uploads\/2025\/01\/logros_Mesa-de-trabajo-1-1024x361.jpg\",\"datePublished\":\"2025-01-29T17:24:47+00:00\",\"dateModified\":\"2025-03-26T19:39:52+00:00\",\"breadcrumb\":{\"@id\":\"https:\/\/www.unioviedo.es\/xxiii-ruepep\/index.php\/programa-ruepep-2025\/#breadcrumb\"},\"inLanguage\":\"es\",\"potentialAction\":[{\"@type\":\"ReadAction\",\"target\":[\"https:\/\/www.unioviedo.es\/xxiii-ruepep\/index.php\/programa-ruepep-2025\/\"]}]},{\"@type\":\"ImageObject\",\"inLanguage\":\"es\",\"@id\":\"https:\/\/www.unioviedo.es\/xxiii-ruepep\/index.php\/programa-ruepep-2025\/#primaryimage\",\"url\":\"https:\/\/www.unioviedo.es\/xxiii-ruepep\/wp-content\/uploads\/2025\/01\/logros_Mesa-de-trabajo-1.jpg\",\"contentUrl\":\"https:\/\/www.unioviedo.es\/xxiii-ruepep\/wp-content\/uploads\/2025\/01\/logros_Mesa-de-trabajo-1.jpg\",\"width\":1191,\"height\":420},{\"@type\":\"BreadcrumbList\",\"@id\":\"https:\/\/www.unioviedo.es\/xxiii-ruepep\/index.php\/programa-ruepep-2025\/#breadcrumb\",\"itemListElement\":[{\"@type\":\"ListItem\",\"position\":1,\"name\":\"Portada\",\"item\":\"https:\/\/www.unioviedo.es\/xxiii-ruepep\/\"},{\"@type\":\"ListItem\",\"position\":2,\"name\":\"Programa\"}]},{\"@type\":\"WebSite\",\"@id\":\"https:\/\/www.unioviedo.es\/xxiii-ruepep\/#website\",\"url\":\"https:\/\/www.unioviedo.es\/xxiii-ruepep\/\",\"name\":\"XXIII Encuentro RUEPEP\",\"description\":\"\",\"potentialAction\":[{\"@type\":\"SearchAction\",\"target\":{\"@type\":\"EntryPoint\",\"urlTemplate\":\"https:\/\/www.unioviedo.es\/xxiii-ruepep\/?s={search_term_string}\"},\"query-input\":{\"@type\":\"PropertyValueSpecification\",\"valueRequired\":true,\"valueName\":\"search_term_string\"}}],\"inLanguage\":\"es\"}]}<\/script>\n<!-- \/ Yoast SEO plugin. -->","yoast_head_json":{"title":"Programa - XXIII Encuentro RUEPEP","robots":{"index":"index","follow":"follow","max-snippet":"max-snippet:-1","max-image-preview":"max-image-preview:large","max-video-preview":"max-video-preview:-1"},"canonical":"https:\/\/www.unioviedo.es\/xxiii-ruepep\/index.php\/programa-ruepep-2025\/","og_locale":"es_ES","og_type":"article","og_title":"Programa - XXIII Encuentro RUEPEP","og_description":"Programa XXIII Encuentro RUEPEP \u2013 Oviedo 2025 \u00a0 Impulsando la innovaci\u00f3n y colaboraci\u00f3n en la formaci\u00f3n permanente 26-28 de marzo de 2025Edificio Hist\u00f3rico de la Universidad de Oviedo, C\/ San Francisco, 3, Oviedo Mi\u00e9rcoles, 26 de marzo de 202516:30 horas &#8211; Recogida de documentaci\u00f3n (Sala de Profesores, planta baja)17:00 horas &#8211; Asamblea General de RUEPEP [&hellip;]","og_url":"https:\/\/www.unioviedo.es\/xxiii-ruepep\/index.php\/programa-ruepep-2025\/","og_site_name":"XXIII Encuentro RUEPEP","article_modified_time":"2025-03-26T19:39:52+00:00","og_image":[{"width":1191,"height":420,"url":"https:\/\/www.unioviedo.es\/xxiii-ruepep\/wp-content\/uploads\/2025\/01\/logros_Mesa-de-trabajo-1.jpg","type":"image\/jpeg"}],"twitter_card":"summary_large_image","twitter_misc":{"Tiempo de lectura":"5 minutos"},"schema":{"@context":"https:\/\/schema.org","@graph":[{"@type":"WebPage","@id":"https:\/\/www.unioviedo.es\/xxiii-ruepep\/index.php\/programa-ruepep-2025\/","url":"https:\/\/www.unioviedo.es\/xxiii-ruepep\/index.php\/programa-ruepep-2025\/","name":"Programa - XXIII Encuentro RUEPEP","isPartOf":{"@id":"https:\/\/www.unioviedo.es\/xxiii-ruepep\/#website"},"primaryImageOfPage":{"@id":"https:\/\/www.unioviedo.es\/xxiii-ruepep\/index.php\/programa-ruepep-2025\/#primaryimage"},"image":{"@id":"https:\/\/www.unioviedo.es\/xxiii-ruepep\/index.php\/programa-ruepep-2025\/#primaryimage"},"thumbnailUrl":"https:\/\/www.unioviedo.es\/xxiii-ruepep\/wp-content\/uploads\/2025\/01\/logros_Mesa-de-trabajo-1-1024x361.jpg","datePublished":"2025-01-29T17:24:47+00:00","dateModified":"2025-03-26T19:39:52+00:00","breadcrumb":{"@id":"https:\/\/www.unioviedo.es\/xxiii-ruepep\/index.php\/programa-ruepep-2025\/#breadcrumb"},"inLanguage":"es","potentialAction":[{"@type":"ReadAction","target":["https:\/\/www.unioviedo.es\/xxiii-ruepep\/index.php\/programa-ruepep-2025\/"]}]},{"@type":"ImageObject","inLanguage":"es","@id":"https:\/\/www.unioviedo.es\/xxiii-ruepep\/index.php\/programa-ruepep-2025\/#primaryimage","url":"https:\/\/www.unioviedo.es\/xxiii-ruepep\/wp-content\/uploads\/2025\/01\/logros_Mesa-de-trabajo-1.jpg","contentUrl":"https:\/\/www.unioviedo.es\/xxiii-ruepep\/wp-content\/uploads\/2025\/01\/logros_Mesa-de-trabajo-1.jpg","width":1191,"height":420},{"@type":"BreadcrumbList","@id":"https:\/\/www.unioviedo.es\/xxiii-ruepep\/index.php\/programa-ruepep-2025\/#breadcrumb","itemListElement":[{"@type":"ListItem","position":1,"name":"Portada","item":"https:\/\/www.unioviedo.es\/xxiii-ruepep\/"},{"@type":"ListItem","position":2,"name":"Programa"}]},{"@type":"WebSite","@id":"https:\/\/www.unioviedo.es\/xxiii-ruepep\/#website","url":"https:\/\/www.unioviedo.es\/xxiii-ruepep\/","name":"XXIII Encuentro RUEPEP","description":"","potentialAction":[{"@type":"SearchAction","target":{"@type":"EntryPoint","urlTemplate":"https:\/\/www.unioviedo.es\/xxiii-ruepep\/?s={search_term_string}"},"query-input":{"@type":"PropertyValueSpecification","valueRequired":true,"valueName":"search_term_string"}}],"inLanguage":"es"}]}},"_links":{"self":[{"href":"https:\/\/www.unioviedo.es\/xxiii-ruepep\/index.php\/wp-json\/wp\/v2\/pages\/517","targetHints":{"allow":["GET"]}}],"collection":[{"href":"https:\/\/www.unioviedo.es\/xxiii-ruepep\/index.php\/wp-json\/wp\/v2\/pages"}],"about":[{"href":"https:\/\/www.unioviedo.es\/xxiii-ruepep\/index.php\/wp-json\/wp\/v2\/types\/page"}],"author":[{"embeddable":true,"href":"https:\/\/www.unioviedo.es\/xxiii-ruepep\/index.php\/wp-json\/wp\/v2\/users\/1"}],"replies":[{"embeddable":true,"href":"https:\/\/www.unioviedo.es\/xxiii-ruepep\/index.php\/wp-json\/wp\/v2\/comments?post=517"}],"version-history":[{"count":119,"href":"https:\/\/www.unioviedo.es\/xxiii-ruepep\/index.php\/wp-json\/wp\/v2\/pages\/517\/revisions"}],"predecessor-version":[{"id":1037,"href":"https:\/\/www.unioviedo.es\/xxiii-ruepep\/index.php\/wp-json\/wp\/v2\/pages\/517\/revisions\/1037"}],"wp:attachment":[{"href":"https:\/\/www.unioviedo.es\/xxiii-ruepep\/index.php\/wp-json\/wp\/v2\/media?parent=517"}],"curies":[{"name":"wp","href":"https:\/\/api.w.org\/{rel}","templated":true}]}}